{"id":8456,"date":"2024-01-31T16:27:02","date_gmt":"2024-01-31T21:27:02","guid":{"rendered":"https:\/\/www.salcedo.gob.ec\/?page_id=8456"},"modified":"2025-01-20T10:00:26","modified_gmt":"2025-01-20T15:00:26","slug":"transparencia-2024","status":"publish","type":"page","link":"https:\/\/www.salcedo.gob.ec\/?page_id=8456","title":{"rendered":"Transparencia 2024"},"content":{"rendered":"<h2 style=\"text-align: center;\"><strong>LEY DE TRANSPARENCIA<\/strong><\/h2>\n<p>La Ley Org\u00e1nica de Transparencia y Acceso a la Informaci\u00f3n P\u00fablica (LOTAIP) obliga a observar a todas las Instituciones del Estado que conforman el Sector P\u00fablico en los t\u00e9rminos del art\u00edculo 118 de la Constituci\u00f3n de la Rep\u00fablica del Ecuador y dem\u00e1s entes se\u00f1alados en el art\u00edculo 8 de la Ley, a difundir a trav\u00e9s de un portal inform\u00e1tico web de informaci\u00f3n o a trav\u00e9s de los medios que dispongan, y que sean de f\u00e1cil acceso y comprensi\u00f3n, la siguiente informaci\u00f3n m\u00ednima actualizada mensualmente, que a efectos de la LOTAIP se la considera de naturaleza obligatoria.<\/p>\n\n\n\n\n\n\n<div class=\"wpdt-c row wpDataTableContainerSimpleTable wpDataTables wpDataTablesWrapper\n\"\n    >\n        <table id=\"wpdtSimpleTable-1\"\n           style=\"border-collapse:collapse;\n                   border-spacing:0px;\"\n           class=\"wpdtSimpleTable wpDataTable\"\n           data-column=\"4\"\n           data-rows=\"31\"\n           data-wpID=\"1\"\n           data-responsive=\"0\"\n           data-has-header=\"0\">\n\n                    <tbody>        <tr class=\"wpdt-cell-row \" >\n                                <td class=\"wpdt-cell wpdt-align-left wpdt-bold wpdt-merged-cell \"\n                     colspan=\"4\"  rowspan=\"1\"                     data-cell-id=\"A1\"\n                    data-col-index=\"0\"\n                    data-row-index=\"0\"\n                    style=\" width:185.64885496183%;                    padding:10px;\n                    \"\n                    >\n                                        .                    <\/td>\n                                                                            <\/tr>\n                            <tr class=\"wpdt-cell-row \" >\n                                <td class=\"wpdt-cell wpdt-align-left wpdt-bold\"\n                                            data-cell-id=\"A2\"\n                    data-col-index=\"0\"\n                    data-row-index=\"1\"\n                    style=\"                    padding:10px;\n                    \"\n                    >\n                                        Descripci\u00f3n                    <\/td>\n                                                <td class=\"wpdt-cell wpdt-bold\"\n                                            data-cell-id=\"B2\"\n                    data-col-index=\"1\"\n                    data-row-index=\"1\"\n                    style=\"                    padding:10px;\n                    \"\n                    >\n                                        Conjunto datos                    <\/td>\n                                                <td class=\"wpdt-cell wpdt-bold\"\n                                            data-cell-id=\"C2\"\n                    data-col-index=\"2\"\n                    data-row-index=\"1\"\n                    style=\"                    padding:10px;\n                    \"\n                    >\n                                        Metadatos                    <\/td>\n                                                <td class=\"wpdt-cell wpdt-bold\"\n                                            data-cell-id=\"D2\"\n                    data-col-index=\"3\"\n                    data-row-index=\"1\"\n                    style=\"                    padding:10px;\n                    \"\n                    >\n                                        Diccionario                    <\/td>\n                                        <\/tr>\n                            <tr class=\"wpdt-cell-row \" >\n                                <td class=\"wpdt-cell wpdt-align-left\"\n                                            data-cell-id=\"A3\"\n                    data-col-index=\"0\"\n                    data-row-index=\"2\"\n                    style=\"                    padding:10px;\n                    \"\n                    >\n                                        1.1 Estructura org\u00e1nica de la instituci\u00f3n                    <\/td>\n                                                <td class=\"wpdt-cell \"\n                                            data-cell-id=\"B3\"\n                    data-col-index=\"1\"\n                    data-row-index=\"2\"\n                    style=\"                    padding:10px;\n                    \"\n                    >\n                                        <a class=\"wpdt-link-content\" href=\"https:\/\/www.salcedo.gob.ec\/wp-content\/uploads\/2024\/tp\/enero\/1_1-estructura-organica_conjuntodatos_dic2023.csv\"  rel=\"\" target=\"_self\" data-cell-id=\"21\" data-link-url=\"https:\/\/www.salcedo.gob.ec\/wp-content\/uploads\/2024\/tp\/enero\/1_1-estructura-organica_conjuntodatos_dic2023.csv\" data-link-text=\"datos\" data-link-target=\"0\" data-link-nofollow=\"0\" data-link-noreferrer=\"0\" data-link-sponsored=\"0\" data-link-btn-status=\"0\" data-link-btn-class=\"\" data-link-content=\"wpdt-link-content\">datos<\/a>                    <\/td>\n                                                <td class=\"wpdt-cell \"\n                                            data-cell-id=\"C3\"\n                    data-col-index=\"2\"\n                    data-row-index=\"2\"\n                    style=\"                    padding:10px;\n                    \"\n                    >\n                                        <a class=\"wpdt-link-content\" href=\"https:\/\/www.salcedo.gob.ec\/wp-content\/uploads\/2024\/tp\/enero\/1_1-estructura-organica_metadatos_dic2023.csv\"  rel=\"\" target=\"_self\" data-cell-id=\"22\" data-link-url=\"https:\/\/www.salcedo.gob.ec\/wp-content\/uploads\/2024\/tp\/enero\/1_1-estructura-organica_metadatos_dic2023.csv\" data-link-text=\"metadatos\" data-link-target=\"0\" data-link-nofollow=\"0\" data-link-noreferrer=\"0\" data-link-sponsored=\"0\" data-link-btn-status=\"0\" data-link-btn-class=\"\" data-link-content=\"wpdt-link-content\">metadatos<\/a>                    <\/td>\n                                                <td class=\"wpdt-cell \"\n                                            data-cell-id=\"D3\"\n                    data-col-index=\"3\"\n                    data-row-index=\"2\"\n                    style=\"                    padding:10px;\n                    \"\n                    >\n                                        <a class=\"wpdt-link-content\" href=\"https:\/\/www.salcedo.gob.ec\/wp-content\/uploads\/2024\/tp\/enero\/1_1-estructura-organica_diccionario_dic2023.csv\"  rel=\"\" target=\"_self\" data-cell-id=\"23\" data-link-url=\"https:\/\/www.salcedo.gob.ec\/wp-content\/uploads\/2024\/tp\/enero\/1_1-estructura-organica_diccionario_dic2023.csv\" data-link-text=\"diccionario\" data-link-target=\"0\" data-link-nofollow=\"0\" data-link-noreferrer=\"0\" data-link-sponsored=\"0\" data-link-btn-status=\"0\" data-link-btn-class=\"\" data-link-content=\"wpdt-link-content\">diccionario<\/a>                    <\/td>\n                                        <\/tr>\n                            <tr class=\"wpdt-cell-row \" >\n                                <td class=\"wpdt-cell wpdt-align-left\"\n                                            data-cell-id=\"A4\"\n                    data-col-index=\"0\"\n                    data-row-index=\"3\"\n                    style=\"                    padding:10px;\n                    \"\n                    >\n                                        1.2 Base legal de la instituci\u00f3n                    <\/td>\n                                                <td class=\"wpdt-cell \"\n                                            data-cell-id=\"B4\"\n                    data-col-index=\"1\"\n                    data-row-index=\"3\"\n                    style=\"                    padding:10px;\n                    \"\n                    >\n                                        <a class=\"wpdt-link-content\" href=\"https:\/\/www.salcedo.gob.ec\/wp-content\/uploads\/2024\/tp\/enero\/1_2-1_3%20base_regulaciones_conjuntodatos_dic2023.csv\"  rel=\"\" target=\"_self\" data-cell-id=\"31\" data-link-url=\"https:\/\/www.salcedo.gob.ec\/wp-content\/uploads\/2024\/tp\/enero\/1_2-1_3%20base_regulaciones_conjuntodatos_dic2023.csv\" data-link-text=\"datos\" data-link-target=\"0\" data-link-nofollow=\"0\" data-link-noreferrer=\"0\" data-link-sponsored=\"0\" data-link-btn-status=\"0\" data-link-btn-class=\"\" data-link-content=\"wpdt-link-content\">datos<\/a>                    <\/td>\n                                                <td class=\"wpdt-cell \"\n                                            data-cell-id=\"C4\"\n                    data-col-index=\"2\"\n                    data-row-index=\"3\"\n                    style=\"                    padding:10px;\n                    \"\n                    >\n                                        <a class=\"wpdt-link-content\" href=\"https:\/\/www.salcedo.gob.ec\/wp-content\/uploads\/2024\/tp\/enero\/1_2-1_3%20base_regulaciones_metadatos_dic2023.csv\"  rel=\"\" target=\"_self\" data-cell-id=\"32\" data-link-url=\"https:\/\/www.salcedo.gob.ec\/wp-content\/uploads\/2024\/tp\/enero\/1_2-1_3%20base_regulaciones_metadatos_dic2023.csv\" data-link-text=\"metadatos\" data-link-target=\"0\" data-link-nofollow=\"0\" data-link-noreferrer=\"0\" data-link-sponsored=\"0\" data-link-btn-status=\"0\" data-link-btn-class=\"\" data-link-content=\"wpdt-link-content\">metadatos<\/a>                    <\/td>\n                                                <td class=\"wpdt-cell \"\n                                            data-cell-id=\"D4\"\n                    data-col-index=\"3\"\n                    data-row-index=\"3\"\n                    style=\"                    padding:10px;\n                    \"\n                    >\n                                        <a class=\"wpdt-link-content\" href=\"https:\/\/www.salcedo.gob.ec\/wp-content\/uploads\/2024\/tp\/enero\/1_2-1_3%20base_regulaciones_diccionario_dic2023.csv\"  rel=\"\" target=\"_self\" data-cell-id=\"33\" data-link-url=\"https:\/\/www.salcedo.gob.ec\/wp-content\/uploads\/2024\/tp\/enero\/1_2-1_3%20base_regulaciones_diccionario_dic2023.csv\" data-link-text=\"diccionario\" data-link-target=\"0\" data-link-nofollow=\"0\" data-link-noreferrer=\"0\" data-link-sponsored=\"0\" data-link-btn-status=\"0\" data-link-btn-class=\"\" data-link-content=\"wpdt-link-content\">diccionario<\/a>                    <\/td>\n                                        <\/tr>\n                            <tr class=\"wpdt-cell-row \" >\n                                <td class=\"wpdt-cell wpdt-align-left\"\n                                            data-cell-id=\"A5\"\n                    data-col-index=\"0\"\n                    data-row-index=\"4\"\n                    style=\"                    padding:10px;\n                    \"\n                    >\n                                        1.3 Regulaciones y procedimientos internos                    <\/td>\n                                                <td class=\"wpdt-cell \"\n                                            data-cell-id=\"B5\"\n                    data-col-index=\"1\"\n                    data-row-index=\"4\"\n                    style=\"                    padding:10px;\n                    \"\n                    >\n                                        <a class=\"wpdt-link-content\" href=\"https:\/\/www.salcedo.gob.ec\/wp-content\/uploads\/2024\/tp\/enero\/1_2-1_3%20base_regulaciones_conjuntodatos_dic2023.csv\"  rel=\"\" target=\"_self\" data-cell-id=\"41\" data-link-url=\"https:\/\/www.salcedo.gob.ec\/wp-content\/uploads\/2024\/tp\/enero\/1_2-1_3%20base_regulaciones_conjuntodatos_dic2023.csv\" data-link-text=\"datos\" data-link-target=\"0\" data-link-nofollow=\"0\" data-link-noreferrer=\"0\" data-link-sponsored=\"0\" data-link-btn-status=\"0\" data-link-btn-class=\"\" data-link-content=\"wpdt-link-content\">datos<\/a>                    <\/td>\n                                                <td class=\"wpdt-cell \"\n                                            data-cell-id=\"C5\"\n                    data-col-index=\"2\"\n                    data-row-index=\"4\"\n                    style=\"                    padding:10px;\n                    \"\n                    >\n                                        <a class=\"wpdt-link-content\" href=\"https:\/\/www.salcedo.gob.ec\/wp-content\/uploads\/2024\/tp\/enero\/1_2-1_3%20base_regulaciones_metadatos_dic2023.csv\"  rel=\"\" target=\"_self\" data-cell-id=\"42\" data-link-url=\"https:\/\/www.salcedo.gob.ec\/wp-content\/uploads\/2024\/tp\/enero\/1_2-1_3%20base_regulaciones_metadatos_dic2023.csv\" data-link-text=\"metadatos\" data-link-target=\"0\" data-link-nofollow=\"0\" data-link-noreferrer=\"0\" data-link-sponsored=\"0\" data-link-btn-status=\"0\" data-link-btn-class=\"\" data-link-content=\"wpdt-link-content\">metadatos<\/a>                    <\/td>\n                                                <td class=\"wpdt-cell \"\n                                            data-cell-id=\"D5\"\n                    data-col-index=\"3\"\n                    data-row-index=\"4\"\n                    style=\"                    padding:10px;\n                    \"\n                    >\n                                        <a class=\"wpdt-link-content\" href=\"https:\/\/www.salcedo.gob.ec\/wp-content\/uploads\/2024\/tp\/enero\/1-4_metas-y-objetivos_unidades_diccionario_dic2023.csv\"  rel=\"\" target=\"_self\" data-cell-id=\"43\" data-link-url=\"https:\/\/www.salcedo.gob.ec\/wp-content\/uploads\/2024\/tp\/enero\/1-4_metas-y-objetivos_unidades_diccionario_dic2023.csv\" data-link-text=\"diccionario\" data-link-target=\"0\" data-link-nofollow=\"0\" data-link-noreferrer=\"0\" data-link-sponsored=\"0\" data-link-btn-status=\"0\" data-link-btn-class=\"\" data-link-content=\"wpdt-link-content\">diccionario<\/a>                    <\/td>\n                                        <\/tr>\n                            <tr class=\"wpdt-cell-row \" >\n                                <td class=\"wpdt-cell wpdt-align-left\"\n                                            data-cell-id=\"A6\"\n                    data-col-index=\"0\"\n                    data-row-index=\"5\"\n                    style=\"                    padding:10px;\n                    \"\n                    >\n                                        1.4 Metas y objetivos unidades                    <\/td>\n                                                <td class=\"wpdt-cell \"\n                                            data-cell-id=\"B6\"\n                    data-col-index=\"1\"\n                    data-row-index=\"5\"\n                    style=\"                    padding:10px;\n                    \"\n                    >\n                                        <a class=\"wpdt-link-content\" href=\"https:\/\/www.salcedo.gob.ec\/wp-content\/uploads\/2024\/tp\/enero\/1-4_metas-y-objetivos_unidades_conjutodatos_dic2023.csv\"  rel=\"\" target=\"_self\" data-cell-id=\"51\" data-link-url=\"https:\/\/www.salcedo.gob.ec\/wp-content\/uploads\/2024\/tp\/enero\/1-4_metas-y-objetivos_unidades_conjutodatos_dic2023.csv\" data-link-text=\"datos\" data-link-target=\"0\" data-link-nofollow=\"0\" data-link-noreferrer=\"0\" data-link-sponsored=\"0\" data-link-btn-status=\"0\" data-link-btn-class=\"\" data-link-content=\"wpdt-link-content\">datos<\/a>                    <\/td>\n                                                <td class=\"wpdt-cell \"\n                                            data-cell-id=\"C6\"\n                    data-col-index=\"2\"\n                    data-row-index=\"5\"\n                    style=\"                    padding:10px;\n                    \"\n                    >\n                                        <a class=\"wpdt-link-content\" href=\"https:\/\/www.salcedo.gob.ec\/wp-content\/uploads\/2024\/tp\/enero\/1-4_metas-y-objetivos_unidades_metadatos_dic2023.csv\"  rel=\"\" target=\"_self\" data-cell-id=\"52\" data-link-url=\"https:\/\/www.salcedo.gob.ec\/wp-content\/uploads\/2024\/tp\/enero\/1-4_metas-y-objetivos_unidades_metadatos_dic2023.csv\" data-link-text=\"metadatos\" data-link-target=\"0\" data-link-nofollow=\"0\" data-link-noreferrer=\"0\" data-link-sponsored=\"0\" data-link-btn-status=\"0\" data-link-btn-class=\"\" data-link-content=\"wpdt-link-content\">metadatos<\/a>                    <\/td>\n                                                <td class=\"wpdt-cell \"\n                                            data-cell-id=\"D6\"\n                    data-col-index=\"3\"\n                    data-row-index=\"5\"\n                    style=\"                    padding:10px;\n                    \"\n                    >\n                                        <a class=\"wpdt-link-content\" href=\"https:\/\/www.salcedo.gob.ec\/wp-content\/uploads\/2024\/tp\/enero\/1-4_metas-y-objetivos_unidades_diccionario_dic2023.csv\"  rel=\"\" target=\"_self\" data-cell-id=\"53\" data-link-url=\"https:\/\/www.salcedo.gob.ec\/wp-content\/uploads\/2024\/tp\/enero\/1-4_metas-y-objetivos_unidades_diccionario_dic2023.csv\" data-link-text=\"diccionario\" data-link-target=\"0\" data-link-nofollow=\"0\" data-link-noreferrer=\"0\" data-link-sponsored=\"0\" data-link-btn-status=\"0\" data-link-btn-class=\"\" data-link-content=\"wpdt-link-content\">diccionario<\/a>                    <\/td>\n                                        <\/tr>\n                            <tr class=\"wpdt-cell-row \" >\n                                <td class=\"wpdt-cell wpdt-align-left\"\n                                            data-cell-id=\"A7\"\n                    data-col-index=\"0\"\n                    data-row-index=\"6\"\n                    style=\"                    padding:10px;\n                    \"\n                    >\n                                        2.1-2.2 Directorio y distributivo personal de la entidad                    <\/td>\n                                                <td class=\"wpdt-cell \"\n                                            data-cell-id=\"B7\"\n                    data-col-index=\"1\"\n                    data-row-index=\"6\"\n                    style=\"                    padding:10px;\n                    \"\n                    >\n                                        <a class=\"wpdt-link-content\" href=\"https:\/\/www.salcedo.gob.ec\/wp-content\/uploads\/2024\/tp\/enero\/2_1-2_2-directorio-y-distributivo-personal-de-la-entidad_conjuntodatos_dic2023.csv\"  rel=\"\" target=\"_self\" data-cell-id=\"61\" data-link-url=\"https:\/\/www.salcedo.gob.ec\/wp-content\/uploads\/2024\/tp\/enero\/2_1-2_2-directorio-y-distributivo-personal-de-la-entidad_conjuntodatos_dic2023.csv\" data-link-text=\"datos\" data-link-target=\"0\" data-link-nofollow=\"0\" data-link-noreferrer=\"0\" data-link-sponsored=\"0\" data-link-btn-status=\"0\" data-link-btn-class=\"\" data-link-content=\"wpdt-link-content\">datos<\/a>                    <\/td>\n                                                <td class=\"wpdt-cell \"\n                                            data-cell-id=\"C7\"\n                    data-col-index=\"2\"\n                    data-row-index=\"6\"\n                    style=\"                    padding:10px;\n                    \"\n                    >\n                                        <a class=\"wpdt-link-content\" href=\"https:\/\/www.salcedo.gob.ec\/wp-content\/uploads\/2024\/tp\/enero\/2_1-2_2-directorio-y-distributivo-personal-de-la-entidad_metadatos_dic2023.csv\"  rel=\"\" target=\"_self\" data-cell-id=\"62\" data-link-url=\"https:\/\/www.salcedo.gob.ec\/wp-content\/uploads\/2024\/tp\/enero\/2_1-2_2-directorio-y-distributivo-personal-de-la-entidad_metadatos_dic2023.csv\" data-link-text=\"metadatos\" data-link-target=\"0\" data-link-nofollow=\"0\" data-link-noreferrer=\"0\" data-link-sponsored=\"0\" data-link-btn-status=\"0\" data-link-btn-class=\"\" data-link-content=\"wpdt-link-content\">metadatos<\/a>                    <\/td>\n                                                <td class=\"wpdt-cell \"\n                                            data-cell-id=\"D7\"\n                    data-col-index=\"3\"\n                    data-row-index=\"6\"\n                    style=\"                    padding:10px;\n                    \"\n                    >\n                                        <a class=\"wpdt-link-content\" href=\"https:\/\/www.salcedo.gob.ec\/wp-content\/uploads\/2024\/tp\/enero\/2_1-2_2-directorio-y-distributivo-personal-de-la-entidad_diccionario_dic2023.csv\"  rel=\"\" target=\"_self\" data-cell-id=\"63\" data-link-url=\"https:\/\/www.salcedo.gob.ec\/wp-content\/uploads\/2024\/tp\/enero\/2_1-2_2-directorio-y-distributivo-personal-de-la-entidad_diccionario_dic2023.csv\" data-link-text=\"diccionario\" data-link-target=\"0\" data-link-nofollow=\"0\" data-link-noreferrer=\"0\" data-link-sponsored=\"0\" data-link-btn-status=\"0\" data-link-btn-class=\"\" data-link-content=\"wpdt-link-content\">diccionario<\/a>                    <\/td>\n                                        <\/tr>\n                            <tr class=\"wpdt-cell-row \" >\n                                <td class=\"wpdt-cell wpdt-align-left\"\n                                            data-cell-id=\"A8\"\n                    data-col-index=\"0\"\n                    data-row-index=\"7\"\n                    style=\"                    padding:10px;\n                    \"\n                    >\n                                        3 Remuneraciones ingresos adicionales                    <\/td>\n                                                <td class=\"wpdt-cell \"\n                                            data-cell-id=\"B8\"\n                    data-col-index=\"1\"\n                    data-row-index=\"7\"\n                    style=\"                    padding:10px;\n                    \"\n                    >\n                                        <a class=\"wpdt-link-content\" href=\"https:\/\/www.salcedo.gob.ec\/wp-content\/uploads\/2024\/tp\/enero\/3-remuneraciones-ingresos-adicionales_conjuntodatos_dic2023.csv\"  rel=\"\" target=\"_self\" data-cell-id=\"71\" data-link-url=\"https:\/\/www.salcedo.gob.ec\/wp-content\/uploads\/2024\/tp\/enero\/3-remuneraciones-ingresos-adicionales_conjuntodatos_dic2023.csv\" data-link-text=\"datos\" data-link-target=\"0\" data-link-nofollow=\"0\" data-link-noreferrer=\"0\" data-link-sponsored=\"0\" data-link-btn-status=\"0\" data-link-btn-class=\"\" data-link-content=\"wpdt-link-content\">datos<\/a>                    <\/td>\n                                                <td class=\"wpdt-cell \"\n                                            data-cell-id=\"C8\"\n                    data-col-index=\"2\"\n                    data-row-index=\"7\"\n                    style=\"                    padding:10px;\n                    \"\n                    >\n                                        <a class=\"wpdt-link-content\" href=\"https:\/\/www.salcedo.gob.ec\/wp-content\/uploads\/2024\/tp\/enero\/3-remuneraciones-ingresos-adicionales_metadatos_dic2023.csv\"  rel=\"\" target=\"_self\" data-cell-id=\"72\" data-link-url=\"https:\/\/www.salcedo.gob.ec\/wp-content\/uploads\/2024\/tp\/enero\/3-remuneraciones-ingresos-adicionales_metadatos_dic2023.csv\" data-link-text=\"metadatos\" data-link-target=\"0\" data-link-nofollow=\"0\" data-link-noreferrer=\"0\" data-link-sponsored=\"0\" data-link-btn-status=\"0\" data-link-btn-class=\"\" data-link-content=\"wpdt-link-content\">metadatos<\/a>                    <\/td>\n                                                <td class=\"wpdt-cell \"\n                                            data-cell-id=\"D8\"\n                    data-col-index=\"3\"\n                    data-row-index=\"7\"\n                    style=\"                    padding:10px;\n                    \"\n                    >\n                                        <a class=\"wpdt-link-content\" href=\"https:\/\/www.salcedo.gob.ec\/wp-content\/uploads\/2024\/tp\/enero\/3-remuneraciones-ingresos-adicionales_diccionario_dic2023.csv\"  rel=\"\" target=\"_self\" data-cell-id=\"73\" data-link-url=\"https:\/\/www.salcedo.gob.ec\/wp-content\/uploads\/2024\/tp\/enero\/3-remuneraciones-ingresos-adicionales_diccionario_dic2023.csv\" data-link-text=\"diccionario\" data-link-target=\"0\" data-link-nofollow=\"0\" data-link-noreferrer=\"0\" data-link-sponsored=\"0\" data-link-btn-status=\"0\" data-link-btn-class=\"\" data-link-content=\"wpdt-link-content\">diccionario<\/a>                    <\/td>\n                                        <\/tr>\n                            <tr class=\"wpdt-cell-row \" >\n                                <td class=\"wpdt-cell wpdt-align-left\"\n                                            data-cell-id=\"A9\"\n                    data-col-index=\"0\"\n                    data-row-index=\"8\"\n                    style=\"                    padding:10px;\n                    \"\n                    >\n                                        4 Detalle licencias comisiones                    <\/td>\n                                                <td class=\"wpdt-cell \"\n                                            data-cell-id=\"B9\"\n                    data-col-index=\"1\"\n                    data-row-index=\"8\"\n                    style=\"                    padding:10px;\n                    \"\n                    >\n                                        <a class=\"wpdt-link-content\" href=\"https:\/\/www.salcedo.gob.ec\/wp-content\/uploads\/2024\/tp\/enero\/4-detalle-licencia-comisiones_conjuntodatos_dic2023.csv\"  rel=\"\" target=\"_self\" data-cell-id=\"81\" data-link-url=\"https:\/\/www.salcedo.gob.ec\/wp-content\/uploads\/2024\/tp\/enero\/4-detalle-licencia-comisiones_conjuntodatos_dic2023.csv\" data-link-text=\"datos\" data-link-target=\"0\" data-link-nofollow=\"0\" data-link-noreferrer=\"0\" data-link-sponsored=\"0\" data-link-btn-status=\"0\" data-link-btn-class=\"\" data-link-content=\"wpdt-link-content\">datos<\/a>                    <\/td>\n                                                <td class=\"wpdt-cell \"\n                                            data-cell-id=\"C9\"\n                    data-col-index=\"2\"\n                    data-row-index=\"8\"\n                    style=\"                    padding:10px;\n                    \"\n                    >\n                                        <a class=\"wpdt-link-content\" href=\"https:\/\/www.salcedo.gob.ec\/wp-content\/uploads\/2024\/tp\/enero\/4-detalle-licencia-comisiones_metadatos_dic2023.csv\"  rel=\"\" target=\"_self\" data-cell-id=\"82\" data-link-url=\"https:\/\/www.salcedo.gob.ec\/wp-content\/uploads\/2024\/tp\/enero\/4-detalle-licencia-comisiones_metadatos_dic2023.csv\" data-link-text=\"metadatos\" data-link-target=\"0\" data-link-nofollow=\"0\" data-link-noreferrer=\"0\" data-link-sponsored=\"0\" data-link-btn-status=\"0\" data-link-btn-class=\"\" data-link-content=\"wpdt-link-content\">metadatos<\/a>                    <\/td>\n                                                <td class=\"wpdt-cell \"\n                                            data-cell-id=\"D9\"\n                    data-col-index=\"3\"\n                    data-row-index=\"8\"\n                    style=\"                    padding:10px;\n                    \"\n                    >\n                                        <a class=\"wpdt-link-content\" href=\"https:\/\/www.salcedo.gob.ec\/wp-content\/uploads\/2024\/tp\/enero\/4-detalle-licencia-comisiones_diccionario_dic2023.csv\"  rel=\"\" target=\"_self\" data-cell-id=\"83\" data-link-url=\"https:\/\/www.salcedo.gob.ec\/wp-content\/uploads\/2024\/tp\/enero\/4-detalle-licencia-comisiones_diccionario_dic2023.csv\" data-link-text=\"diccionario\" data-link-target=\"0\" data-link-nofollow=\"0\" data-link-noreferrer=\"0\" data-link-sponsored=\"0\" data-link-btn-status=\"0\" data-link-btn-class=\"\" data-link-content=\"wpdt-link-content\">diccionario<\/a>                    <\/td>\n                                        <\/tr>\n                            <tr class=\"wpdt-cell-row \" >\n                                <td class=\"wpdt-cell wpdt-align-left\"\n                                            data-cell-id=\"A10\"\n                    data-col-index=\"0\"\n                    data-row-index=\"9\"\n                    style=\"                    padding:10px;\n                    \"\n                    >\n                                        5-22 Servicios-formularios-formatos-tr\u00e1mites                    <\/td>\n                                                <td class=\"wpdt-cell \"\n                                            data-cell-id=\"B10\"\n                    data-col-index=\"1\"\n                    data-row-index=\"9\"\n                    style=\"                    padding:10px;\n                    \"\n                    >\n                                        <a class=\"wpdt-link-content\" href=\"https:\/\/www.salcedo.gob.ec\/wp-content\/uploads\/2024\/tp\/enero\/5_22-servicios-formularios-formatos-tramites_conjuntodatos_dic2023.csv\"  rel=\"\" target=\"_self\" data-cell-id=\"91\" data-link-url=\"https:\/\/www.salcedo.gob.ec\/wp-content\/uploads\/2024\/tp\/enero\/5_22-servicios-formularios-formatos-tramites_conjuntodatos_dic2023.csv\" data-link-text=\"datos\" data-link-target=\"0\" data-link-nofollow=\"0\" data-link-noreferrer=\"0\" data-link-sponsored=\"0\" data-link-btn-status=\"0\" data-link-btn-class=\"\" data-link-content=\"wpdt-link-content\">datos<\/a>                    <\/td>\n                                                <td class=\"wpdt-cell \"\n                                            data-cell-id=\"C10\"\n                    data-col-index=\"2\"\n                    data-row-index=\"9\"\n                    style=\"                    padding:10px;\n                    \"\n                    >\n                                        <a class=\"wpdt-link-content\" href=\"https:\/\/www.salcedo.gob.ec\/wp-content\/uploads\/2024\/tp\/enero\/5_22-servicios-formularios-formatos-tramites_metadatos_dic2023.csv\"  rel=\"\" target=\"_self\" data-cell-id=\"92\" data-link-url=\"https:\/\/www.salcedo.gob.ec\/wp-content\/uploads\/2024\/tp\/enero\/5_22-servicios-formularios-formatos-tramites_metadatos_dic2023.csv\" data-link-text=\"metadatos\" data-link-target=\"0\" data-link-nofollow=\"0\" data-link-noreferrer=\"0\" data-link-sponsored=\"0\" data-link-btn-status=\"0\" data-link-btn-class=\"\" data-link-content=\"wpdt-link-content\">metadatos<\/a>                    <\/td>\n                                                <td class=\"wpdt-cell \"\n                                            data-cell-id=\"D10\"\n                    data-col-index=\"3\"\n                    data-row-index=\"9\"\n                    style=\"                    padding:10px;\n                    \"\n                    >\n                                        <a class=\"wpdt-link-content\" href=\"https:\/\/www.salcedo.gob.ec\/wp-content\/uploads\/2024\/tp\/enero\/5_22-servicios-formularios-formatos-tramites_diccionario_dic2023.csv\"  rel=\"\" target=\"_self\" data-cell-id=\"93\" data-link-url=\"https:\/\/www.salcedo.gob.ec\/wp-content\/uploads\/2024\/tp\/enero\/5_22-servicios-formularios-formatos-tramites_diccionario_dic2023.csv\" data-link-text=\"diccionario\" data-link-target=\"0\" data-link-nofollow=\"0\" data-link-noreferrer=\"0\" data-link-sponsored=\"0\" data-link-btn-status=\"0\" data-link-btn-class=\"\" data-link-content=\"wpdt-link-content\">diccionario<\/a>                    <\/td>\n                                        <\/tr>\n                            <tr class=\"wpdt-cell-row \" >\n                                <td class=\"wpdt-cell wpdt-align-left\"\n                                            data-cell-id=\"A11\"\n                    data-col-index=\"0\"\n                    data-row-index=\"10\"\n                    style=\"                    padding:10px;\n                    \"\n                    >\n                                        6 Presupuesto de la instituci\u00f3n                    <\/td>\n                                                <td class=\"wpdt-cell \"\n                                            data-cell-id=\"B11\"\n                    data-col-index=\"1\"\n                    data-row-index=\"10\"\n                    style=\"                    padding:10px;\n                    \"\n                    >\n                                        <a class=\"wpdt-link-content\" href=\"https:\/\/www.salcedo.gob.ec\/wp-content\/uploads\/2024\/tp\/enero\/6-presupuesto-de-la-institucion_conjuntodatos_dic2023.csv\"  rel=\"\" target=\"_self\" data-cell-id=\"101\" data-link-url=\"https:\/\/www.salcedo.gob.ec\/wp-content\/uploads\/2024\/tp\/enero\/6-presupuesto-de-la-institucion_conjuntodatos_dic2023.csv\" data-link-text=\"datos\" data-link-target=\"0\" data-link-nofollow=\"0\" data-link-noreferrer=\"0\" data-link-sponsored=\"0\" data-link-btn-status=\"0\" data-link-btn-class=\"\" data-link-content=\"wpdt-link-content\">datos<\/a>                    <\/td>\n                                                <td class=\"wpdt-cell \"\n                                            data-cell-id=\"C11\"\n                    data-col-index=\"2\"\n                    data-row-index=\"10\"\n                    style=\"                    padding:10px;\n                    \"\n                    >\n                                        <a class=\"wpdt-link-content\" href=\"https:\/\/www.salcedo.gob.ec\/wp-content\/uploads\/2024\/tp\/enero\/6-presupuesto-de-la-institucion_metadatos_dic2023.csv\"  rel=\"\" target=\"_self\" data-cell-id=\"102\" data-link-url=\"https:\/\/www.salcedo.gob.ec\/wp-content\/uploads\/2024\/tp\/enero\/6-presupuesto-de-la-institucion_metadatos_dic2023.csv\" data-link-text=\"metadatos\" data-link-target=\"0\" data-link-nofollow=\"0\" data-link-noreferrer=\"0\" data-link-sponsored=\"0\" data-link-btn-status=\"0\" data-link-btn-class=\"\" data-link-content=\"wpdt-link-content\">metadatos<\/a>                    <\/td>\n                                                <td class=\"wpdt-cell \"\n                                            data-cell-id=\"D11\"\n                    data-col-index=\"3\"\n                    data-row-index=\"10\"\n                    style=\"                    padding:10px;\n                    \"\n                    >\n                                        <a class=\"wpdt-link-content\" href=\"https:\/\/www.salcedo.gob.ec\/wp-content\/uploads\/2024\/tp\/enero\/6-presupuesto-de-la-institucion_diccionario_dic2023.csv\"  rel=\"\" target=\"_self\" data-cell-id=\"103\" data-link-url=\"https:\/\/www.salcedo.gob.ec\/wp-content\/uploads\/2024\/tp\/enero\/6-presupuesto-de-la-institucion_diccionario_dic2023.csv\" data-link-text=\"diccionario\" data-link-target=\"0\" data-link-nofollow=\"0\" data-link-noreferrer=\"0\" data-link-sponsored=\"0\" data-link-btn-status=\"0\" data-link-btn-class=\"\" data-link-content=\"wpdt-link-content\">diccionario<\/a>                    <\/td>\n                                        <\/tr>\n                            <tr class=\"wpdt-cell-row \" >\n                                <td class=\"wpdt-cell wpdt-align-left\"\n                                            data-cell-id=\"A12\"\n                    data-col-index=\"0\"\n                    data-row-index=\"11\"\n                    style=\"                    padding:10px;\n                    \"\n                    >\n                                        7 Resultados de las auditor\u00edas internas y gubernamentales                    <\/td>\n                                                <td class=\"wpdt-cell \"\n                                            data-cell-id=\"B12\"\n                    data-col-index=\"1\"\n                    data-row-index=\"11\"\n                    style=\"                    padding:10px;\n                    \"\n                    >\n                                        <a class=\"wpdt-link-content\" href=\"https:\/\/www.salcedo.gob.ec\/wp-content\/uploads\/2024\/tp\/enero\/7-resultados-de-las-auditorias-internas-y-gubernamentales_conjuntodatos_dic2023.csv\"  rel=\"\" target=\"_self\" data-cell-id=\"111\" data-link-url=\"https:\/\/www.salcedo.gob.ec\/wp-content\/uploads\/2024\/tp\/enero\/7-resultados-de-las-auditorias-internas-y-gubernamentales_conjuntodatos_dic2023.csv\" data-link-text=\"datos\" data-link-target=\"0\" data-link-nofollow=\"0\" data-link-noreferrer=\"0\" data-link-sponsored=\"0\" data-link-btn-status=\"0\" data-link-btn-class=\"\" data-link-content=\"wpdt-link-content\">datos<\/a>                    <\/td>\n                                                <td class=\"wpdt-cell \"\n                                            data-cell-id=\"C12\"\n                    data-col-index=\"2\"\n                    data-row-index=\"11\"\n                    style=\"                    padding:10px;\n                    \"\n                    >\n                                        <a class=\"wpdt-link-content\" href=\"https:\/\/www.salcedo.gob.ec\/wp-content\/uploads\/2024\/tp\/enero\/7-resultados-de-las-auditorias-internas-y-gubernamentales_metadatos_dic2023.csv\"  rel=\"\" target=\"_self\" data-cell-id=\"112\" data-link-url=\"https:\/\/www.salcedo.gob.ec\/wp-content\/uploads\/2024\/tp\/enero\/7-resultados-de-las-auditorias-internas-y-gubernamentales_metadatos_dic2023.csv\" data-link-text=\"metadatos\" data-link-target=\"0\" data-link-nofollow=\"0\" data-link-noreferrer=\"0\" data-link-sponsored=\"0\" data-link-btn-status=\"0\" data-link-btn-class=\"\" data-link-content=\"wpdt-link-content\">metadatos<\/a>                    <\/td>\n                                                <td class=\"wpdt-cell \"\n                                            data-cell-id=\"D12\"\n                    data-col-index=\"3\"\n                    data-row-index=\"11\"\n                    style=\"                    padding:10px;\n                    \"\n                    >\n                                        <a class=\"wpdt-link-content\" href=\"https:\/\/www.salcedo.gob.ec\/wp-content\/uploads\/2024\/tp\/enero\/7-resultados-de-las-auditorias-internas-y-gubernamentales_diccionario_dic2023.csv\"  rel=\"\" target=\"_self\" data-cell-id=\"113\" data-link-url=\"https:\/\/www.salcedo.gob.ec\/wp-content\/uploads\/2024\/tp\/enero\/7-resultados-de-las-auditorias-internas-y-gubernamentales_diccionario_dic2023.csv\" data-link-text=\"diccionario\" data-link-target=\"0\" data-link-nofollow=\"0\" data-link-noreferrer=\"0\" data-link-sponsored=\"0\" data-link-btn-status=\"0\" data-link-btn-class=\"\" data-link-content=\"wpdt-link-content\">diccionario<\/a>                    <\/td>\n                                        <\/tr>\n                            <tr class=\"wpdt-cell-row \" >\n                                <td class=\"wpdt-cell wpdt-align-left\"\n                                            data-cell-id=\"A13\"\n                    data-col-index=\"0\"\n                    data-row-index=\"12\"\n                    style=\"                    padding:10px;\n                    \"\n                    >\n                                        8 Procesos de contrataci\u00f3n p\u00fablica                    <\/td>\n                                                <td class=\"wpdt-cell \"\n                                            data-cell-id=\"B13\"\n                    data-col-index=\"1\"\n                    data-row-index=\"12\"\n                    style=\"                    padding:10px;\n                    \"\n                    >\n                                        <a class=\"wpdt-link-content\" href=\"https:\/\/www.salcedo.gob.ec\/wp-content\/uploads\/2024\/tp\/enero\/8-procesos-de-contratacion-publica_conjuntodatos_dic2023.csv\"  rel=\"\" target=\"_self\" data-cell-id=\"121\" data-link-url=\"https:\/\/www.salcedo.gob.ec\/wp-content\/uploads\/2024\/tp\/enero\/8-procesos-de-contratacion-publica_conjuntodatos_dic2023.csv\" data-link-text=\"datos\" data-link-target=\"0\" data-link-nofollow=\"0\" data-link-noreferrer=\"0\" data-link-sponsored=\"0\" data-link-btn-status=\"0\" data-link-btn-class=\"\" data-link-content=\"wpdt-link-content\">datos<\/a>                    <\/td>\n                                                <td class=\"wpdt-cell \"\n                                            data-cell-id=\"C13\"\n                    data-col-index=\"2\"\n                    data-row-index=\"12\"\n                    style=\"                    padding:10px;\n                    \"\n                    >\n                                        <a class=\"wpdt-link-content\" href=\"https:\/\/www.salcedo.gob.ec\/wp-content\/uploads\/2024\/tp\/enero\/8-procesos-de-contratacion-publica_metadatos_dic2023.csv\"  rel=\"\" target=\"_self\" data-cell-id=\"122\" data-link-url=\"https:\/\/www.salcedo.gob.ec\/wp-content\/uploads\/2024\/tp\/enero\/8-procesos-de-contratacion-publica_metadatos_dic2023.csv\" data-link-text=\"metadatos\" data-link-target=\"0\" data-link-nofollow=\"0\" data-link-noreferrer=\"0\" data-link-sponsored=\"0\" data-link-btn-status=\"0\" data-link-btn-class=\"\" data-link-content=\"wpdt-link-content\">metadatos<\/a>                    <\/td>\n                                                <td class=\"wpdt-cell \"\n                                            data-cell-id=\"D13\"\n                    data-col-index=\"3\"\n                    data-row-index=\"12\"\n                    style=\"                    padding:10px;\n                    \"\n                    >\n                                        <a class=\"wpdt-link-content\" href=\"https:\/\/www.salcedo.gob.ec\/wp-content\/uploads\/2024\/tp\/enero\/8-procesos-de-contratacion-publica_diccionario_dic2023.csv\"  rel=\"\" target=\"_self\" data-cell-id=\"123\" data-link-url=\"https:\/\/www.salcedo.gob.ec\/wp-content\/uploads\/2024\/tp\/enero\/8-procesos-de-contratacion-publica_diccionario_dic2023.csv\" data-link-text=\"diccionario\" data-link-target=\"0\" data-link-nofollow=\"0\" data-link-noreferrer=\"0\" data-link-sponsored=\"0\" data-link-btn-status=\"0\" data-link-btn-class=\"\" data-link-content=\"wpdt-link-content\">diccionario<\/a>                    <\/td>\n                                        <\/tr>\n                            <tr class=\"wpdt-cell-row \" >\n                                <td class=\"wpdt-cell wpdt-align-left\"\n                                            data-cell-id=\"A14\"\n                    data-col-index=\"0\"\n                    data-row-index=\"13\"\n                    style=\"                    padding:10px;\n                    \"\n                    >\n                                        9 Empresas y personas que han incumplido contratos                    <\/td>\n                                                <td class=\"wpdt-cell \"\n                                            data-cell-id=\"B14\"\n                    data-col-index=\"1\"\n                    data-row-index=\"13\"\n                    style=\"                    padding:10px;\n                    \"\n                    >\n                                        <a class=\"wpdt-link-content\" href=\"https:\/\/www.salcedo.gob.ec\/wp-content\/uploads\/2024\/tp\/enero\/9-listado-de-empresas-y-personas-que-han-incumplido-contratos_conjuntodatos_dic2023.csv\"  rel=\"\" target=\"_self\" data-cell-id=\"131\" data-link-url=\"https:\/\/www.salcedo.gob.ec\/wp-content\/uploads\/2024\/tp\/enero\/9-listado-de-empresas-y-personas-que-han-incumplido-contratos_conjuntodatos_dic2023.csv\" data-link-text=\"datos\" data-link-target=\"0\" data-link-nofollow=\"0\" data-link-noreferrer=\"0\" data-link-sponsored=\"0\" data-link-btn-status=\"0\" data-link-btn-class=\"\" data-link-content=\"wpdt-link-content\">datos<\/a>                    <\/td>\n                                                <td class=\"wpdt-cell \"\n                                            data-cell-id=\"C14\"\n                    data-col-index=\"2\"\n                    data-row-index=\"13\"\n                    style=\"                    padding:10px;\n                    \"\n                    >\n                                        <a class=\"wpdt-link-content\" href=\"https:\/\/www.salcedo.gob.ec\/wp-content\/uploads\/2024\/tp\/enero\/9-listado-de-empresas-y-personas-que-han-incumplido-contratos_metadatos_dic2023.csv\"  rel=\"\" target=\"_self\" data-cell-id=\"132\" data-link-url=\"https:\/\/www.salcedo.gob.ec\/wp-content\/uploads\/2024\/tp\/enero\/9-listado-de-empresas-y-personas-que-han-incumplido-contratos_metadatos_dic2023.csv\" data-link-text=\"metadatos\" data-link-target=\"0\" data-link-nofollow=\"0\" data-link-noreferrer=\"0\" data-link-sponsored=\"0\" data-link-btn-status=\"0\" data-link-btn-class=\"\" data-link-content=\"wpdt-link-content\">metadatos<\/a>                    <\/td>\n                                                <td class=\"wpdt-cell \"\n                                            data-cell-id=\"D14\"\n                    data-col-index=\"3\"\n                    data-row-index=\"13\"\n                    style=\"                    padding:10px;\n                    \"\n                    >\n                                        <a class=\"wpdt-link-content\" href=\"https:\/\/www.salcedo.gob.ec\/wp-content\/uploads\/2024\/tp\/enero\/9-listado-de-empresas-y-personas-que-han-incumplido-contratos_diccionario_dic2023.csv\"  rel=\"\" target=\"_self\" data-cell-id=\"133\" data-link-url=\"https:\/\/www.salcedo.gob.ec\/wp-content\/uploads\/2024\/tp\/enero\/9-listado-de-empresas-y-personas-que-han-incumplido-contratos_diccionario_dic2023.csv\" data-link-text=\"diccionario\" data-link-target=\"0\" data-link-nofollow=\"0\" data-link-noreferrer=\"0\" data-link-sponsored=\"0\" data-link-btn-status=\"0\" data-link-btn-class=\"\" data-link-content=\"wpdt-link-content\">diccionario<\/a>                    <\/td>\n                                        <\/tr>\n                            <tr class=\"wpdt-cell-row \" >\n                                <td class=\"wpdt-cell wpdt-align-left\"\n                                            data-cell-id=\"A15\"\n                    data-col-index=\"0\"\n                    data-row-index=\"14\"\n                    style=\"                    padding:10px;\n                    \"\n                    >\n                                        10 Planes y programas en ejecuci\u00f3n                    <\/td>\n                                                <td class=\"wpdt-cell \"\n                                            data-cell-id=\"B15\"\n                    data-col-index=\"1\"\n                    data-row-index=\"14\"\n                    style=\"                    padding:10px;\n                    \"\n                    >\n                                        <a class=\"wpdt-link-content\" href=\"https:\/\/www.salcedo.gob.ec\/wp-content\/uploads\/2024\/tp\/enero\/10-planes-y-programas_conjuntodatos_dic2023.csv\"  rel=\"\" target=\"_self\" data-cell-id=\"141\" data-link-url=\"https:\/\/www.salcedo.gob.ec\/wp-content\/uploads\/2024\/tp\/enero\/10-planes-y-programas_conjuntodatos_dic2023.csv\" data-link-text=\"datos\" data-link-target=\"0\" data-link-nofollow=\"0\" data-link-noreferrer=\"0\" data-link-sponsored=\"0\" data-link-btn-status=\"0\" data-link-btn-class=\"\" data-link-content=\"wpdt-link-content\">datos<\/a>                    <\/td>\n                                                <td class=\"wpdt-cell \"\n                                            data-cell-id=\"C15\"\n                    data-col-index=\"2\"\n                    data-row-index=\"14\"\n                    style=\"                    padding:10px;\n                    \"\n                    >\n                                        <a class=\"wpdt-link-content\" href=\"https:\/\/www.salcedo.gob.ec\/wp-content\/uploads\/2024\/tp\/enero\/10-planes-y-programas_metadatos_dic2023.csv\"  rel=\"\" target=\"_self\" data-cell-id=\"142\" data-link-url=\"https:\/\/www.salcedo.gob.ec\/wp-content\/uploads\/2024\/tp\/enero\/10-planes-y-programas_metadatos_dic2023.csv\" data-link-text=\"metadatos\" data-link-target=\"0\" data-link-nofollow=\"0\" data-link-noreferrer=\"0\" data-link-sponsored=\"0\" data-link-btn-status=\"0\" data-link-btn-class=\"\" data-link-content=\"wpdt-link-content\">metadatos<\/a>                    <\/td>\n                                                <td class=\"wpdt-cell \"\n                                            data-cell-id=\"D15\"\n                    data-col-index=\"3\"\n                    data-row-index=\"14\"\n                    style=\"                    padding:10px;\n                    \"\n                    >\n                                        <a class=\"wpdt-link-content\" href=\"https:\/\/www.salcedo.gob.ec\/wp-content\/uploads\/2024\/tp\/enero\/10-planes-y-programas_diccionario_dic2023.csv\"  rel=\"\" target=\"_self\" data-cell-id=\"143\" data-link-url=\"https:\/\/www.salcedo.gob.ec\/wp-content\/uploads\/2024\/tp\/enero\/10-planes-y-programas_diccionario_dic2023.csv\" data-link-text=\"diccionario\" data-link-target=\"0\" data-link-nofollow=\"0\" data-link-noreferrer=\"0\" data-link-sponsored=\"0\" data-link-btn-status=\"0\" data-link-btn-class=\"\" data-link-content=\"wpdt-link-content\">diccionario<\/a>                    <\/td>\n                                        <\/tr>\n                            <tr class=\"wpdt-cell-row \" >\n                                <td class=\"wpdt-cell wpdt-align-left\"\n                                            data-cell-id=\"A16\"\n                    data-col-index=\"0\"\n                    data-row-index=\"15\"\n                    style=\"                    padding:10px;\n                    \"\n                    >\n                                        11 Contratos de cr\u00e9dito externos o internos                    <\/td>\n                                                <td class=\"wpdt-cell \"\n                                            data-cell-id=\"B16\"\n                    data-col-index=\"1\"\n                    data-row-index=\"15\"\n                    style=\"                    padding:10px;\n                    \"\n                    >\n                                        <a class=\"wpdt-link-content\" href=\"https:\/\/www.salcedo.gob.ec\/wp-content\/uploads\/2024\/tp\/enero\/11-contratos-de-credito-externos-o-internos_conjuntodatos_dic2023.csv\"  rel=\"\" target=\"_self\" data-cell-id=\"151\" data-link-url=\"https:\/\/www.salcedo.gob.ec\/wp-content\/uploads\/2024\/tp\/enero\/11-contratos-de-credito-externos-o-internos_conjuntodatos_dic2023.csv\" data-link-text=\"datos\" data-link-target=\"0\" data-link-nofollow=\"0\" data-link-noreferrer=\"0\" data-link-sponsored=\"0\" data-link-btn-status=\"0\" data-link-btn-class=\"\" data-link-content=\"wpdt-link-content\">datos<\/a>                    <\/td>\n                                                <td class=\"wpdt-cell \"\n                                            data-cell-id=\"C16\"\n                    data-col-index=\"2\"\n                    data-row-index=\"15\"\n                    style=\"                    padding:10px;\n                    \"\n                    >\n                                        <a class=\"wpdt-link-content\" href=\"https:\/\/www.salcedo.gob.ec\/wp-content\/uploads\/2024\/tp\/enero\/11-contratos-de-credito-externos-o-internos_metadatos_dic2023.csv\"  rel=\"\" target=\"_self\" data-cell-id=\"152\" data-link-url=\"https:\/\/www.salcedo.gob.ec\/wp-content\/uploads\/2024\/tp\/enero\/11-contratos-de-credito-externos-o-internos_metadatos_dic2023.csv\" data-link-text=\"metadatos\" data-link-target=\"0\" data-link-nofollow=\"0\" data-link-noreferrer=\"0\" data-link-sponsored=\"0\" data-link-btn-status=\"0\" data-link-btn-class=\"\" data-link-content=\"wpdt-link-content\">metadatos<\/a>                    <\/td>\n                                                <td class=\"wpdt-cell \"\n                                            data-cell-id=\"D16\"\n                    data-col-index=\"3\"\n                    data-row-index=\"15\"\n                    style=\"                    padding:10px;\n                    \"\n                    >\n                                        <a class=\"wpdt-link-content\" href=\"https:\/\/www.salcedo.gob.ec\/wp-content\/uploads\/2024\/tp\/enero\/11-contratos-de-credito-externos-o-internos_diccionario_dic2023.csv\"  rel=\"\" target=\"_self\" data-cell-id=\"153\" data-link-url=\"https:\/\/www.salcedo.gob.ec\/wp-content\/uploads\/2024\/tp\/enero\/11-contratos-de-credito-externos-o-internos_diccionario_dic2023.csv\" data-link-text=\"diccionario\" data-link-target=\"0\" data-link-nofollow=\"0\" data-link-noreferrer=\"0\" data-link-sponsored=\"0\" data-link-btn-status=\"0\" data-link-btn-class=\"\" data-link-content=\"wpdt-link-content\">diccionario<\/a>                    <\/td>\n                                        <\/tr>\n                            <tr class=\"wpdt-cell-row \" >\n                                <td class=\"wpdt-cell wpdt-align-left\"\n                                            data-cell-id=\"A17\"\n                    data-col-index=\"0\"\n                    data-row-index=\"16\"\n                    style=\"                    padding:10px;\n                    \"\n                    >\n                                        12 Mecanismos de rendici\u00f3n de cuentas                    <\/td>\n                                                <td class=\"wpdt-cell \"\n                                            data-cell-id=\"B17\"\n                    data-col-index=\"1\"\n                    data-row-index=\"16\"\n                    style=\"                    padding:10px;\n                    \"\n                    >\n                                        <a class=\"wpdt-link-content\" href=\"https:\/\/www.salcedo.gob.ec\/wp-content\/uploads\/2024\/tp\/enero\/12-mecanismos-rendicion-cuentas_conjuntodatos_dic2023.csv\"  rel=\"\" target=\"_self\" data-cell-id=\"161\" data-link-url=\"https:\/\/www.salcedo.gob.ec\/wp-content\/uploads\/2024\/tp\/enero\/12-mecanismos-rendicion-cuentas_conjuntodatos_dic2023.csv\" data-link-text=\"datos\" data-link-target=\"0\" data-link-nofollow=\"0\" data-link-noreferrer=\"0\" data-link-sponsored=\"0\" data-link-btn-status=\"0\" data-link-btn-class=\"\" data-link-content=\"wpdt-link-content\">datos<\/a>                    <\/td>\n                                                <td class=\"wpdt-cell \"\n                                            data-cell-id=\"C17\"\n                    data-col-index=\"2\"\n                    data-row-index=\"16\"\n                    style=\"                    padding:10px;\n                    \"\n                    >\n                                        <a class=\"wpdt-link-content\" href=\"https:\/\/www.salcedo.gob.ec\/wp-content\/uploads\/2024\/tp\/enero\/12-mecanismos-rendicion-cuentas_metadatos_dic2023.csv\"  rel=\"\" target=\"_self\" data-cell-id=\"162\" data-link-url=\"https:\/\/www.salcedo.gob.ec\/wp-content\/uploads\/2024\/tp\/enero\/12-mecanismos-rendicion-cuentas_metadatos_dic2023.csv\" data-link-text=\"metadatos\" data-link-target=\"0\" data-link-nofollow=\"0\" data-link-noreferrer=\"0\" data-link-sponsored=\"0\" data-link-btn-status=\"0\" data-link-btn-class=\"\" data-link-content=\"wpdt-link-content\">metadatos<\/a>                    <\/td>\n                                                <td class=\"wpdt-cell \"\n                                            data-cell-id=\"D17\"\n                    data-col-index=\"3\"\n                    data-row-index=\"16\"\n                    style=\"                    padding:10px;\n                    \"\n                    >\n                                        <a class=\"wpdt-link-content\" href=\"https:\/\/www.salcedo.gob.ec\/wp-content\/uploads\/2024\/tp\/enero\/12-mecanismos-rendicion-cuentas_diccionario_dic2023.csv\"  rel=\"\" target=\"_self\" data-cell-id=\"163\" data-link-url=\"https:\/\/www.salcedo.gob.ec\/wp-content\/uploads\/2024\/tp\/enero\/12-mecanismos-rendicion-cuentas_diccionario_dic2023.csv\" data-link-text=\"diccionario\" data-link-target=\"0\" data-link-nofollow=\"0\" data-link-noreferrer=\"0\" data-link-sponsored=\"0\" data-link-btn-status=\"0\" data-link-btn-class=\"\" data-link-content=\"wpdt-link-content\">diccionario<\/a>                    <\/td>\n                                        <\/tr>\n                            <tr class=\"wpdt-cell-row \" >\n                                <td class=\"wpdt-cell wpdt-align-left\"\n                                            data-cell-id=\"A18\"\n                    data-col-index=\"0\"\n                    data-row-index=\"17\"\n                    style=\"                    padding:10px;\n                    \"\n                    >\n                                        13 Vi\u00e1ticos informes de trabajo y justificativos                    <\/td>\n                                                <td class=\"wpdt-cell \"\n                                            data-cell-id=\"B18\"\n                    data-col-index=\"1\"\n                    data-row-index=\"17\"\n                    style=\"                    padding:10px;\n                    \"\n                    >\n                                        <a class=\"wpdt-link-content\" href=\"https:\/\/www.salcedo.gob.ec\/wp-content\/uploads\/2024\/tp\/enero\/13-viaticos-informes-de-trabajo-y-justificativos-de-movilizacion_conjuntodatos_dic2023.csv\"  rel=\"\" target=\"_self\" data-cell-id=\"171\" data-link-url=\"https:\/\/www.salcedo.gob.ec\/wp-content\/uploads\/2024\/tp\/enero\/13-viaticos-informes-de-trabajo-y-justificativos-de-movilizacion_conjuntodatos_dic2023.csv\" data-link-text=\"datos\" data-link-target=\"0\" data-link-nofollow=\"0\" data-link-noreferrer=\"0\" data-link-sponsored=\"0\" data-link-btn-status=\"0\" data-link-btn-class=\"\" data-link-content=\"wpdt-link-content\">datos<\/a>                    <\/td>\n                                                <td class=\"wpdt-cell \"\n                                            data-cell-id=\"C18\"\n                    data-col-index=\"2\"\n                    data-row-index=\"17\"\n                    style=\"                    padding:10px;\n                    \"\n                    >\n                                        <a class=\"wpdt-link-content\" href=\"https:\/\/www.salcedo.gob.ec\/wp-content\/uploads\/2024\/tp\/enero\/13-viaticos-informes-de-trabajo-y-justificativos-de-movilizacion_metadatos_dic2023.csv\"  rel=\"\" target=\"_self\" data-cell-id=\"172\" data-link-url=\"https:\/\/www.salcedo.gob.ec\/wp-content\/uploads\/2024\/tp\/enero\/13-viaticos-informes-de-trabajo-y-justificativos-de-movilizacion_metadatos_dic2023.csv\" data-link-text=\"metadatos\" data-link-target=\"0\" data-link-nofollow=\"0\" data-link-noreferrer=\"0\" data-link-sponsored=\"0\" data-link-btn-status=\"0\" data-link-btn-class=\"\" data-link-content=\"wpdt-link-content\">metadatos<\/a>                    <\/td>\n                                                <td class=\"wpdt-cell \"\n                                            data-cell-id=\"D18\"\n                    data-col-index=\"3\"\n                    data-row-index=\"17\"\n                    style=\"                    padding:10px;\n                    \"\n                    >\n                                        <a class=\"wpdt-link-content\" href=\"https:\/\/www.salcedo.gob.ec\/wp-content\/uploads\/2024\/tp\/enero\/13-viaticos-informes-de-trabajo-y-justificativos-de-movilizacion_diccionario_dic2023.csv\"  rel=\"\" target=\"_self\" data-cell-id=\"173\" data-link-url=\"https:\/\/www.salcedo.gob.ec\/wp-content\/uploads\/2024\/tp\/enero\/13-viaticos-informes-de-trabajo-y-justificativos-de-movilizacion_diccionario_dic2023.csv\" data-link-text=\"diccionario\" data-link-target=\"0\" data-link-nofollow=\"0\" data-link-noreferrer=\"0\" data-link-sponsored=\"0\" data-link-btn-status=\"0\" data-link-btn-class=\"\" data-link-content=\"wpdt-link-content\">diccionario<\/a>                    <\/td>\n                                        <\/tr>\n                            <tr class=\"wpdt-cell-row \" >\n                                <td class=\"wpdt-cell wpdt-align-left\"\n                                            data-cell-id=\"A19\"\n                    data-col-index=\"0\"\n                    data-row-index=\"18\"\n                    style=\"                    padding:10px;\n                    \"\n                    >\n                                        14 Responsables del acceso de informaci\u00f3n p\u00fablica                    <\/td>\n                                                <td class=\"wpdt-cell \"\n                                            data-cell-id=\"B19\"\n                    data-col-index=\"1\"\n                    data-row-index=\"18\"\n                    style=\"                    padding:10px;\n                    \"\n                    >\n                                        <a class=\"wpdt-link-content\" href=\"https:\/\/www.salcedo.gob.ec\/wp-content\/uploads\/2024\/tp\/enero\/14-responsables-del-acceso-de-informacion-publica_conjuntodatos_dic2023.csv\"  rel=\"\" target=\"_self\" data-cell-id=\"181\" data-link-url=\"https:\/\/www.salcedo.gob.ec\/wp-content\/uploads\/2024\/tp\/enero\/14-responsables-del-acceso-de-informacion-publica_conjuntodatos_dic2023.csv\" data-link-text=\"datos\" data-link-target=\"0\" data-link-nofollow=\"0\" data-link-noreferrer=\"0\" data-link-sponsored=\"0\" data-link-btn-status=\"0\" data-link-btn-class=\"\" data-link-content=\"wpdt-link-content\">datos<\/a>                    <\/td>\n                                                <td class=\"wpdt-cell \"\n                                            data-cell-id=\"C19\"\n                    data-col-index=\"2\"\n                    data-row-index=\"18\"\n                    style=\"                    padding:10px;\n                    \"\n                    >\n                                        <a class=\"wpdt-link-content\" href=\"https:\/\/www.salcedo.gob.ec\/wp-content\/uploads\/2024\/tp\/enero\/14-responsables-del-acceso-de-informacion-publica_metadatos_dic2023.csv\"  rel=\"\" target=\"_self\" data-cell-id=\"182\" data-link-url=\"https:\/\/www.salcedo.gob.ec\/wp-content\/uploads\/2024\/tp\/enero\/14-responsables-del-acceso-de-informacion-publica_metadatos_dic2023.csv\" data-link-text=\"metadatos\" data-link-target=\"0\" data-link-nofollow=\"0\" data-link-noreferrer=\"0\" data-link-sponsored=\"0\" data-link-btn-status=\"0\" data-link-btn-class=\"\" data-link-content=\"wpdt-link-content\">metadatos<\/a>                    <\/td>\n                                                <td class=\"wpdt-cell \"\n                                            data-cell-id=\"D19\"\n                    data-col-index=\"3\"\n                    data-row-index=\"18\"\n                    style=\"                    padding:10px;\n                    \"\n                    >\n                                        <a class=\"wpdt-link-content\" href=\"https:\/\/www.salcedo.gob.ec\/wp-content\/uploads\/2024\/tp\/enero\/14-responsables-del-acceso-de-informacion-publica_diccionario_dic2023.csv\"  rel=\"\" target=\"_self\" data-cell-id=\"183\" data-link-url=\"https:\/\/www.salcedo.gob.ec\/wp-content\/uploads\/2024\/tp\/enero\/14-responsables-del-acceso-de-informacion-publica_diccionario_dic2023.csv\" data-link-text=\"diccionario\" data-link-target=\"0\" data-link-nofollow=\"0\" data-link-noreferrer=\"0\" data-link-sponsored=\"0\" data-link-btn-status=\"0\" data-link-btn-class=\"\" data-link-content=\"wpdt-link-content\">diccionario<\/a>                    <\/td>\n                                        <\/tr>\n                            <tr class=\"wpdt-cell-row \" >\n                                <td class=\"wpdt-cell wpdt-align-left\"\n                                            data-cell-id=\"A20\"\n                    data-col-index=\"0\"\n                    data-row-index=\"19\"\n                    style=\"                    padding:10px;\n                    \"\n                    >\n                                        15 Texto \u00edntegro de los contratos colectivos vigentes y reformas                    <\/td>\n                                                <td class=\"wpdt-cell \"\n                                            data-cell-id=\"B20\"\n                    data-col-index=\"1\"\n                    data-row-index=\"19\"\n                    style=\"                    padding:10px;\n                    \"\n                    >\n                                        <a class=\"wpdt-link-content\" href=\"https:\/\/www.salcedo.gob.ec\/wp-content\/uploads\/2024\/tp\/enero\/15-texto-integro-de-los-contratos-colectivos-vigentes-y-reformas_conjuntodatos_DIC2023.csv\"  rel=\"\" target=\"_self\" data-cell-id=\"191\" data-link-url=\"https:\/\/www.salcedo.gob.ec\/wp-content\/uploads\/2024\/tp\/enero\/15-texto-integro-de-los-contratos-colectivos-vigentes-y-reformas_conjuntodatos_DIC2023.csv\" data-link-text=\"datos\" data-link-target=\"0\" data-link-nofollow=\"0\" data-link-noreferrer=\"0\" data-link-sponsored=\"0\" data-link-btn-status=\"0\" data-link-btn-class=\"\" data-link-content=\"wpdt-link-content\">datos<\/a>                    <\/td>\n                                                <td class=\"wpdt-cell \"\n                                            data-cell-id=\"C20\"\n                    data-col-index=\"2\"\n                    data-row-index=\"19\"\n                    style=\"                    padding:10px;\n                    \"\n                    >\n                                        <a class=\"wpdt-link-content\" href=\"https:\/\/www.salcedo.gob.ec\/wp-content\/uploads\/2024\/tp\/enero\/15-texto-integro-de-los-contratos-colectivos-vigentes-y-reformas_metadatos_DIC2023.csv\"  rel=\"\" target=\"_self\" data-cell-id=\"192\" data-link-url=\"https:\/\/www.salcedo.gob.ec\/wp-content\/uploads\/2024\/tp\/enero\/15-texto-integro-de-los-contratos-colectivos-vigentes-y-reformas_metadatos_DIC2023.csv\" data-link-text=\"metadatos\" data-link-target=\"0\" data-link-nofollow=\"0\" data-link-noreferrer=\"0\" data-link-sponsored=\"0\" data-link-btn-status=\"0\" data-link-btn-class=\"\" data-link-content=\"wpdt-link-content\">metadatos<\/a>                    <\/td>\n                                                <td class=\"wpdt-cell \"\n                                            data-cell-id=\"D20\"\n                    data-col-index=\"3\"\n                    data-row-index=\"19\"\n                    style=\"                    padding:10px;\n                    \"\n                    >\n                                        <a class=\"wpdt-link-content\" href=\"https:\/\/www.salcedo.gob.ec\/wp-content\/uploads\/2024\/tp\/enero\/15-texto-integro-de-los-contratos-colectivos-vigentes-y-reformas_diccionario_DIC2023.csv\"  rel=\"\" target=\"_self\" data-cell-id=\"193\" data-link-url=\"https:\/\/www.salcedo.gob.ec\/wp-content\/uploads\/2024\/tp\/enero\/15-texto-integro-de-los-contratos-colectivos-vigentes-y-reformas_diccionario_DIC2023.csv\" data-link-text=\"diccionario\" data-link-target=\"0\" data-link-nofollow=\"0\" data-link-noreferrer=\"0\" data-link-sponsored=\"0\" data-link-btn-status=\"0\" data-link-btn-class=\"\" data-link-content=\"wpdt-link-content\">diccionario<\/a>                    <\/td>\n                                        <\/tr>\n                            <tr class=\"wpdt-cell-row \" >\n                                <td class=\"wpdt-cell wpdt-align-left\"\n                                            data-cell-id=\"A21\"\n                    data-col-index=\"0\"\n                    data-row-index=\"20\"\n                    style=\"                    padding:10px;\n                    \"\n                    >\n                                        16 Listado \u00edndice informaci\u00f3n reservada                    <\/td>\n                                                <td class=\"wpdt-cell \"\n                                            data-cell-id=\"B21\"\n                    data-col-index=\"1\"\n                    data-row-index=\"20\"\n                    style=\"                    padding:10px;\n                    \"\n                    >\n                                        <a class=\"wpdt-link-content\" href=\"https:\/\/www.salcedo.gob.ec\/wp-content\/uploads\/2024\/tp\/enero\/16-indice-informacion-reservada_conjuntodatos_dic2023.csv\"  rel=\"\" target=\"_self\" data-cell-id=\"201\" data-link-url=\"https:\/\/www.salcedo.gob.ec\/wp-content\/uploads\/2024\/tp\/enero\/16-indice-informacion-reservada_conjuntodatos_dic2023.csv\" data-link-text=\"datos\" data-link-target=\"0\" data-link-nofollow=\"0\" data-link-noreferrer=\"0\" data-link-sponsored=\"0\" data-link-btn-status=\"0\" data-link-btn-class=\"\" data-link-content=\"wpdt-link-content\">datos<\/a>                    <\/td>\n                                                <td class=\"wpdt-cell \"\n                                            data-cell-id=\"C21\"\n                    data-col-index=\"2\"\n                    data-row-index=\"20\"\n                    style=\"                    padding:10px;\n                    \"\n                    >\n                                        <a class=\"wpdt-link-content\" href=\"https:\/\/www.salcedo.gob.ec\/wp-content\/uploads\/2024\/tp\/enero\/16-indice-informacion-reservada_metadatos_dic2023.csv\"  rel=\"\" target=\"_self\" data-cell-id=\"202\" data-link-url=\"https:\/\/www.salcedo.gob.ec\/wp-content\/uploads\/2024\/tp\/enero\/16-indice-informacion-reservada_metadatos_dic2023.csv\" data-link-text=\"metadatos\" data-link-target=\"0\" data-link-nofollow=\"0\" data-link-noreferrer=\"0\" data-link-sponsored=\"0\" data-link-btn-status=\"0\" data-link-btn-class=\"\" data-link-content=\"wpdt-link-content\">metadatos<\/a>                    <\/td>\n                                                <td class=\"wpdt-cell \"\n                                            data-cell-id=\"D21\"\n                    data-col-index=\"3\"\n                    data-row-index=\"20\"\n                    style=\"                    padding:10px;\n                    \"\n                    >\n                                        <a class=\"wpdt-link-content\" href=\"https:\/\/www.salcedo.gob.ec\/wp-content\/uploads\/2024\/tp\/enero\/16-indice-informacion-reservada_diccionario_dic2023.csv\"  rel=\"\" target=\"_self\" data-cell-id=\"203\" data-link-url=\"https:\/\/www.salcedo.gob.ec\/wp-content\/uploads\/2024\/tp\/enero\/16-indice-informacion-reservada_diccionario_dic2023.csv\" data-link-text=\"diccionario\" data-link-target=\"0\" data-link-nofollow=\"0\" data-link-noreferrer=\"0\" data-link-sponsored=\"0\" data-link-btn-status=\"0\" data-link-btn-class=\"\" data-link-content=\"wpdt-link-content\">diccionario<\/a>                    <\/td>\n                                        <\/tr>\n                            <tr class=\"wpdt-cell-row \" >\n                                <td class=\"wpdt-cell wpdt-align-left\"\n                                            data-cell-id=\"A22\"\n                    data-col-index=\"0\"\n                    data-row-index=\"21\"\n                    style=\"                    padding:10px;\n                    \"\n                    >\n                                        17 Detalle de las audiencias y reuniones de autoridades                    <\/td>\n                                                <td class=\"wpdt-cell \"\n                                            data-cell-id=\"B22\"\n                    data-col-index=\"1\"\n                    data-row-index=\"21\"\n                    style=\"                    padding:10px;\n                    \"\n                    >\n                                        <a class=\"wpdt-link-content\" href=\"https:\/\/www.salcedo.gob.ec\/wp-content\/uploads\/2024\/tp\/enero\/17-audiencias-y-reuniones-autoridades_conjuntodatos_dic2023.csv\"  rel=\"\" target=\"_self\" data-cell-id=\"211\" data-link-url=\"https:\/\/www.salcedo.gob.ec\/wp-content\/uploads\/2024\/tp\/enero\/17-audiencias-y-reuniones-autoridades_conjuntodatos_dic2023.csv\" data-link-text=\"datos\" data-link-target=\"0\" data-link-nofollow=\"0\" data-link-noreferrer=\"0\" data-link-sponsored=\"0\" data-link-btn-status=\"0\" data-link-btn-class=\"\" data-link-content=\"wpdt-link-content\">datos<\/a>                    <\/td>\n                                                <td class=\"wpdt-cell \"\n                                            data-cell-id=\"C22\"\n                    data-col-index=\"2\"\n                    data-row-index=\"21\"\n                    style=\"                    padding:10px;\n                    \"\n                    >\n                                        <a class=\"wpdt-link-content\" href=\"https:\/\/www.salcedo.gob.ec\/wp-content\/uploads\/2024\/tp\/enero\/17-audiencias-y-reuniones-autoridades_metadatos_dic2023.csv\"  rel=\"\" target=\"_self\" data-cell-id=\"212\" data-link-url=\"https:\/\/www.salcedo.gob.ec\/wp-content\/uploads\/2024\/tp\/enero\/17-audiencias-y-reuniones-autoridades_metadatos_dic2023.csv\" data-link-text=\"metadatos\" data-link-target=\"0\" data-link-nofollow=\"0\" data-link-noreferrer=\"0\" data-link-sponsored=\"0\" data-link-btn-status=\"0\" data-link-btn-class=\"\" data-link-content=\"wpdt-link-content\">metadatos<\/a>                    <\/td>\n                                                <td class=\"wpdt-cell \"\n                                            data-cell-id=\"D22\"\n                    data-col-index=\"3\"\n                    data-row-index=\"21\"\n                    style=\"                    padding:10px;\n                    \"\n                    >\n                                        <a class=\"wpdt-link-content\" href=\"https:\/\/www.salcedo.gob.ec\/wp-content\/uploads\/2024\/tp\/enero\/17-audiencias-y-reuniones-autoridades_diccionario_dic2023.csv\"  rel=\"\" target=\"_self\" data-cell-id=\"213\" data-link-url=\"https:\/\/www.salcedo.gob.ec\/wp-content\/uploads\/2024\/tp\/enero\/17-audiencias-y-reuniones-autoridades_diccionario_dic2023.csv\" data-link-text=\"diccionario\" data-link-target=\"0\" data-link-nofollow=\"0\" data-link-noreferrer=\"0\" data-link-sponsored=\"0\" data-link-btn-status=\"0\" data-link-btn-class=\"\" data-link-content=\"wpdt-link-content\">diccionario<\/a>                    <\/td>\n                                        <\/tr>\n                            <tr class=\"wpdt-cell-row \" >\n                                <td class=\"wpdt-cell wpdt-align-left\"\n                                            data-cell-id=\"A23\"\n                    data-col-index=\"0\"\n                    data-row-index=\"22\"\n                    style=\"                    padding:10px;\n                    \"\n                    >\n                                        18 Detalle de convenios nacionales e internacionales                    <\/td>\n                                                <td class=\"wpdt-cell \"\n                                            data-cell-id=\"B23\"\n                    data-col-index=\"1\"\n                    data-row-index=\"22\"\n                    style=\"                    padding:10px;\n                    \"\n                    >\n                                        <a class=\"wpdt-link-content\" href=\"https:\/\/www.salcedo.gob.ec\/wp-content\/uploads\/2024\/tp\/enero\/18-detalle-de-convenios-nacionales-e-internacionales_conjuntodatos_dic2023.csv\"  rel=\"\" target=\"_self\" data-cell-id=\"221\" data-link-url=\"https:\/\/www.salcedo.gob.ec\/wp-content\/uploads\/2024\/tp\/enero\/18-detalle-de-convenios-nacionales-e-internacionales_conjuntodatos_dic2023.csv\" data-link-text=\"datos\" data-link-target=\"0\" data-link-nofollow=\"0\" data-link-noreferrer=\"0\" data-link-sponsored=\"0\" data-link-btn-status=\"0\" data-link-btn-class=\"\" data-link-content=\"wpdt-link-content\">datos<\/a>                    <\/td>\n                                                <td class=\"wpdt-cell \"\n                                            data-cell-id=\"C23\"\n                    data-col-index=\"2\"\n                    data-row-index=\"22\"\n                    style=\"                    padding:10px;\n                    \"\n                    >\n                                        <a class=\"wpdt-link-content\" href=\"https:\/\/www.salcedo.gob.ec\/wp-content\/uploads\/2024\/tp\/enero\/18-detalle-de-convenios-nacionales-e-internacionales_metadatos_dic2023.csv\"  rel=\"\" target=\"_self\" data-cell-id=\"222\" data-link-url=\"https:\/\/www.salcedo.gob.ec\/wp-content\/uploads\/2024\/tp\/enero\/18-detalle-de-convenios-nacionales-e-internacionales_metadatos_dic2023.csv\" data-link-text=\"metadatos\" data-link-target=\"0\" data-link-nofollow=\"0\" data-link-noreferrer=\"0\" data-link-sponsored=\"0\" data-link-btn-status=\"0\" data-link-btn-class=\"\" data-link-content=\"wpdt-link-content\">metadatos<\/a>                    <\/td>\n                                                <td class=\"wpdt-cell \"\n                                            data-cell-id=\"D23\"\n                    data-col-index=\"3\"\n                    data-row-index=\"22\"\n                    style=\"                    padding:10px;\n                    \"\n                    >\n                                        <a class=\"wpdt-link-content\" href=\"https:\/\/www.salcedo.gob.ec\/wp-content\/uploads\/2024\/tp\/enero\/18-detalle-de-convenios-nacionales-e-internacionales_diccionario_dic2023.csv\"  rel=\"\" target=\"_self\" data-cell-id=\"223\" data-link-url=\"https:\/\/www.salcedo.gob.ec\/wp-content\/uploads\/2024\/tp\/enero\/18-detalle-de-convenios-nacionales-e-internacionales_diccionario_dic2023.csv\" data-link-text=\"diccionario\" data-link-target=\"0\" data-link-nofollow=\"0\" data-link-noreferrer=\"0\" data-link-sponsored=\"0\" data-link-btn-status=\"0\" data-link-btn-class=\"\" data-link-content=\"wpdt-link-content\">diccionario<\/a>                    <\/td>\n                                        <\/tr>\n                            <tr class=\"wpdt-cell-row \" >\n                                <td class=\"wpdt-cell wpdt-align-left\"\n                                            data-cell-id=\"A24\"\n                    data-col-index=\"0\"\n                    data-row-index=\"23\"\n                    style=\"                    padding:10px;\n                    \"\n                    >\n                                        19 Detalle donativos oficiales y protocolares                    <\/td>\n                                                <td class=\"wpdt-cell \"\n                                            data-cell-id=\"B24\"\n                    data-col-index=\"1\"\n                    data-row-index=\"23\"\n                    style=\"                    padding:10px;\n                    \"\n                    >\n                                        <a class=\"wpdt-link-content\" href=\"https:\/\/www.salcedo.gob.ec\/wp-content\/uploads\/2024\/tp\/enero\/19-detalle-donativos-oficiales-y-protocolares_conjuntodatos_dic2023.csv\"  rel=\"\" target=\"_self\" data-cell-id=\"231\" data-link-url=\"https:\/\/www.salcedo.gob.ec\/wp-content\/uploads\/2024\/tp\/enero\/19-detalle-donativos-oficiales-y-protocolares_conjuntodatos_dic2023.csv\" data-link-text=\"datos\" data-link-target=\"0\" data-link-nofollow=\"0\" data-link-noreferrer=\"0\" data-link-sponsored=\"0\" data-link-btn-status=\"0\" data-link-btn-class=\"\" data-link-content=\"wpdt-link-content\">datos<\/a>                    <\/td>\n                                                <td class=\"wpdt-cell \"\n                                            data-cell-id=\"C24\"\n                    data-col-index=\"2\"\n                    data-row-index=\"23\"\n                    style=\"                    padding:10px;\n                    \"\n                    >\n                                        <a class=\"wpdt-link-content\" href=\"https:\/\/www.salcedo.gob.ec\/wp-content\/uploads\/2024\/tp\/enero\/19-detalle-donativos-oficiales-y-protocolares_metadatos_dic2023.csv\"  rel=\"\" target=\"_self\" data-cell-id=\"232\" data-link-url=\"https:\/\/www.salcedo.gob.ec\/wp-content\/uploads\/2024\/tp\/enero\/19-detalle-donativos-oficiales-y-protocolares_metadatos_dic2023.csv\" data-link-text=\"metadatos\" data-link-target=\"0\" data-link-nofollow=\"0\" data-link-noreferrer=\"0\" data-link-sponsored=\"0\" data-link-btn-status=\"0\" data-link-btn-class=\"\" data-link-content=\"wpdt-link-content\">metadatos<\/a>                    <\/td>\n                                                <td class=\"wpdt-cell \"\n                                            data-cell-id=\"D24\"\n                    data-col-index=\"3\"\n                    data-row-index=\"23\"\n                    style=\"                    padding:10px;\n                    \"\n                    >\n                                        <a class=\"wpdt-link-content\" href=\"https:\/\/www.salcedo.gob.ec\/wp-content\/uploads\/2024\/tp\/enero\/19-detalle-donativos-oficiales-y-protocolares_diccionario_dic2023.csv\"  rel=\"\" target=\"_self\" data-cell-id=\"233\" data-link-url=\"https:\/\/www.salcedo.gob.ec\/wp-content\/uploads\/2024\/tp\/enero\/19-detalle-donativos-oficiales-y-protocolares_diccionario_dic2023.csv\" data-link-text=\"diccionario\" data-link-target=\"0\" data-link-nofollow=\"0\" data-link-noreferrer=\"0\" data-link-sponsored=\"0\" data-link-btn-status=\"0\" data-link-btn-class=\"\" data-link-content=\"wpdt-link-content\">diccionario<\/a>                    <\/td>\n                                        <\/tr>\n                            <tr class=\"wpdt-cell-row \" >\n                                <td class=\"wpdt-cell wpdt-align-left\"\n                                            data-cell-id=\"A25\"\n                    data-col-index=\"0\"\n                    data-row-index=\"24\"\n                    style=\"                    padding:10px;\n                    \"\n                    >\n                                        20 Registro de activos de informaci\u00f3n frecuente                    <\/td>\n                                                <td class=\"wpdt-cell \"\n                                            data-cell-id=\"B25\"\n                    data-col-index=\"1\"\n                    data-row-index=\"24\"\n                    style=\"                    padding:10px;\n                    \"\n                    >\n                                        <a class=\"wpdt-link-content\" href=\"https:\/\/www.salcedo.gob.ec\/wp-content\/uploads\/2024\/tp\/enero\/20-registro-de-activos-de-informacion-frecuente-y-complementaria_conjuntodatos_DIC2023.csv\"  rel=\"\" target=\"_self\" data-cell-id=\"241\" data-link-url=\"https:\/\/www.salcedo.gob.ec\/wp-content\/uploads\/2024\/tp\/enero\/20-registro-de-activos-de-informacion-frecuente-y-complementaria_conjuntodatos_DIC2023.csv\" data-link-text=\"datos\" data-link-target=\"0\" data-link-nofollow=\"0\" data-link-noreferrer=\"0\" data-link-sponsored=\"0\" data-link-btn-status=\"0\" data-link-btn-class=\"\" data-link-content=\"wpdt-link-content\">datos<\/a>                    <\/td>\n                                                <td class=\"wpdt-cell \"\n                                            data-cell-id=\"C25\"\n                    data-col-index=\"2\"\n                    data-row-index=\"24\"\n                    style=\"                    padding:10px;\n                    \"\n                    >\n                                        <a class=\"wpdt-link-content\" href=\"https:\/\/www.salcedo.gob.ec\/wp-content\/uploads\/2024\/tp\/enero\/20-registro-de-activos-de-informacion-frecuente-y-complementaria_metadatos_DIC2023.csv\"  rel=\"\" target=\"_self\" data-cell-id=\"242\" data-link-url=\"https:\/\/www.salcedo.gob.ec\/wp-content\/uploads\/2024\/tp\/enero\/20-registro-de-activos-de-informacion-frecuente-y-complementaria_metadatos_DIC2023.csv\" data-link-text=\"metadatos\" data-link-target=\"0\" data-link-nofollow=\"0\" data-link-noreferrer=\"0\" data-link-sponsored=\"0\" data-link-btn-status=\"0\" data-link-btn-class=\"\" data-link-content=\"wpdt-link-content\">metadatos<\/a>                    <\/td>\n                                                <td class=\"wpdt-cell \"\n                                            data-cell-id=\"D25\"\n                    data-col-index=\"3\"\n                    data-row-index=\"24\"\n                    style=\"                    padding:10px;\n                    \"\n                    >\n                                        <a class=\"wpdt-link-content\" href=\"https:\/\/www.salcedo.gob.ec\/wp-content\/uploads\/2024\/tp\/enero\/20-registro-de-activos-de-informacion-frecuente-y-complementaria_diccionario_DIC2023.csv\"  rel=\"\" target=\"_self\" data-cell-id=\"243\" data-link-url=\"https:\/\/www.salcedo.gob.ec\/wp-content\/uploads\/2024\/tp\/enero\/20-registro-de-activos-de-informacion-frecuente-y-complementaria_diccionario_DIC2023.csv\" data-link-text=\"diccionario\" data-link-target=\"0\" data-link-nofollow=\"0\" data-link-noreferrer=\"0\" data-link-sponsored=\"0\" data-link-btn-status=\"0\" data-link-btn-class=\"\" data-link-content=\"wpdt-link-content\">diccionario<\/a>                    <\/td>\n                                        <\/tr>\n                            <tr class=\"wpdt-cell-row \" >\n                                <td class=\"wpdt-cell wpdt-align-left\"\n                                            data-cell-id=\"A26\"\n                    data-col-index=\"0\"\n                    data-row-index=\"25\"\n                    style=\"                    padding:10px;\n                    \"\n                    >\n                                        21 Pol\u00edticas p\u00fablicas o informaci\u00f3n grupo espec\u00edfico                    <\/td>\n                                                <td class=\"wpdt-cell \"\n                                            data-cell-id=\"B26\"\n                    data-col-index=\"1\"\n                    data-row-index=\"25\"\n                    style=\"                    padding:10px;\n                    \"\n                    >\n                                        <a class=\"wpdt-link-content\" href=\"https:\/\/www.salcedo.gob.ec\/wp-content\/uploads\/2024\/tp\/enero\/21-politicas-publicas-o-informacion-grupo-especifico_conjuntodatos_dic2023.csv\"  rel=\"\" target=\"_self\" data-cell-id=\"251\" data-link-url=\"https:\/\/www.salcedo.gob.ec\/wp-content\/uploads\/2024\/tp\/enero\/21-politicas-publicas-o-informacion-grupo-especifico_conjuntodatos_dic2023.csv\" data-link-text=\"datos\" data-link-target=\"0\" data-link-nofollow=\"0\" data-link-noreferrer=\"0\" data-link-sponsored=\"0\" data-link-btn-status=\"0\" data-link-btn-class=\"\" data-link-content=\"wpdt-link-content\">datos<\/a>                    <\/td>\n                                                <td class=\"wpdt-cell \"\n                                            data-cell-id=\"C26\"\n                    data-col-index=\"2\"\n                    data-row-index=\"25\"\n                    style=\"                    padding:10px;\n                    \"\n                    >\n                                        <a class=\"wpdt-link-content\" href=\"https:\/\/www.salcedo.gob.ec\/wp-content\/uploads\/2024\/tp\/enero\/21-politicas-publicas-o-informacion-grupo-especifico_metadatos_dic2023.csv\"  rel=\"\" target=\"_self\" data-cell-id=\"252\" data-link-url=\"https:\/\/www.salcedo.gob.ec\/wp-content\/uploads\/2024\/tp\/enero\/21-politicas-publicas-o-informacion-grupo-especifico_metadatos_dic2023.csv\" data-link-text=\"metadatos\" data-link-target=\"0\" data-link-nofollow=\"0\" data-link-noreferrer=\"0\" data-link-sponsored=\"0\" data-link-btn-status=\"0\" data-link-btn-class=\"\" data-link-content=\"wpdt-link-content\">metadatos<\/a>                    <\/td>\n                                                <td class=\"wpdt-cell \"\n                                            data-cell-id=\"D26\"\n                    data-col-index=\"3\"\n                    data-row-index=\"25\"\n                    style=\"                    padding:10px;\n                    \"\n                    >\n                                        <a class=\"wpdt-link-content\" href=\"https:\/\/www.salcedo.gob.ec\/wp-content\/uploads\/2024\/tp\/enero\/21-politicas-publicas-o-informacion-grupo-especifico_diccionario_dic2023.csv\"  rel=\"\" target=\"_self\" data-cell-id=\"253\" data-link-url=\"https:\/\/www.salcedo.gob.ec\/wp-content\/uploads\/2024\/tp\/enero\/21-politicas-publicas-o-informacion-grupo-especifico_diccionario_dic2023.csv\" data-link-text=\"diccionario\" data-link-target=\"0\" data-link-nofollow=\"0\" data-link-noreferrer=\"0\" data-link-sponsored=\"0\" data-link-btn-status=\"0\" data-link-btn-class=\"\" data-link-content=\"wpdt-link-content\">diccionario<\/a>                    <\/td>\n                                        <\/tr>\n                            <tr class=\"wpdt-cell-row \" >\n                                <td class=\"wpdt-cell wpdt-align-left\"\n                                            data-cell-id=\"A27\"\n                    data-col-index=\"0\"\n                    data-row-index=\"26\"\n                    style=\"                    padding:10px;\n                    \"\n                    >\n                                        23 Detalle personas servidoras p\u00fablicas con acciones afirmativas                    <\/td>\n                                                <td class=\"wpdt-cell \"\n                                            data-cell-id=\"B27\"\n                    data-col-index=\"1\"\n                    data-row-index=\"26\"\n                    style=\"                    padding:10px;\n                    \"\n                    >\n                                        <a class=\"wpdt-link-content\" href=\"https:\/\/www.salcedo.gob.ec\/wp-content\/uploads\/2024\/tp\/enero\/23-detalle-personas-servidoras-publicas-con-acciones-afirmativas_conjuntodatos_DIC2023.csv\"  rel=\"\" target=\"_self\" data-cell-id=\"261\" data-link-url=\"https:\/\/www.salcedo.gob.ec\/wp-content\/uploads\/2024\/tp\/enero\/23-detalle-personas-servidoras-publicas-con-acciones-afirmativas_conjuntodatos_DIC2023.csv\" data-link-text=\"datos\" data-link-target=\"0\" data-link-nofollow=\"0\" data-link-noreferrer=\"0\" data-link-sponsored=\"0\" data-link-btn-status=\"0\" data-link-btn-class=\"\" data-link-content=\"wpdt-link-content\">datos<\/a>                    <\/td>\n                                                <td class=\"wpdt-cell \"\n                                            data-cell-id=\"C27\"\n                    data-col-index=\"2\"\n                    data-row-index=\"26\"\n                    style=\"                    padding:10px;\n                    \"\n                    >\n                                        <a class=\"wpdt-link-content\" href=\"https:\/\/www.salcedo.gob.ec\/wp-content\/uploads\/2024\/tp\/enero\/23-detalle-personas-servidoras-publicas-con-acciones-afirmativas_metadatos_DIC2023.csv\"  rel=\"\" target=\"_self\" data-cell-id=\"262\" data-link-url=\"https:\/\/www.salcedo.gob.ec\/wp-content\/uploads\/2024\/tp\/enero\/23-detalle-personas-servidoras-publicas-con-acciones-afirmativas_metadatos_DIC2023.csv\" data-link-text=\"metadatos\" data-link-target=\"0\" data-link-nofollow=\"0\" data-link-noreferrer=\"0\" data-link-sponsored=\"0\" data-link-btn-status=\"0\" data-link-btn-class=\"\" data-link-content=\"wpdt-link-content\">metadatos<\/a>                    <\/td>\n                                                <td class=\"wpdt-cell \"\n                                            data-cell-id=\"D27\"\n                    data-col-index=\"3\"\n                    data-row-index=\"26\"\n                    style=\"                    padding:10px;\n                    \"\n                    >\n                                        <a class=\"wpdt-link-content\" href=\"https:\/\/www.salcedo.gob.ec\/wp-content\/uploads\/2024\/tp\/enero\/23-detalle-personas-servidoras-publicas-con-acciones-afirmativas_diccionario_DIC2023.csv\"  rel=\"\" target=\"_self\" data-cell-id=\"263\" data-link-url=\"https:\/\/www.salcedo.gob.ec\/wp-content\/uploads\/2024\/tp\/enero\/23-detalle-personas-servidoras-publicas-con-acciones-afirmativas_diccionario_DIC2023.csv\" data-link-text=\"diccionario\" data-link-target=\"0\" data-link-nofollow=\"0\" data-link-noreferrer=\"0\" data-link-sponsored=\"0\" data-link-btn-status=\"0\" data-link-btn-class=\"\" data-link-content=\"wpdt-link-content\">diccionario<\/a>                    <\/td>\n                                        <\/tr>\n                            <tr class=\"wpdt-cell-row \" >\n                                <td class=\"wpdt-cell wpdt-align-left\"\n                                            data-cell-id=\"A28\"\n                    data-col-index=\"0\"\n                    data-row-index=\"27\"\n                    style=\"                    padding:10px;\n                    \"\n                    >\n                                        24 Informaci\u00f3n relevante para el ejercicio de derechos ODS                    <\/td>\n                                                <td class=\"wpdt-cell \"\n                                            data-cell-id=\"B28\"\n                    data-col-index=\"1\"\n                    data-row-index=\"27\"\n                    style=\"                    padding:10px;\n                    \"\n                    >\n                                        <a class=\"wpdt-link-content\" href=\"https:\/\/www.salcedo.gob.ec\/wp-content\/uploads\/2024\/tp\/enero\/24-informacion-relevante-para-el-ejercicio-de-derechos-ods_conjuntodatos_dic2023.csv\"  rel=\"\" target=\"_self\" data-cell-id=\"271\" data-link-url=\"https:\/\/www.salcedo.gob.ec\/wp-content\/uploads\/2024\/tp\/enero\/24-informacion-relevante-para-el-ejercicio-de-derechos-ods_conjuntodatos_dic2023.csv\" data-link-text=\"datos\" data-link-target=\"0\" data-link-nofollow=\"0\" data-link-noreferrer=\"0\" data-link-sponsored=\"0\" data-link-btn-status=\"0\" data-link-btn-class=\"\" data-link-content=\"wpdt-link-content\">datos<\/a>                    <\/td>\n                                                <td class=\"wpdt-cell \"\n                                            data-cell-id=\"C28\"\n                    data-col-index=\"2\"\n                    data-row-index=\"27\"\n                    style=\"                    padding:10px;\n                    \"\n                    >\n                                        <a class=\"wpdt-link-content\" href=\"https:\/\/www.salcedo.gob.ec\/wp-content\/uploads\/2024\/tp\/enero\/24-informacion-relevante-para-el-ejercicio-de-derechos-ods_metadatos_dic2023.csv\"  rel=\"\" target=\"_self\" data-cell-id=\"272\" data-link-url=\"https:\/\/www.salcedo.gob.ec\/wp-content\/uploads\/2024\/tp\/enero\/24-informacion-relevante-para-el-ejercicio-de-derechos-ods_metadatos_dic2023.csv\" data-link-text=\"metadatos\" data-link-target=\"0\" data-link-nofollow=\"0\" data-link-noreferrer=\"0\" data-link-sponsored=\"0\" data-link-btn-status=\"0\" data-link-btn-class=\"\" data-link-content=\"wpdt-link-content\">metadatos<\/a>                    <\/td>\n                                                <td class=\"wpdt-cell \"\n                                            data-cell-id=\"D28\"\n                    data-col-index=\"3\"\n                    data-row-index=\"27\"\n                    style=\"                    padding:10px;\n                    \"\n                    >\n                                        <a class=\"wpdt-link-content\" href=\"https:\/\/www.salcedo.gob.ec\/wp-content\/uploads\/2024\/tp\/enero\/24-informacion-relevante-para-el-ejercicio-de-derechos-ods_diccionario_dic2023.csv\"  rel=\"\" target=\"_self\" data-cell-id=\"273\" data-link-url=\"https:\/\/www.salcedo.gob.ec\/wp-content\/uploads\/2024\/tp\/enero\/24-informacion-relevante-para-el-ejercicio-de-derechos-ods_diccionario_dic2023.csv\" data-link-text=\"diccionario\" data-link-target=\"0\" data-link-nofollow=\"0\" data-link-noreferrer=\"0\" data-link-sponsored=\"0\" data-link-btn-status=\"0\" data-link-btn-class=\"\" data-link-content=\"wpdt-link-content\">diccionario<\/a>                    <\/td>\n                                        <\/tr>\n                            <tr class=\"wpdt-cell-row \" >\n                                <td class=\"wpdt-cell wpdt-align-left wpdt-merged-cell \"\n                     colspan=\"4\"  rowspan=\"1\"                     data-cell-id=\"A29\"\n                    data-col-index=\"0\"\n                    data-row-index=\"28\"\n                    style=\"                    padding:10px;\n                    \"\n                    >\n                                        Art\u00edculo 24.- Obligaciones espec\u00edficas                    <\/td>\n                                                                            <\/tr>\n                            <tr class=\"wpdt-cell-row \" >\n                                <td class=\"wpdt-cell wpdt-bold\"\n                                            data-cell-id=\"A30\"\n                    data-col-index=\"0\"\n                    data-row-index=\"29\"\n                    style=\"                    padding:10px;\n                    \"\n                    >\n                                        Descripci\u00f3n                    <\/td>\n                                                <td class=\"wpdt-cell wpdt-bold\"\n                                            data-cell-id=\"B30\"\n                    data-col-index=\"1\"\n                    data-row-index=\"29\"\n                    style=\"                    padding:10px;\n                    \"\n                    >\n                                        Conjunto datos                    <\/td>\n                                                <td class=\"wpdt-cell wpdt-bold\"\n                                            data-cell-id=\"C30\"\n                    data-col-index=\"2\"\n                    data-row-index=\"29\"\n                    style=\"                    padding:10px;\n                    \"\n                    >\n                                        Metadatos                    <\/td>\n                                                <td class=\"wpdt-cell wpdt-bold\"\n                                            data-cell-id=\"D30\"\n                    data-col-index=\"3\"\n                    data-row-index=\"29\"\n                    style=\"                    padding:10px;\n                    \"\n                    >\n                                        Diccionario                    <\/td>\n                                        <\/tr>\n                            <tr class=\"wpdt-cell-row \" >\n                                <td class=\"wpdt-cell wpdt-align-left\"\n                                            data-cell-id=\"A31\"\n                    data-col-index=\"0\"\n                    data-row-index=\"30\"\n                    style=\"                    padding:10px;\n                    \"\n                    >\n                                        1 Sesiones del Concejo                    <\/td>\n                                                <td class=\"wpdt-cell \"\n                                            data-cell-id=\"B31\"\n                    data-col-index=\"1\"\n                    data-row-index=\"30\"\n                    style=\"                    padding:10px;\n                    \"\n                    >\n                                        <a class=\"wpdt-link-content\" href=\"https:\/\/drive.google.com\/file\/d\/126F7jWAt53QH_nkJElD0eToLAL2iM78k\/view\"  rel=\"\" target=\"_self\" data-cell-id=\"301\" data-link-url=\"https:\/\/drive.google.com\/file\/d\/126F7jWAt53QH_nkJElD0eToLAL2iM78k\/view\" data-link-text=\"datos\" data-link-target=\"0\" data-link-nofollow=\"0\" data-link-noreferrer=\"0\" data-link-sponsored=\"0\" data-link-btn-status=\"0\" data-link-btn-class=\"\" data-link-content=\"wpdt-link-content\">datos<\/a>                    <\/td>\n                                                <td class=\"wpdt-cell \"\n                                            data-cell-id=\"C31\"\n                    data-col-index=\"2\"\n                    data-row-index=\"30\"\n                    style=\"                    padding:10px;\n                    \"\n                    >\n                                        <a class=\"wpdt-link-content\" href=\"https:\/\/drive.google.com\/file\/d\/126F7jWAt53QH_nkJElD0eToLAL2iM78k\/view\"  rel=\"\" target=\"_self\" data-cell-id=\"302\" data-link-url=\"https:\/\/drive.google.com\/file\/d\/126F7jWAt53QH_nkJElD0eToLAL2iM78k\/view\" data-link-text=\"metadatos\" data-link-target=\"0\" data-link-nofollow=\"0\" data-link-noreferrer=\"0\" data-link-sponsored=\"0\" data-link-btn-status=\"0\" data-link-btn-class=\"\" data-link-content=\"wpdt-link-content\">metadatos<\/a>                    <\/td>\n                                                <td class=\"wpdt-cell \"\n                                            data-cell-id=\"D31\"\n                    data-col-index=\"3\"\n                    data-row-index=\"30\"\n                    style=\"                    padding:10px;\n                    \"\n                    >\n                                        <a class=\"wpdt-link-content\" href=\"https:\/\/drive.google.com\/file\/d\/126F7jWAt53QH_nkJElD0eToLAL2iM78k\/view\"  rel=\"\" target=\"_self\" data-cell-id=\"303\" data-link-url=\"https:\/\/drive.google.com\/file\/d\/126F7jWAt53QH_nkJElD0eToLAL2iM78k\/view\" data-link-text=\"diccionario\" data-link-target=\"0\" data-link-nofollow=\"0\" data-link-noreferrer=\"0\" data-link-sponsored=\"0\" data-link-btn-status=\"0\" data-link-btn-class=\"\" data-link-content=\"wpdt-link-content\">diccionario<\/a>                    <\/td>\n                                        <\/tr>\n                    <\/table>\n<\/div><style id='wpdt-custom-style-1'>\n<\/style>\n\n\n\n\n\n\n    <h3 class=\"wpdt-c\"\n        id=\"wdt-table-title-4\">febrero2024<\/h3>\n<div class=\"wpdt-c row wpDataTableContainerSimpleTable wpDataTables wpDataTablesWrapper\n\"\n    >\n        <table id=\"wpdtSimpleTable-4\"\n           style=\"border-collapse:collapse;\n                   border-spacing:0px;\"\n           class=\"wpdtSimpleTable wpDataTable\"\n           data-column=\"4\"\n           data-rows=\"30\"\n           data-wpID=\"4\"\n           data-responsive=\"0\"\n           data-has-header=\"0\">\n\n                    <tbody>        <tr class=\"wpdt-cell-row \" >\n                                <td class=\"wpdt-cell wpdt-bold\"\n                                            data-cell-id=\"A1\"\n                    data-col-index=\"0\"\n                    data-row-index=\"0\"\n                    style=\" width:48.717948717949%;                    padding:10px;\n                    \"\n                    >\n                                        Descripci\u00f3n                    <\/td>\n                                                <td class=\"wpdt-cell wpdt-bold\"\n                                            data-cell-id=\"B1\"\n                    data-col-index=\"1\"\n                    data-row-index=\"0\"\n                    style=\" width:17.094017094017%;                    padding:10px;\n                    \"\n                    >\n                                        Conjunto datos                    <\/td>\n                                                <td class=\"wpdt-cell wpdt-bold\"\n                                            data-cell-id=\"C1\"\n                    data-col-index=\"2\"\n                    data-row-index=\"0\"\n                    style=\" width:17.094017094017%;                    padding:10px;\n                    \"\n                    >\n                                        Metadatos                    <\/td>\n                                                <td class=\"wpdt-cell wpdt-bold\"\n                                            data-cell-id=\"D1\"\n                    data-col-index=\"3\"\n                    data-row-index=\"0\"\n                    style=\" width:17.094017094017%;                    padding:10px;\n                    \"\n                    >\n                                        Diccionario                    <\/td>\n                                        <\/tr>\n                            <tr class=\"wpdt-cell-row \" style=\"height:52px;\">\n                                <td class=\"wpdt-cell wpdt-align-left\"\n                                            data-cell-id=\"A2\"\n                    data-col-index=\"0\"\n                    data-row-index=\"1\"\n                    style=\"                    padding:10px;\n                    \"\n                    >\n                                        1.1. Estructura org\u00e1nica de la Instituci\u00f3n                    <\/td>\n                                                <td class=\"wpdt-cell wpdt-wrap-text\"\n                                            data-cell-id=\"B2\"\n                    data-col-index=\"1\"\n                    data-row-index=\"1\"\n                    style=\"                    padding:10px;\n                    \"\n                    >\n                                        <a data-media-content=\"wpdt-media-content\" href=\"https:\/\/www.salcedo.gob.ec\/wp-content\/uploads\/2024\/03\/1_1-estructura-organica-FEB-2024.csv\">Datos<\/a>                    <\/td>\n                                                <td class=\"wpdt-cell \"\n                                            data-cell-id=\"C2\"\n                    data-col-index=\"2\"\n                    data-row-index=\"1\"\n                    style=\"                    padding:10px;\n                    \"\n                    >\n                                        <a data-media-content=\"wpdt-media-content\" href=\"https:\/\/www.salcedo.gob.ec\/wp-content\/uploads\/2024\/03\/1_1-estructura-organica-FEB-2024-1.csv\">Metadatos<\/a>                    <\/td>\n                                                <td class=\"wpdt-cell \"\n                                            data-cell-id=\"D2\"\n                    data-col-index=\"3\"\n                    data-row-index=\"1\"\n                    style=\"                    padding:10px;\n                    \"\n                    >\n                                        <a data-media-content=\"wpdt-media-content\" href=\"https:\/\/www.salcedo.gob.ec\/wp-content\/uploads\/2024\/03\/1_1-estructura-organica-FEB-2024-2.csv\">Diccionario<\/a>                    <\/td>\n                                        <\/tr>\n                            <tr class=\"wpdt-cell-row \" >\n                                <td class=\"wpdt-cell wpdt-align-left\"\n                                            data-cell-id=\"A3\"\n                    data-col-index=\"0\"\n                    data-row-index=\"2\"\n                    style=\"                    padding:10px;\n                    \"\n                    >\n                                        1.2 Base legal de la Instituci\u00f3n                    <\/td>\n                                                <td class=\"wpdt-cell \"\n                                            data-cell-id=\"B3\"\n                    data-col-index=\"1\"\n                    data-row-index=\"2\"\n                    style=\"                    padding:10px;\n                    \"\n                    >\n                                        <a data-media-content=\"wpdt-media-content\" href=\"https:\/\/www.salcedo.gob.ec\/wp-content\/uploads\/2024\/03\/1_2-1_3-base-regulaciones-feb2024-1.csv\">Datos<\/a>                    <\/td>\n                                                <td class=\"wpdt-cell \"\n                                            data-cell-id=\"C3\"\n                    data-col-index=\"2\"\n                    data-row-index=\"2\"\n                    style=\"                    padding:10px;\n                    \"\n                    >\n                                        <a data-media-content=\"wpdt-media-content\" href=\"https:\/\/www.salcedo.gob.ec\/wp-content\/uploads\/2024\/03\/1_2-1_3-base-regulaciones-feb2024-2.csv\">Metadatos<\/a>                    <\/td>\n                                                <td class=\"wpdt-cell \"\n                                            data-cell-id=\"D3\"\n                    data-col-index=\"3\"\n                    data-row-index=\"2\"\n                    style=\"                    padding:10px;\n                    \"\n                    >\n                                        <a data-media-content=\"wpdt-media-content\" href=\"https:\/\/www.salcedo.gob.ec\/wp-content\/uploads\/2024\/03\/1_2-1_3-base-regulaciones-feb2024-3.csv\">Diccionario<\/a>                    <\/td>\n                                        <\/tr>\n                            <tr class=\"wpdt-cell-row \" style=\"height:52px;\">\n                                <td class=\"wpdt-cell wpdt-align-left\"\n                                            data-cell-id=\"A4\"\n                    data-col-index=\"0\"\n                    data-row-index=\"3\"\n                    style=\"                    padding:10px;\n                    \"\n                    >\n                                        1.3. Regulaciones y procedimientos internos                    <\/td>\n                                                <td class=\"wpdt-cell \"\n                                            data-cell-id=\"B4\"\n                    data-col-index=\"1\"\n                    data-row-index=\"3\"\n                    style=\"                    padding:10px;\n                    \"\n                    >\n                                        <a data-media-content=\"wpdt-media-content\" href=\"https:\/\/www.salcedo.gob.ec\/wp-content\/uploads\/2024\/03\/1_2-1_3-base-regulaciones-feb2024-4.csv\">Datos<\/a>                    <\/td>\n                                                <td class=\"wpdt-cell \"\n                                            data-cell-id=\"C4\"\n                    data-col-index=\"2\"\n                    data-row-index=\"3\"\n                    style=\"                    padding:10px;\n                    \"\n                    >\n                                        <a data-media-content=\"wpdt-media-content\" href=\"https:\/\/www.salcedo.gob.ec\/wp-content\/uploads\/2024\/03\/1_2-1_3-base-regulaciones-feb2024-5.csv\">Metadatos<\/a>                    <\/td>\n                                                <td class=\"wpdt-cell \"\n                                            data-cell-id=\"D4\"\n                    data-col-index=\"3\"\n                    data-row-index=\"3\"\n                    style=\"                    padding:10px;\n                    \"\n                    >\n                                        <a data-media-content=\"wpdt-media-content\" href=\"https:\/\/www.salcedo.gob.ec\/wp-content\/uploads\/2024\/03\/1_2-1_3-base-regulaciones-feb2024-6.csv\">Diccionario<\/a>                    <\/td>\n                                        <\/tr>\n                            <tr class=\"wpdt-cell-row \" >\n                                <td class=\"wpdt-cell wpdt-align-left\"\n                                            data-cell-id=\"A5\"\n                    data-col-index=\"0\"\n                    data-row-index=\"4\"\n                    style=\"                    padding:10px;\n                    \"\n                    >\n                                        1.4 Metas y objetivos unidades                    <\/td>\n                                                <td class=\"wpdt-cell \"\n                                            data-cell-id=\"B5\"\n                    data-col-index=\"1\"\n                    data-row-index=\"4\"\n                    style=\"                    padding:10px;\n                    \"\n                    >\n                                        <a data-media-content=\"wpdt-media-content\" href=\"https:\/\/www.salcedo.gob.ec\/wp-content\/uploads\/2024\/03\/1-4_metas-y-objetivos_unidades_-3.csv\">Datos<\/a>                    <\/td>\n                                                <td class=\"wpdt-cell \"\n                                            data-cell-id=\"C5\"\n                    data-col-index=\"2\"\n                    data-row-index=\"4\"\n                    style=\"                    padding:10px;\n                    \"\n                    >\n                                        <a data-media-content=\"wpdt-media-content\" href=\"https:\/\/www.salcedo.gob.ec\/wp-content\/uploads\/2024\/03\/1-4_metas-y-objetivos_unidades_-4.csv\">Metadatos<\/a>                    <\/td>\n                                                <td class=\"wpdt-cell \"\n                                            data-cell-id=\"D5\"\n                    data-col-index=\"3\"\n                    data-row-index=\"4\"\n                    style=\"                    padding:10px;\n                    \"\n                    >\n                                        <a data-media-content=\"wpdt-media-content\" href=\"https:\/\/www.salcedo.gob.ec\/wp-content\/uploads\/2024\/03\/1-4_metas-y-objetivos_unidades_-5.csv\">Diccionario<\/a>                    <\/td>\n                                        <\/tr>\n                            <tr class=\"wpdt-cell-row \" >\n                                <td class=\"wpdt-cell wpdt-align-left\"\n                                            data-cell-id=\"A6\"\n                    data-col-index=\"0\"\n                    data-row-index=\"5\"\n                    style=\"                    padding:10px;\n                    \"\n                    >\n                                        2.1-2.2 Directorio y distributivo personal de la entidad                    <\/td>\n                                                <td class=\"wpdt-cell \"\n                                            data-cell-id=\"B6\"\n                    data-col-index=\"1\"\n                    data-row-index=\"5\"\n                    style=\"                    padding:10px;\n                    \"\n                    >\n                                        <a data-media-content=\"wpdt-media-content\" href=\"https:\/\/www.salcedo.gob.ec\/wp-content\/uploads\/2024\/03\/2_1-2_2-directorio-y-distributivo-personal-de-la-entidad-3.csv\">Datos<\/a>                    <\/td>\n                                                <td class=\"wpdt-cell \"\n                                            data-cell-id=\"C6\"\n                    data-col-index=\"2\"\n                    data-row-index=\"5\"\n                    style=\"                    padding:10px;\n                    \"\n                    >\n                                        <a data-media-content=\"wpdt-media-content\" href=\"https:\/\/www.salcedo.gob.ec\/wp-content\/uploads\/2024\/03\/2_1-2_2-directorio-y-distributivo-personal-de-la-entidad-4.csv\">Metadatos<\/a>                    <\/td>\n                                                <td class=\"wpdt-cell \"\n                                            data-cell-id=\"D6\"\n                    data-col-index=\"3\"\n                    data-row-index=\"5\"\n                    style=\"                    padding:10px;\n                    \"\n                    >\n                                        <a data-media-content=\"wpdt-media-content\" href=\"https:\/\/www.salcedo.gob.ec\/wp-content\/uploads\/2024\/03\/2_1-2_2-directorio-y-distributivo-personal-de-la-entidad-5.csv\">Diccionario<\/a>                    <\/td>\n                                        <\/tr>\n                            <tr class=\"wpdt-cell-row \" >\n                                <td class=\"wpdt-cell wpdt-align-left\"\n                                            data-cell-id=\"A7\"\n                    data-col-index=\"0\"\n                    data-row-index=\"6\"\n                    style=\"                    padding:10px;\n                    \"\n                    >\n                                        3 Remuneraciones ingresos adicionales                    <\/td>\n                                                <td class=\"wpdt-cell \"\n                                            data-cell-id=\"B7\"\n                    data-col-index=\"1\"\n                    data-row-index=\"6\"\n                    style=\"                    padding:10px;\n                    \"\n                    >\n                                        <a data-media-content=\"wpdt-media-content\" href=\"https:\/\/www.salcedo.gob.ec\/wp-content\/uploads\/2024\/03\/3-remuneraciones-ingresos-adicionales.csv\">Datos<\/a>                    <\/td>\n                                                <td class=\"wpdt-cell \"\n                                            data-cell-id=\"C7\"\n                    data-col-index=\"2\"\n                    data-row-index=\"6\"\n                    style=\"                    padding:10px;\n                    \"\n                    >\n                                        <a data-media-content=\"wpdt-media-content\" href=\"https:\/\/www.salcedo.gob.ec\/wp-content\/uploads\/2024\/03\/3-remuneraciones-ingresos-adicionales-1.csv\">Metadatos<\/a>                    <\/td>\n                                                <td class=\"wpdt-cell \"\n                                            data-cell-id=\"D7\"\n                    data-col-index=\"3\"\n                    data-row-index=\"6\"\n                    style=\"                    padding:10px;\n                    \"\n                    >\n                                        <a data-media-content=\"wpdt-media-content\" href=\"https:\/\/www.salcedo.gob.ec\/wp-content\/uploads\/2024\/03\/3-remuneraciones-ingresos-adicionales-3.csv\">Diccionario<\/a>                    <\/td>\n                                        <\/tr>\n                            <tr class=\"wpdt-cell-row \" >\n                                <td class=\"wpdt-cell wpdt-align-left\"\n                                            data-cell-id=\"A8\"\n                    data-col-index=\"0\"\n                    data-row-index=\"7\"\n                    style=\"                    padding:10px;\n                    \"\n                    >\n                                        4 Detalle licencias comisiones                    <\/td>\n                                                <td class=\"wpdt-cell \"\n                                            data-cell-id=\"B8\"\n                    data-col-index=\"1\"\n                    data-row-index=\"7\"\n                    style=\"                    padding:10px;\n                    \"\n                    >\n                                        <a data-media-content=\"wpdt-media-content\" href=\"https:\/\/www.salcedo.gob.ec\/wp-content\/uploads\/2024\/03\/4-detalle-licencia-comisiones-6.csv\">Datos<\/a>                    <\/td>\n                                                <td class=\"wpdt-cell \"\n                                            data-cell-id=\"C8\"\n                    data-col-index=\"2\"\n                    data-row-index=\"7\"\n                    style=\"                    padding:10px;\n                    \"\n                    >\n                                        <a data-media-content=\"wpdt-media-content\" href=\"https:\/\/www.salcedo.gob.ec\/wp-content\/uploads\/2024\/03\/4-detalle-licencia-comisiones-7.csv\">Metadatos<\/a>                    <\/td>\n                                                <td class=\"wpdt-cell \"\n                                            data-cell-id=\"D8\"\n                    data-col-index=\"3\"\n                    data-row-index=\"7\"\n                    style=\"                    padding:10px;\n                    \"\n                    >\n                                        <a data-media-content=\"wpdt-media-content\" href=\"https:\/\/www.salcedo.gob.ec\/wp-content\/uploads\/2024\/03\/4-detalle-licencia-comisiones-8.csv\">Diccionario<\/a>                    <\/td>\n                                        <\/tr>\n                            <tr class=\"wpdt-cell-row \" >\n                                <td class=\"wpdt-cell wpdt-align-left\"\n                                            data-cell-id=\"A9\"\n                    data-col-index=\"0\"\n                    data-row-index=\"8\"\n                    style=\"                    padding:10px;\n                    \"\n                    >\n                                        5-22 Servicios - formularios - formatos - tr\u00e1mites                    <\/td>\n                                                <td class=\"wpdt-cell \"\n                                            data-cell-id=\"B9\"\n                    data-col-index=\"1\"\n                    data-row-index=\"8\"\n                    style=\"                    padding:10px;\n                    \"\n                    >\n                                        <a data-media-content=\"wpdt-media-content\" href=\"https:\/\/www.salcedo.gob.ec\/wp-content\/uploads\/2024\/03\/5_22-servicios-formularios-formatos-tramites-3.csv\">Datos<\/a>                    <\/td>\n                                                <td class=\"wpdt-cell \"\n                                            data-cell-id=\"C9\"\n                    data-col-index=\"2\"\n                    data-row-index=\"8\"\n                    style=\"                    padding:10px;\n                    \"\n                    >\n                                        <a data-media-content=\"wpdt-media-content\" href=\"https:\/\/www.salcedo.gob.ec\/wp-content\/uploads\/2024\/03\/5_22-servicios-formularios-formatos-tramites-4.csv\">Metadatos<\/a>                    <\/td>\n                                                <td class=\"wpdt-cell \"\n                                            data-cell-id=\"D9\"\n                    data-col-index=\"3\"\n                    data-row-index=\"8\"\n                    style=\"                    padding:10px;\n                    \"\n                    >\n                                        <a data-media-content=\"wpdt-media-content\" href=\"https:\/\/www.salcedo.gob.ec\/wp-content\/uploads\/2024\/03\/5_22-servicios-formularios-formatos-tramites-5.csv\">Diccionario<\/a>                    <\/td>\n                                        <\/tr>\n                            <tr class=\"wpdt-cell-row \" style=\"height:52px;\">\n                                <td class=\"wpdt-cell wpdt-align-left\"\n                                            data-cell-id=\"A10\"\n                    data-col-index=\"0\"\n                    data-row-index=\"9\"\n                    style=\"                    padding:10px;\n                    \"\n                    >\n                                        6 Presupuesto de la Instituci\u00f3n                    <\/td>\n                                                <td class=\"wpdt-cell \"\n                                            data-cell-id=\"B10\"\n                    data-col-index=\"1\"\n                    data-row-index=\"9\"\n                    style=\"                    padding:10px;\n                    \"\n                    >\n                                        <a data-media-content=\"wpdt-media-content\" href=\"https:\/\/www.salcedo.gob.ec\/wp-content\/uploads\/2024\/03\/6-presupuesto-de-la-institucion-3.csv\">Datos<\/a>                    <\/td>\n                                                <td class=\"wpdt-cell \"\n                                            data-cell-id=\"C10\"\n                    data-col-index=\"2\"\n                    data-row-index=\"9\"\n                    style=\"                    padding:10px;\n                    \"\n                    >\n                                        <a data-media-content=\"wpdt-media-content\" href=\"https:\/\/www.salcedo.gob.ec\/wp-content\/uploads\/2024\/03\/6-presupuesto-de-la-institucion-4.csv\">Metadatos<\/a>                    <\/td>\n                                                <td class=\"wpdt-cell \"\n                                            data-cell-id=\"D10\"\n                    data-col-index=\"3\"\n                    data-row-index=\"9\"\n                    style=\"                    padding:10px;\n                    \"\n                    >\n                                        <a data-media-content=\"wpdt-media-content\" href=\"https:\/\/www.salcedo.gob.ec\/wp-content\/uploads\/2024\/03\/6-presupuesto-de-la-institucion-5.csv\">Diccionario<\/a>                    <\/td>\n                                        <\/tr>\n                            <tr class=\"wpdt-cell-row \" >\n                                <td class=\"wpdt-cell wpdt-align-left\"\n                                            data-cell-id=\"A11\"\n                    data-col-index=\"0\"\n                    data-row-index=\"10\"\n                    style=\"                    padding:10px;\n                    \"\n                    >\n                                        7 Resultados de las auditorias internas y gubernamentales                    <\/td>\n                                                <td class=\"wpdt-cell \"\n                                            data-cell-id=\"B11\"\n                    data-col-index=\"1\"\n                    data-row-index=\"10\"\n                    style=\"                    padding:10px;\n                    \"\n                    >\n                                        <a data-media-content=\"wpdt-media-content\" href=\"https:\/\/www.salcedo.gob.ec\/wp-content\/uploads\/2024\/03\/7-resultados-de-las-auditorias-internas-y-gubernamentales-3.csv\">Datos<\/a>                    <\/td>\n                                                <td class=\"wpdt-cell \"\n                                            data-cell-id=\"C11\"\n                    data-col-index=\"2\"\n                    data-row-index=\"10\"\n                    style=\"                    padding:10px;\n                    \"\n                    >\n                                        <a data-media-content=\"wpdt-media-content\" href=\"https:\/\/www.salcedo.gob.ec\/wp-content\/uploads\/2024\/03\/7-resultados-de-las-auditorias-internas-y-gubernamentales-4.csv\">Metadatos<\/a>                    <\/td>\n                                                <td class=\"wpdt-cell \"\n                                            data-cell-id=\"D11\"\n                    data-col-index=\"3\"\n                    data-row-index=\"10\"\n                    style=\"                    padding:10px;\n                    \"\n                    >\n                                        <a data-media-content=\"wpdt-media-content\" href=\"https:\/\/www.salcedo.gob.ec\/wp-content\/uploads\/2024\/03\/7-resultados-de-las-auditorias-internas-y-gubernamentales-5.csv\">Diccionario<\/a>                    <\/td>\n                                        <\/tr>\n                            <tr class=\"wpdt-cell-row \" >\n                                <td class=\"wpdt-cell wpdt-align-left\"\n                                            data-cell-id=\"A12\"\n                    data-col-index=\"0\"\n                    data-row-index=\"11\"\n                    style=\"                    padding:10px;\n                    \"\n                    >\n                                        8 Procesos de contrataci\u00f3n p\u00fablica                    <\/td>\n                                                <td class=\"wpdt-cell \"\n                                            data-cell-id=\"B12\"\n                    data-col-index=\"1\"\n                    data-row-index=\"11\"\n                    style=\"                    padding:10px;\n                    \"\n                    >\n                                        <a data-media-content=\"wpdt-media-content\" href=\"https:\/\/www.salcedo.gob.ec\/wp-content\/uploads\/2024\/03\/8-procesos-de-contratacion-publica-3.csv\">Datos<\/a>                    <\/td>\n                                                <td class=\"wpdt-cell \"\n                                            data-cell-id=\"C12\"\n                    data-col-index=\"2\"\n                    data-row-index=\"11\"\n                    style=\"                    padding:10px;\n                    \"\n                    >\n                                        <a data-media-content=\"wpdt-media-content\" href=\"https:\/\/www.salcedo.gob.ec\/wp-content\/uploads\/2024\/03\/8-procesos-de-contratacion-publica-4.csv\">Metadatos<\/a>                    <\/td>\n                                                <td class=\"wpdt-cell \"\n                                            data-cell-id=\"D12\"\n                    data-col-index=\"3\"\n                    data-row-index=\"11\"\n                    style=\"                    padding:10px;\n                    \"\n                    >\n                                        <a data-media-content=\"wpdt-media-content\" href=\"https:\/\/www.salcedo.gob.ec\/wp-content\/uploads\/2024\/03\/8-procesos-de-contratacion-publica-5.csv\">Diccionario<\/a>                    <\/td>\n                                        <\/tr>\n                            <tr class=\"wpdt-cell-row \" style=\"height:52px;\">\n                                <td class=\"wpdt-cell wpdt-align-left\"\n                                            data-cell-id=\"A13\"\n                    data-col-index=\"0\"\n                    data-row-index=\"12\"\n                    style=\"                    padding:10px;\n                    \"\n                    >\n                                        9 Empresas y personas que han incumplido contratos                    <\/td>\n                                                <td class=\"wpdt-cell \"\n                                            data-cell-id=\"B13\"\n                    data-col-index=\"1\"\n                    data-row-index=\"12\"\n                    style=\"                    padding:10px;\n                    \"\n                    >\n                                        <a data-media-content=\"wpdt-media-content\" href=\"https:\/\/www.salcedo.gob.ec\/wp-content\/uploads\/2024\/03\/9-listado-de-empresas-y-personas-que-han-incumplido-contratos-feb2024.csv\">Datos<\/a>                    <\/td>\n                                                <td class=\"wpdt-cell \"\n                                            data-cell-id=\"C13\"\n                    data-col-index=\"2\"\n                    data-row-index=\"12\"\n                    style=\"                    padding:10px;\n                    \"\n                    >\n                                        <a data-media-content=\"wpdt-media-content\" href=\"https:\/\/www.salcedo.gob.ec\/wp-content\/uploads\/2024\/03\/9-listado-de-empresas-y-personas-que-han-incumplido-contratos-feb2024-1.csv\">Metadatos<\/a>                    <\/td>\n                                                <td class=\"wpdt-cell \"\n                                            data-cell-id=\"D13\"\n                    data-col-index=\"3\"\n                    data-row-index=\"12\"\n                    style=\"                    padding:10px;\n                    \"\n                    >\n                                        <a data-media-content=\"wpdt-media-content\" href=\"https:\/\/www.salcedo.gob.ec\/wp-content\/uploads\/2024\/03\/9-listado-de-empresas-y-personas-que-han-incumplido-contratos-feb2024-2.csv\">Diccionario<\/a>                    <\/td>\n                                        <\/tr>\n                            <tr class=\"wpdt-cell-row \" >\n                                <td class=\"wpdt-cell wpdt-align-left\"\n                                            data-cell-id=\"A14\"\n                    data-col-index=\"0\"\n                    data-row-index=\"13\"\n                    style=\"                    padding:10px;\n                    \"\n                    >\n                                        10 Planes y programas en ejecuci\u00f3n                    <\/td>\n                                                <td class=\"wpdt-cell \"\n                                            data-cell-id=\"B14\"\n                    data-col-index=\"1\"\n                    data-row-index=\"13\"\n                    style=\"                    padding:10px;\n                    \"\n                    >\n                                        <a data-media-content=\"wpdt-media-content\" href=\"https:\/\/www.salcedo.gob.ec\/wp-content\/uploads\/2024\/03\/10-planes-y-programas-2024-3.csv\">Datos<\/a>                    <\/td>\n                                                <td class=\"wpdt-cell \"\n                                            data-cell-id=\"C14\"\n                    data-col-index=\"2\"\n                    data-row-index=\"13\"\n                    style=\"                    padding:10px;\n                    \"\n                    >\n                                        <a data-media-content=\"wpdt-media-content\" href=\"https:\/\/www.salcedo.gob.ec\/wp-content\/uploads\/2024\/03\/10-planes-y-programas-2024-4.csv\">Metadatos<\/a>                    <\/td>\n                                                <td class=\"wpdt-cell \"\n                                            data-cell-id=\"D14\"\n                    data-col-index=\"3\"\n                    data-row-index=\"13\"\n                    style=\"                    padding:10px;\n                    \"\n                    >\n                                        <a data-media-content=\"wpdt-media-content\" href=\"https:\/\/www.salcedo.gob.ec\/wp-content\/uploads\/2024\/03\/10-planes-y-programas-2024-5.csv\">Diccionario<\/a>                    <\/td>\n                                        <\/tr>\n                            <tr class=\"wpdt-cell-row \" style=\"height:52px;\">\n                                <td class=\"wpdt-cell wpdt-align-left\"\n                                            data-cell-id=\"A15\"\n                    data-col-index=\"0\"\n                    data-row-index=\"14\"\n                    style=\"                    padding:10px;\n                    \"\n                    >\n                                        11 Contratos de cr\u00e9dito externos o internos                    <\/td>\n                                                <td class=\"wpdt-cell \"\n                                            data-cell-id=\"B15\"\n                    data-col-index=\"1\"\n                    data-row-index=\"14\"\n                    style=\"                    padding:10px;\n                    \"\n                    >\n                                        <a data-media-content=\"wpdt-media-content\" href=\"https:\/\/www.salcedo.gob.ec\/wp-content\/uploads\/2024\/03\/11-contratos-de-credito-externos-o-internos-febrero2024-NA.csv\">Datos<\/a>                    <\/td>\n                                                <td class=\"wpdt-cell \"\n                                            data-cell-id=\"C15\"\n                    data-col-index=\"2\"\n                    data-row-index=\"14\"\n                    style=\"                    padding:10px;\n                    \"\n                    >\n                                        <a data-media-content=\"wpdt-media-content\" href=\"https:\/\/www.salcedo.gob.ec\/wp-content\/uploads\/2024\/03\/11-contratos-de-credito-externos-o-internos-febrero2024-NA-1.csv\">Metadatos<\/a>                    <\/td>\n                                                <td class=\"wpdt-cell \"\n                                            data-cell-id=\"D15\"\n                    data-col-index=\"3\"\n                    data-row-index=\"14\"\n                    style=\"                    padding:10px;\n                    \"\n                    >\n                                        <a data-media-content=\"wpdt-media-content\" href=\"https:\/\/www.salcedo.gob.ec\/wp-content\/uploads\/2024\/03\/11-contratos-de-credito-externos-o-internos-febrero2024-NA-2.csv\">Diccionario<\/a>                    <\/td>\n                                        <\/tr>\n                            <tr class=\"wpdt-cell-row \" >\n                                <td class=\"wpdt-cell wpdt-align-left\"\n                                            data-cell-id=\"A16\"\n                    data-col-index=\"0\"\n                    data-row-index=\"15\"\n                    style=\"                    padding:10px;\n                    \"\n                    >\n                                        12 Mecanismos de rendici\u00f3n de cuentas                    <\/td>\n                                                <td class=\"wpdt-cell \"\n                                            data-cell-id=\"B16\"\n                    data-col-index=\"1\"\n                    data-row-index=\"15\"\n                    style=\"                    padding:10px;\n                    \"\n                    >\n                                        <a data-media-content=\"wpdt-media-content\" href=\"https:\/\/www.salcedo.gob.ec\/wp-content\/uploads\/2024\/03\/12-mecanismos-rendicion-cuentas-Feb-2024.csv\">Datos<\/a>                    <\/td>\n                                                <td class=\"wpdt-cell \"\n                                            data-cell-id=\"C16\"\n                    data-col-index=\"2\"\n                    data-row-index=\"15\"\n                    style=\"                    padding:10px;\n                    \"\n                    >\n                                        <a data-media-content=\"wpdt-media-content\" href=\"https:\/\/www.salcedo.gob.ec\/wp-content\/uploads\/2024\/03\/12-mecanismos-rendicion-cuentas-Feb-2024-2.csv\">Metadatos<\/a>                    <\/td>\n                                                <td class=\"wpdt-cell \"\n                                            data-cell-id=\"D16\"\n                    data-col-index=\"3\"\n                    data-row-index=\"15\"\n                    style=\"                    padding:10px;\n                    \"\n                    >\n                                        <a data-media-content=\"wpdt-media-content\" href=\"https:\/\/www.salcedo.gob.ec\/wp-content\/uploads\/2024\/03\/12-mecanismos-rendicion-cuentas-Feb-2024-3.csv\">Diccionario<\/a>                    <\/td>\n                                        <\/tr>\n                            <tr class=\"wpdt-cell-row \" style=\"height:52px;\">\n                                <td class=\"wpdt-cell wpdt-align-left\"\n                                            data-cell-id=\"A17\"\n                    data-col-index=\"0\"\n                    data-row-index=\"16\"\n                    style=\"                    padding:10px;\n                    \"\n                    >\n                                        13 Vi\u00e1ticos informes de trabajo y justificativos                    <\/td>\n                                                <td class=\"wpdt-cell \"\n                                            data-cell-id=\"B17\"\n                    data-col-index=\"1\"\n                    data-row-index=\"16\"\n                    style=\"                    padding:10px;\n                    \"\n                    >\n                                        <a data-media-content=\"wpdt-media-content\" href=\"https:\/\/www.salcedo.gob.ec\/wp-content\/uploads\/2024\/03\/13-viaticos-informes-de-trabajo-y-justificativos-de-movilizacion-3.csv\">Datos<\/a>                    <\/td>\n                                                <td class=\"wpdt-cell \"\n                                            data-cell-id=\"C17\"\n                    data-col-index=\"2\"\n                    data-row-index=\"16\"\n                    style=\"                    padding:10px;\n                    \"\n                    >\n                                        <a data-media-content=\"wpdt-media-content\" href=\"https:\/\/www.salcedo.gob.ec\/wp-content\/uploads\/2024\/03\/13-viaticos-informes-de-trabajo-y-justificativos-de-movilizacion-4.csv\">Metadatos<\/a>                    <\/td>\n                                                <td class=\"wpdt-cell \"\n                                            data-cell-id=\"D17\"\n                    data-col-index=\"3\"\n                    data-row-index=\"16\"\n                    style=\"                    padding:10px;\n                    \"\n                    >\n                                        <a data-media-content=\"wpdt-media-content\" href=\"https:\/\/www.salcedo.gob.ec\/wp-content\/uploads\/2024\/03\/13-viaticos-informes-de-trabajo-y-justificativos-de-movilizacion-5.csv\">Diccionario<\/a>                    <\/td>\n                                        <\/tr>\n                            <tr class=\"wpdt-cell-row \" >\n                                <td class=\"wpdt-cell wpdt-align-left\"\n                                            data-cell-id=\"A18\"\n                    data-col-index=\"0\"\n                    data-row-index=\"17\"\n                    style=\"                    padding:10px;\n                    \"\n                    >\n                                        14 Responsables del acceso de informaci\u00f3n p\u00fablica                    <\/td>\n                                                <td class=\"wpdt-cell \"\n                                            data-cell-id=\"B18\"\n                    data-col-index=\"1\"\n                    data-row-index=\"17\"\n                    style=\"                    padding:10px;\n                    \"\n                    >\n                                        <a data-media-content=\"wpdt-media-content\" href=\"https:\/\/www.salcedo.gob.ec\/wp-content\/uploads\/2024\/03\/14-responsables-del-acceso-de-informacion-publica-3.csv\">Datos<\/a>                    <\/td>\n                                                <td class=\"wpdt-cell \"\n                                            data-cell-id=\"C18\"\n                    data-col-index=\"2\"\n                    data-row-index=\"17\"\n                    style=\"                    padding:10px;\n                    \"\n                    >\n                                        <a data-media-content=\"wpdt-media-content\" href=\"https:\/\/www.salcedo.gob.ec\/wp-content\/uploads\/2024\/03\/14-responsables-del-acceso-de-informacion-publica-4.csv\">Metadatos<\/a>                    <\/td>\n                                                <td class=\"wpdt-cell \"\n                                            data-cell-id=\"D18\"\n                    data-col-index=\"3\"\n                    data-row-index=\"17\"\n                    style=\"                    padding:10px;\n                    \"\n                    >\n                                        <a data-media-content=\"wpdt-media-content\" href=\"https:\/\/www.salcedo.gob.ec\/wp-content\/uploads\/2024\/03\/14-responsables-del-acceso-de-informacion-publica-5.csv\">Diccionario<\/a>                    <\/td>\n                                        <\/tr>\n                            <tr class=\"wpdt-cell-row \" >\n                                <td class=\"wpdt-cell wpdt-align-left\"\n                                            data-cell-id=\"A19\"\n                    data-col-index=\"0\"\n                    data-row-index=\"18\"\n                    style=\"                    padding:10px;\n                    \"\n                    >\n                                        15 Texto integro de los contratos colectivos vigentes y reformas                    <\/td>\n                                                <td class=\"wpdt-cell \"\n                                            data-cell-id=\"B19\"\n                    data-col-index=\"1\"\n                    data-row-index=\"18\"\n                    style=\"                    padding:10px;\n                    \"\n                    >\n                                        <a data-media-content=\"wpdt-media-content\" href=\"https:\/\/www.salcedo.gob.ec\/wp-content\/uploads\/2024\/03\/15-texto-integro-de-los-contratos-colectivos-vigentes-y-reformas-feb2024.csv\">Datos<\/a>                    <\/td>\n                                                <td class=\"wpdt-cell \"\n                                            data-cell-id=\"C19\"\n                    data-col-index=\"2\"\n                    data-row-index=\"18\"\n                    style=\"                    padding:10px;\n                    \"\n                    >\n                                        <a data-media-content=\"wpdt-media-content\" href=\"https:\/\/www.salcedo.gob.ec\/wp-content\/uploads\/2024\/03\/15-texto-integro-de-los-contratos-colectivos-vigentes-y-reformas-feb2024-1.csv\">Metadatos<\/a>                    <\/td>\n                                                <td class=\"wpdt-cell \"\n                                            data-cell-id=\"D19\"\n                    data-col-index=\"3\"\n                    data-row-index=\"18\"\n                    style=\"                    padding:10px;\n                    \"\n                    >\n                                        <a data-media-content=\"wpdt-media-content\" href=\"https:\/\/www.salcedo.gob.ec\/wp-content\/uploads\/2024\/03\/15-texto-integro-de-los-contratos-colectivos-vigentes-y-reformas-feb2024-2.csv\">Diccionario<\/a>                    <\/td>\n                                        <\/tr>\n                            <tr class=\"wpdt-cell-row \" >\n                                <td class=\"wpdt-cell wpdt-align-left\"\n                                            data-cell-id=\"A20\"\n                    data-col-index=\"0\"\n                    data-row-index=\"19\"\n                    style=\"                    padding:10px;\n                    \"\n                    >\n                                        16 Listado \u00edndice informaci\u00f3n reservada                    <\/td>\n                                                <td class=\"wpdt-cell \"\n                                            data-cell-id=\"B20\"\n                    data-col-index=\"1\"\n                    data-row-index=\"19\"\n                    style=\"                    padding:10px;\n                    \"\n                    >\n                                        <a data-media-content=\"wpdt-media-content\" href=\"https:\/\/www.salcedo.gob.ec\/wp-content\/uploads\/2024\/03\/16-indice-informacion-reservada-3.csv\">Datos<\/a>                    <\/td>\n                                                <td class=\"wpdt-cell \"\n                                            data-cell-id=\"C20\"\n                    data-col-index=\"2\"\n                    data-row-index=\"19\"\n                    style=\"                    padding:10px;\n                    \"\n                    >\n                                        <a data-media-content=\"wpdt-media-content\" href=\"https:\/\/www.salcedo.gob.ec\/wp-content\/uploads\/2024\/03\/16-indice-informacion-reservada-4.csv\">Metadatos<\/a>                    <\/td>\n                                                <td class=\"wpdt-cell \"\n                                            data-cell-id=\"D20\"\n                    data-col-index=\"3\"\n                    data-row-index=\"19\"\n                    style=\"                    padding:10px;\n                    \"\n                    >\n                                        <a data-media-content=\"wpdt-media-content\" href=\"https:\/\/www.salcedo.gob.ec\/wp-content\/uploads\/2024\/03\/16-indice-informacion-reservada-5.csv\">Diccionario<\/a>                    <\/td>\n                                        <\/tr>\n                            <tr class=\"wpdt-cell-row \" >\n                                <td class=\"wpdt-cell wpdt-align-left\"\n                                            data-cell-id=\"A21\"\n                    data-col-index=\"0\"\n                    data-row-index=\"20\"\n                    style=\"                    padding:10px;\n                    \"\n                    >\n                                        17 Detalle de las audiencias y reuniones de autoridades                    <\/td>\n                                                <td class=\"wpdt-cell \"\n                                            data-cell-id=\"B21\"\n                    data-col-index=\"1\"\n                    data-row-index=\"20\"\n                    style=\"                    padding:10px;\n                    \"\n                    >\n                                        <a data-media-content=\"wpdt-media-content\" href=\"https:\/\/www.salcedo.gob.ec\/wp-content\/uploads\/2024\/03\/17-audiencias-y-reuniones-autoridades-3.csv\">Datos<\/a>                    <\/td>\n                                                <td class=\"wpdt-cell \"\n                                            data-cell-id=\"C21\"\n                    data-col-index=\"2\"\n                    data-row-index=\"20\"\n                    style=\"                    padding:10px;\n                    \"\n                    >\n                                        <a data-media-content=\"wpdt-media-content\" href=\"https:\/\/www.salcedo.gob.ec\/wp-content\/uploads\/2024\/03\/17-audiencias-y-reuniones-autoridades-4.csv\">Metadatos<\/a>                    <\/td>\n                                                <td class=\"wpdt-cell \"\n                                            data-cell-id=\"D21\"\n                    data-col-index=\"3\"\n                    data-row-index=\"20\"\n                    style=\"                    padding:10px;\n                    \"\n                    >\n                                        <a data-media-content=\"wpdt-media-content\" href=\"https:\/\/www.salcedo.gob.ec\/wp-content\/uploads\/2024\/03\/17-audiencias-y-reuniones-autoridades-5.csv\">Diccionario<\/a>                    <\/td>\n                                        <\/tr>\n                            <tr class=\"wpdt-cell-row \" >\n                                <td class=\"wpdt-cell wpdt-align-left\"\n                                            data-cell-id=\"A22\"\n                    data-col-index=\"0\"\n                    data-row-index=\"21\"\n                    style=\"                    padding:10px;\n                    \"\n                    >\n                                        18 Detalle de convenios nacionales o internacionales                    <\/td>\n                                                <td class=\"wpdt-cell \"\n                                            data-cell-id=\"B22\"\n                    data-col-index=\"1\"\n                    data-row-index=\"21\"\n                    style=\"                    padding:10px;\n                    \"\n                    >\n                                        <a data-media-content=\"wpdt-media-content\" href=\"https:\/\/www.salcedo.gob.ec\/wp-content\/uploads\/2024\/03\/18-detalle-de-convenios-nacionales-e-internacionales-Febrero2024.csv\">Datos<\/a>                    <\/td>\n                                                <td class=\"wpdt-cell \"\n                                            data-cell-id=\"C22\"\n                    data-col-index=\"2\"\n                    data-row-index=\"21\"\n                    style=\"                    padding:10px;\n                    \"\n                    >\n                                        <a data-media-content=\"wpdt-media-content\" href=\"https:\/\/www.salcedo.gob.ec\/wp-content\/uploads\/2024\/03\/18-detalle-de-convenios-nacionales-e-internacionales-Febrero2024-1.csv\">Metadatos<\/a>                    <\/td>\n                                                <td class=\"wpdt-cell \"\n                                            data-cell-id=\"D22\"\n                    data-col-index=\"3\"\n                    data-row-index=\"21\"\n                    style=\"                    padding:10px;\n                    \"\n                    >\n                                        <a data-media-content=\"wpdt-media-content\" href=\"https:\/\/www.salcedo.gob.ec\/wp-content\/uploads\/2024\/03\/18-detalle-de-convenios-nacionales-e-internacionales-Febrero2024-2.csv\">Diccionario<\/a>                    <\/td>\n                                        <\/tr>\n                            <tr class=\"wpdt-cell-row \" >\n                                <td class=\"wpdt-cell wpdt-align-left\"\n                                            data-cell-id=\"A23\"\n                    data-col-index=\"0\"\n                    data-row-index=\"22\"\n                    style=\"                    padding:10px;\n                    \"\n                    >\n                                        19 Detalle donativos oficiales y protocolares                    <\/td>\n                                                <td class=\"wpdt-cell \"\n                                            data-cell-id=\"B23\"\n                    data-col-index=\"1\"\n                    data-row-index=\"22\"\n                    style=\"                    padding:10px;\n                    \"\n                    >\n                                        <a data-media-content=\"wpdt-media-content\" href=\"https:\/\/www.salcedo.gob.ec\/wp-content\/uploads\/2024\/03\/19-detalle-donativos-oficiales-y-protocolares-4.csv\">Datos<\/a>                    <\/td>\n                                                <td class=\"wpdt-cell \"\n                                            data-cell-id=\"C23\"\n                    data-col-index=\"2\"\n                    data-row-index=\"22\"\n                    style=\"                    padding:10px;\n                    \"\n                    >\n                                        <a data-media-content=\"wpdt-media-content\" href=\"https:\/\/www.salcedo.gob.ec\/wp-content\/uploads\/2024\/03\/19-detalle-donativos-oficiales-y-protocolares-5.csv\">Metadatos<\/a>                    <\/td>\n                                                <td class=\"wpdt-cell \"\n                                            data-cell-id=\"D23\"\n                    data-col-index=\"3\"\n                    data-row-index=\"22\"\n                    style=\"                    padding:10px;\n                    \"\n                    >\n                                        <a data-media-content=\"wpdt-media-content\" href=\"https:\/\/www.salcedo.gob.ec\/wp-content\/uploads\/2024\/03\/19-detalle-donativos-oficiales-y-protocolares-6.csv\">Diccionario<\/a>                    <\/td>\n                                        <\/tr>\n                            <tr class=\"wpdt-cell-row \" >\n                                <td class=\"wpdt-cell wpdt-align-left\"\n                                            data-cell-id=\"A24\"\n                    data-col-index=\"0\"\n                    data-row-index=\"23\"\n                    style=\"                    padding:10px;\n                    \"\n                    >\n                                        20 Registro de activos de informaci\u00f3n frecuente                    <\/td>\n                                                <td class=\"wpdt-cell \"\n                                            data-cell-id=\"B24\"\n                    data-col-index=\"1\"\n                    data-row-index=\"23\"\n                    style=\"                    padding:10px;\n                    \"\n                    >\n                                        <a data-media-content=\"wpdt-media-content\" href=\"https:\/\/www.salcedo.gob.ec\/wp-content\/uploads\/2024\/03\/20-registro-de-activos-de-informacion-frecuente-y-complementaria-3.csv\">Datos<\/a>                    <\/td>\n                                                <td class=\"wpdt-cell \"\n                                            data-cell-id=\"C24\"\n                    data-col-index=\"2\"\n                    data-row-index=\"23\"\n                    style=\"                    padding:10px;\n                    \"\n                    >\n                                        <a data-media-content=\"wpdt-media-content\" href=\"https:\/\/www.salcedo.gob.ec\/wp-content\/uploads\/2024\/03\/20-registro-de-activos-de-informacion-frecuente-y-complementaria-4.csv\">Metadatos<\/a>                    <\/td>\n                                                <td class=\"wpdt-cell \"\n                                            data-cell-id=\"D24\"\n                    data-col-index=\"3\"\n                    data-row-index=\"23\"\n                    style=\"                    padding:10px;\n                    \"\n                    >\n                                        <a data-media-content=\"wpdt-media-content\" href=\"https:\/\/www.salcedo.gob.ec\/wp-content\/uploads\/2024\/03\/20-registro-de-activos-de-informacion-frecuente-y-complementaria-5.csv\">Diccionario<\/a>                    <\/td>\n                                        <\/tr>\n                            <tr class=\"wpdt-cell-row \" >\n                                <td class=\"wpdt-cell wpdt-align-left\"\n                                            data-cell-id=\"A25\"\n                    data-col-index=\"0\"\n                    data-row-index=\"24\"\n                    style=\"                    padding:10px;\n                    \"\n                    >\n                                        21 Pol\u00edticas p\u00fablicas o informaci\u00f3n grupo espec\u00edfico                    <\/td>\n                                                <td class=\"wpdt-cell \"\n                                            data-cell-id=\"B25\"\n                    data-col-index=\"1\"\n                    data-row-index=\"24\"\n                    style=\"                    padding:10px;\n                    \"\n                    >\n                                        <a data-media-content=\"wpdt-media-content\" href=\"https:\/\/www.salcedo.gob.ec\/wp-content\/uploads\/2024\/03\/21-politicas-publicas-o-informacion-grupo-especifico-3.csv\">Datos<\/a>                    <\/td>\n                                                <td class=\"wpdt-cell \"\n                                            data-cell-id=\"C25\"\n                    data-col-index=\"2\"\n                    data-row-index=\"24\"\n                    style=\"                    padding:10px;\n                    \"\n                    >\n                                        <a data-media-content=\"wpdt-media-content\" href=\"https:\/\/www.salcedo.gob.ec\/wp-content\/uploads\/2024\/03\/21-politicas-publicas-o-informacion-grupo-especifico-4.csv\">Metadatos<\/a>                    <\/td>\n                                                <td class=\"wpdt-cell \"\n                                            data-cell-id=\"D25\"\n                    data-col-index=\"3\"\n                    data-row-index=\"24\"\n                    style=\"                    padding:10px;\n                    \"\n                    >\n                                        <a data-media-content=\"wpdt-media-content\" href=\"https:\/\/www.salcedo.gob.ec\/wp-content\/uploads\/2024\/03\/21-politicas-publicas-o-informacion-grupo-especifico-5.csv\">Diccionario<\/a>                    <\/td>\n                                        <\/tr>\n                            <tr class=\"wpdt-cell-row \" >\n                                <td class=\"wpdt-cell wpdt-align-left\"\n                                            data-cell-id=\"A26\"\n                    data-col-index=\"0\"\n                    data-row-index=\"25\"\n                    style=\"                    padding:10px;\n                    \"\n                    >\n                                        23 Detalle personas servidoras p\u00fablicas con acciones afirmativas                    <\/td>\n                                                <td class=\"wpdt-cell \"\n                                            data-cell-id=\"B26\"\n                    data-col-index=\"1\"\n                    data-row-index=\"25\"\n                    style=\"                    padding:10px;\n                    \"\n                    >\n                                        <a data-media-content=\"wpdt-media-content\" href=\"https:\/\/www.salcedo.gob.ec\/wp-content\/uploads\/2024\/03\/23-detalle-personas-servidoras-publicas-con-acciones-afirmativas-3.csv\">Datos<\/a>                    <\/td>\n                                                <td class=\"wpdt-cell \"\n                                            data-cell-id=\"C26\"\n                    data-col-index=\"2\"\n                    data-row-index=\"25\"\n                    style=\"                    padding:10px;\n                    \"\n                    >\n                                        <a data-media-content=\"wpdt-media-content\" href=\"https:\/\/www.salcedo.gob.ec\/wp-content\/uploads\/2024\/03\/23-detalle-personas-servidoras-publicas-con-acciones-afirmativas-4.csv\">Metadatos<\/a>                    <\/td>\n                                                <td class=\"wpdt-cell \"\n                                            data-cell-id=\"D26\"\n                    data-col-index=\"3\"\n                    data-row-index=\"25\"\n                    style=\"                    padding:10px;\n                    \"\n                    >\n                                        <a data-media-content=\"wpdt-media-content\" href=\"https:\/\/www.salcedo.gob.ec\/wp-content\/uploads\/2024\/03\/23-detalle-personas-servidoras-publicas-con-acciones-afirmativas-5.csv\">Diccionario<\/a>                    <\/td>\n                                        <\/tr>\n                            <tr class=\"wpdt-cell-row \" style=\"height:41px;\">\n                                <td class=\"wpdt-cell wpdt-align-left\"\n                                            data-cell-id=\"A27\"\n                    data-col-index=\"0\"\n                    data-row-index=\"26\"\n                    style=\"                    padding:10px;\n                    \"\n                    >\n                                        24 Informaci\u00f3n relevante para el ejercicio de derechos ODS                    <\/td>\n                                                <td class=\"wpdt-cell \"\n                                            data-cell-id=\"B27\"\n                    data-col-index=\"1\"\n                    data-row-index=\"26\"\n                    style=\"                    padding:10px;\n                    \"\n                    >\n                                        <a data-media-content=\"wpdt-media-content\" href=\"https:\/\/www.salcedo.gob.ec\/wp-content\/uploads\/2024\/03\/24-informacion-relevante-para-el-ejercicio-de-derechos-ods-2.csv\">Datos<\/a>                    <\/td>\n                                                <td class=\"wpdt-cell \"\n                                            data-cell-id=\"C27\"\n                    data-col-index=\"2\"\n                    data-row-index=\"26\"\n                    style=\"                    padding:10px;\n                    \"\n                    >\n                                        <a data-media-content=\"wpdt-media-content\" href=\"https:\/\/www.salcedo.gob.ec\/wp-content\/uploads\/2024\/03\/24-informacion-relevante-para-el-ejercicio-de-derechos-ods-3.csv\">Metadatos<\/a>                    <\/td>\n                                                <td class=\"wpdt-cell \"\n                                            data-cell-id=\"D27\"\n                    data-col-index=\"3\"\n                    data-row-index=\"26\"\n                    style=\"                    padding:10px;\n                    \"\n                    >\n                                        <a data-media-content=\"wpdt-media-content\" href=\"https:\/\/www.salcedo.gob.ec\/wp-content\/uploads\/2024\/03\/24-informacion-relevante-para-el-ejercicio-de-derechos-ods-4.csv\">Diccionario<\/a>                    <\/td>\n                                        <\/tr>\n                            <tr class=\"wpdt-cell-row \" >\n                                <td class=\"wpdt-cell wpdt-align-left wpdt-merged-cell \"\n                     colspan=\"4\"  rowspan=\"1\"                     data-cell-id=\"A28\"\n                    data-col-index=\"0\"\n                    data-row-index=\"27\"\n                    style=\"                    padding:10px;\n                    \"\n                    >\n                                        Art\u00edculo 24.- Obligaciones espec\u00edficas                    <\/td>\n                                                                            <\/tr>\n                            <tr class=\"wpdt-cell-row \" >\n                                <td class=\"wpdt-cell wpdt-bold\"\n                                            data-cell-id=\"A29\"\n                    data-col-index=\"0\"\n                    data-row-index=\"28\"\n                    style=\"                    padding:10px;\n                    \"\n                    >\n                                        Descripci\u00f3n                    <\/td>\n                                                <td class=\"wpdt-cell wpdt-bold\"\n                                            data-cell-id=\"B29\"\n                    data-col-index=\"1\"\n                    data-row-index=\"28\"\n                    style=\"                    padding:10px;\n                    \"\n                    >\n                                        Conjunto datos                    <\/td>\n                                                <td class=\"wpdt-cell wpdt-bold\"\n                                            data-cell-id=\"C29\"\n                    data-col-index=\"2\"\n                    data-row-index=\"28\"\n                    style=\"                    padding:10px;\n                    \"\n                    >\n                                        Metadatos                    <\/td>\n                                                <td class=\"wpdt-cell wpdt-bold\"\n                                            data-cell-id=\"D29\"\n                    data-col-index=\"3\"\n                    data-row-index=\"28\"\n                    style=\"                    padding:10px;\n                    \"\n                    >\n                                        Diccionario                    <\/td>\n                                        <\/tr>\n                            <tr class=\"wpdt-cell-row \" >\n                                <td class=\"wpdt-cell  wpdt-empty-cell \"\n                                            data-cell-id=\"A30\"\n                    data-col-index=\"0\"\n                    data-row-index=\"29\"\n                    style=\"                    padding:10px;\n                    \"\n                    >\n                                                            <\/td>\n                                                <td class=\"wpdt-cell  wpdt-empty-cell \"\n                                            data-cell-id=\"B30\"\n                    data-col-index=\"1\"\n                    data-row-index=\"29\"\n                    style=\"                    padding:10px;\n                    \"\n                    >\n                                                            <\/td>\n                                                <td class=\"wpdt-cell  wpdt-empty-cell \"\n                                            data-cell-id=\"C30\"\n                    data-col-index=\"2\"\n                    data-row-index=\"29\"\n                    style=\"                    padding:10px;\n                    \"\n                    >\n                                                            <\/td>\n                                                <td class=\"wpdt-cell  wpdt-empty-cell \"\n                                            data-cell-id=\"D30\"\n                    data-col-index=\"3\"\n                    data-row-index=\"29\"\n                    style=\"                    padding:10px;\n                    \"\n                    >\n                                                            <\/td>\n                                        <\/tr>\n                    <\/table>\n<\/div><style id='wpdt-custom-style-4'>\n<\/style>\n\n\n\n\n\n\n    <h3 class=\"wpdt-c\"\n        id=\"wdt-table-title-5\">MARZO 2024<\/h3>\n<div class=\"wpdt-c row wpDataTableContainerSimpleTable wpDataTables wpDataTablesWrapper\n\"\n    >\n        <table id=\"wpdtSimpleTable-5\"\n           style=\"border-collapse:collapse;\n                   border-spacing:0px;\"\n           class=\"wpdtSimpleTable wpDataTable\"\n           data-column=\"4\"\n           data-rows=\"26\"\n           data-wpID=\"5\"\n           data-responsive=\"0\"\n           data-has-header=\"0\">\n\n                    <tbody>        <tr class=\"wpdt-cell-row \" >\n                                <td class=\"wpdt-cell wpdt-bold wpdt-align-justify\"\n                                            data-cell-id=\"A1\"\n                    data-col-index=\"0\"\n                    data-row-index=\"0\"\n                    style=\" width:41.711229946524%;                    padding:10px;\n                    \"\n                    >\n                                        Descripci\u00f3n                    <\/td>\n                                                <td class=\"wpdt-cell wpdt-bold\"\n                                            data-cell-id=\"B1\"\n                    data-col-index=\"1\"\n                    data-row-index=\"0\"\n                    style=\" width:22.638146167558%;                    padding:10px;\n                    \"\n                    >\n                                        Conjunto datos                    <\/td>\n                                                <td class=\"wpdt-cell wpdt-bold\"\n                                            data-cell-id=\"C1\"\n                    data-col-index=\"2\"\n                    data-row-index=\"0\"\n                    style=\" width:17.825311942959%;                    padding:10px;\n                    \"\n                    >\n                                        Metadatos                    <\/td>\n                                                <td class=\"wpdt-cell wpdt-bold\"\n                                            data-cell-id=\"D1\"\n                    data-col-index=\"3\"\n                    data-row-index=\"0\"\n                    style=\" width:17.825311942959%;                    padding:10px;\n                    \"\n                    >\n                                        Diccionario                    <\/td>\n                                        <\/tr>\n                            <tr class=\"wpdt-cell-row \" >\n                                <td class=\"wpdt-cell wpdt-align-justify\"\n                                            data-cell-id=\"A2\"\n                    data-col-index=\"0\"\n                    data-row-index=\"1\"\n                    style=\"                    padding:10px;\n                    \"\n                    >\n                                        1.1 Estructura org\u00e1nica de la instituci\u00f3n                    <\/td>\n                                                <td class=\"wpdt-cell \"\n                                            data-cell-id=\"B2\"\n                    data-col-index=\"1\"\n                    data-row-index=\"1\"\n                    style=\"                    padding:10px;\n                    \"\n                    >\n                                        <a data-media-content=\"wpdt-media-content\" href=\"https:\/\/www.salcedo.gob.ec\/wp-content\/uploads\/2024\/04\/1_1-estructura-organica-MARZO.csv\">DATOS<\/a>                    <\/td>\n                                                <td class=\"wpdt-cell \"\n                                            data-cell-id=\"C2\"\n                    data-col-index=\"2\"\n                    data-row-index=\"1\"\n                    style=\"                    padding:10px;\n                    \"\n                    >\n                                        <a data-media-content=\"wpdt-media-content\" href=\"https:\/\/www.salcedo.gob.ec\/wp-content\/uploads\/2024\/04\/1_1-estructura-organica-MARZO-1.csv\">METADATOS<\/a>                    <\/td>\n                                                <td class=\"wpdt-cell \"\n                                            data-cell-id=\"D2\"\n                    data-col-index=\"3\"\n                    data-row-index=\"1\"\n                    style=\"                    padding:10px;\n                    \"\n                    >\n                                        <a data-media-content=\"wpdt-media-content\" href=\"https:\/\/www.salcedo.gob.ec\/wp-content\/uploads\/2024\/04\/1_1-estructura-organica-FEB-2024.csv\">DICCIONARIO<\/a>                    <\/td>\n                                        <\/tr>\n                            <tr class=\"wpdt-cell-row \" >\n                                <td class=\"wpdt-cell wpdt-align-justify\"\n                                            data-cell-id=\"A3\"\n                    data-col-index=\"0\"\n                    data-row-index=\"2\"\n                    style=\"                    padding:10px;\n                    \"\n                    >\n                                        1.2 Base regulaciones                    <\/td>\n                                                <td class=\"wpdt-cell \"\n                                            data-cell-id=\"B3\"\n                    data-col-index=\"1\"\n                    data-row-index=\"2\"\n                    style=\"                    padding:10px;\n                    \"\n                    >\n                                        <a data-media-content=\"wpdt-media-content\" href=\"https:\/\/www.salcedo.gob.ec\/wp-content\/uploads\/2024\/04\/1_2-1_3-base-regulaciones-MARZO.csv\">DATOS<\/a>                    <\/td>\n                                                <td class=\"wpdt-cell \"\n                                            data-cell-id=\"C3\"\n                    data-col-index=\"2\"\n                    data-row-index=\"2\"\n                    style=\"                    padding:10px;\n                    \"\n                    >\n                                        <a data-media-content=\"wpdt-media-content\" href=\"https:\/\/www.salcedo.gob.ec\/wp-content\/uploads\/2024\/04\/1_2-1_3-base-regulaciones-MARZO-1.csv\">METADATOS<\/a>                    <\/td>\n                                                <td class=\"wpdt-cell \"\n                                            data-cell-id=\"D3\"\n                    data-col-index=\"3\"\n                    data-row-index=\"2\"\n                    style=\"                    padding:10px;\n                    \"\n                    >\n                                        <a data-media-content=\"wpdt-media-content\" href=\"https:\/\/www.salcedo.gob.ec\/wp-content\/uploads\/2024\/04\/1_2-1_3-base-regulaciones-feb2024.csv\">DICCIONARIO<\/a>                    <\/td>\n                                        <\/tr>\n                            <tr class=\"wpdt-cell-row \" >\n                                <td class=\"wpdt-cell wpdt-align-justify\"\n                                            data-cell-id=\"A4\"\n                    data-col-index=\"0\"\n                    data-row-index=\"3\"\n                    style=\"                    padding:10px;\n                    \"\n                    >\n                                        1.4 Metas y objetivos unidades                    <\/td>\n                                                <td class=\"wpdt-cell  wpdt-empty-cell \"\n                                            data-cell-id=\"B4\"\n                    data-col-index=\"1\"\n                    data-row-index=\"3\"\n                    style=\"                    padding:10px;\n                    \"\n                    >\n                                                            <\/td>\n                                                <td class=\"wpdt-cell  wpdt-empty-cell \"\n                                            data-cell-id=\"C4\"\n                    data-col-index=\"2\"\n                    data-row-index=\"3\"\n                    style=\"                    padding:10px;\n                    \"\n                    >\n                                                            <\/td>\n                                                <td class=\"wpdt-cell  wpdt-empty-cell \"\n                                            data-cell-id=\"D4\"\n                    data-col-index=\"3\"\n                    data-row-index=\"3\"\n                    style=\"                    padding:10px;\n                    \"\n                    >\n                                                            <\/td>\n                                        <\/tr>\n                            <tr class=\"wpdt-cell-row \" >\n                                <td class=\"wpdt-cell wpdt-align-justify\"\n                                            data-cell-id=\"A5\"\n                    data-col-index=\"0\"\n                    data-row-index=\"4\"\n                    style=\"                    padding:10px;\n                    \"\n                    >\n                                        2.1-2.2 Directorio y distributivo personal de la entidad                    <\/td>\n                                                <td class=\"wpdt-cell \"\n                                            data-cell-id=\"B5\"\n                    data-col-index=\"1\"\n                    data-row-index=\"4\"\n                    style=\"                    padding:10px;\n                    \"\n                    >\n                                        <a data-media-content=\"wpdt-media-content\" href=\"https:\/\/www.salcedo.gob.ec\/wp-content\/uploads\/2024\/04\/2_1-2_2-directorio-y-distributivo-personal-de-la-entidad-M.csv\">DATOS<\/a>                    <\/td>\n                                                <td class=\"wpdt-cell \"\n                                            data-cell-id=\"C5\"\n                    data-col-index=\"2\"\n                    data-row-index=\"4\"\n                    style=\"                    padding:10px;\n                    \"\n                    >\n                                        <a data-media-content=\"wpdt-media-content\" href=\"https:\/\/www.salcedo.gob.ec\/wp-content\/uploads\/2024\/04\/2_1-2_2-directorio-y-distributivo-personal-de-la-entidad-M-1.csv\">METADATOS<\/a>                    <\/td>\n                                                <td class=\"wpdt-cell \"\n                                            data-cell-id=\"D5\"\n                    data-col-index=\"3\"\n                    data-row-index=\"4\"\n                    style=\"                    padding:10px;\n                    \"\n                    >\n                                        <a data-media-content=\"wpdt-media-content\" href=\"https:\/\/www.salcedo.gob.ec\/wp-content\/uploads\/2024\/04\/2_1-2_2-directorio-y-distributivo-personal-de-la-entidad.csv\">DICCIONARIO<\/a>                    <\/td>\n                                        <\/tr>\n                            <tr class=\"wpdt-cell-row \" >\n                                <td class=\"wpdt-cell wpdt-align-justify\"\n                                            data-cell-id=\"A6\"\n                    data-col-index=\"0\"\n                    data-row-index=\"5\"\n                    style=\"                    padding:10px;\n                    \"\n                    >\n                                        3. Remuneraciones ingreso adicionales                    <\/td>\n                                                <td class=\"wpdt-cell \"\n                                            data-cell-id=\"B6\"\n                    data-col-index=\"1\"\n                    data-row-index=\"5\"\n                    style=\"                    padding:10px;\n                    \"\n                    >\n                                        <a data-media-content=\"wpdt-media-content\" href=\"https:\/\/www.salcedo.gob.ec\/wp-content\/uploads\/2024\/04\/3.-REMUNERACIONES-INGRESOS-ADICIONALES_MARZO-2024.csv\">DATOS<\/a>                    <\/td>\n                                                <td class=\"wpdt-cell \"\n                                            data-cell-id=\"C6\"\n                    data-col-index=\"2\"\n                    data-row-index=\"5\"\n                    style=\"                    padding:10px;\n                    \"\n                    >\n                                        <a data-media-content=\"wpdt-media-content\" href=\"https:\/\/www.salcedo.gob.ec\/wp-content\/uploads\/2024\/04\/3.-REMUNERACIONES-INGRESOS-ADICIONALES_MARZO-2024-1.csv\">METADATOS<\/a>                    <\/td>\n                                                <td class=\"wpdt-cell \"\n                                            data-cell-id=\"D6\"\n                    data-col-index=\"3\"\n                    data-row-index=\"5\"\n                    style=\"                    padding:10px;\n                    \"\n                    >\n                                        <a data-media-content=\"wpdt-media-content\" href=\"https:\/\/www.salcedo.gob.ec\/wp-content\/uploads\/2024\/04\/3-remuneraciones-ingresos-adicionales.csv\">DICCIONARIO<\/a>                    <\/td>\n                                        <\/tr>\n                            <tr class=\"wpdt-cell-row \" >\n                                <td class=\"wpdt-cell wpdt-align-justify\"\n                                            data-cell-id=\"A7\"\n                    data-col-index=\"0\"\n                    data-row-index=\"6\"\n                    style=\"                    padding:10px;\n                    \"\n                    >\n                                        4 Detalle licencia comisiones                    <\/td>\n                                                <td class=\"wpdt-cell \"\n                                            data-cell-id=\"B7\"\n                    data-col-index=\"1\"\n                    data-row-index=\"6\"\n                    style=\"                    padding:10px;\n                    \"\n                    >\n                                        <a data-media-content=\"wpdt-media-content\" href=\"https:\/\/www.salcedo.gob.ec\/wp-content\/uploads\/2024\/04\/4-LICENCIAS-COMISIONES-MARZO-2024.csv\">DATOS<\/a>                    <\/td>\n                                                <td class=\"wpdt-cell \"\n                                            data-cell-id=\"C7\"\n                    data-col-index=\"2\"\n                    data-row-index=\"6\"\n                    style=\"                    padding:10px;\n                    \"\n                    >\n                                        <a data-media-content=\"wpdt-media-content\" href=\"https:\/\/www.salcedo.gob.ec\/wp-content\/uploads\/2024\/04\/4-LICENCIAS-COMISIONES-MARZO-2024-1.csv\">METADATOS<\/a>                    <\/td>\n                                                <td class=\"wpdt-cell \"\n                                            data-cell-id=\"D7\"\n                    data-col-index=\"3\"\n                    data-row-index=\"6\"\n                    style=\"                    padding:10px;\n                    \"\n                    >\n                                        <a data-media-content=\"wpdt-media-content\" href=\"https:\/\/www.salcedo.gob.ec\/wp-content\/uploads\/2024\/04\/4-detalle-licencia-comisiones.csv\">DICCIONARIO<\/a>                    <\/td>\n                                        <\/tr>\n                            <tr class=\"wpdt-cell-row \" >\n                                <td class=\"wpdt-cell wpdt-align-justify\"\n                                            data-cell-id=\"A8\"\n                    data-col-index=\"0\"\n                    data-row-index=\"7\"\n                    style=\"                    padding:10px;\n                    \"\n                    >\n                                        5.22 Servicios formularios formatos tramites                    <\/td>\n                                                <td class=\"wpdt-cell  wpdt-empty-cell \"\n                                            data-cell-id=\"B8\"\n                    data-col-index=\"1\"\n                    data-row-index=\"7\"\n                    style=\"                    padding:10px;\n                    \"\n                    >\n                                                            <\/td>\n                                                <td class=\"wpdt-cell  wpdt-empty-cell \"\n                                            data-cell-id=\"C8\"\n                    data-col-index=\"2\"\n                    data-row-index=\"7\"\n                    style=\"                    padding:10px;\n                    \"\n                    >\n                                                            <\/td>\n                                                <td class=\"wpdt-cell  wpdt-empty-cell \"\n                                            data-cell-id=\"D8\"\n                    data-col-index=\"3\"\n                    data-row-index=\"7\"\n                    style=\"                    padding:10px;\n                    \"\n                    >\n                                                            <\/td>\n                                        <\/tr>\n                            <tr class=\"wpdt-cell-row \" >\n                                <td class=\"wpdt-cell wpdt-align-justify\"\n                                            data-cell-id=\"A9\"\n                    data-col-index=\"0\"\n                    data-row-index=\"8\"\n                    style=\"                    padding:10px;\n                    \"\n                    >\n                                        6. Presupuesto de la institucion                    <\/td>\n                                                <td class=\"wpdt-cell \"\n                                            data-cell-id=\"B9\"\n                    data-col-index=\"1\"\n                    data-row-index=\"8\"\n                    style=\"                    padding:10px;\n                    \"\n                    >\n                                        <a data-media-content=\"wpdt-media-content\" href=\"https:\/\/www.salcedo.gob.ec\/wp-content\/uploads\/2024\/04\/6-presupuesto-de-la-institucion.csv\">DATOS<\/a>                    <\/td>\n                                                <td class=\"wpdt-cell \"\n                                            data-cell-id=\"C9\"\n                    data-col-index=\"2\"\n                    data-row-index=\"8\"\n                    style=\"                    padding:10px;\n                    \"\n                    >\n                                        <a data-media-content=\"wpdt-media-content\" href=\"https:\/\/www.salcedo.gob.ec\/wp-content\/uploads\/2024\/04\/6-presupuesto-de-la-institucion-1.csv\">METADATOS<\/a>                    <\/td>\n                                                <td class=\"wpdt-cell \"\n                                            data-cell-id=\"D9\"\n                    data-col-index=\"3\"\n                    data-row-index=\"8\"\n                    style=\"                    padding:10px;\n                    \"\n                    >\n                                        <a data-media-content=\"wpdt-media-content\" href=\"https:\/\/www.salcedo.gob.ec\/wp-content\/uploads\/2024\/04\/6-presupuesto-de-la-institucion-2.csv\">DICCIONARIO<\/a>                    <\/td>\n                                        <\/tr>\n                            <tr class=\"wpdt-cell-row \" >\n                                <td class=\"wpdt-cell wpdt-align-justify\"\n                                            data-cell-id=\"A10\"\n                    data-col-index=\"0\"\n                    data-row-index=\"9\"\n                    style=\"                    padding:10px;\n                    \"\n                    >\n                                        7. Resultados de las auditorias internas y gubernamentales                    <\/td>\n                                                <td class=\"wpdt-cell \"\n                                            data-cell-id=\"B10\"\n                    data-col-index=\"1\"\n                    data-row-index=\"9\"\n                    style=\"                    padding:10px;\n                    \"\n                    >\n                                        <a data-media-content=\"wpdt-media-content\" href=\"https:\/\/www.salcedo.gob.ec\/wp-content\/uploads\/2024\/04\/7-resultados-de-las-auditorias-internas-y-gubernamentales-marzo-2024.csv\">DATOS<\/a>                    <\/td>\n                                                <td class=\"wpdt-cell \"\n                                            data-cell-id=\"C10\"\n                    data-col-index=\"2\"\n                    data-row-index=\"9\"\n                    style=\"                    padding:10px;\n                    \"\n                    >\n                                        <a data-media-content=\"wpdt-media-content\" href=\"https:\/\/www.salcedo.gob.ec\/wp-content\/uploads\/2024\/04\/7-resultados-de-las-auditorias-internas-y-gubernamentales-marzo-2024.csv\">METADATOS<\/a>                    <\/td>\n                                                <td class=\"wpdt-cell \"\n                                            data-cell-id=\"D10\"\n                    data-col-index=\"3\"\n                    data-row-index=\"9\"\n                    style=\"                    padding:10px;\n                    \"\n                    >\n                                        <a data-media-content=\"wpdt-media-content\" href=\"https:\/\/www.salcedo.gob.ec\/wp-content\/uploads\/2024\/04\/7-resultados-de-las-auditorias-internas-y-gubernamentales.csv\">DICCIONARIO<\/a>                    <\/td>\n                                        <\/tr>\n                            <tr class=\"wpdt-cell-row \" >\n                                <td class=\"wpdt-cell wpdt-align-justify\"\n                                            data-cell-id=\"A11\"\n                    data-col-index=\"0\"\n                    data-row-index=\"10\"\n                    style=\"                    padding:10px;\n                    \"\n                    >\n                                        8. Procesos de contrataci\u00f3n publica                    <\/td>\n                                                <td class=\"wpdt-cell  wpdt-empty-cell \"\n                                            data-cell-id=\"B11\"\n                    data-col-index=\"1\"\n                    data-row-index=\"10\"\n                    style=\"                    padding:10px;\n                    \"\n                    >\n                                                            <\/td>\n                                                <td class=\"wpdt-cell  wpdt-empty-cell \"\n                                            data-cell-id=\"C11\"\n                    data-col-index=\"2\"\n                    data-row-index=\"10\"\n                    style=\"                    padding:10px;\n                    \"\n                    >\n                                                            <\/td>\n                                                <td class=\"wpdt-cell  wpdt-empty-cell \"\n                                            data-cell-id=\"D11\"\n                    data-col-index=\"3\"\n                    data-row-index=\"10\"\n                    style=\"                    padding:10px;\n                    \"\n                    >\n                                                            <\/td>\n                                        <\/tr>\n                            <tr class=\"wpdt-cell-row \" >\n                                <td class=\"wpdt-cell wpdt-align-justify\"\n                                            data-cell-id=\"A12\"\n                    data-col-index=\"0\"\n                    data-row-index=\"11\"\n                    style=\"                    padding:10px;\n                    \"\n                    >\n                                        9 Listado de empresas y personas que han incumplido contratos                    <\/td>\n                                                <td class=\"wpdt-cell \"\n                                            data-cell-id=\"B12\"\n                    data-col-index=\"1\"\n                    data-row-index=\"11\"\n                    style=\"                    padding:10px;\n                    \"\n                    >\n                                        <a data-media-content=\"wpdt-media-content\" href=\"https:\/\/www.salcedo.gob.ec\/wp-content\/uploads\/2024\/04\/9-listado-de-empresas-y-personas-que-han-incumplido-contratos-marzo2024-NA.csv\">DATOS<\/a>                    <\/td>\n                                                <td class=\"wpdt-cell \"\n                                            data-cell-id=\"C12\"\n                    data-col-index=\"2\"\n                    data-row-index=\"11\"\n                    style=\"                    padding:10px;\n                    \"\n                    >\n                                        <a data-media-content=\"wpdt-media-content\" href=\"https:\/\/www.salcedo.gob.ec\/wp-content\/uploads\/2024\/04\/9-listado-de-empresas-y-personas-que-han-incumplido-contratos-marzo2024-NA-1.csv\">METADATOS<\/a>                    <\/td>\n                                                <td class=\"wpdt-cell \"\n                                            data-cell-id=\"D12\"\n                    data-col-index=\"3\"\n                    data-row-index=\"11\"\n                    style=\"                    padding:10px;\n                    \"\n                    >\n                                        <a data-media-content=\"wpdt-media-content\" href=\"https:\/\/www.salcedo.gob.ec\/wp-content\/uploads\/2024\/04\/9-listado-de-empresas-y-personas-que-han-incumplido-contratos-feb2024.csv\">DICCIONARIO<\/a>                    <\/td>\n                                        <\/tr>\n                            <tr class=\"wpdt-cell-row \" >\n                                <td class=\"wpdt-cell wpdt-align-justify\"\n                                            data-cell-id=\"A13\"\n                    data-col-index=\"0\"\n                    data-row-index=\"12\"\n                    style=\"                    padding:10px;\n                    \"\n                    >\n                                        10. Planes y programas                    <\/td>\n                                                <td class=\"wpdt-cell \"\n                                            data-cell-id=\"B13\"\n                    data-col-index=\"1\"\n                    data-row-index=\"12\"\n                    style=\"                    padding:10px;\n                    \"\n                    >\n                                        <a data-media-content=\"wpdt-media-content\" href=\"https:\/\/www.salcedo.gob.ec\/wp-content\/uploads\/2024\/04\/10-planes-y-programas-2024.csv\">DATOS<\/a>                    <\/td>\n                                                <td class=\"wpdt-cell \"\n                                            data-cell-id=\"C13\"\n                    data-col-index=\"2\"\n                    data-row-index=\"12\"\n                    style=\"                    padding:10px;\n                    \"\n                    >\n                                        <a data-media-content=\"wpdt-media-content\" href=\"https:\/\/www.salcedo.gob.ec\/wp-content\/uploads\/2024\/04\/10-planes-y-programas-2024-1.csv\">METADATOS<\/a>                    <\/td>\n                                                <td class=\"wpdt-cell \"\n                                            data-cell-id=\"D13\"\n                    data-col-index=\"3\"\n                    data-row-index=\"12\"\n                    style=\"                    padding:10px;\n                    \"\n                    >\n                                        <a data-media-content=\"wpdt-media-content\" href=\"https:\/\/www.salcedo.gob.ec\/wp-content\/uploads\/2024\/04\/10-planes-y-programas-2024-2.csv\">DICCIONARIO<\/a>                    <\/td>\n                                        <\/tr>\n                            <tr class=\"wpdt-cell-row \" >\n                                <td class=\"wpdt-cell wpdt-align-justify\"\n                                            data-cell-id=\"A14\"\n                    data-col-index=\"0\"\n                    data-row-index=\"13\"\n                    style=\"                    padding:10px;\n                    \"\n                    >\n                                        11. Contratos de cr\u00e9dito externos ointernos                    <\/td>\n                                                <td class=\"wpdt-cell \"\n                                            data-cell-id=\"B14\"\n                    data-col-index=\"1\"\n                    data-row-index=\"13\"\n                    style=\"                    padding:10px;\n                    \"\n                    >\n                                        <a data-media-content=\"wpdt-media-content\" href=\"https:\/\/www.salcedo.gob.ec\/wp-content\/uploads\/2024\/04\/11-contratos-de-credito-externos-o-internos-marzo-2024-NA.csv\">DATOS<\/a>                    <\/td>\n                                                <td class=\"wpdt-cell \"\n                                            data-cell-id=\"C14\"\n                    data-col-index=\"2\"\n                    data-row-index=\"13\"\n                    style=\"                    padding:10px;\n                    \"\n                    >\n                                        <a data-media-content=\"wpdt-media-content\" href=\"https:\/\/www.salcedo.gob.ec\/wp-content\/uploads\/2024\/04\/11-contratos-de-credito-externos-o-internos-marzo-2024-NA-1.csv\">METADATOS<\/a>                    <\/td>\n                                                <td class=\"wpdt-cell \"\n                                            data-cell-id=\"D14\"\n                    data-col-index=\"3\"\n                    data-row-index=\"13\"\n                    style=\"                    padding:10px;\n                    \"\n                    >\n                                        <a data-media-content=\"wpdt-media-content\" href=\"https:\/\/www.salcedo.gob.ec\/wp-content\/uploads\/2024\/04\/11-contratos-de-credito-externos-o-internos-febrero2024-NA.csv\">DICCIONARIO<\/a>                    <\/td>\n                                        <\/tr>\n                            <tr class=\"wpdt-cell-row \" >\n                                <td class=\"wpdt-cell wpdt-align-justify\"\n                                            data-cell-id=\"A15\"\n                    data-col-index=\"0\"\n                    data-row-index=\"14\"\n                    style=\"                    padding:10px;\n                    \"\n                    >\n                                        12. Mecanismos rendici\u00f3n cuentas                    <\/td>\n                                                <td class=\"wpdt-cell \"\n                                            data-cell-id=\"B15\"\n                    data-col-index=\"1\"\n                    data-row-index=\"14\"\n                    style=\"                    padding:10px;\n                    \"\n                    >\n                                        <a data-media-content=\"wpdt-media-content\" href=\"https:\/\/www.salcedo.gob.ec\/wp-content\/uploads\/2024\/04\/12-mecanismos-rendicion-cuentas-2024.csv\">DATOS<\/a>                    <\/td>\n                                                <td class=\"wpdt-cell \"\n                                            data-cell-id=\"C15\"\n                    data-col-index=\"2\"\n                    data-row-index=\"14\"\n                    style=\"                    padding:10px;\n                    \"\n                    >\n                                        <a data-media-content=\"wpdt-media-content\" href=\"https:\/\/www.salcedo.gob.ec\/wp-content\/uploads\/2024\/04\/12-mecanismos-rendicion-cuentas-2024-1.csv\">METADATOS<\/a>                    <\/td>\n                                                <td class=\"wpdt-cell \"\n                                            data-cell-id=\"D15\"\n                    data-col-index=\"3\"\n                    data-row-index=\"14\"\n                    style=\"                    padding:10px;\n                    \"\n                    >\n                                        <a data-media-content=\"wpdt-media-content\" href=\"https:\/\/www.salcedo.gob.ec\/wp-content\/uploads\/2024\/04\/12-mecanismos-rendicion-cuentas-Feb-2024.csv\">DICCIONARIO<\/a>                    <\/td>\n                                        <\/tr>\n                            <tr class=\"wpdt-cell-row \" >\n                                <td class=\"wpdt-cell wpdt-align-justify\"\n                                            data-cell-id=\"A16\"\n                    data-col-index=\"0\"\n                    data-row-index=\"15\"\n                    style=\"                    padding:10px;\n                    \"\n                    >\n                                        13. Vi\u00e1ticos informes de trabajo y justificativos de movilizacion                    <\/td>\n                                                <td class=\"wpdt-cell \"\n                                            data-cell-id=\"B16\"\n                    data-col-index=\"1\"\n                    data-row-index=\"15\"\n                    style=\"                    padding:10px;\n                    \"\n                    >\n                                        <a data-media-content=\"wpdt-media-content\" href=\"https:\/\/www.salcedo.gob.ec\/wp-content\/uploads\/2024\/04\/13.-VIATICOS-MAR-20242.csv\">DATOS<\/a>                    <\/td>\n                                                <td class=\"wpdt-cell \"\n                                            data-cell-id=\"C16\"\n                    data-col-index=\"2\"\n                    data-row-index=\"15\"\n                    style=\"                    padding:10px;\n                    \"\n                    >\n                                        <a data-media-content=\"wpdt-media-content\" href=\"https:\/\/www.salcedo.gob.ec\/wp-content\/uploads\/2024\/04\/13.-VIATICOS-MAR-20242.csv\">METADATOS<\/a>                    <\/td>\n                                                <td class=\"wpdt-cell \"\n                                            data-cell-id=\"D16\"\n                    data-col-index=\"3\"\n                    data-row-index=\"15\"\n                    style=\"                    padding:10px;\n                    \"\n                    >\n                                        <a data-media-content=\"wpdt-media-content\" href=\"https:\/\/www.salcedo.gob.ec\/wp-content\/uploads\/2024\/04\/13.-VIATICOS-MAR-20243.csv\">DICCIONARIO<\/a>                    <\/td>\n                                        <\/tr>\n                            <tr class=\"wpdt-cell-row \" >\n                                <td class=\"wpdt-cell wpdt-align-justify\"\n                                            data-cell-id=\"A17\"\n                    data-col-index=\"0\"\n                    data-row-index=\"16\"\n                    style=\"                    padding:10px;\n                    \"\n                    >\n                                        14. Responsables del acceso de informaci\u00f3n publica                    <\/td>\n                                                <td class=\"wpdt-cell \"\n                                            data-cell-id=\"B17\"\n                    data-col-index=\"1\"\n                    data-row-index=\"16\"\n                    style=\"                    padding:10px;\n                    \"\n                    >\n                                        <a data-media-content=\"wpdt-media-content\" href=\"https:\/\/www.salcedo.gob.ec\/wp-content\/uploads\/2024\/04\/14-responsables-del-acceso-de-informacion-publica.csv\">DATOS<\/a>                    <\/td>\n                                                <td class=\"wpdt-cell \"\n                                            data-cell-id=\"C17\"\n                    data-col-index=\"2\"\n                    data-row-index=\"16\"\n                    style=\"                    padding:10px;\n                    \"\n                    >\n                                        <a data-media-content=\"wpdt-media-content\" href=\"https:\/\/www.salcedo.gob.ec\/wp-content\/uploads\/2024\/04\/14-responsables-del-acceso-de-informacion-publica-1.csv\">METADATOS<\/a>                    <\/td>\n                                                <td class=\"wpdt-cell \"\n                                            data-cell-id=\"D17\"\n                    data-col-index=\"3\"\n                    data-row-index=\"16\"\n                    style=\"                    padding:10px;\n                    \"\n                    >\n                                        <a data-media-content=\"wpdt-media-content\" href=\"https:\/\/www.salcedo.gob.ec\/wp-content\/uploads\/2024\/04\/14-responsables-del-acceso-de-informacion-publica-2.csv\">DICCIONARIO<\/a>                    <\/td>\n                                        <\/tr>\n                            <tr class=\"wpdt-cell-row \" >\n                                <td class=\"wpdt-cell wpdt-align-justify\"\n                                            data-cell-id=\"A18\"\n                    data-col-index=\"0\"\n                    data-row-index=\"17\"\n                    style=\"                    padding:10px;\n                    \"\n                    >\n                                        15. Texto integro de los contratos colectivos vigentes y reformas                    <\/td>\n                                                <td class=\"wpdt-cell \"\n                                            data-cell-id=\"B18\"\n                    data-col-index=\"1\"\n                    data-row-index=\"17\"\n                    style=\"                    padding:10px;\n                    \"\n                    >\n                                        <a data-media-content=\"wpdt-media-content\" href=\"https:\/\/www.salcedo.gob.ec\/wp-content\/uploads\/2024\/04\/15-texto-integro-de-los-contratos-colectivos-vigentes-y-reformas-marzo-2024.csv\">DATOS<\/a>                    <\/td>\n                                                <td class=\"wpdt-cell \"\n                                            data-cell-id=\"C18\"\n                    data-col-index=\"2\"\n                    data-row-index=\"17\"\n                    style=\"                    padding:10px;\n                    \"\n                    >\n                                        <a data-media-content=\"wpdt-media-content\" href=\"https:\/\/www.salcedo.gob.ec\/wp-content\/uploads\/2024\/04\/15-texto-integro-de-los-contratos-colectivos-vigentes-y-reformas-marzo-2024-1.csv\">METADATOS<\/a>                    <\/td>\n                                                <td class=\"wpdt-cell \"\n                                            data-cell-id=\"D18\"\n                    data-col-index=\"3\"\n                    data-row-index=\"17\"\n                    style=\"                    padding:10px;\n                    \"\n                    >\n                                        <a data-media-content=\"wpdt-media-content\" href=\"https:\/\/www.salcedo.gob.ec\/wp-content\/uploads\/2024\/04\/15-texto-integro-de-los-contratos-colectivos-vigentes-y-reformas-feb2024.csv\">DICCIONARIO<\/a>                    <\/td>\n                                        <\/tr>\n                            <tr class=\"wpdt-cell-row \" >\n                                <td class=\"wpdt-cell wpdt-align-justify\"\n                                            data-cell-id=\"A19\"\n                    data-col-index=\"0\"\n                    data-row-index=\"18\"\n                    style=\"                    padding:10px;\n                    \"\n                    >\n                                        16. Indice informaci\u00f3n reservada                    <\/td>\n                                                <td class=\"wpdt-cell \"\n                                            data-cell-id=\"B19\"\n                    data-col-index=\"1\"\n                    data-row-index=\"18\"\n                    style=\"                    padding:10px;\n                    \"\n                    >\n                                        <a data-media-content=\"wpdt-media-content\" href=\"https:\/\/www.salcedo.gob.ec\/wp-content\/uploads\/2024\/04\/16-indice-informacion-reservada.csv\">DATOS<\/a>                    <\/td>\n                                                <td class=\"wpdt-cell \"\n                                            data-cell-id=\"C19\"\n                    data-col-index=\"2\"\n                    data-row-index=\"18\"\n                    style=\"                    padding:10px;\n                    \"\n                    >\n                                        <a data-media-content=\"wpdt-media-content\" href=\"https:\/\/www.salcedo.gob.ec\/wp-content\/uploads\/2024\/04\/16-indice-informacion-reservada-1.csv\">METADATOS<\/a>                    <\/td>\n                                                <td class=\"wpdt-cell \"\n                                            data-cell-id=\"D19\"\n                    data-col-index=\"3\"\n                    data-row-index=\"18\"\n                    style=\"                    padding:10px;\n                    \"\n                    >\n                                        <a data-media-content=\"wpdt-media-content\" href=\"https:\/\/www.salcedo.gob.ec\/wp-content\/uploads\/2024\/04\/16-indice-informacion-reservada-2.csv\">DICCIONARIO<\/a>                    <\/td>\n                                        <\/tr>\n                            <tr class=\"wpdt-cell-row \" >\n                                <td class=\"wpdt-cell wpdt-align-justify\"\n                                            data-cell-id=\"A20\"\n                    data-col-index=\"0\"\n                    data-row-index=\"19\"\n                    style=\"                    padding:10px;\n                    \"\n                    >\n                                        17. Audiencias y reuniones autoridades                    <\/td>\n                                                <td class=\"wpdt-cell \"\n                                            data-cell-id=\"B20\"\n                    data-col-index=\"1\"\n                    data-row-index=\"19\"\n                    style=\"                    padding:10px;\n                    \"\n                    >\n                                        <a data-media-content=\"wpdt-media-content\" href=\"https:\/\/www.salcedo.gob.ec\/wp-content\/uploads\/2024\/04\/17-audiencias-y-reuniones-autoridades_marzo2024.csv\">DATOS<\/a>                    <\/td>\n                                                <td class=\"wpdt-cell \"\n                                            data-cell-id=\"C20\"\n                    data-col-index=\"2\"\n                    data-row-index=\"19\"\n                    style=\"                    padding:10px;\n                    \"\n                    >\n                                        <a data-media-content=\"wpdt-media-content\" href=\"https:\/\/www.salcedo.gob.ec\/wp-content\/uploads\/2024\/04\/17-audiencias-y-reuniones-autoridades_marzo2024-2.csv\">METADATOS<\/a>                    <\/td>\n                                                <td class=\"wpdt-cell \"\n                                            data-cell-id=\"D20\"\n                    data-col-index=\"3\"\n                    data-row-index=\"19\"\n                    style=\"                    padding:10px;\n                    \"\n                    >\n                                        <a data-media-content=\"wpdt-media-content\" href=\"https:\/\/www.salcedo.gob.ec\/wp-content\/uploads\/2024\/04\/17-audiencias-y-reuniones-autoridades_marzo2024-1.csv\">1DICCIONARIO<\/a>                    <\/td>\n                                        <\/tr>\n                            <tr class=\"wpdt-cell-row \" >\n                                <td class=\"wpdt-cell wpdt-align-justify\"\n                                            data-cell-id=\"A21\"\n                    data-col-index=\"0\"\n                    data-row-index=\"20\"\n                    style=\"                    padding:10px;\n                    \"\n                    >\n                                        18. Detalle de convenios nacionales e internacionales                    <\/td>\n                                                <td class=\"wpdt-cell \"\n                                            data-cell-id=\"B21\"\n                    data-col-index=\"1\"\n                    data-row-index=\"20\"\n                    style=\"                    padding:10px;\n                    \"\n                    >\n                                        <a data-media-content=\"wpdt-media-content\" href=\"https:\/\/www.salcedo.gob.ec\/wp-content\/uploads\/2024\/04\/18-detalle-de-convenios-nacionales-e-internacionales-marzo-2024.csv\">DATOS<\/a>                    <\/td>\n                                                <td class=\"wpdt-cell \"\n                                            data-cell-id=\"C21\"\n                    data-col-index=\"2\"\n                    data-row-index=\"20\"\n                    style=\"                    padding:10px;\n                    \"\n                    >\n                                        <a data-media-content=\"wpdt-media-content\" href=\"https:\/\/www.salcedo.gob.ec\/wp-content\/uploads\/2024\/04\/18-detalle-de-convenios-nacionales-e-internacionales-marzo-2024-1.csv\">METADATOS<\/a>                    <\/td>\n                                                <td class=\"wpdt-cell \"\n                                            data-cell-id=\"D21\"\n                    data-col-index=\"3\"\n                    data-row-index=\"20\"\n                    style=\"                    padding:10px;\n                    \"\n                    >\n                                        <a data-media-content=\"wpdt-media-content\" href=\"https:\/\/www.salcedo.gob.ec\/wp-content\/uploads\/2024\/04\/18-detalle-de-convenios-nacionales-e-internacionales-Febrero2024.csv\">DICCIONARIO<\/a>                    <\/td>\n                                        <\/tr>\n                            <tr class=\"wpdt-cell-row \" >\n                                <td class=\"wpdt-cell wpdt-align-justify\"\n                                            data-cell-id=\"A22\"\n                    data-col-index=\"0\"\n                    data-row-index=\"21\"\n                    style=\"                    padding:10px;\n                    \"\n                    >\n                                        19. Detalle donativos oficiales y protocolares                    <\/td>\n                                                <td class=\"wpdt-cell \"\n                                            data-cell-id=\"B22\"\n                    data-col-index=\"1\"\n                    data-row-index=\"21\"\n                    style=\"                    padding:10px;\n                    \"\n                    >\n                                        <a data-media-content=\"wpdt-media-content\" href=\"https:\/\/www.salcedo.gob.ec\/wp-content\/uploads\/2024\/04\/19-detalle-donativos-oficiales-y-protocolares.csv\">DATOS<\/a>                    <\/td>\n                                                <td class=\"wpdt-cell \"\n                                            data-cell-id=\"C22\"\n                    data-col-index=\"2\"\n                    data-row-index=\"21\"\n                    style=\"                    padding:10px;\n                    \"\n                    >\n                                        <a data-media-content=\"wpdt-media-content\" href=\"https:\/\/www.salcedo.gob.ec\/wp-content\/uploads\/2024\/04\/19-detalle-donativos-oficiales-y-protocolares-1.csv\">METADATOS<\/a>                    <\/td>\n                                                <td class=\"wpdt-cell \"\n                                            data-cell-id=\"D22\"\n                    data-col-index=\"3\"\n                    data-row-index=\"21\"\n                    style=\"                    padding:10px;\n                    \"\n                    >\n                                        <a data-media-content=\"wpdt-media-content\" href=\"https:\/\/www.salcedo.gob.ec\/wp-content\/uploads\/2024\/04\/19-detalle-donativos-oficiales-y-protocolares-2.csv\">DICCIONARIO<\/a>                    <\/td>\n                                        <\/tr>\n                            <tr class=\"wpdt-cell-row \" >\n                                <td class=\"wpdt-cell wpdt-align-justify\"\n                                            data-cell-id=\"A23\"\n                    data-col-index=\"0\"\n                    data-row-index=\"22\"\n                    style=\"                    padding:10px;\n                    \"\n                    >\n                                        20. Registro de activos de informaci\u00f3n frecuente y complementaria                    <\/td>\n                                                <td class=\"wpdt-cell \"\n                                            data-cell-id=\"B23\"\n                    data-col-index=\"1\"\n                    data-row-index=\"22\"\n                    style=\"                    padding:10px;\n                    \"\n                    >\n                                        <a data-media-content=\"wpdt-media-content\" href=\"https:\/\/www.salcedo.gob.ec\/wp-content\/uploads\/2024\/04\/20-registro-de-activos-de-informacion-frecuente-y-complementaria-1.csv\">DATOS<\/a>                    <\/td>\n                                                <td class=\"wpdt-cell \"\n                                            data-cell-id=\"C23\"\n                    data-col-index=\"2\"\n                    data-row-index=\"22\"\n                    style=\"                    padding:10px;\n                    \"\n                    >\n                                        <a data-media-content=\"wpdt-media-content\" href=\"https:\/\/www.salcedo.gob.ec\/wp-content\/uploads\/2024\/04\/20-registro-de-activos-de-informacion-frecuente-y-complementaria-1-1.csv\">METADATOS<\/a>                    <\/td>\n                                                <td class=\"wpdt-cell \"\n                                            data-cell-id=\"D23\"\n                    data-col-index=\"3\"\n                    data-row-index=\"22\"\n                    style=\"                    padding:10px;\n                    \"\n                    >\n                                        <a data-media-content=\"wpdt-media-content\" href=\"https:\/\/www.salcedo.gob.ec\/wp-content\/uploads\/2024\/04\/20-registro-de-activos-de-informacion-frecuente-y-complementaria.csv\">DICCIONARIO<\/a>                    <\/td>\n                                        <\/tr>\n                            <tr class=\"wpdt-cell-row \" >\n                                <td class=\"wpdt-cell wpdt-align-justify\"\n                                            data-cell-id=\"A24\"\n                    data-col-index=\"0\"\n                    data-row-index=\"23\"\n                    style=\"                    padding:10px;\n                    \"\n                    >\n                                        21. Pol\u00edticas publicas o informaci\u00f3n grupo especifico                    <\/td>\n                                                <td class=\"wpdt-cell \"\n                                            data-cell-id=\"B24\"\n                    data-col-index=\"1\"\n                    data-row-index=\"23\"\n                    style=\"                    padding:10px;\n                    \"\n                    >\n                                        <a data-media-content=\"wpdt-media-content\" href=\"https:\/\/www.salcedo.gob.ec\/wp-content\/uploads\/2024\/04\/21-politicas-publicas-o-informacion-grupo-especifico.csv\">DATOS<\/a>                    <\/td>\n                                                <td class=\"wpdt-cell \"\n                                            data-cell-id=\"C24\"\n                    data-col-index=\"2\"\n                    data-row-index=\"23\"\n                    style=\"                    padding:10px;\n                    \"\n                    >\n                                        <a data-media-content=\"wpdt-media-content\" href=\"https:\/\/www.salcedo.gob.ec\/wp-content\/uploads\/2024\/04\/21-politicas-publicas-o-informacion-grupo-especifico-1.csv\">METADATOS<\/a>                    <\/td>\n                                                <td class=\"wpdt-cell \"\n                                            data-cell-id=\"D24\"\n                    data-col-index=\"3\"\n                    data-row-index=\"23\"\n                    style=\"                    padding:10px;\n                    \"\n                    >\n                                        <a data-media-content=\"wpdt-media-content\" href=\"https:\/\/www.salcedo.gob.ec\/wp-content\/uploads\/2024\/04\/21-politicas-publicas-o-informacion-grupo-especifico-2.csv\">DICCIONARIO<\/a>                    <\/td>\n                                        <\/tr>\n                            <tr class=\"wpdt-cell-row \" >\n                                <td class=\"wpdt-cell wpdt-align-justify\"\n                                            data-cell-id=\"A25\"\n                    data-col-index=\"0\"\n                    data-row-index=\"24\"\n                    style=\"                    padding:10px;\n                    \"\n                    >\n                                        23. Detalle personas servidoras publicas con acciones afirmativas                    <\/td>\n                                                <td class=\"wpdt-cell \"\n                                            data-cell-id=\"B25\"\n                    data-col-index=\"1\"\n                    data-row-index=\"24\"\n                    style=\"                    padding:10px;\n                    \"\n                    >\n                                        <a data-media-content=\"wpdt-media-content\" href=\"https:\/\/www.salcedo.gob.ec\/wp-content\/uploads\/2024\/04\/23-detalle-personas-servidoras-publicas-con-acciones-afirmativas.csv\">DATOS<\/a>                    <\/td>\n                                                <td class=\"wpdt-cell \"\n                                            data-cell-id=\"C25\"\n                    data-col-index=\"2\"\n                    data-row-index=\"24\"\n                    style=\"                    padding:10px;\n                    \"\n                    >\n                                        <a data-media-content=\"wpdt-media-content\" href=\"https:\/\/www.salcedo.gob.ec\/wp-content\/uploads\/2024\/04\/23-detalle-personas-servidoras-publicas-con-acciones-afirmativas-1.csv\">METADATOS<\/a>                    <\/td>\n                                                <td class=\"wpdt-cell \"\n                                            data-cell-id=\"D25\"\n                    data-col-index=\"3\"\n                    data-row-index=\"24\"\n                    style=\"                    padding:10px;\n                    \"\n                    >\n                                        <a data-media-content=\"wpdt-media-content\" href=\"https:\/\/www.salcedo.gob.ec\/wp-content\/uploads\/2024\/04\/23-detalle-personas-servidoras-publicas-con-acciones-afirmativas-2.csv\">DICCIONARIO<\/a>                    <\/td>\n                                        <\/tr>\n                            <tr class=\"wpdt-cell-row \" >\n                                <td class=\"wpdt-cell wpdt-align-justify\"\n                                            data-cell-id=\"A26\"\n                    data-col-index=\"0\"\n                    data-row-index=\"25\"\n                    style=\"                    padding:10px;\n                    \"\n                    >\n                                        24. informaci\u00f3n relevante para el ejercicio de derechos ods                    <\/td>\n                                                <td class=\"wpdt-cell \"\n                                            data-cell-id=\"B26\"\n                    data-col-index=\"1\"\n                    data-row-index=\"25\"\n                    style=\"                    padding:10px;\n                    \"\n                    >\n                                        <a data-media-content=\"wpdt-media-content\" href=\"https:\/\/www.salcedo.gob.ec\/wp-content\/uploads\/2024\/04\/24-informacion-relevante-para-el-ejercicio-de-derechos-ods.csv\">DATOS<\/a>                    <\/td>\n                                                <td class=\"wpdt-cell \"\n                                            data-cell-id=\"C26\"\n                    data-col-index=\"2\"\n                    data-row-index=\"25\"\n                    style=\"                    padding:10px;\n                    \"\n                    >\n                                        <a data-media-content=\"wpdt-media-content\" href=\"https:\/\/www.salcedo.gob.ec\/wp-content\/uploads\/2024\/04\/24-informacion-relevante-para-el-ejercicio-de-derechos-ods-1.csv\">METADATOS<\/a>                    <\/td>\n                                                <td class=\"wpdt-cell \"\n                                            data-cell-id=\"D26\"\n                    data-col-index=\"3\"\n                    data-row-index=\"25\"\n                    style=\"                    padding:10px;\n                    \"\n                    >\n                                        <a data-media-content=\"wpdt-media-content\" href=\"https:\/\/www.salcedo.gob.ec\/wp-content\/uploads\/2024\/04\/24-informacion-relevante-para-el-ejercicio-de-derechos-ods-2.csv\">DICCIONARIO<\/a>                    <\/td>\n                                        <\/tr>\n                    <\/table>\n<\/div><style id='wpdt-custom-style-5'>\n<\/style>\n\n\n\n\n\n\n    <h3 class=\"wpdt-c\"\n        id=\"wdt-table-title-11\">abril2024<\/h3>\n<div class=\"wpdt-c row wpDataTableContainerSimpleTable wpDataTables wpDataTablesWrapper\n\"\n    >\n        <table id=\"wpdtSimpleTable-11\"\n           style=\"border-collapse:collapse;\n                   border-spacing:0px;\"\n           class=\"wpdtSimpleTable wpDataTable\"\n           data-column=\"4\"\n           data-rows=\"26\"\n           data-wpID=\"11\"\n           data-responsive=\"0\"\n           data-has-header=\"0\">\n\n                    <tbody>        <tr class=\"wpdt-cell-row \" >\n                                <td class=\"wpdt-cell wpdt-bold\"\n                                            data-cell-id=\"A1\"\n                    data-col-index=\"0\"\n                    data-row-index=\"0\"\n                    style=\" width:48.717948717949%;                    padding:10px;\n                    \"\n                    >\n                                        Descripci\u00f3n                    <\/td>\n                                                <td class=\"wpdt-cell wpdt-bold\"\n                                            data-cell-id=\"B1\"\n                    data-col-index=\"1\"\n                    data-row-index=\"0\"\n                    style=\" width:17.094017094017%;                    padding:10px;\n                    \"\n                    >\n                                        Conjunto datos                    <\/td>\n                                                <td class=\"wpdt-cell wpdt-bold\"\n                                            data-cell-id=\"C1\"\n                    data-col-index=\"2\"\n                    data-row-index=\"0\"\n                    style=\" width:17.094017094017%;                    padding:10px;\n                    \"\n                    >\n                                        Metadatos                    <\/td>\n                                                <td class=\"wpdt-cell wpdt-bold\"\n                                            data-cell-id=\"D1\"\n                    data-col-index=\"3\"\n                    data-row-index=\"0\"\n                    style=\" width:17.094017094017%;                    padding:10px;\n                    \"\n                    >\n                                        Diccionario                    <\/td>\n                                        <\/tr>\n                            <tr class=\"wpdt-cell-row \" style=\"height:52px;\">\n                                <td class=\"wpdt-cell wpdt-align-left\"\n                                            data-cell-id=\"A2\"\n                    data-col-index=\"0\"\n                    data-row-index=\"1\"\n                    style=\"                    padding:10px;\n                    \"\n                    >\n                                        1.1. Estructura org\u00e1nica de la Instituci\u00f3n                    <\/td>\n                                                <td class=\"wpdt-cell wpdt-wrap-text\"\n                                            data-cell-id=\"B2\"\n                    data-col-index=\"1\"\n                    data-row-index=\"1\"\n                    style=\"                    padding:10px;\n                    \"\n                    >\n                                        <a data-media-content=\"wpdt-media-content\" href=\"https:\/\/www.salcedo.gob.ec\/wp-content\/uploads\/2024\/05\/1_1-estructura-organica-ABRIL.csv\">DATOS<\/a>                    <\/td>\n                                                <td class=\"wpdt-cell \"\n                                            data-cell-id=\"C2\"\n                    data-col-index=\"2\"\n                    data-row-index=\"1\"\n                    style=\"                    padding:10px;\n                    \"\n                    >\n                                        <a data-media-content=\"wpdt-media-content\" href=\"https:\/\/www.salcedo.gob.ec\/wp-content\/uploads\/2024\/06\/1_1-estructura-organica-ABRIL.csv\">METADATOS<\/a>                    <\/td>\n                                                <td class=\"wpdt-cell \"\n                                            data-cell-id=\"D2\"\n                    data-col-index=\"3\"\n                    data-row-index=\"1\"\n                    style=\"                    padding:10px;\n                    \"\n                    >\n                                        <a data-media-content=\"wpdt-media-content\" href=\"https:\/\/www.salcedo.gob.ec\/wp-content\/uploads\/2024\/03\/1_1-estructura-organica-FEB-2024-2.csv\">Diccionario<\/a>                    <\/td>\n                                        <\/tr>\n                            <tr class=\"wpdt-cell-row \" >\n                                <td class=\"wpdt-cell wpdt-align-left\"\n                                            data-cell-id=\"A3\"\n                    data-col-index=\"0\"\n                    data-row-index=\"2\"\n                    style=\"                    padding:10px;\n                    \"\n                    >\n                                        1.2 Base legal de la Instituci\u00f3n                    <\/td>\n                                                <td class=\"wpdt-cell \"\n                                            data-cell-id=\"B3\"\n                    data-col-index=\"1\"\n                    data-row-index=\"2\"\n                    style=\"                    padding:10px;\n                    \"\n                    >\n                                        <a data-media-content=\"wpdt-media-content\" href=\"https:\/\/www.salcedo.gob.ec\/wp-content\/uploads\/2024\/05\/1_2-1_3-base-regulaciones-ABRIL.csv\">DATOS<\/a>                    <\/td>\n                                                <td class=\"wpdt-cell \"\n                                            data-cell-id=\"C3\"\n                    data-col-index=\"2\"\n                    data-row-index=\"2\"\n                    style=\"                    padding:10px;\n                    \"\n                    >\n                                        <a data-media-content=\"wpdt-media-content\" href=\"https:\/\/www.salcedo.gob.ec\/wp-content\/uploads\/2024\/06\/1_2-1_3-base-regulaciones-ABRIL.csv\">METADATOS<\/a>                    <\/td>\n                                                <td class=\"wpdt-cell \"\n                                            data-cell-id=\"D3\"\n                    data-col-index=\"3\"\n                    data-row-index=\"2\"\n                    style=\"                    padding:10px;\n                    \"\n                    >\n                                        <a data-media-content=\"wpdt-media-content\" href=\"https:\/\/www.salcedo.gob.ec\/wp-content\/uploads\/2024\/03\/1_2-1_3-base-regulaciones-feb2024-3.csv\">Diccionario<\/a>                    <\/td>\n                                        <\/tr>\n                            <tr class=\"wpdt-cell-row \" >\n                                <td class=\"wpdt-cell wpdt-align-left\"\n                                            data-cell-id=\"A4\"\n                    data-col-index=\"0\"\n                    data-row-index=\"3\"\n                    style=\"                    padding:10px;\n                    \"\n                    >\n                                        1.4 Metas y objetivos unidades                    <\/td>\n                                                <td class=\"wpdt-cell  wpdt-empty-cell \"\n                                            data-cell-id=\"B4\"\n                    data-col-index=\"1\"\n                    data-row-index=\"3\"\n                    style=\"                    padding:10px;\n                    \"\n                    >\n                                                            <\/td>\n                                                <td class=\"wpdt-cell  wpdt-empty-cell \"\n                                            data-cell-id=\"C4\"\n                    data-col-index=\"2\"\n                    data-row-index=\"3\"\n                    style=\"                    padding:10px;\n                    \"\n                    >\n                                                            <\/td>\n                                                <td class=\"wpdt-cell \"\n                                            data-cell-id=\"D4\"\n                    data-col-index=\"3\"\n                    data-row-index=\"3\"\n                    style=\"                    padding:10px;\n                    \"\n                    >\n                                        <a data-media-content=\"wpdt-media-content\" href=\"https:\/\/www.salcedo.gob.ec\/wp-content\/uploads\/2024\/03\/1-4_metas-y-objetivos_unidades_-5.csv\">Diccionario<\/a>                    <\/td>\n                                        <\/tr>\n                            <tr class=\"wpdt-cell-row \" >\n                                <td class=\"wpdt-cell wpdt-align-left\"\n                                            data-cell-id=\"A5\"\n                    data-col-index=\"0\"\n                    data-row-index=\"4\"\n                    style=\"                    padding:10px;\n                    \"\n                    >\n                                        2.1-2.2 Directorio y distributivo personal de la entidad                    <\/td>\n                                                <td class=\"wpdt-cell \"\n                                            data-cell-id=\"B5\"\n                    data-col-index=\"1\"\n                    data-row-index=\"4\"\n                    style=\"                    padding:10px;\n                    \"\n                    >\n                                        <a data-media-content=\"wpdt-media-content\" href=\"https:\/\/www.salcedo.gob.ec\/wp-content\/uploads\/2024\/05\/2_1-2_2-DIRECTORIOS-ABRIL-2024-.csv\">DATOS<\/a>                    <\/td>\n                                                <td class=\"wpdt-cell \"\n                                            data-cell-id=\"C5\"\n                    data-col-index=\"2\"\n                    data-row-index=\"4\"\n                    style=\"                    padding:10px;\n                    \"\n                    >\n                                        <a data-media-content=\"wpdt-media-content\" href=\"https:\/\/www.salcedo.gob.ec\/wp-content\/uploads\/2024\/06\/2_1-2_2-DIRECTORIOS-ABRIL-2024-.csv\">METADATOS<\/a>                    <\/td>\n                                                <td class=\"wpdt-cell \"\n                                            data-cell-id=\"D5\"\n                    data-col-index=\"3\"\n                    data-row-index=\"4\"\n                    style=\"                    padding:10px;\n                    \"\n                    >\n                                        <a data-media-content=\"wpdt-media-content\" href=\"https:\/\/www.salcedo.gob.ec\/wp-content\/uploads\/2024\/03\/2_1-2_2-directorio-y-distributivo-personal-de-la-entidad-5.csv\">Diccionario<\/a>                    <\/td>\n                                        <\/tr>\n                            <tr class=\"wpdt-cell-row \" >\n                                <td class=\"wpdt-cell wpdt-align-left\"\n                                            data-cell-id=\"A6\"\n                    data-col-index=\"0\"\n                    data-row-index=\"5\"\n                    style=\"                    padding:10px;\n                    \"\n                    >\n                                        3 Remuneraciones ingresos adicionales                    <\/td>\n                                                <td class=\"wpdt-cell \"\n                                            data-cell-id=\"B6\"\n                    data-col-index=\"1\"\n                    data-row-index=\"5\"\n                    style=\"                    padding:10px;\n                    \"\n                    >\n                                        <a data-media-content=\"wpdt-media-content\" href=\"https:\/\/www.salcedo.gob.ec\/wp-content\/uploads\/2024\/05\/3-REMUNERACIONES-INGRESOS-ADICIONALES_ABRIL-2024.csv\">DATOS<\/a>                    <\/td>\n                                                <td class=\"wpdt-cell \"\n                                            data-cell-id=\"C6\"\n                    data-col-index=\"2\"\n                    data-row-index=\"5\"\n                    style=\"                    padding:10px;\n                    \"\n                    >\n                                        <a data-media-content=\"wpdt-media-content\" href=\"https:\/\/www.salcedo.gob.ec\/wp-content\/uploads\/2024\/06\/3-REMUNERACIONES-INGRESOS-ADICIONALES_ABRIL-2024.csv\">METADATOS<\/a>                    <\/td>\n                                                <td class=\"wpdt-cell \"\n                                            data-cell-id=\"D6\"\n                    data-col-index=\"3\"\n                    data-row-index=\"5\"\n                    style=\"                    padding:10px;\n                    \"\n                    >\n                                        <a data-media-content=\"wpdt-media-content\" href=\"https:\/\/www.salcedo.gob.ec\/wp-content\/uploads\/2024\/03\/3-remuneraciones-ingresos-adicionales-3.csv\">Diccionario<\/a>                    <\/td>\n                                        <\/tr>\n                            <tr class=\"wpdt-cell-row \" >\n                                <td class=\"wpdt-cell wpdt-align-left\"\n                                            data-cell-id=\"A7\"\n                    data-col-index=\"0\"\n                    data-row-index=\"6\"\n                    style=\"                    padding:10px;\n                    \"\n                    >\n                                        4 Detalle licencias comisiones                    <\/td>\n                                                <td class=\"wpdt-cell \"\n                                            data-cell-id=\"B7\"\n                    data-col-index=\"1\"\n                    data-row-index=\"6\"\n                    style=\"                    padding:10px;\n                    \"\n                    >\n                                        <a data-media-content=\"wpdt-media-content\" href=\"https:\/\/www.salcedo.gob.ec\/wp-content\/uploads\/2024\/05\/4-LICENCIAS-COMISIONES-ABRIL-2024.csv\">DATOS<\/a>                    <\/td>\n                                                <td class=\"wpdt-cell \"\n                                            data-cell-id=\"C7\"\n                    data-col-index=\"2\"\n                    data-row-index=\"6\"\n                    style=\"                    padding:10px;\n                    \"\n                    >\n                                        <a data-media-content=\"wpdt-media-content\" href=\"https:\/\/www.salcedo.gob.ec\/wp-content\/uploads\/2024\/06\/4-LICENCIAS-COMISIONES-ABRIL-2024.csv\">METADATOS<\/a>                    <\/td>\n                                                <td class=\"wpdt-cell \"\n                                            data-cell-id=\"D7\"\n                    data-col-index=\"3\"\n                    data-row-index=\"6\"\n                    style=\"                    padding:10px;\n                    \"\n                    >\n                                        <a data-media-content=\"wpdt-media-content\" href=\"https:\/\/www.salcedo.gob.ec\/wp-content\/uploads\/2024\/03\/4-detalle-licencia-comisiones-8.csv\">Diccionario<\/a>                    <\/td>\n                                        <\/tr>\n                            <tr class=\"wpdt-cell-row \" >\n                                <td class=\"wpdt-cell wpdt-align-left\"\n                                            data-cell-id=\"A8\"\n                    data-col-index=\"0\"\n                    data-row-index=\"7\"\n                    style=\"                    padding:10px;\n                    \"\n                    >\n                                        5-22 Servicios - formularios - formatos - tr\u00e1mites                    <\/td>\n                                                <td class=\"wpdt-cell  wpdt-empty-cell \"\n                                            data-cell-id=\"B8\"\n                    data-col-index=\"1\"\n                    data-row-index=\"7\"\n                    style=\"                    padding:10px;\n                    \"\n                    >\n                                                            <\/td>\n                                                <td class=\"wpdt-cell  wpdt-empty-cell \"\n                                            data-cell-id=\"C8\"\n                    data-col-index=\"2\"\n                    data-row-index=\"7\"\n                    style=\"                    padding:10px;\n                    \"\n                    >\n                                                            <\/td>\n                                                <td class=\"wpdt-cell \"\n                                            data-cell-id=\"D8\"\n                    data-col-index=\"3\"\n                    data-row-index=\"7\"\n                    style=\"                    padding:10px;\n                    \"\n                    >\n                                        <a data-media-content=\"wpdt-media-content\" href=\"https:\/\/www.salcedo.gob.ec\/wp-content\/uploads\/2024\/03\/5_22-servicios-formularios-formatos-tramites-5.csv\">Diccionario<\/a>                    <\/td>\n                                        <\/tr>\n                            <tr class=\"wpdt-cell-row \" style=\"height:52px;\">\n                                <td class=\"wpdt-cell wpdt-align-left\"\n                                            data-cell-id=\"A9\"\n                    data-col-index=\"0\"\n                    data-row-index=\"8\"\n                    style=\"                    padding:10px;\n                    \"\n                    >\n                                        6 Presupuesto de la Instituci\u00f3n                    <\/td>\n                                                <td class=\"wpdt-cell \"\n                                            data-cell-id=\"B9\"\n                    data-col-index=\"1\"\n                    data-row-index=\"8\"\n                    style=\"                    padding:10px;\n                    \"\n                    >\n                                        <a data-media-content=\"wpdt-media-content\" href=\"https:\/\/www.salcedo.gob.ec\/wp-content\/uploads\/2024\/05\/6-presupuesto-de-la-institucion.csv\">DATOS<\/a>                    <\/td>\n                                                <td class=\"wpdt-cell \"\n                                            data-cell-id=\"C9\"\n                    data-col-index=\"2\"\n                    data-row-index=\"8\"\n                    style=\"                    padding:10px;\n                    \"\n                    >\n                                        <a data-media-content=\"wpdt-media-content\" href=\"https:\/\/www.salcedo.gob.ec\/wp-content\/uploads\/2024\/06\/6-presupuesto-de-la-institucion.csv\">METADATOS<\/a>                    <\/td>\n                                                <td class=\"wpdt-cell \"\n                                            data-cell-id=\"D9\"\n                    data-col-index=\"3\"\n                    data-row-index=\"8\"\n                    style=\"                    padding:10px;\n                    \"\n                    >\n                                        <a data-media-content=\"wpdt-media-content\" href=\"https:\/\/www.salcedo.gob.ec\/wp-content\/uploads\/2024\/03\/6-presupuesto-de-la-institucion-5.csv\">Diccionario<\/a>                    <\/td>\n                                        <\/tr>\n                            <tr class=\"wpdt-cell-row \" >\n                                <td class=\"wpdt-cell wpdt-align-left\"\n                                            data-cell-id=\"A10\"\n                    data-col-index=\"0\"\n                    data-row-index=\"9\"\n                    style=\"                    padding:10px;\n                    \"\n                    >\n                                        7 Resultados de las auditorias internas y gubernamentales                    <\/td>\n                                                <td class=\"wpdt-cell \"\n                                            data-cell-id=\"B10\"\n                    data-col-index=\"1\"\n                    data-row-index=\"9\"\n                    style=\"                    padding:10px;\n                    \"\n                    >\n                                        <a data-media-content=\"wpdt-media-content\" href=\"https:\/\/www.salcedo.gob.ec\/wp-content\/uploads\/2024\/05\/7-resultados-de-las-auditorias-internas-y-gubernamentales-ABRIL.csv\">DATOS<\/a>                    <\/td>\n                                                <td class=\"wpdt-cell \"\n                                            data-cell-id=\"C10\"\n                    data-col-index=\"2\"\n                    data-row-index=\"9\"\n                    style=\"                    padding:10px;\n                    \"\n                    >\n                                        <a data-media-content=\"wpdt-media-content\" href=\"https:\/\/www.salcedo.gob.ec\/wp-content\/uploads\/2024\/06\/9-listado-de-empresas-y-personas-que-han-incumplido-contratos-.csv\">METADATOS<\/a>                    <\/td>\n                                                <td class=\"wpdt-cell \"\n                                            data-cell-id=\"D10\"\n                    data-col-index=\"3\"\n                    data-row-index=\"9\"\n                    style=\"                    padding:10px;\n                    \"\n                    >\n                                        <a data-media-content=\"wpdt-media-content\" href=\"https:\/\/www.salcedo.gob.ec\/wp-content\/uploads\/2024\/03\/7-resultados-de-las-auditorias-internas-y-gubernamentales-5.csv\">Diccionario<\/a>                    <\/td>\n                                        <\/tr>\n                            <tr class=\"wpdt-cell-row \" >\n                                <td class=\"wpdt-cell wpdt-align-left\"\n                                            data-cell-id=\"A11\"\n                    data-col-index=\"0\"\n                    data-row-index=\"10\"\n                    style=\"                    padding:10px;\n                    \"\n                    >\n                                        8 Procesos de contrataci\u00f3n p\u00fablica                    <\/td>\n                                                <td class=\"wpdt-cell \"\n                                            data-cell-id=\"B11\"\n                    data-col-index=\"1\"\n                    data-row-index=\"10\"\n                    style=\"                    padding:10px;\n                    \"\n                    >\n                                        <a data-media-content=\"wpdt-media-content\" href=\"https:\/\/www.salcedo.gob.ec\/wp-content\/uploads\/2024\/05\/8-procesos-de-contratacion-publica-ABRIL.csv\">DATOS<\/a>                    <\/td>\n                                                <td class=\"wpdt-cell \"\n                                            data-cell-id=\"C11\"\n                    data-col-index=\"2\"\n                    data-row-index=\"10\"\n                    style=\"                    padding:10px;\n                    \"\n                    >\n                                        <a data-media-content=\"wpdt-media-content\" href=\"https:\/\/www.salcedo.gob.ec\/wp-content\/uploads\/2024\/06\/8-procesos-de-contratacion-publica-ABRIL.csv\">METADATOS<\/a>                    <\/td>\n                                                <td class=\"wpdt-cell \"\n                                            data-cell-id=\"D11\"\n                    data-col-index=\"3\"\n                    data-row-index=\"10\"\n                    style=\"                    padding:10px;\n                    \"\n                    >\n                                        <a data-media-content=\"wpdt-media-content\" href=\"https:\/\/www.salcedo.gob.ec\/wp-content\/uploads\/2024\/03\/8-procesos-de-contratacion-publica-5.csv\">Diccionario<\/a>                    <\/td>\n                                        <\/tr>\n                            <tr class=\"wpdt-cell-row \" style=\"height:52px;\">\n                                <td class=\"wpdt-cell wpdt-align-left\"\n                                            data-cell-id=\"A12\"\n                    data-col-index=\"0\"\n                    data-row-index=\"11\"\n                    style=\"                    padding:10px;\n                    \"\n                    >\n                                        9 Empresas y personas que han incumplido contratos                    <\/td>\n                                                <td class=\"wpdt-cell \"\n                                            data-cell-id=\"B12\"\n                    data-col-index=\"1\"\n                    data-row-index=\"11\"\n                    style=\"                    padding:10px;\n                    \"\n                    >\n                                        <a data-media-content=\"wpdt-media-content\" href=\"https:\/\/www.salcedo.gob.ec\/wp-content\/uploads\/2024\/05\/9-listado-de-empresas-y-personas-que-han-incumplido-contratos-.csv\">DATOS<\/a>                    <\/td>\n                                                <td class=\"wpdt-cell \"\n                                            data-cell-id=\"C12\"\n                    data-col-index=\"2\"\n                    data-row-index=\"11\"\n                    style=\"                    padding:10px;\n                    \"\n                    >\n                                        <a data-media-content=\"wpdt-media-content\" href=\"https:\/\/www.salcedo.gob.ec\/wp-content\/uploads\/2024\/06\/9-listado-de-empresas-y-personas-que-han-incumplido-contratos-.csv\">METADATOS<\/a>                    <\/td>\n                                                <td class=\"wpdt-cell \"\n                                            data-cell-id=\"D12\"\n                    data-col-index=\"3\"\n                    data-row-index=\"11\"\n                    style=\"                    padding:10px;\n                    \"\n                    >\n                                        <a data-media-content=\"wpdt-media-content\" href=\"https:\/\/www.salcedo.gob.ec\/wp-content\/uploads\/2024\/03\/9-listado-de-empresas-y-personas-que-han-incumplido-contratos-feb2024-2.csv\">Diccionario<\/a>                    <\/td>\n                                        <\/tr>\n                            <tr class=\"wpdt-cell-row \" >\n                                <td class=\"wpdt-cell wpdt-align-left\"\n                                            data-cell-id=\"A13\"\n                    data-col-index=\"0\"\n                    data-row-index=\"12\"\n                    style=\"                    padding:10px;\n                    \"\n                    >\n                                        10 Planes y programas en ejecuci\u00f3n                    <\/td>\n                                                <td class=\"wpdt-cell \"\n                                            data-cell-id=\"B13\"\n                    data-col-index=\"1\"\n                    data-row-index=\"12\"\n                    style=\"                    padding:10px;\n                    \"\n                    >\n                                        <a data-media-content=\"wpdt-media-content\" href=\"https:\/\/www.salcedo.gob.ec\/wp-content\/uploads\/2024\/05\/10-planes-y-programas-2024.csv\">DATOS<\/a>                    <\/td>\n                                                <td class=\"wpdt-cell \"\n                                            data-cell-id=\"C13\"\n                    data-col-index=\"2\"\n                    data-row-index=\"12\"\n                    style=\"                    padding:10px;\n                    \"\n                    >\n                                        <a data-media-content=\"wpdt-media-content\" href=\"https:\/\/www.salcedo.gob.ec\/wp-content\/uploads\/2024\/06\/10-planes-y-programas-2024.csv\">METADATOS<\/a>                    <\/td>\n                                                <td class=\"wpdt-cell \"\n                                            data-cell-id=\"D13\"\n                    data-col-index=\"3\"\n                    data-row-index=\"12\"\n                    style=\"                    padding:10px;\n                    \"\n                    >\n                                        <a data-media-content=\"wpdt-media-content\" href=\"https:\/\/www.salcedo.gob.ec\/wp-content\/uploads\/2024\/03\/10-planes-y-programas-2024-5.csv\">Diccionario<\/a>                    <\/td>\n                                        <\/tr>\n                            <tr class=\"wpdt-cell-row \" style=\"height:52px;\">\n                                <td class=\"wpdt-cell wpdt-align-left\"\n                                            data-cell-id=\"A14\"\n                    data-col-index=\"0\"\n                    data-row-index=\"13\"\n                    style=\"                    padding:10px;\n                    \"\n                    >\n                                        11 Contratos de cr\u00e9dito externos o internos                    <\/td>\n                                                <td class=\"wpdt-cell \"\n                                            data-cell-id=\"B14\"\n                    data-col-index=\"1\"\n                    data-row-index=\"13\"\n                    style=\"                    padding:10px;\n                    \"\n                    >\n                                        <a data-media-content=\"wpdt-media-content\" href=\"https:\/\/www.salcedo.gob.ec\/wp-content\/uploads\/2024\/05\/11-contratos-de-credito-externos-o-internos-1.csv\">DATOS<\/a>                    <\/td>\n                                                <td class=\"wpdt-cell \"\n                                            data-cell-id=\"C14\"\n                    data-col-index=\"2\"\n                    data-row-index=\"13\"\n                    style=\"                    padding:10px;\n                    \"\n                    >\n                                        <a data-media-content=\"wpdt-media-content\" href=\"https:\/\/www.salcedo.gob.ec\/wp-content\/uploads\/2024\/06\/11-contratos-de-credito-externos-o-internos-1.csv\">METADATOS<\/a>                    <\/td>\n                                                <td class=\"wpdt-cell \"\n                                            data-cell-id=\"D14\"\n                    data-col-index=\"3\"\n                    data-row-index=\"13\"\n                    style=\"                    padding:10px;\n                    \"\n                    >\n                                        <a data-media-content=\"wpdt-media-content\" href=\"https:\/\/www.salcedo.gob.ec\/wp-content\/uploads\/2024\/03\/11-contratos-de-credito-externos-o-internos-febrero2024-NA-2.csv\">Diccionario<\/a>                    <\/td>\n                                        <\/tr>\n                            <tr class=\"wpdt-cell-row \" >\n                                <td class=\"wpdt-cell wpdt-align-left\"\n                                            data-cell-id=\"A15\"\n                    data-col-index=\"0\"\n                    data-row-index=\"14\"\n                    style=\"                    padding:10px;\n                    \"\n                    >\n                                        12 Mecanismos de rendici\u00f3n de cuentas                    <\/td>\n                                                <td class=\"wpdt-cell \"\n                                            data-cell-id=\"B15\"\n                    data-col-index=\"1\"\n                    data-row-index=\"14\"\n                    style=\"                    padding:10px;\n                    \"\n                    >\n                                        <a data-media-content=\"wpdt-media-content\" href=\"https:\/\/www.salcedo.gob.ec\/wp-content\/uploads\/2024\/05\/12-mecanismos-rendicion-cuentas-2024.csv\">DATOS<\/a>                    <\/td>\n                                                <td class=\"wpdt-cell \"\n                                            data-cell-id=\"C15\"\n                    data-col-index=\"2\"\n                    data-row-index=\"14\"\n                    style=\"                    padding:10px;\n                    \"\n                    >\n                                        <a data-media-content=\"wpdt-media-content\" href=\"https:\/\/www.salcedo.gob.ec\/wp-content\/uploads\/2024\/06\/12-mecanismos-rendicion-cuentas-2024.csv\">METADATOS<\/a>                    <\/td>\n                                                <td class=\"wpdt-cell \"\n                                            data-cell-id=\"D15\"\n                    data-col-index=\"3\"\n                    data-row-index=\"14\"\n                    style=\"                    padding:10px;\n                    \"\n                    >\n                                        <a data-media-content=\"wpdt-media-content\" href=\"https:\/\/www.salcedo.gob.ec\/wp-content\/uploads\/2024\/03\/12-mecanismos-rendicion-cuentas-Feb-2024-3.csv\">Diccionario<\/a>                    <\/td>\n                                        <\/tr>\n                            <tr class=\"wpdt-cell-row \" style=\"height:52px;\">\n                                <td class=\"wpdt-cell wpdt-align-left\"\n                                            data-cell-id=\"A16\"\n                    data-col-index=\"0\"\n                    data-row-index=\"15\"\n                    style=\"                    padding:10px;\n                    \"\n                    >\n                                        13 Vi\u00e1ticos informes de trabajo y justificativos                    <\/td>\n                                                <td class=\"wpdt-cell \"\n                                            data-cell-id=\"B16\"\n                    data-col-index=\"1\"\n                    data-row-index=\"15\"\n                    style=\"                    padding:10px;\n                    \"\n                    >\n                                        <a data-media-content=\"wpdt-media-content\" href=\"https:\/\/www.salcedo.gob.ec\/wp-content\/uploads\/2024\/05\/13-viaticos-informes-de-trabajo-y-justificativos-de-movilizacion.csv\">DATOS<\/a>                    <\/td>\n                                                <td class=\"wpdt-cell \"\n                                            data-cell-id=\"C16\"\n                    data-col-index=\"2\"\n                    data-row-index=\"15\"\n                    style=\"                    padding:10px;\n                    \"\n                    >\n                                        <a data-media-content=\"wpdt-media-content\" href=\"https:\/\/www.salcedo.gob.ec\/wp-content\/uploads\/2024\/06\/13-viaticos-informes-de-trabajo-y-justificativos-de-movilizacion.csv\">METADATOS<\/a>                    <\/td>\n                                                <td class=\"wpdt-cell \"\n                                            data-cell-id=\"D16\"\n                    data-col-index=\"3\"\n                    data-row-index=\"15\"\n                    style=\"                    padding:10px;\n                    \"\n                    >\n                                        <a data-media-content=\"wpdt-media-content\" href=\"https:\/\/www.salcedo.gob.ec\/wp-content\/uploads\/2024\/03\/13-viaticos-informes-de-trabajo-y-justificativos-de-movilizacion-5.csv\">Diccionario<\/a>                    <\/td>\n                                        <\/tr>\n                            <tr class=\"wpdt-cell-row \" >\n                                <td class=\"wpdt-cell wpdt-align-left\"\n                                            data-cell-id=\"A17\"\n                    data-col-index=\"0\"\n                    data-row-index=\"16\"\n                    style=\"                    padding:10px;\n                    \"\n                    >\n                                        14 Responsables del acceso de informaci\u00f3n p\u00fablica                    <\/td>\n                                                <td class=\"wpdt-cell \"\n                                            data-cell-id=\"B17\"\n                    data-col-index=\"1\"\n                    data-row-index=\"16\"\n                    style=\"                    padding:10px;\n                    \"\n                    >\n                                        <a data-media-content=\"wpdt-media-content\" href=\"https:\/\/www.salcedo.gob.ec\/wp-content\/uploads\/2024\/05\/14-responsables-del-acceso-de-informacion-publica.csv\">DATOS<\/a>                    <\/td>\n                                                <td class=\"wpdt-cell \"\n                                            data-cell-id=\"C17\"\n                    data-col-index=\"2\"\n                    data-row-index=\"16\"\n                    style=\"                    padding:10px;\n                    \"\n                    >\n                                        <a data-media-content=\"wpdt-media-content\" href=\"https:\/\/www.salcedo.gob.ec\/wp-content\/uploads\/2024\/06\/14-responsables-del-acceso-de-informacion-publica.csv\">METADATOS<\/a>                    <\/td>\n                                                <td class=\"wpdt-cell \"\n                                            data-cell-id=\"D17\"\n                    data-col-index=\"3\"\n                    data-row-index=\"16\"\n                    style=\"                    padding:10px;\n                    \"\n                    >\n                                        <a data-media-content=\"wpdt-media-content\" href=\"https:\/\/www.salcedo.gob.ec\/wp-content\/uploads\/2024\/03\/14-responsables-del-acceso-de-informacion-publica-5.csv\">Diccionario<\/a>                    <\/td>\n                                        <\/tr>\n                            <tr class=\"wpdt-cell-row \" >\n                                <td class=\"wpdt-cell wpdt-align-left\"\n                                            data-cell-id=\"A18\"\n                    data-col-index=\"0\"\n                    data-row-index=\"17\"\n                    style=\"                    padding:10px;\n                    \"\n                    >\n                                        15 Texto integro de los contratos colectivos vigentes y reformas                    <\/td>\n                                                <td class=\"wpdt-cell \"\n                                            data-cell-id=\"B18\"\n                    data-col-index=\"1\"\n                    data-row-index=\"17\"\n                    style=\"                    padding:10px;\n                    \"\n                    >\n                                        <a data-media-content=\"wpdt-media-content\" href=\"https:\/\/www.salcedo.gob.ec\/wp-content\/uploads\/2024\/05\/15-texto-integro-de-los-contratos-colectivos-vigentes-y-reformasABRIL.csv\">DATOS<\/a>                    <\/td>\n                                                <td class=\"wpdt-cell \"\n                                            data-cell-id=\"C18\"\n                    data-col-index=\"2\"\n                    data-row-index=\"17\"\n                    style=\"                    padding:10px;\n                    \"\n                    >\n                                        <a data-media-content=\"wpdt-media-content\" href=\"https:\/\/www.salcedo.gob.ec\/wp-content\/uploads\/2024\/06\/15-texto-integro-de-los-contratos-colectivos-vigentes-y-reformasABRIL.csv\">METADATOS<\/a>                    <\/td>\n                                                <td class=\"wpdt-cell \"\n                                            data-cell-id=\"D18\"\n                    data-col-index=\"3\"\n                    data-row-index=\"17\"\n                    style=\"                    padding:10px;\n                    \"\n                    >\n                                        <a data-media-content=\"wpdt-media-content\" href=\"https:\/\/www.salcedo.gob.ec\/wp-content\/uploads\/2024\/03\/15-texto-integro-de-los-contratos-colectivos-vigentes-y-reformas-feb2024-2.csv\">Diccionario<\/a>                    <\/td>\n                                        <\/tr>\n                            <tr class=\"wpdt-cell-row \" >\n                                <td class=\"wpdt-cell wpdt-align-left\"\n                                            data-cell-id=\"A19\"\n                    data-col-index=\"0\"\n                    data-row-index=\"18\"\n                    style=\"                    padding:10px;\n                    \"\n                    >\n                                        16 Listado \u00edndice informaci\u00f3n reservada                    <\/td>\n                                                <td class=\"wpdt-cell \"\n                                            data-cell-id=\"B19\"\n                    data-col-index=\"1\"\n                    data-row-index=\"18\"\n                    style=\"                    padding:10px;\n                    \"\n                    >\n                                        <a data-media-content=\"wpdt-media-content\" href=\"https:\/\/www.salcedo.gob.ec\/wp-content\/uploads\/2024\/05\/16-indice-informacion-reservada.csv\">DATOS<\/a>                    <\/td>\n                                                <td class=\"wpdt-cell \"\n                                            data-cell-id=\"C19\"\n                    data-col-index=\"2\"\n                    data-row-index=\"18\"\n                    style=\"                    padding:10px;\n                    \"\n                    >\n                                        <a data-media-content=\"wpdt-media-content\" href=\"https:\/\/www.salcedo.gob.ec\/wp-content\/uploads\/2024\/06\/16-indice-informacion-reservada.csv\">METADATOS<\/a>                    <\/td>\n                                                <td class=\"wpdt-cell \"\n                                            data-cell-id=\"D19\"\n                    data-col-index=\"3\"\n                    data-row-index=\"18\"\n                    style=\"                    padding:10px;\n                    \"\n                    >\n                                        <a data-media-content=\"wpdt-media-content\" href=\"https:\/\/www.salcedo.gob.ec\/wp-content\/uploads\/2024\/03\/16-indice-informacion-reservada-5.csv\">Diccionario<\/a>                    <\/td>\n                                        <\/tr>\n                            <tr class=\"wpdt-cell-row \" >\n                                <td class=\"wpdt-cell wpdt-align-left\"\n                                            data-cell-id=\"A20\"\n                    data-col-index=\"0\"\n                    data-row-index=\"19\"\n                    style=\"                    padding:10px;\n                    \"\n                    >\n                                        17 Detalle de las audiencias y reuniones de autoridades                    <\/td>\n                                                <td class=\"wpdt-cell \"\n                                            data-cell-id=\"B20\"\n                    data-col-index=\"1\"\n                    data-row-index=\"19\"\n                    style=\"                    padding:10px;\n                    \"\n                    >\n                                        <a data-media-content=\"wpdt-media-content\" href=\"https:\/\/www.salcedo.gob.ec\/wp-content\/uploads\/2024\/05\/17-audiencias-y-reuniones-autoridades_abril2024.csv\">DATOS<\/a>                    <\/td>\n                                                <td class=\"wpdt-cell \"\n                                            data-cell-id=\"C20\"\n                    data-col-index=\"2\"\n                    data-row-index=\"19\"\n                    style=\"                    padding:10px;\n                    \"\n                    >\n                                        <a data-media-content=\"wpdt-media-content\" href=\"https:\/\/www.salcedo.gob.ec\/wp-content\/uploads\/2024\/06\/17-audiencias-y-reuniones-autoridades_abril2024.csv\">METADATOS<\/a>                    <\/td>\n                                                <td class=\"wpdt-cell \"\n                                            data-cell-id=\"D20\"\n                    data-col-index=\"3\"\n                    data-row-index=\"19\"\n                    style=\"                    padding:10px;\n                    \"\n                    >\n                                        <a data-media-content=\"wpdt-media-content\" href=\"https:\/\/www.salcedo.gob.ec\/wp-content\/uploads\/2024\/03\/17-audiencias-y-reuniones-autoridades-5.csv\">Diccionario<\/a>                    <\/td>\n                                        <\/tr>\n                            <tr class=\"wpdt-cell-row \" >\n                                <td class=\"wpdt-cell wpdt-align-left\"\n                                            data-cell-id=\"A21\"\n                    data-col-index=\"0\"\n                    data-row-index=\"20\"\n                    style=\"                    padding:10px;\n                    \"\n                    >\n                                        18 Detalle de convenios nacionales o internacionales                    <\/td>\n                                                <td class=\"wpdt-cell \"\n                                            data-cell-id=\"B21\"\n                    data-col-index=\"1\"\n                    data-row-index=\"20\"\n                    style=\"                    padding:10px;\n                    \"\n                    >\n                                        <a data-media-content=\"wpdt-media-content\" href=\"https:\/\/www.salcedo.gob.ec\/wp-content\/uploads\/2024\/05\/18-detalle-de-convenios-nacionales-e-internacionales-ABRIL.csv\">DATOS<\/a>                    <\/td>\n                                                <td class=\"wpdt-cell \"\n                                            data-cell-id=\"C21\"\n                    data-col-index=\"2\"\n                    data-row-index=\"20\"\n                    style=\"                    padding:10px;\n                    \"\n                    >\n                                        <a data-media-content=\"wpdt-media-content\" href=\"https:\/\/www.salcedo.gob.ec\/wp-content\/uploads\/2024\/06\/18-detalle-de-convenios-nacionales-e-internacionales-ABRIL.csv\">METADATOS<\/a>                    <\/td>\n                                                <td class=\"wpdt-cell \"\n                                            data-cell-id=\"D21\"\n                    data-col-index=\"3\"\n                    data-row-index=\"20\"\n                    style=\"                    padding:10px;\n                    \"\n                    >\n                                        <a data-media-content=\"wpdt-media-content\" href=\"https:\/\/www.salcedo.gob.ec\/wp-content\/uploads\/2024\/03\/18-detalle-de-convenios-nacionales-e-internacionales-Febrero2024-2.csv\">Diccionario<\/a>                    <\/td>\n                                        <\/tr>\n                            <tr class=\"wpdt-cell-row \" >\n                                <td class=\"wpdt-cell wpdt-align-left\"\n                                            data-cell-id=\"A22\"\n                    data-col-index=\"0\"\n                    data-row-index=\"21\"\n                    style=\"                    padding:10px;\n                    \"\n                    >\n                                        19 Detalle donativos oficiales y protocolares                    <\/td>\n                                                <td class=\"wpdt-cell \"\n                                            data-cell-id=\"B22\"\n                    data-col-index=\"1\"\n                    data-row-index=\"21\"\n                    style=\"                    padding:10px;\n                    \"\n                    >\n                                        <a data-media-content=\"wpdt-media-content\" href=\"https:\/\/www.salcedo.gob.ec\/wp-content\/uploads\/2024\/05\/19-detalle-donativos-oficiales-y-protocolares.csv\">DATOS<\/a>                    <\/td>\n                                                <td class=\"wpdt-cell \"\n                                            data-cell-id=\"C22\"\n                    data-col-index=\"2\"\n                    data-row-index=\"21\"\n                    style=\"                    padding:10px;\n                    \"\n                    >\n                                        <a data-media-content=\"wpdt-media-content\" href=\"https:\/\/www.salcedo.gob.ec\/wp-content\/uploads\/2024\/06\/19-detalle-donativos-oficiales-y-protocolares.csv\">METADATOS<\/a>                    <\/td>\n                                                <td class=\"wpdt-cell \"\n                                            data-cell-id=\"D22\"\n                    data-col-index=\"3\"\n                    data-row-index=\"21\"\n                    style=\"                    padding:10px;\n                    \"\n                    >\n                                        <a data-media-content=\"wpdt-media-content\" href=\"https:\/\/www.salcedo.gob.ec\/wp-content\/uploads\/2024\/03\/19-detalle-donativos-oficiales-y-protocolares-6.csv\">Diccionario<\/a>                    <\/td>\n                                        <\/tr>\n                            <tr class=\"wpdt-cell-row \" >\n                                <td class=\"wpdt-cell wpdt-align-left\"\n                                            data-cell-id=\"A23\"\n                    data-col-index=\"0\"\n                    data-row-index=\"22\"\n                    style=\"                    padding:10px;\n                    \"\n                    >\n                                        20 Registro de activos de informaci\u00f3n frecuente                    <\/td>\n                                                <td class=\"wpdt-cell \"\n                                            data-cell-id=\"B23\"\n                    data-col-index=\"1\"\n                    data-row-index=\"22\"\n                    style=\"                    padding:10px;\n                    \"\n                    >\n                                        <a data-media-content=\"wpdt-media-content\" href=\"https:\/\/www.salcedo.gob.ec\/wp-content\/uploads\/2024\/05\/20-registro-de-activos-de-informacion-frecuente-y-complementaria-1.csv\">DATOS<\/a>                    <\/td>\n                                                <td class=\"wpdt-cell \"\n                                            data-cell-id=\"C23\"\n                    data-col-index=\"2\"\n                    data-row-index=\"22\"\n                    style=\"                    padding:10px;\n                    \"\n                    >\n                                        <a data-media-content=\"wpdt-media-content\" href=\"https:\/\/www.salcedo.gob.ec\/wp-content\/uploads\/2024\/06\/20-registro-de-activos-de-informacion-frecuente-y-complementaria-1.csv\">METADATOS<\/a>                    <\/td>\n                                                <td class=\"wpdt-cell \"\n                                            data-cell-id=\"D23\"\n                    data-col-index=\"3\"\n                    data-row-index=\"22\"\n                    style=\"                    padding:10px;\n                    \"\n                    >\n                                        <a data-media-content=\"wpdt-media-content\" href=\"https:\/\/www.salcedo.gob.ec\/wp-content\/uploads\/2024\/03\/20-registro-de-activos-de-informacion-frecuente-y-complementaria-5.csv\">Diccionario<\/a>                    <\/td>\n                                        <\/tr>\n                            <tr class=\"wpdt-cell-row \" >\n                                <td class=\"wpdt-cell wpdt-align-left\"\n                                            data-cell-id=\"A24\"\n                    data-col-index=\"0\"\n                    data-row-index=\"23\"\n                    style=\"                    padding:10px;\n                    \"\n                    >\n                                        21 Pol\u00edticas p\u00fablicas o informaci\u00f3n grupo espec\u00edfico                    <\/td>\n                                                <td class=\"wpdt-cell \"\n                                            data-cell-id=\"B24\"\n                    data-col-index=\"1\"\n                    data-row-index=\"23\"\n                    style=\"                    padding:10px;\n                    \"\n                    >\n                                        <a data-media-content=\"wpdt-media-content\" href=\"https:\/\/www.salcedo.gob.ec\/wp-content\/uploads\/2024\/05\/21-politicas-publicas-o-informacion-grupo-especifico.csv\">DATOS<\/a>                    <\/td>\n                                                <td class=\"wpdt-cell \"\n                                            data-cell-id=\"C24\"\n                    data-col-index=\"2\"\n                    data-row-index=\"23\"\n                    style=\"                    padding:10px;\n                    \"\n                    >\n                                        <a data-media-content=\"wpdt-media-content\" href=\"https:\/\/www.salcedo.gob.ec\/wp-content\/uploads\/2024\/06\/21-politicas-publicas-o-informacion-grupo-especifico.csv\">METADATOS<\/a>                    <\/td>\n                                                <td class=\"wpdt-cell \"\n                                            data-cell-id=\"D24\"\n                    data-col-index=\"3\"\n                    data-row-index=\"23\"\n                    style=\"                    padding:10px;\n                    \"\n                    >\n                                        <a data-media-content=\"wpdt-media-content\" href=\"https:\/\/www.salcedo.gob.ec\/wp-content\/uploads\/2024\/03\/21-politicas-publicas-o-informacion-grupo-especifico-5.csv\">Diccionario<\/a>                    <\/td>\n                                        <\/tr>\n                            <tr class=\"wpdt-cell-row \" >\n                                <td class=\"wpdt-cell wpdt-align-left\"\n                                            data-cell-id=\"A25\"\n                    data-col-index=\"0\"\n                    data-row-index=\"24\"\n                    style=\"                    padding:10px;\n                    \"\n                    >\n                                        23 Detalle personas servidoras p\u00fablicas con acciones afirmativas                    <\/td>\n                                                <td class=\"wpdt-cell \"\n                                            data-cell-id=\"B25\"\n                    data-col-index=\"1\"\n                    data-row-index=\"24\"\n                    style=\"                    padding:10px;\n                    \"\n                    >\n                                        <a data-media-content=\"wpdt-media-content\" href=\"https:\/\/www.salcedo.gob.ec\/wp-content\/uploads\/2024\/05\/23-DETALLE-PERSONAS-ABRIL-2024.csv\">DATOS<\/a>                    <\/td>\n                                                <td class=\"wpdt-cell \"\n                                            data-cell-id=\"C25\"\n                    data-col-index=\"2\"\n                    data-row-index=\"24\"\n                    style=\"                    padding:10px;\n                    \"\n                    >\n                                        <a data-media-content=\"wpdt-media-content\" href=\"https:\/\/www.salcedo.gob.ec\/wp-content\/uploads\/2024\/06\/23-DETALLE-PERSONAS-ABRIL-2024.csv\">METADATOS<\/a>                    <\/td>\n                                                <td class=\"wpdt-cell \"\n                                            data-cell-id=\"D25\"\n                    data-col-index=\"3\"\n                    data-row-index=\"24\"\n                    style=\"                    padding:10px;\n                    \"\n                    >\n                                        <a data-media-content=\"wpdt-media-content\" href=\"https:\/\/www.salcedo.gob.ec\/wp-content\/uploads\/2024\/03\/23-detalle-personas-servidoras-publicas-con-acciones-afirmativas-5.csv\">Diccionario<\/a>                    <\/td>\n                                        <\/tr>\n                            <tr class=\"wpdt-cell-row \" style=\"height:164px;\">\n                                <td class=\"wpdt-cell wpdt-align-left\"\n                                            data-cell-id=\"A26\"\n                    data-col-index=\"0\"\n                    data-row-index=\"25\"\n                    style=\"                    padding:10px;\n                    \"\n                    >\n                                        24 Informaci\u00f3n relevante para el ejercicio de derechos ODS                    <\/td>\n                                                <td class=\"wpdt-cell \"\n                                            data-cell-id=\"B26\"\n                    data-col-index=\"1\"\n                    data-row-index=\"25\"\n                    style=\"                    padding:10px;\n                    \"\n                    >\n                                        <a data-media-content=\"wpdt-media-content\" href=\"https:\/\/www.salcedo.gob.ec\/wp-content\/uploads\/2024\/05\/24-informacion-relevante-para-el-ejercicio-de-derechos-ods.csv\">DATOS<\/a>                    <\/td>\n                                                <td class=\"wpdt-cell \"\n                                            data-cell-id=\"C26\"\n                    data-col-index=\"2\"\n                    data-row-index=\"25\"\n                    style=\"                    padding:10px;\n                    \"\n                    >\n                                        <a data-media-content=\"wpdt-media-content\" href=\"https:\/\/www.salcedo.gob.ec\/wp-content\/uploads\/2024\/06\/24-informacion-relevante-para-el-ejercicio-de-derechos-ods.csv\">METADATOS<\/a>                    <\/td>\n                                                <td class=\"wpdt-cell \"\n                                            data-cell-id=\"D26\"\n                    data-col-index=\"3\"\n                    data-row-index=\"25\"\n                    style=\"                    padding:10px;\n                    \"\n                    >\n                                        <a data-media-content=\"wpdt-media-content\" href=\"https:\/\/www.salcedo.gob.ec\/wp-content\/uploads\/2024\/03\/24-informacion-relevante-para-el-ejercicio-de-derechos-ods-4.csv\">Diccionario<\/a>                    <\/td>\n                                        <\/tr>\n                    <\/table>\n<\/div><style id='wpdt-custom-style-11'>\n<\/style>\n\n\n\n\n\n\n<div class=\"wpdt-c row wpDataTableContainerSimpleTable wpDataTables wpDataTablesWrapper\n\"\n    >\n        <table id=\"wpdtSimpleTable-13\"\n           style=\"border-collapse:collapse;\n                   border-spacing:0px;\"\n           class=\"wpdtSimpleTable wpDataTable\"\n           data-column=\"4\"\n           data-rows=\"26\"\n           data-wpID=\"13\"\n           data-responsive=\"0\"\n           data-has-header=\"0\">\n\n                    <tbody>        <tr class=\"wpdt-cell-row \" >\n                                <td class=\"wpdt-cell wpdt-bold\"\n                                            data-cell-id=\"A1\"\n                    data-col-index=\"0\"\n                    data-row-index=\"0\"\n                    style=\" width:46.412213740458%;                    padding:10px;\n                    \"\n                    >\n                                        Descripci\u00f3n                    <\/td>\n                                                <td class=\"wpdt-cell wpdt-bold wpdt-align-center\"\n                                            data-cell-id=\"B1\"\n                    data-col-index=\"1\"\n                    data-row-index=\"0\"\n                    style=\" width:23.053435114504%;                    padding:10px;\n                    \"\n                    >\n                                        Conjunto datos                    <\/td>\n                                                <td class=\"wpdt-cell wpdt-bold\"\n                                            data-cell-id=\"C1\"\n                    data-col-index=\"2\"\n                    data-row-index=\"0\"\n                    style=\" width:15.267175572519%;                    padding:10px;\n                    \"\n                    >\n                                        Metadatos                    <\/td>\n                                                <td class=\"wpdt-cell wpdt-bold\"\n                                            data-cell-id=\"D1\"\n                    data-col-index=\"3\"\n                    data-row-index=\"0\"\n                    style=\" width:15.267175572519%;                    padding:10px;\n                    \"\n                    >\n                                        Diccionario                    <\/td>\n                                        <\/tr>\n                            <tr class=\"wpdt-cell-row \" >\n                                <td class=\"wpdt-cell wpdt-align-left\"\n                                            data-cell-id=\"A2\"\n                    data-col-index=\"0\"\n                    data-row-index=\"1\"\n                    style=\"                    padding:10px;\n                    \"\n                    >\n                                        1.1 Estructura org\u00e1nica de la instituci\u00f3n                    <\/td>\n                                                <td class=\"wpdt-cell wpdt-align-center\"\n                                            data-cell-id=\"B2\"\n                    data-col-index=\"1\"\n                    data-row-index=\"1\"\n                    style=\"                    padding:10px;\n                    \"\n                    >\n                                        <a data-media-content=\"wpdt-media-content\" href=\"https:\/\/www.salcedo.gob.ec\/wp-content\/uploads\/2024\/06\/1_1-estructura-organica-MAYO.csv\">Datos<\/a>                    <\/td>\n                                                <td class=\"wpdt-cell \"\n                                            data-cell-id=\"C2\"\n                    data-col-index=\"2\"\n                    data-row-index=\"1\"\n                    style=\"                    padding:10px;\n                    \"\n                    >\n                                        <a data-media-content=\"wpdt-media-content\" href=\"https:\/\/www.salcedo.gob.ec\/wp-content\/uploads\/2024\/07\/1_1-estructura-organica-MAYO.csv\">Metadatos<\/a>                    <\/td>\n                                                <td class=\"wpdt-cell \"\n                                            data-cell-id=\"D2\"\n                    data-col-index=\"3\"\n                    data-row-index=\"1\"\n                    style=\"                    padding:10px;\n                    \"\n                    >\n                                        <a class=\"wpdt-link-content\" href=\"https:\/\/www.salcedo.gob.ec\/wp-content\/uploads\/2024\/tp\/enero\/1_1-estructura-organica_diccionario_dic2023.csv\"  rel=\"\" target=\"_self\" data-cell-id=\"23\" data-link-url=\"https:\/\/www.salcedo.gob.ec\/wp-content\/uploads\/2024\/tp\/enero\/1_1-estructura-organica_diccionario_dic2023.csv\" data-link-text=\"diccionario\" data-link-target=\"0\" data-link-nofollow=\"0\" data-link-noreferrer=\"0\" data-link-sponsored=\"0\" data-link-btn-status=\"0\" data-link-btn-class=\"\" data-link-content=\"wpdt-link-content\">diccionario<\/a>                    <\/td>\n                                        <\/tr>\n                            <tr class=\"wpdt-cell-row \" >\n                                <td class=\"wpdt-cell wpdt-align-justify\"\n                                            data-cell-id=\"A3\"\n                    data-col-index=\"0\"\n                    data-row-index=\"2\"\n                    style=\"                    padding:10px;\n                    \"\n                    >\n                                        1.2.1.3 Base legal de la instituci\u00f3n                    <\/td>\n                                                <td class=\"wpdt-cell wpdt-align-center\"\n                                            data-cell-id=\"B3\"\n                    data-col-index=\"1\"\n                    data-row-index=\"2\"\n                    style=\"                    padding:10px;\n                    \"\n                    >\n                                        <a data-media-content=\"wpdt-media-content\" href=\"https:\/\/www.salcedo.gob.ec\/wp-content\/uploads\/2024\/06\/1_2-1_3-base-regulaciones-MAYO.csv\">DATOS<\/a>                    <\/td>\n                                                <td class=\"wpdt-cell wpdt-align-justify\"\n                                            data-cell-id=\"C3\"\n                    data-col-index=\"2\"\n                    data-row-index=\"2\"\n                    style=\"                    padding:10px;\n                    \"\n                    >\n                                        <a data-media-content=\"wpdt-media-content\" href=\"https:\/\/www.salcedo.gob.ec\/wp-content\/uploads\/2024\/07\/1_2-1_3-base-regulaciones-MAYO.csv\">Metadatos<\/a>                    <\/td>\n                                                <td class=\"wpdt-cell wpdt-align-justify\"\n                                            data-cell-id=\"D3\"\n                    data-col-index=\"3\"\n                    data-row-index=\"2\"\n                    style=\"                    padding:10px;\n                    \"\n                    >\n                                        <a class=\"wpdt-link-content\" href=\"https:\/\/www.salcedo.gob.ec\/wp-content\/uploads\/2024\/tp\/enero\/1_2-1_3%20base_regulaciones_diccionario_dic2023.csv\"  rel=\"\" target=\"_self\" data-cell-id=\"33\" data-link-url=\"https:\/\/www.salcedo.gob.ec\/wp-content\/uploads\/2024\/tp\/enero\/1_2-1_3%20base_regulaciones_diccionario_dic2023.csv\" data-link-text=\"diccionario\" data-link-target=\"0\" data-link-nofollow=\"0\" data-link-noreferrer=\"0\" data-link-sponsored=\"0\" data-link-btn-status=\"0\" data-link-btn-class=\"\" data-link-content=\"wpdt-link-content\">diccionario<\/a>                    <\/td>\n                                        <\/tr>\n                            <tr class=\"wpdt-cell-row \" >\n                                <td class=\"wpdt-cell wpdt-align-left\"\n                                            data-cell-id=\"A4\"\n                    data-col-index=\"0\"\n                    data-row-index=\"3\"\n                    style=\"                    padding:10px;\n                    \"\n                    >\n                                        2.1-2.2 Directorio y distributivo personal de la entidad                    <\/td>\n                                                <td class=\"wpdt-cell wpdt-align-center\"\n                                            data-cell-id=\"B4\"\n                    data-col-index=\"1\"\n                    data-row-index=\"3\"\n                    style=\"                    padding:10px;\n                    \"\n                    >\n                                        <a data-media-content=\"wpdt-media-content\" href=\"https:\/\/www.salcedo.gob.ec\/wp-content\/uploads\/2024\/06\/2_1-2_2-DIRECTORIOS-MAYO-2024-1.csv\">DATOS<\/a>                    <\/td>\n                                                <td class=\"wpdt-cell \"\n                                            data-cell-id=\"C4\"\n                    data-col-index=\"2\"\n                    data-row-index=\"3\"\n                    style=\"                    padding:10px;\n                    \"\n                    >\n                                        <a data-media-content=\"wpdt-media-content\" href=\"https:\/\/www.salcedo.gob.ec\/wp-content\/uploads\/2024\/07\/2_1-2_2-DIRECTORIOS-MAYO-2024-1.csv\">Metadatos<\/a>                    <\/td>\n                                                <td class=\"wpdt-cell \"\n                                            data-cell-id=\"D4\"\n                    data-col-index=\"3\"\n                    data-row-index=\"3\"\n                    style=\"                    padding:10px;\n                    \"\n                    >\n                                        <a class=\"wpdt-link-content\" href=\"https:\/\/www.salcedo.gob.ec\/wp-content\/uploads\/2024\/tp\/enero\/1-4_metas-y-objetivos_unidades_diccionario_dic2023.csv\"  rel=\"\" target=\"_self\" data-cell-id=\"43\" data-link-url=\"https:\/\/www.salcedo.gob.ec\/wp-content\/uploads\/2024\/tp\/enero\/1-4_metas-y-objetivos_unidades_diccionario_dic2023.csv\" data-link-text=\"diccionario\" data-link-target=\"0\" data-link-nofollow=\"0\" data-link-noreferrer=\"0\" data-link-sponsored=\"0\" data-link-btn-status=\"0\" data-link-btn-class=\"\" data-link-content=\"wpdt-link-content\">diccionario<\/a>                    <\/td>\n                                        <\/tr>\n                            <tr class=\"wpdt-cell-row \" >\n                                <td class=\"wpdt-cell wpdt-align-left\"\n                                            data-cell-id=\"A5\"\n                    data-col-index=\"0\"\n                    data-row-index=\"4\"\n                    style=\"                    padding:10px;\n                    \"\n                    >\n                                        1.4 Metas y objetivos unidades                    <\/td>\n                                                <td class=\"wpdt-cell wpdt-align-center wpdt-empty-cell \"\n                                            data-cell-id=\"B5\"\n                    data-col-index=\"1\"\n                    data-row-index=\"4\"\n                    style=\"                    padding:10px;\n                    \"\n                    >\n                                                            <\/td>\n                                                <td class=\"wpdt-cell  wpdt-empty-cell \"\n                                            data-cell-id=\"C5\"\n                    data-col-index=\"2\"\n                    data-row-index=\"4\"\n                    style=\"                    padding:10px;\n                    \"\n                    >\n                                                            <\/td>\n                                                <td class=\"wpdt-cell \"\n                                            data-cell-id=\"D5\"\n                    data-col-index=\"3\"\n                    data-row-index=\"4\"\n                    style=\"                    padding:10px;\n                    \"\n                    >\n                                        <a class=\"wpdt-link-content\" href=\"https:\/\/www.salcedo.gob.ec\/wp-content\/uploads\/2024\/tp\/enero\/1-4_metas-y-objetivos_unidades_diccionario_dic2023.csv\"  rel=\"\" target=\"_self\" data-cell-id=\"53\" data-link-url=\"https:\/\/www.salcedo.gob.ec\/wp-content\/uploads\/2024\/tp\/enero\/1-4_metas-y-objetivos_unidades_diccionario_dic2023.csv\" data-link-text=\"diccionario\" data-link-target=\"0\" data-link-nofollow=\"0\" data-link-noreferrer=\"0\" data-link-sponsored=\"0\" data-link-btn-status=\"0\" data-link-btn-class=\"\" data-link-content=\"wpdt-link-content\">diccionario<\/a>                    <\/td>\n                                        <\/tr>\n                            <tr class=\"wpdt-cell-row \" >\n                                <td class=\"wpdt-cell wpdt-align-left\"\n                                            data-cell-id=\"A6\"\n                    data-col-index=\"0\"\n                    data-row-index=\"5\"\n                    style=\"                    padding:10px;\n                    \"\n                    >\n                                        3 Remuneraciones ingresos adicionales                    <\/td>\n                                                <td class=\"wpdt-cell wpdt-align-center\"\n                                            data-cell-id=\"B6\"\n                    data-col-index=\"1\"\n                    data-row-index=\"5\"\n                    style=\"                    padding:10px;\n                    \"\n                    >\n                                        <a data-media-content=\"wpdt-media-content\" href=\"https:\/\/www.salcedo.gob.ec\/wp-content\/uploads\/2024\/06\/3-REMUNERACIONES-INGRESOS-ADICIONALES_MAYO-2024.csv\">Datos<\/a>                    <\/td>\n                                                <td class=\"wpdt-cell \"\n                                            data-cell-id=\"C6\"\n                    data-col-index=\"2\"\n                    data-row-index=\"5\"\n                    style=\"                    padding:10px;\n                    \"\n                    >\n                                        <a data-media-content=\"wpdt-media-content\" href=\"https:\/\/www.salcedo.gob.ec\/wp-content\/uploads\/2024\/07\/3-REMUNERACIONES-INGRESOS-ADICIONALES_MAYO-2024.csv\">Metadatos<\/a>                    <\/td>\n                                                <td class=\"wpdt-cell \"\n                                            data-cell-id=\"D6\"\n                    data-col-index=\"3\"\n                    data-row-index=\"5\"\n                    style=\"                    padding:10px;\n                    \"\n                    >\n                                        <a class=\"wpdt-link-content\" href=\"https:\/\/www.salcedo.gob.ec\/wp-content\/uploads\/2024\/tp\/enero\/3-remuneraciones-ingresos-adicionales_diccionario_dic2023.csv\"  rel=\"\" target=\"_self\" data-cell-id=\"73\" data-link-url=\"https:\/\/www.salcedo.gob.ec\/wp-content\/uploads\/2024\/tp\/enero\/3-remuneraciones-ingresos-adicionales_diccionario_dic2023.csv\" data-link-text=\"diccionario\" data-link-target=\"0\" data-link-nofollow=\"0\" data-link-noreferrer=\"0\" data-link-sponsored=\"0\" data-link-btn-status=\"0\" data-link-btn-class=\"\" data-link-content=\"wpdt-link-content\">diccionario<\/a>                    <\/td>\n                                        <\/tr>\n                            <tr class=\"wpdt-cell-row \" >\n                                <td class=\"wpdt-cell wpdt-align-left\"\n                                            data-cell-id=\"A7\"\n                    data-col-index=\"0\"\n                    data-row-index=\"6\"\n                    style=\"                    padding:10px;\n                    \"\n                    >\n                                        4 Detalle licencias comisiones                    <\/td>\n                                                <td class=\"wpdt-cell wpdt-align-center\"\n                                            data-cell-id=\"B7\"\n                    data-col-index=\"1\"\n                    data-row-index=\"6\"\n                    style=\"                    padding:10px;\n                    \"\n                    >\n                                        <a data-media-content=\"wpdt-media-content\" href=\"https:\/\/www.salcedo.gob.ec\/wp-content\/uploads\/2024\/06\/4-LICENCIAS-COMISIONES-MAYO-2024.csv\">Datos<\/a>                    <\/td>\n                                                <td class=\"wpdt-cell \"\n                                            data-cell-id=\"C7\"\n                    data-col-index=\"2\"\n                    data-row-index=\"6\"\n                    style=\"                    padding:10px;\n                    \"\n                    >\n                                        <a data-media-content=\"wpdt-media-content\" href=\"https:\/\/www.salcedo.gob.ec\/wp-content\/uploads\/2024\/07\/4-LICENCIAS-COMISIONES-MAYO-2024.csv\">Metadatos<\/a>                    <\/td>\n                                                <td class=\"wpdt-cell \"\n                                            data-cell-id=\"D7\"\n                    data-col-index=\"3\"\n                    data-row-index=\"6\"\n                    style=\"                    padding:10px;\n                    \"\n                    >\n                                        <a class=\"wpdt-link-content\" href=\"https:\/\/www.salcedo.gob.ec\/wp-content\/uploads\/2024\/tp\/enero\/4-detalle-licencia-comisiones_diccionario_dic2023.csv\"  rel=\"\" target=\"_self\" data-cell-id=\"83\" data-link-url=\"https:\/\/www.salcedo.gob.ec\/wp-content\/uploads\/2024\/tp\/enero\/4-detalle-licencia-comisiones_diccionario_dic2023.csv\" data-link-text=\"diccionario\" data-link-target=\"0\" data-link-nofollow=\"0\" data-link-noreferrer=\"0\" data-link-sponsored=\"0\" data-link-btn-status=\"0\" data-link-btn-class=\"\" data-link-content=\"wpdt-link-content\">diccionario<\/a>                    <\/td>\n                                        <\/tr>\n                            <tr class=\"wpdt-cell-row \" >\n                                <td class=\"wpdt-cell wpdt-align-left\"\n                                            data-cell-id=\"A8\"\n                    data-col-index=\"0\"\n                    data-row-index=\"7\"\n                    style=\"                    padding:10px;\n                    \"\n                    >\n                                        5-22 Servicios-formularios-formatos-tr\u00e1mites                    <\/td>\n                                                <td class=\"wpdt-cell wpdt-align-center wpdt-empty-cell \"\n                                            data-cell-id=\"B8\"\n                    data-col-index=\"1\"\n                    data-row-index=\"7\"\n                    style=\"                    padding:10px;\n                    \"\n                    >\n                                                            <\/td>\n                                                <td class=\"wpdt-cell  wpdt-empty-cell \"\n                                            data-cell-id=\"C8\"\n                    data-col-index=\"2\"\n                    data-row-index=\"7\"\n                    style=\"                    padding:10px;\n                    \"\n                    >\n                                                            <\/td>\n                                                <td class=\"wpdt-cell \"\n                                            data-cell-id=\"D8\"\n                    data-col-index=\"3\"\n                    data-row-index=\"7\"\n                    style=\"                    padding:10px;\n                    \"\n                    >\n                                        <a class=\"wpdt-link-content\" href=\"https:\/\/www.salcedo.gob.ec\/wp-content\/uploads\/2024\/tp\/enero\/5_22-servicios-formularios-formatos-tramites_diccionario_dic2023.csv\"  rel=\"\" target=\"_self\" data-cell-id=\"93\" data-link-url=\"https:\/\/www.salcedo.gob.ec\/wp-content\/uploads\/2024\/tp\/enero\/5_22-servicios-formularios-formatos-tramites_diccionario_dic2023.csv\" data-link-text=\"diccionario\" data-link-target=\"0\" data-link-nofollow=\"0\" data-link-noreferrer=\"0\" data-link-sponsored=\"0\" data-link-btn-status=\"0\" data-link-btn-class=\"\" data-link-content=\"wpdt-link-content\">diccionario<\/a>                    <\/td>\n                                        <\/tr>\n                            <tr class=\"wpdt-cell-row \" >\n                                <td class=\"wpdt-cell wpdt-align-left\"\n                                            data-cell-id=\"A9\"\n                    data-col-index=\"0\"\n                    data-row-index=\"8\"\n                    style=\"                    padding:10px;\n                    \"\n                    >\n                                        6 Presupuesto de la instituci\u00f3n                    <\/td>\n                                                <td class=\"wpdt-cell wpdt-align-center\"\n                                            data-cell-id=\"B9\"\n                    data-col-index=\"1\"\n                    data-row-index=\"8\"\n                    style=\"                    padding:10px;\n                    \"\n                    >\n                                        <a data-media-content=\"wpdt-media-content\" href=\"https:\/\/www.salcedo.gob.ec\/wp-content\/uploads\/2024\/06\/6-LOTAIP-MES-MAYO-2024.csv\">Datos<\/a>                    <\/td>\n                                                <td class=\"wpdt-cell \"\n                                            data-cell-id=\"C9\"\n                    data-col-index=\"2\"\n                    data-row-index=\"8\"\n                    style=\"                    padding:10px;\n                    \"\n                    >\n                                        <a data-media-content=\"wpdt-media-content\" href=\"https:\/\/www.salcedo.gob.ec\/wp-content\/uploads\/2024\/07\/6-LOTAIP-MES-MAYO-2024.csv\">Metadatos<\/a>                    <\/td>\n                                                <td class=\"wpdt-cell \"\n                                            data-cell-id=\"D9\"\n                    data-col-index=\"3\"\n                    data-row-index=\"8\"\n                    style=\"                    padding:10px;\n                    \"\n                    >\n                                        <a class=\"wpdt-link-content\" href=\"https:\/\/www.salcedo.gob.ec\/wp-content\/uploads\/2024\/tp\/enero\/6-presupuesto-de-la-institucion_diccionario_dic2023.csv\"  rel=\"\" target=\"_self\" data-cell-id=\"103\" data-link-url=\"https:\/\/www.salcedo.gob.ec\/wp-content\/uploads\/2024\/tp\/enero\/6-presupuesto-de-la-institucion_diccionario_dic2023.csv\" data-link-text=\"diccionario\" data-link-target=\"0\" data-link-nofollow=\"0\" data-link-noreferrer=\"0\" data-link-sponsored=\"0\" data-link-btn-status=\"0\" data-link-btn-class=\"\" data-link-content=\"wpdt-link-content\">diccionario<\/a>                    <\/td>\n                                        <\/tr>\n                            <tr class=\"wpdt-cell-row \" >\n                                <td class=\"wpdt-cell wpdt-align-left\"\n                                            data-cell-id=\"A10\"\n                    data-col-index=\"0\"\n                    data-row-index=\"9\"\n                    style=\"                    padding:10px;\n                    \"\n                    >\n                                        7 Resultados de las auditor\u00edas internas y gubernamentales                    <\/td>\n                                                <td class=\"wpdt-cell wpdt-align-center\"\n                                            data-cell-id=\"B10\"\n                    data-col-index=\"1\"\n                    data-row-index=\"9\"\n                    style=\"                    padding:10px;\n                    \"\n                    >\n                                        <a data-media-content=\"wpdt-media-content\" href=\"https:\/\/www.salcedo.gob.ec\/wp-content\/uploads\/2024\/06\/7-Resultados-de-las-auditorias-internas-y-gubernamentales-mayo-2024.csv\">Datos<\/a>                    <\/td>\n                                                <td class=\"wpdt-cell \"\n                                            data-cell-id=\"C10\"\n                    data-col-index=\"2\"\n                    data-row-index=\"9\"\n                    style=\"                    padding:10px;\n                    \"\n                    >\n                                        <a data-media-content=\"wpdt-media-content\" href=\"https:\/\/www.salcedo.gob.ec\/wp-content\/uploads\/2024\/07\/7-Resultados-de-las-auditorias-internas-y-gubernamentales-mayo-2024.csv\">Metadatos<\/a>                    <\/td>\n                                                <td class=\"wpdt-cell \"\n                                            data-cell-id=\"D10\"\n                    data-col-index=\"3\"\n                    data-row-index=\"9\"\n                    style=\"                    padding:10px;\n                    \"\n                    >\n                                        <a class=\"wpdt-link-content\" href=\"https:\/\/www.salcedo.gob.ec\/wp-content\/uploads\/2024\/tp\/enero\/7-resultados-de-las-auditorias-internas-y-gubernamentales_diccionario_dic2023.csv\"  rel=\"\" target=\"_self\" data-cell-id=\"113\" data-link-url=\"https:\/\/www.salcedo.gob.ec\/wp-content\/uploads\/2024\/tp\/enero\/7-resultados-de-las-auditorias-internas-y-gubernamentales_diccionario_dic2023.csv\" data-link-text=\"diccionario\" data-link-target=\"0\" data-link-nofollow=\"0\" data-link-noreferrer=\"0\" data-link-sponsored=\"0\" data-link-btn-status=\"0\" data-link-btn-class=\"\" data-link-content=\"wpdt-link-content\">diccionario<\/a>                    <\/td>\n                                        <\/tr>\n                            <tr class=\"wpdt-cell-row \" >\n                                <td class=\"wpdt-cell wpdt-align-left\"\n                                            data-cell-id=\"A11\"\n                    data-col-index=\"0\"\n                    data-row-index=\"10\"\n                    style=\"                    padding:10px;\n                    \"\n                    >\n                                        8 Procesos de contrataci\u00f3n p\u00fablica                    <\/td>\n                                                <td class=\"wpdt-cell wpdt-align-center\"\n                                            data-cell-id=\"B11\"\n                    data-col-index=\"1\"\n                    data-row-index=\"10\"\n                    style=\"                    padding:10px;\n                    \"\n                    >\n                                        <a data-media-content=\"wpdt-media-content\" href=\"https:\/\/www.salcedo.gob.ec\/wp-content\/uploads\/2024\/06\/8-procesos-de-contratacion-publica2.csv\">Datos<\/a>                    <\/td>\n                                                <td class=\"wpdt-cell \"\n                                            data-cell-id=\"C11\"\n                    data-col-index=\"2\"\n                    data-row-index=\"10\"\n                    style=\"                    padding:10px;\n                    \"\n                    >\n                                        <a data-media-content=\"wpdt-media-content\" href=\"https:\/\/www.salcedo.gob.ec\/wp-content\/uploads\/2024\/07\/8-procesos-de-contratacion-publica2.csv\">Metadatos<\/a>                    <\/td>\n                                                <td class=\"wpdt-cell \"\n                                            data-cell-id=\"D11\"\n                    data-col-index=\"3\"\n                    data-row-index=\"10\"\n                    style=\"                    padding:10px;\n                    \"\n                    >\n                                        <a class=\"wpdt-link-content\" href=\"https:\/\/www.salcedo.gob.ec\/wp-content\/uploads\/2024\/tp\/enero\/8-procesos-de-contratacion-publica_diccionario_dic2023.csv\"  rel=\"\" target=\"_self\" data-cell-id=\"123\" data-link-url=\"https:\/\/www.salcedo.gob.ec\/wp-content\/uploads\/2024\/tp\/enero\/8-procesos-de-contratacion-publica_diccionario_dic2023.csv\" data-link-text=\"diccionario\" data-link-target=\"0\" data-link-nofollow=\"0\" data-link-noreferrer=\"0\" data-link-sponsored=\"0\" data-link-btn-status=\"0\" data-link-btn-class=\"\" data-link-content=\"wpdt-link-content\">diccionario<\/a>                    <\/td>\n                                        <\/tr>\n                            <tr class=\"wpdt-cell-row \" >\n                                <td class=\"wpdt-cell wpdt-align-left\"\n                                            data-cell-id=\"A12\"\n                    data-col-index=\"0\"\n                    data-row-index=\"11\"\n                    style=\"                    padding:10px;\n                    \"\n                    >\n                                        9 Empresas y personas que han incumplido contratos                    <\/td>\n                                                <td class=\"wpdt-cell wpdt-align-center\"\n                                            data-cell-id=\"B12\"\n                    data-col-index=\"1\"\n                    data-row-index=\"11\"\n                    style=\"                    padding:10px;\n                    \"\n                    >\n                                        <a data-media-content=\"wpdt-media-content\" href=\"https:\/\/www.salcedo.gob.ec\/wp-content\/uploads\/2024\/06\/9-Listado-de-empresas-y-personas-que-han-incumplido-contratos-mayo-2024.csv\">Datos<\/a>                    <\/td>\n                                                <td class=\"wpdt-cell \"\n                                            data-cell-id=\"C12\"\n                    data-col-index=\"2\"\n                    data-row-index=\"11\"\n                    style=\"                    padding:10px;\n                    \"\n                    >\n                                        <a data-media-content=\"wpdt-media-content\" href=\"https:\/\/www.salcedo.gob.ec\/wp-content\/uploads\/2024\/07\/9-Listado-de-empresas-y-personas-que-han-incumplido-contratos-mayo-2024.csv\">Metadatos<\/a>                    <\/td>\n                                                <td class=\"wpdt-cell \"\n                                            data-cell-id=\"D12\"\n                    data-col-index=\"3\"\n                    data-row-index=\"11\"\n                    style=\"                    padding:10px;\n                    \"\n                    >\n                                        <a class=\"wpdt-link-content\" href=\"https:\/\/www.salcedo.gob.ec\/wp-content\/uploads\/2024\/tp\/enero\/9-listado-de-empresas-y-personas-que-han-incumplido-contratos_diccionario_dic2023.csv\"  rel=\"\" target=\"_self\" data-cell-id=\"133\" data-link-url=\"https:\/\/www.salcedo.gob.ec\/wp-content\/uploads\/2024\/tp\/enero\/9-listado-de-empresas-y-personas-que-han-incumplido-contratos_diccionario_dic2023.csv\" data-link-text=\"diccionario\" data-link-target=\"0\" data-link-nofollow=\"0\" data-link-noreferrer=\"0\" data-link-sponsored=\"0\" data-link-btn-status=\"0\" data-link-btn-class=\"\" data-link-content=\"wpdt-link-content\">diccionario<\/a>                    <\/td>\n                                        <\/tr>\n                            <tr class=\"wpdt-cell-row \" >\n                                <td class=\"wpdt-cell wpdt-align-left\"\n                                            data-cell-id=\"A13\"\n                    data-col-index=\"0\"\n                    data-row-index=\"12\"\n                    style=\"                    padding:10px;\n                    \"\n                    >\n                                        10 Planes y programas en ejecuci\u00f3n                    <\/td>\n                                                <td class=\"wpdt-cell wpdt-align-center\"\n                                            data-cell-id=\"B13\"\n                    data-col-index=\"1\"\n                    data-row-index=\"12\"\n                    style=\"                    padding:10px;\n                    \"\n                    >\n                                        <a data-media-content=\"wpdt-media-content\" href=\"https:\/\/www.salcedo.gob.ec\/wp-content\/uploads\/2024\/06\/10-planes-y-programas-2024-MAYO.csv\">Datos<\/a>                    <\/td>\n                                                <td class=\"wpdt-cell \"\n                                            data-cell-id=\"C13\"\n                    data-col-index=\"2\"\n                    data-row-index=\"12\"\n                    style=\"                    padding:10px;\n                    \"\n                    >\n                                        <a data-media-content=\"wpdt-media-content\" href=\"https:\/\/www.salcedo.gob.ec\/wp-content\/uploads\/2024\/07\/10-planes-y-programas-2024-MAYO.csv\">Metadatos<\/a>                    <\/td>\n                                                <td class=\"wpdt-cell \"\n                                            data-cell-id=\"D13\"\n                    data-col-index=\"3\"\n                    data-row-index=\"12\"\n                    style=\"                    padding:10px;\n                    \"\n                    >\n                                        <a class=\"wpdt-link-content\" href=\"https:\/\/www.salcedo.gob.ec\/wp-content\/uploads\/2024\/tp\/enero\/10-planes-y-programas_diccionario_dic2023.csv\"  rel=\"\" target=\"_self\" data-cell-id=\"143\" data-link-url=\"https:\/\/www.salcedo.gob.ec\/wp-content\/uploads\/2024\/tp\/enero\/10-planes-y-programas_diccionario_dic2023.csv\" data-link-text=\"diccionario\" data-link-target=\"0\" data-link-nofollow=\"0\" data-link-noreferrer=\"0\" data-link-sponsored=\"0\" data-link-btn-status=\"0\" data-link-btn-class=\"\" data-link-content=\"wpdt-link-content\">diccionario<\/a>                    <\/td>\n                                        <\/tr>\n                            <tr class=\"wpdt-cell-row \" >\n                                <td class=\"wpdt-cell wpdt-align-left\"\n                                            data-cell-id=\"A14\"\n                    data-col-index=\"0\"\n                    data-row-index=\"13\"\n                    style=\"                    padding:10px;\n                    \"\n                    >\n                                        11 Contratos de cr\u00e9dito externos o internos                    <\/td>\n                                                <td class=\"wpdt-cell wpdt-align-center\"\n                                            data-cell-id=\"B14\"\n                    data-col-index=\"1\"\n                    data-row-index=\"13\"\n                    style=\"                    padding:10px;\n                    \"\n                    >\n                                        <a data-media-content=\"wpdt-media-content\" href=\"https:\/\/www.salcedo.gob.ec\/wp-content\/uploads\/2024\/06\/11-Contratos-de-credito-externos-o-internos-mayo-2024-NA.csv\">Datos<\/a>                    <\/td>\n                                                <td class=\"wpdt-cell \"\n                                            data-cell-id=\"C14\"\n                    data-col-index=\"2\"\n                    data-row-index=\"13\"\n                    style=\"                    padding:10px;\n                    \"\n                    >\n                                        <a data-media-content=\"wpdt-media-content\" href=\"https:\/\/www.salcedo.gob.ec\/wp-content\/uploads\/2024\/07\/11-Contratos-de-credito-externos-o-internos-mayo-2024-NA.csv\">Metadatos<\/a>                    <\/td>\n                                                <td class=\"wpdt-cell \"\n                                            data-cell-id=\"D14\"\n                    data-col-index=\"3\"\n                    data-row-index=\"13\"\n                    style=\"                    padding:10px;\n                    \"\n                    >\n                                        <a class=\"wpdt-link-content\" href=\"https:\/\/www.salcedo.gob.ec\/wp-content\/uploads\/2024\/tp\/enero\/11-contratos-de-credito-externos-o-internos_diccionario_dic2023.csv\"  rel=\"\" target=\"_self\" data-cell-id=\"153\" data-link-url=\"https:\/\/www.salcedo.gob.ec\/wp-content\/uploads\/2024\/tp\/enero\/11-contratos-de-credito-externos-o-internos_diccionario_dic2023.csv\" data-link-text=\"diccionario\" data-link-target=\"0\" data-link-nofollow=\"0\" data-link-noreferrer=\"0\" data-link-sponsored=\"0\" data-link-btn-status=\"0\" data-link-btn-class=\"\" data-link-content=\"wpdt-link-content\">diccionario<\/a>                    <\/td>\n                                        <\/tr>\n                            <tr class=\"wpdt-cell-row \" >\n                                <td class=\"wpdt-cell wpdt-align-left\"\n                                            data-cell-id=\"A15\"\n                    data-col-index=\"0\"\n                    data-row-index=\"14\"\n                    style=\"                    padding:10px;\n                    \"\n                    >\n                                        12 Mecanismos de rendici\u00f3n de cuentas                    <\/td>\n                                                <td class=\"wpdt-cell wpdt-align-center\"\n                                            data-cell-id=\"B15\"\n                    data-col-index=\"1\"\n                    data-row-index=\"14\"\n                    style=\"                    padding:10px;\n                    \"\n                    >\n                                        <a data-media-content=\"wpdt-media-content\" href=\"https:\/\/www.salcedo.gob.ec\/wp-content\/uploads\/2024\/06\/12-mecanismos-rendicion-cuentas-2024-MAYO.csv\">Datos<\/a>                    <\/td>\n                                                <td class=\"wpdt-cell \"\n                                            data-cell-id=\"C15\"\n                    data-col-index=\"2\"\n                    data-row-index=\"14\"\n                    style=\"                    padding:10px;\n                    \"\n                    >\n                                        <a data-media-content=\"wpdt-media-content\" href=\"https:\/\/www.salcedo.gob.ec\/wp-content\/uploads\/2024\/07\/12-mecanismos-rendicion-cuentas-2024-MAYO.csv\">Metadatos<\/a>                    <\/td>\n                                                <td class=\"wpdt-cell \"\n                                            data-cell-id=\"D15\"\n                    data-col-index=\"3\"\n                    data-row-index=\"14\"\n                    style=\"                    padding:10px;\n                    \"\n                    >\n                                        <a class=\"wpdt-link-content\" href=\"https:\/\/www.salcedo.gob.ec\/wp-content\/uploads\/2024\/tp\/enero\/12-mecanismos-rendicion-cuentas_diccionario_dic2023.csv\"  rel=\"\" target=\"_self\" data-cell-id=\"163\" data-link-url=\"https:\/\/www.salcedo.gob.ec\/wp-content\/uploads\/2024\/tp\/enero\/12-mecanismos-rendicion-cuentas_diccionario_dic2023.csv\" data-link-text=\"diccionario\" data-link-target=\"0\" data-link-nofollow=\"0\" data-link-noreferrer=\"0\" data-link-sponsored=\"0\" data-link-btn-status=\"0\" data-link-btn-class=\"\" data-link-content=\"wpdt-link-content\">diccionario<\/a>                    <\/td>\n                                        <\/tr>\n                            <tr class=\"wpdt-cell-row \" >\n                                <td class=\"wpdt-cell \"\n                                            data-cell-id=\"A16\"\n                    data-col-index=\"0\"\n                    data-row-index=\"15\"\n                    style=\"                    padding:10px;\n                    \"\n                    >\n                                        13 Vi\u00e1ticos informes de trabajo y justificativos                    <\/td>\n                                                <td class=\"wpdt-cell wpdt-align-center\"\n                                            data-cell-id=\"B16\"\n                    data-col-index=\"1\"\n                    data-row-index=\"15\"\n                    style=\"                    padding:10px;\n                    \"\n                    >\n                                        <a data-media-content=\"wpdt-media-content\" href=\"https:\/\/www.salcedo.gob.ec\/wp-content\/uploads\/2024\/06\/13-VIATICOS-MAY-2024-1.csv\">Datos<\/a>                    <\/td>\n                                                <td class=\"wpdt-cell \"\n                                            data-cell-id=\"C16\"\n                    data-col-index=\"2\"\n                    data-row-index=\"15\"\n                    style=\"                    padding:10px;\n                    \"\n                    >\n                                        <a data-media-content=\"wpdt-media-content\" href=\"https:\/\/www.salcedo.gob.ec\/wp-content\/uploads\/2024\/07\/13-VIATICOS-MAY-2024.csv\">Metadatos<\/a>                    <\/td>\n                                                <td class=\"wpdt-cell  wpdt-empty-cell \"\n                                            data-cell-id=\"D16\"\n                    data-col-index=\"3\"\n                    data-row-index=\"15\"\n                    style=\"                    padding:10px;\n                    \"\n                    >\n                                                            <\/td>\n                                        <\/tr>\n                            <tr class=\"wpdt-cell-row \" >\n                                <td class=\"wpdt-cell wpdt-align-left\"\n                                            data-cell-id=\"A17\"\n                    data-col-index=\"0\"\n                    data-row-index=\"16\"\n                    style=\"                    padding:10px;\n                    \"\n                    >\n                                        14 Responsables del acceso de informaci\u00f3n p\u00fablica                    <\/td>\n                                                <td class=\"wpdt-cell wpdt-align-center\"\n                                            data-cell-id=\"B17\"\n                    data-col-index=\"1\"\n                    data-row-index=\"16\"\n                    style=\"                    padding:10px;\n                    \"\n                    >\n                                        <a data-media-content=\"wpdt-media-content\" href=\"https:\/\/www.salcedo.gob.ec\/wp-content\/uploads\/2024\/06\/14-responsables-del-acceso-de-informacion-publica-MAYO.csv\">Datos<\/a>                    <\/td>\n                                                <td class=\"wpdt-cell \"\n                                            data-cell-id=\"C17\"\n                    data-col-index=\"2\"\n                    data-row-index=\"16\"\n                    style=\"                    padding:10px;\n                    \"\n                    >\n                                        <a data-media-content=\"wpdt-media-content\" href=\"https:\/\/www.salcedo.gob.ec\/wp-content\/uploads\/2024\/07\/14-responsables-del-acceso-de-informacion-publica-MAYO.csv\">Metadatos<\/a>                    <\/td>\n                                                <td class=\"wpdt-cell \"\n                                            data-cell-id=\"D17\"\n                    data-col-index=\"3\"\n                    data-row-index=\"16\"\n                    style=\"                    padding:10px;\n                    \"\n                    >\n                                        <a class=\"wpdt-link-content\" href=\"https:\/\/www.salcedo.gob.ec\/wp-content\/uploads\/2024\/tp\/enero\/14-responsables-del-acceso-de-informacion-publica_diccionario_dic2023.csv\"  rel=\"\" target=\"_self\" data-cell-id=\"183\" data-link-url=\"https:\/\/www.salcedo.gob.ec\/wp-content\/uploads\/2024\/tp\/enero\/14-responsables-del-acceso-de-informacion-publica_diccionario_dic2023.csv\" data-link-text=\"diccionario\" data-link-target=\"0\" data-link-nofollow=\"0\" data-link-noreferrer=\"0\" data-link-sponsored=\"0\" data-link-btn-status=\"0\" data-link-btn-class=\"\" data-link-content=\"wpdt-link-content\">diccionario<\/a>                    <\/td>\n                                        <\/tr>\n                            <tr class=\"wpdt-cell-row \" >\n                                <td class=\"wpdt-cell wpdt-align-left\"\n                                            data-cell-id=\"A18\"\n                    data-col-index=\"0\"\n                    data-row-index=\"17\"\n                    style=\"                    padding:10px;\n                    \"\n                    >\n                                        15 Texto \u00edntegro de los contratos colectivos vigentes y reformas                    <\/td>\n                                                <td class=\"wpdt-cell wpdt-align-center\"\n                                            data-cell-id=\"B18\"\n                    data-col-index=\"1\"\n                    data-row-index=\"17\"\n                    style=\"                    padding:10px;\n                    \"\n                    >\n                                        <a data-media-content=\"wpdt-media-content\" href=\"https:\/\/www.salcedo.gob.ec\/wp-content\/uploads\/2024\/06\/15-Texto-integro-de-los-contratos-colectivos-vigentes-y-reformas-mayo-2024.csv\">Datos<\/a>                    <\/td>\n                                                <td class=\"wpdt-cell \"\n                                            data-cell-id=\"C18\"\n                    data-col-index=\"2\"\n                    data-row-index=\"17\"\n                    style=\"                    padding:10px;\n                    \"\n                    >\n                                        <a data-media-content=\"wpdt-media-content\" href=\"https:\/\/www.salcedo.gob.ec\/wp-content\/uploads\/2024\/07\/15-Texto-integro-de-los-contratos-colectivos-vigentes-y-reformas-mayo-2024.csv\">Metadatos<\/a>                    <\/td>\n                                                <td class=\"wpdt-cell \"\n                                            data-cell-id=\"D18\"\n                    data-col-index=\"3\"\n                    data-row-index=\"17\"\n                    style=\"                    padding:10px;\n                    \"\n                    >\n                                        <a class=\"wpdt-link-content\" href=\"https:\/\/www.salcedo.gob.ec\/wp-content\/uploads\/2024\/tp\/enero\/15-texto-integro-de-los-contratos-colectivos-vigentes-y-reformas_diccionario_DIC2023.csv\"  rel=\"\" target=\"_self\" data-cell-id=\"193\" data-link-url=\"https:\/\/www.salcedo.gob.ec\/wp-content\/uploads\/2024\/tp\/enero\/15-texto-integro-de-los-contratos-colectivos-vigentes-y-reformas_diccionario_DIC2023.csv\" data-link-text=\"diccionario\" data-link-target=\"0\" data-link-nofollow=\"0\" data-link-noreferrer=\"0\" data-link-sponsored=\"0\" data-link-btn-status=\"0\" data-link-btn-class=\"\" data-link-content=\"wpdt-link-content\">diccionario<\/a>                    <\/td>\n                                        <\/tr>\n                            <tr class=\"wpdt-cell-row \" >\n                                <td class=\"wpdt-cell wpdt-align-left\"\n                                            data-cell-id=\"A19\"\n                    data-col-index=\"0\"\n                    data-row-index=\"18\"\n                    style=\"                    padding:10px;\n                    \"\n                    >\n                                        16 Listado \u00edndice informaci\u00f3n reservada                    <\/td>\n                                                <td class=\"wpdt-cell wpdt-align-center\"\n                                            data-cell-id=\"B19\"\n                    data-col-index=\"1\"\n                    data-row-index=\"18\"\n                    style=\"                    padding:10px;\n                    \"\n                    >\n                                        <a data-media-content=\"wpdt-media-content\" href=\"https:\/\/www.salcedo.gob.ec\/wp-content\/uploads\/2024\/06\/16-indice-informacion-reservada-MAYO.csv\">Datos<\/a>                    <\/td>\n                                                <td class=\"wpdt-cell \"\n                                            data-cell-id=\"C19\"\n                    data-col-index=\"2\"\n                    data-row-index=\"18\"\n                    style=\"                    padding:10px;\n                    \"\n                    >\n                                        <a data-media-content=\"wpdt-media-content\" href=\"https:\/\/www.salcedo.gob.ec\/wp-content\/uploads\/2024\/07\/16-indice-informacion-reservada-MAYO.csv\">Metadatos<\/a>                    <\/td>\n                                                <td class=\"wpdt-cell \"\n                                            data-cell-id=\"D19\"\n                    data-col-index=\"3\"\n                    data-row-index=\"18\"\n                    style=\"                    padding:10px;\n                    \"\n                    >\n                                        <a class=\"wpdt-link-content\" href=\"https:\/\/www.salcedo.gob.ec\/wp-content\/uploads\/2024\/tp\/enero\/16-indice-informacion-reservada_diccionario_dic2023.csv\"  rel=\"\" target=\"_self\" data-cell-id=\"203\" data-link-url=\"https:\/\/www.salcedo.gob.ec\/wp-content\/uploads\/2024\/tp\/enero\/16-indice-informacion-reservada_diccionario_dic2023.csv\" data-link-text=\"diccionario\" data-link-target=\"0\" data-link-nofollow=\"0\" data-link-noreferrer=\"0\" data-link-sponsored=\"0\" data-link-btn-status=\"0\" data-link-btn-class=\"\" data-link-content=\"wpdt-link-content\">diccionario<\/a>                    <\/td>\n                                        <\/tr>\n                            <tr class=\"wpdt-cell-row \" >\n                                <td class=\"wpdt-cell wpdt-align-left\"\n                                            data-cell-id=\"A20\"\n                    data-col-index=\"0\"\n                    data-row-index=\"19\"\n                    style=\"                    padding:10px;\n                    \"\n                    >\n                                        17 Detalle de las audiencias y reuniones de autoridades                    <\/td>\n                                                <td class=\"wpdt-cell wpdt-align-center\"\n                                            data-cell-id=\"B20\"\n                    data-col-index=\"1\"\n                    data-row-index=\"19\"\n                    style=\"                    padding:10px;\n                    \"\n                    >\n                                        <a data-media-content=\"wpdt-media-content\" href=\"https:\/\/www.salcedo.gob.ec\/wp-content\/uploads\/2024\/06\/17-audiencias-y-reuniones-autoridades_mayo2024.csv\">Datos<\/a>                    <\/td>\n                                                <td class=\"wpdt-cell \"\n                                            data-cell-id=\"C20\"\n                    data-col-index=\"2\"\n                    data-row-index=\"19\"\n                    style=\"                    padding:10px;\n                    \"\n                    >\n                                        <a data-media-content=\"wpdt-media-content\" href=\"https:\/\/www.salcedo.gob.ec\/wp-content\/uploads\/2024\/07\/17-audiencias-y-reuniones-autoridades_mayo2024.csv\">Metadatos<\/a>                    <\/td>\n                                                <td class=\"wpdt-cell \"\n                                            data-cell-id=\"D20\"\n                    data-col-index=\"3\"\n                    data-row-index=\"19\"\n                    style=\"                    padding:10px;\n                    \"\n                    >\n                                        <a class=\"wpdt-link-content\" href=\"https:\/\/www.salcedo.gob.ec\/wp-content\/uploads\/2024\/tp\/enero\/17-audiencias-y-reuniones-autoridades_diccionario_dic2023.csv\"  rel=\"\" target=\"_self\" data-cell-id=\"213\" data-link-url=\"https:\/\/www.salcedo.gob.ec\/wp-content\/uploads\/2024\/tp\/enero\/17-audiencias-y-reuniones-autoridades_diccionario_dic2023.csv\" data-link-text=\"diccionario\" data-link-target=\"0\" data-link-nofollow=\"0\" data-link-noreferrer=\"0\" data-link-sponsored=\"0\" data-link-btn-status=\"0\" data-link-btn-class=\"\" data-link-content=\"wpdt-link-content\">diccionario<\/a>                    <\/td>\n                                        <\/tr>\n                            <tr class=\"wpdt-cell-row \" >\n                                <td class=\"wpdt-cell wpdt-align-left\"\n                                            data-cell-id=\"A21\"\n                    data-col-index=\"0\"\n                    data-row-index=\"20\"\n                    style=\"                    padding:10px;\n                    \"\n                    >\n                                        18 Detalle de convenios nacionales e internacionales                    <\/td>\n                                                <td class=\"wpdt-cell wpdt-align-center\"\n                                            data-cell-id=\"B21\"\n                    data-col-index=\"1\"\n                    data-row-index=\"20\"\n                    style=\"                    padding:10px;\n                    \"\n                    >\n                                        <a data-media-content=\"wpdt-media-content\" href=\"https:\/\/www.salcedo.gob.ec\/wp-content\/uploads\/2024\/06\/18-Detalle-de-convenios-nacionales-e-internacionales-mayo-2024.csv\">Datos<\/a>                    <\/td>\n                                                <td class=\"wpdt-cell \"\n                                            data-cell-id=\"C21\"\n                    data-col-index=\"2\"\n                    data-row-index=\"20\"\n                    style=\"                    padding:10px;\n                    \"\n                    >\n                                        <a data-media-content=\"wpdt-media-content\" href=\"https:\/\/www.salcedo.gob.ec\/wp-content\/uploads\/2024\/07\/18-Detalle-de-convenios-nacionales-e-internacionales-mayo-2024.csv\">Metadatos<\/a>                    <\/td>\n                                                <td class=\"wpdt-cell \"\n                                            data-cell-id=\"D21\"\n                    data-col-index=\"3\"\n                    data-row-index=\"20\"\n                    style=\"                    padding:10px;\n                    \"\n                    >\n                                        <a class=\"wpdt-link-content\" href=\"https:\/\/www.salcedo.gob.ec\/wp-content\/uploads\/2024\/tp\/enero\/18-detalle-de-convenios-nacionales-e-internacionales_diccionario_dic2023.csv\"  rel=\"\" target=\"_self\" data-cell-id=\"223\" data-link-url=\"https:\/\/www.salcedo.gob.ec\/wp-content\/uploads\/2024\/tp\/enero\/18-detalle-de-convenios-nacionales-e-internacionales_diccionario_dic2023.csv\" data-link-text=\"diccionario\" data-link-target=\"0\" data-link-nofollow=\"0\" data-link-noreferrer=\"0\" data-link-sponsored=\"0\" data-link-btn-status=\"0\" data-link-btn-class=\"\" data-link-content=\"wpdt-link-content\">diccionario<\/a>                    <\/td>\n                                        <\/tr>\n                            <tr class=\"wpdt-cell-row \" >\n                                <td class=\"wpdt-cell wpdt-align-left\"\n                                            data-cell-id=\"A22\"\n                    data-col-index=\"0\"\n                    data-row-index=\"21\"\n                    style=\"                    padding:10px;\n                    \"\n                    >\n                                        19 Detalle donativos oficiales y protocolares                    <\/td>\n                                                <td class=\"wpdt-cell wpdt-align-center\"\n                                            data-cell-id=\"B22\"\n                    data-col-index=\"1\"\n                    data-row-index=\"21\"\n                    style=\"                    padding:10px;\n                    \"\n                    >\n                                        <a data-media-content=\"wpdt-media-content\" href=\"https:\/\/www.salcedo.gob.ec\/wp-content\/uploads\/2024\/06\/19-detalle-donativos-oficiales-y-protocolares.csv\">Datos<\/a>                    <\/td>\n                                                <td class=\"wpdt-cell \"\n                                            data-cell-id=\"C22\"\n                    data-col-index=\"2\"\n                    data-row-index=\"21\"\n                    style=\"                    padding:10px;\n                    \"\n                    >\n                                        <a data-media-content=\"wpdt-media-content\" href=\"https:\/\/www.salcedo.gob.ec\/wp-content\/uploads\/2024\/07\/19-detalle-donativos-oficiales-y-protocolares-2.csv\">Metadatos<\/a>                    <\/td>\n                                                <td class=\"wpdt-cell \"\n                                            data-cell-id=\"D22\"\n                    data-col-index=\"3\"\n                    data-row-index=\"21\"\n                    style=\"                    padding:10px;\n                    \"\n                    >\n                                        <a class=\"wpdt-link-content\" href=\"https:\/\/www.salcedo.gob.ec\/wp-content\/uploads\/2024\/tp\/enero\/19-detalle-donativos-oficiales-y-protocolares_diccionario_dic2023.csv\"  rel=\"\" target=\"_self\" data-cell-id=\"233\" data-link-url=\"https:\/\/www.salcedo.gob.ec\/wp-content\/uploads\/2024\/tp\/enero\/19-detalle-donativos-oficiales-y-protocolares_diccionario_dic2023.csv\" data-link-text=\"diccionario\" data-link-target=\"0\" data-link-nofollow=\"0\" data-link-noreferrer=\"0\" data-link-sponsored=\"0\" data-link-btn-status=\"0\" data-link-btn-class=\"\" data-link-content=\"wpdt-link-content\">diccionario<\/a>                    <\/td>\n                                        <\/tr>\n                            <tr class=\"wpdt-cell-row \" >\n                                <td class=\"wpdt-cell wpdt-align-left\"\n                                            data-cell-id=\"A23\"\n                    data-col-index=\"0\"\n                    data-row-index=\"22\"\n                    style=\"                    padding:10px;\n                    \"\n                    >\n                                        20 Registro de activos de informaci\u00f3n frecuente                    <\/td>\n                                                <td class=\"wpdt-cell wpdt-align-center\"\n                                            data-cell-id=\"B23\"\n                    data-col-index=\"1\"\n                    data-row-index=\"22\"\n                    style=\"                    padding:10px;\n                    \"\n                    >\n                                        <a data-media-content=\"wpdt-media-content\" href=\"https:\/\/www.salcedo.gob.ec\/wp-content\/uploads\/2024\/06\/19-detalle-donativos-oficiales-y-protocolares.csv\">Datos<\/a>                    <\/td>\n                                                <td class=\"wpdt-cell \"\n                                            data-cell-id=\"C23\"\n                    data-col-index=\"2\"\n                    data-row-index=\"22\"\n                    style=\"                    padding:10px;\n                    \"\n                    >\n                                        <a data-media-content=\"wpdt-media-content\" href=\"https:\/\/www.salcedo.gob.ec\/wp-content\/uploads\/2024\/07\/20-registro-de-activos-de-informacion-frecuente-y-complementaria-1.csv\">Metadatos<\/a>                    <\/td>\n                                                <td class=\"wpdt-cell \"\n                                            data-cell-id=\"D23\"\n                    data-col-index=\"3\"\n                    data-row-index=\"22\"\n                    style=\"                    padding:10px;\n                    \"\n                    >\n                                        <a class=\"wpdt-link-content\" href=\"https:\/\/www.salcedo.gob.ec\/wp-content\/uploads\/2024\/tp\/enero\/20-registro-de-activos-de-informacion-frecuente-y-complementaria_diccionario_DIC2023.csv\"  rel=\"\" target=\"_self\" data-cell-id=\"243\" data-link-url=\"https:\/\/www.salcedo.gob.ec\/wp-content\/uploads\/2024\/tp\/enero\/20-registro-de-activos-de-informacion-frecuente-y-complementaria_diccionario_DIC2023.csv\" data-link-text=\"diccionario\" data-link-target=\"0\" data-link-nofollow=\"0\" data-link-noreferrer=\"0\" data-link-sponsored=\"0\" data-link-btn-status=\"0\" data-link-btn-class=\"\" data-link-content=\"wpdt-link-content\">diccionario<\/a>                    <\/td>\n                                        <\/tr>\n                            <tr class=\"wpdt-cell-row \" >\n                                <td class=\"wpdt-cell wpdt-align-left\"\n                                            data-cell-id=\"A24\"\n                    data-col-index=\"0\"\n                    data-row-index=\"23\"\n                    style=\"                    padding:10px;\n                    \"\n                    >\n                                        21 Pol\u00edticas p\u00fablicas o informaci\u00f3n grupo espec\u00edfico                    <\/td>\n                                                <td class=\"wpdt-cell wpdt-align-center\"\n                                            data-cell-id=\"B24\"\n                    data-col-index=\"1\"\n                    data-row-index=\"23\"\n                    style=\"                    padding:10px;\n                    \"\n                    >\n                                        <a data-media-content=\"wpdt-media-content\" href=\"https:\/\/www.salcedo.gob.ec\/wp-content\/uploads\/2024\/06\/21-politicas-publicas-o-informacion-grupo-especifico-1.csv\">Datos<\/a>                    <\/td>\n                                                <td class=\"wpdt-cell \"\n                                            data-cell-id=\"C24\"\n                    data-col-index=\"2\"\n                    data-row-index=\"23\"\n                    style=\"                    padding:10px;\n                    \"\n                    >\n                                        <a data-media-content=\"wpdt-media-content\" href=\"https:\/\/www.salcedo.gob.ec\/wp-content\/uploads\/2024\/07\/21-politicas-publicas-o-informacion-grupo-especifico-2.csv\">Metadatos<\/a>                    <\/td>\n                                                <td class=\"wpdt-cell \"\n                                            data-cell-id=\"D24\"\n                    data-col-index=\"3\"\n                    data-row-index=\"23\"\n                    style=\"                    padding:10px;\n                    \"\n                    >\n                                        <a class=\"wpdt-link-content\" href=\"https:\/\/www.salcedo.gob.ec\/wp-content\/uploads\/2024\/tp\/enero\/21-politicas-publicas-o-informacion-grupo-especifico_diccionario_dic2023.csv\"  rel=\"\" target=\"_self\" data-cell-id=\"253\" data-link-url=\"https:\/\/www.salcedo.gob.ec\/wp-content\/uploads\/2024\/tp\/enero\/21-politicas-publicas-o-informacion-grupo-especifico_diccionario_dic2023.csv\" data-link-text=\"diccionario\" data-link-target=\"0\" data-link-nofollow=\"0\" data-link-noreferrer=\"0\" data-link-sponsored=\"0\" data-link-btn-status=\"0\" data-link-btn-class=\"\" data-link-content=\"wpdt-link-content\">diccionario<\/a>                    <\/td>\n                                        <\/tr>\n                            <tr class=\"wpdt-cell-row \" >\n                                <td class=\"wpdt-cell wpdt-align-left\"\n                                            data-cell-id=\"A25\"\n                    data-col-index=\"0\"\n                    data-row-index=\"24\"\n                    style=\"                    padding:10px;\n                    \"\n                    >\n                                        23 Detalle personas servidoras p\u00fablicas con acciones afirmativas                    <\/td>\n                                                <td class=\"wpdt-cell wpdt-align-center\"\n                                            data-cell-id=\"B25\"\n                    data-col-index=\"1\"\n                    data-row-index=\"24\"\n                    style=\"                    padding:10px;\n                    \"\n                    >\n                                        <a data-media-content=\"wpdt-media-content\" href=\"https:\/\/www.salcedo.gob.ec\/wp-content\/uploads\/2024\/06\/23-DETALLE-PERSONAS-MAYO-2024.csv\">Datos<\/a>                    <\/td>\n                                                <td class=\"wpdt-cell \"\n                                            data-cell-id=\"C25\"\n                    data-col-index=\"2\"\n                    data-row-index=\"24\"\n                    style=\"                    padding:10px;\n                    \"\n                    >\n                                        <a data-media-content=\"wpdt-media-content\" href=\"https:\/\/www.salcedo.gob.ec\/wp-content\/uploads\/2024\/07\/23-DETALLE-PERSONAS-MAYO-2024.csv\">Metadatos<\/a>                    <\/td>\n                                                <td class=\"wpdt-cell \"\n                                            data-cell-id=\"D25\"\n                    data-col-index=\"3\"\n                    data-row-index=\"24\"\n                    style=\"                    padding:10px;\n                    \"\n                    >\n                                        <a class=\"wpdt-link-content\" href=\"https:\/\/www.salcedo.gob.ec\/wp-content\/uploads\/2024\/tp\/enero\/23-detalle-personas-servidoras-publicas-con-acciones-afirmativas_diccionario_DIC2023.csv\"  rel=\"\" target=\"_self\" data-cell-id=\"263\" data-link-url=\"https:\/\/www.salcedo.gob.ec\/wp-content\/uploads\/2024\/tp\/enero\/23-detalle-personas-servidoras-publicas-con-acciones-afirmativas_diccionario_DIC2023.csv\" data-link-text=\"diccionario\" data-link-target=\"0\" data-link-nofollow=\"0\" data-link-noreferrer=\"0\" data-link-sponsored=\"0\" data-link-btn-status=\"0\" data-link-btn-class=\"\" data-link-content=\"wpdt-link-content\">diccionario<\/a>                    <\/td>\n                                        <\/tr>\n                            <tr class=\"wpdt-cell-row \" >\n                                <td class=\"wpdt-cell wpdt-align-left\"\n                                            data-cell-id=\"A26\"\n                    data-col-index=\"0\"\n                    data-row-index=\"25\"\n                    style=\"                    padding:10px;\n                    \"\n                    >\n                                        24 Informaci\u00f3n relevante para el ejercicio de derechos ODS                    <\/td>\n                                                <td class=\"wpdt-cell wpdt-align-center\"\n                                            data-cell-id=\"B26\"\n                    data-col-index=\"1\"\n                    data-row-index=\"25\"\n                    style=\"                    padding:10px;\n                    \"\n                    >\n                                        <a data-media-content=\"wpdt-media-content\" href=\"https:\/\/www.salcedo.gob.ec\/wp-content\/uploads\/2024\/06\/24-informacion-relevante-para-el-ejercicio-de-derechos-ods.csv\">Datos<\/a>                    <\/td>\n                                                <td class=\"wpdt-cell \"\n                                            data-cell-id=\"C26\"\n                    data-col-index=\"2\"\n                    data-row-index=\"25\"\n                    style=\"                    padding:10px;\n                    \"\n                    >\n                                        <a data-media-content=\"wpdt-media-content\" href=\"https:\/\/www.salcedo.gob.ec\/wp-content\/uploads\/2024\/07\/24-informacion-relevante-para-el-ejercicio-de-derechos-ods-MAYO.csv\">Metadatos<\/a>                    <\/td>\n                                                <td class=\"wpdt-cell \"\n                                            data-cell-id=\"D26\"\n                    data-col-index=\"3\"\n                    data-row-index=\"25\"\n                    style=\"                    padding:10px;\n                    \"\n                    >\n                                        <a class=\"wpdt-link-content\" href=\"https:\/\/www.salcedo.gob.ec\/wp-content\/uploads\/2024\/tp\/enero\/24-informacion-relevante-para-el-ejercicio-de-derechos-ods_diccionario_dic2023.csv\"  rel=\"\" target=\"_self\" data-cell-id=\"273\" data-link-url=\"https:\/\/www.salcedo.gob.ec\/wp-content\/uploads\/2024\/tp\/enero\/24-informacion-relevante-para-el-ejercicio-de-derechos-ods_diccionario_dic2023.csv\" data-link-text=\"diccionario\" data-link-target=\"0\" data-link-nofollow=\"0\" data-link-noreferrer=\"0\" data-link-sponsored=\"0\" data-link-btn-status=\"0\" data-link-btn-class=\"\" data-link-content=\"wpdt-link-content\">diccionario<\/a>                    <\/td>\n                                        <\/tr>\n                    <\/table>\n<\/div><style id='wpdt-custom-style-13'>\n<\/style>\n\n\n\n\n\n\n<div class=\"wpdt-c row wpDataTableContainerSimpleTable wpDataTables wpDataTablesWrapper\n\"\n    >\n        <table id=\"wpdtSimpleTable-14\"\n           style=\"border-collapse:collapse;\n                   border-spacing:0px;\"\n           class=\"wpdtSimpleTable wpDataTable\"\n           data-column=\"4\"\n           data-rows=\"26\"\n           data-wpID=\"14\"\n           data-responsive=\"0\"\n           data-has-header=\"0\">\n\n                    <tbody>        <tr class=\"wpdt-cell-row \" >\n                                <td class=\"wpdt-cell wpdt-bold\"\n                                            data-cell-id=\"A1\"\n                    data-col-index=\"0\"\n                    data-row-index=\"0\"\n                    style=\" width:46.412213740458%;                    padding:10px;\n                    \"\n                    >\n                                        Descripci\u00f3n                    <\/td>\n                                                <td class=\"wpdt-cell wpdt-bold\"\n                                            data-cell-id=\"B1\"\n                    data-col-index=\"1\"\n                    data-row-index=\"0\"\n                    style=\" width:23.053435114504%;                    padding:10px;\n                    \"\n                    >\n                                        Conjunto datos                    <\/td>\n                                                <td class=\"wpdt-cell wpdt-bold\"\n                                            data-cell-id=\"C1\"\n                    data-col-index=\"2\"\n                    data-row-index=\"0\"\n                    style=\" width:15.267175572519%;                    padding:10px;\n                    \"\n                    >\n                                        Metadatos                    <\/td>\n                                                <td class=\"wpdt-cell wpdt-bold\"\n                                            data-cell-id=\"D1\"\n                    data-col-index=\"3\"\n                    data-row-index=\"0\"\n                    style=\" width:15.267175572519%;                    padding:10px;\n                    \"\n                    >\n                                        Diccionario                    <\/td>\n                                        <\/tr>\n                            <tr class=\"wpdt-cell-row \" >\n                                <td class=\"wpdt-cell wpdt-align-left\"\n                                            data-cell-id=\"A2\"\n                    data-col-index=\"0\"\n                    data-row-index=\"1\"\n                    style=\"                    padding:10px;\n                    \"\n                    >\n                                        1.1 Estructura org\u00e1nica de la instituci\u00f3n                    <\/td>\n                                                <td class=\"wpdt-cell \"\n                                            data-cell-id=\"B2\"\n                    data-col-index=\"1\"\n                    data-row-index=\"1\"\n                    style=\"                    padding:10px;\n                    \"\n                    >\n                                        <a data-media-content=\"wpdt-media-content\" href=\"https:\/\/www.salcedo.gob.ec\/wp-content\/uploads\/2024\/07\/1_1-estructura-organica-JUNIO.csv\">Datos<\/a>                    <\/td>\n                                                <td class=\"wpdt-cell \"\n                                            data-cell-id=\"C2\"\n                    data-col-index=\"2\"\n                    data-row-index=\"1\"\n                    style=\"                    padding:10px;\n                    \"\n                    >\n                                        <a data-media-content=\"wpdt-media-content\" href=\"https:\/\/www.salcedo.gob.ec\/wp-content\/uploads\/2024\/07\/1_1-estructura-organica-JUNIO-1.csv\">Metadatos<\/a>                    <\/td>\n                                                <td class=\"wpdt-cell \"\n                                            data-cell-id=\"D2\"\n                    data-col-index=\"3\"\n                    data-row-index=\"1\"\n                    style=\"                    padding:10px;\n                    \"\n                    >\n                                        <a class=\"wpdt-link-content\" href=\"https:\/\/www.salcedo.gob.ec\/wp-content\/uploads\/2024\/tp\/enero\/1_1-estructura-organica_diccionario_dic2023.csv\"  rel=\"\" target=\"_self\" data-cell-id=\"23\" data-link-url=\"https:\/\/www.salcedo.gob.ec\/wp-content\/uploads\/2024\/tp\/enero\/1_1-estructura-organica_diccionario_dic2023.csv\" data-link-text=\"diccionario\" data-link-target=\"0\" data-link-nofollow=\"0\" data-link-noreferrer=\"0\" data-link-sponsored=\"0\" data-link-btn-status=\"0\" data-link-btn-class=\"\" data-link-content=\"wpdt-link-content\">diccionario<\/a>                    <\/td>\n                                        <\/tr>\n                            <tr class=\"wpdt-cell-row \" >\n                                <td class=\"wpdt-cell wpdt-align-left\"\n                                            data-cell-id=\"A3\"\n                    data-col-index=\"0\"\n                    data-row-index=\"2\"\n                    style=\"                    padding:10px;\n                    \"\n                    >\n                                        1.2 Base legal de la instituci\u00f3n                    <\/td>\n                                                <td class=\"wpdt-cell \"\n                                            data-cell-id=\"B3\"\n                    data-col-index=\"1\"\n                    data-row-index=\"2\"\n                    style=\"                    padding:10px;\n                    \"\n                    >\n                                        <a data-media-content=\"wpdt-media-content\" href=\"https:\/\/www.salcedo.gob.ec\/wp-content\/uploads\/2024\/07\/1_2-1_3-base-regulaciones-JUNIO.csv\">Datos<\/a>                    <\/td>\n                                                <td class=\"wpdt-cell \"\n                                            data-cell-id=\"C3\"\n                    data-col-index=\"2\"\n                    data-row-index=\"2\"\n                    style=\"                    padding:10px;\n                    \"\n                    >\n                                        <a data-media-content=\"wpdt-media-content\" href=\"https:\/\/www.salcedo.gob.ec\/wp-content\/uploads\/2024\/07\/1_2-1_3-base-regulaciones-JUNIO-1.csv\">Metadatos<\/a>                    <\/td>\n                                                <td class=\"wpdt-cell \"\n                                            data-cell-id=\"D3\"\n                    data-col-index=\"3\"\n                    data-row-index=\"2\"\n                    style=\"                    padding:10px;\n                    \"\n                    >\n                                        <a class=\"wpdt-link-content\" href=\"https:\/\/www.salcedo.gob.ec\/wp-content\/uploads\/2024\/tp\/enero\/1_2-1_3%20base_regulaciones_diccionario_dic2023.csv\"  rel=\"\" target=\"_self\" data-cell-id=\"33\" data-link-url=\"https:\/\/www.salcedo.gob.ec\/wp-content\/uploads\/2024\/tp\/enero\/1_2-1_3%20base_regulaciones_diccionario_dic2023.csv\" data-link-text=\"diccionario\" data-link-target=\"0\" data-link-nofollow=\"0\" data-link-noreferrer=\"0\" data-link-sponsored=\"0\" data-link-btn-status=\"0\" data-link-btn-class=\"\" data-link-content=\"wpdt-link-content\">diccionario<\/a>                    <\/td>\n                                        <\/tr>\n                            <tr class=\"wpdt-cell-row \" >\n                                <td class=\"wpdt-cell wpdt-align-left\"\n                                            data-cell-id=\"A4\"\n                    data-col-index=\"0\"\n                    data-row-index=\"3\"\n                    style=\"                    padding:10px;\n                    \"\n                    >\n                                        2.1.2.2 Directorio Junio                    <\/td>\n                                                <td class=\"wpdt-cell \"\n                                            data-cell-id=\"B4\"\n                    data-col-index=\"1\"\n                    data-row-index=\"3\"\n                    style=\"                    padding:10px;\n                    \"\n                    >\n                                        <a data-media-content=\"wpdt-media-content\" href=\"https:\/\/www.salcedo.gob.ec\/wp-content\/uploads\/2024\/07\/2_1-2_2-DIRECTORIOS-JUNIO-2024-1.csv\">Datos<\/a>                    <\/td>\n                                                <td class=\"wpdt-cell \"\n                                            data-cell-id=\"C4\"\n                    data-col-index=\"2\"\n                    data-row-index=\"3\"\n                    style=\"                    padding:10px;\n                    \"\n                    >\n                                        <a data-media-content=\"wpdt-media-content\" href=\"https:\/\/www.salcedo.gob.ec\/wp-content\/uploads\/2024\/07\/2_1-2_2-DIRECTORIOS-JUNIO-2024-1-1.csv\">Metadatos<\/a>                    <\/td>\n                                                <td class=\"wpdt-cell \"\n                                            data-cell-id=\"D4\"\n                    data-col-index=\"3\"\n                    data-row-index=\"3\"\n                    style=\"                    padding:10px;\n                    \"\n                    >\n                                        <a class=\"wpdt-link-content\" href=\"https:\/\/www.salcedo.gob.ec\/wp-content\/uploads\/2024\/tp\/enero\/1-4_metas-y-objetivos_unidades_diccionario_dic2023.csv\"  rel=\"\" target=\"_self\" data-cell-id=\"43\" data-link-url=\"https:\/\/www.salcedo.gob.ec\/wp-content\/uploads\/2024\/tp\/enero\/1-4_metas-y-objetivos_unidades_diccionario_dic2023.csv\" data-link-text=\"diccionario\" data-link-target=\"0\" data-link-nofollow=\"0\" data-link-noreferrer=\"0\" data-link-sponsored=\"0\" data-link-btn-status=\"0\" data-link-btn-class=\"\" data-link-content=\"wpdt-link-content\">diccionario<\/a>                    <\/td>\n                                        <\/tr>\n                            <tr class=\"wpdt-cell-row \" >\n                                <td class=\"wpdt-cell wpdt-align-left\"\n                                            data-cell-id=\"A5\"\n                    data-col-index=\"0\"\n                    data-row-index=\"4\"\n                    style=\"                    padding:10px;\n                    \"\n                    >\n                                        1.4 Metas y objetivos unidades                    <\/td>\n                                                <td class=\"wpdt-cell  wpdt-empty-cell \"\n                                            data-cell-id=\"B5\"\n                    data-col-index=\"1\"\n                    data-row-index=\"4\"\n                    style=\"                    padding:10px;\n                    \"\n                    >\n                                                            <\/td>\n                                                <td class=\"wpdt-cell  wpdt-empty-cell \"\n                                            data-cell-id=\"C5\"\n                    data-col-index=\"2\"\n                    data-row-index=\"4\"\n                    style=\"                    padding:10px;\n                    \"\n                    >\n                                                            <\/td>\n                                                <td class=\"wpdt-cell \"\n                                            data-cell-id=\"D5\"\n                    data-col-index=\"3\"\n                    data-row-index=\"4\"\n                    style=\"                    padding:10px;\n                    \"\n                    >\n                                        <a class=\"wpdt-link-content\" href=\"https:\/\/www.salcedo.gob.ec\/wp-content\/uploads\/2024\/tp\/enero\/1-4_metas-y-objetivos_unidades_diccionario_dic2023.csv\"  rel=\"\" target=\"_self\" data-cell-id=\"53\" data-link-url=\"https:\/\/www.salcedo.gob.ec\/wp-content\/uploads\/2024\/tp\/enero\/1-4_metas-y-objetivos_unidades_diccionario_dic2023.csv\" data-link-text=\"diccionario\" data-link-target=\"0\" data-link-nofollow=\"0\" data-link-noreferrer=\"0\" data-link-sponsored=\"0\" data-link-btn-status=\"0\" data-link-btn-class=\"\" data-link-content=\"wpdt-link-content\">diccionario<\/a>                    <\/td>\n                                        <\/tr>\n                            <tr class=\"wpdt-cell-row \" >\n                                <td class=\"wpdt-cell wpdt-align-justify\"\n                                            data-cell-id=\"A6\"\n                    data-col-index=\"0\"\n                    data-row-index=\"5\"\n                    style=\"                    padding:10px;\n                    \"\n                    >\n                                        3 Remuneraciones ingresos adicionales                    <\/td>\n                                                <td class=\"wpdt-cell \"\n                                            data-cell-id=\"B6\"\n                    data-col-index=\"1\"\n                    data-row-index=\"5\"\n                    style=\"                    padding:10px;\n                    \"\n                    >\n                                        <a data-media-content=\"wpdt-media-content\" href=\"https:\/\/www.salcedo.gob.ec\/wp-content\/uploads\/2024\/07\/3-REMUNERACIONES-INGRESOS-ADICIONALES_JUNIO-2024.csv\">Datos<\/a>                    <\/td>\n                                                <td class=\"wpdt-cell \"\n                                            data-cell-id=\"C6\"\n                    data-col-index=\"2\"\n                    data-row-index=\"5\"\n                    style=\"                    padding:10px;\n                    \"\n                    >\n                                        <a data-media-content=\"wpdt-media-content\" href=\"https:\/\/www.salcedo.gob.ec\/wp-content\/uploads\/2024\/07\/3-REMUNERACIONES-INGRESOS-ADICIONALES_JUNIO-2024-1.csv\">Metadatos<\/a>                    <\/td>\n                                                <td class=\"wpdt-cell \"\n                                            data-cell-id=\"D6\"\n                    data-col-index=\"3\"\n                    data-row-index=\"5\"\n                    style=\"                    padding:10px;\n                    \"\n                    >\n                                        <a class=\"wpdt-link-content\" href=\"https:\/\/www.salcedo.gob.ec\/wp-content\/uploads\/2024\/tp\/enero\/3-remuneraciones-ingresos-adicionales_diccionario_dic2023.csv\"  rel=\"\" target=\"_self\" data-cell-id=\"73\" data-link-url=\"https:\/\/www.salcedo.gob.ec\/wp-content\/uploads\/2024\/tp\/enero\/3-remuneraciones-ingresos-adicionales_diccionario_dic2023.csv\" data-link-text=\"diccionario\" data-link-target=\"0\" data-link-nofollow=\"0\" data-link-noreferrer=\"0\" data-link-sponsored=\"0\" data-link-btn-status=\"0\" data-link-btn-class=\"\" data-link-content=\"wpdt-link-content\">diccionario<\/a>                    <\/td>\n                                        <\/tr>\n                            <tr class=\"wpdt-cell-row \" >\n                                <td class=\"wpdt-cell wpdt-align-left\"\n                                            data-cell-id=\"A7\"\n                    data-col-index=\"0\"\n                    data-row-index=\"6\"\n                    style=\"                    padding:10px;\n                    \"\n                    >\n                                        4 Detalle licencias comisiones                    <\/td>\n                                                <td class=\"wpdt-cell \"\n                                            data-cell-id=\"B7\"\n                    data-col-index=\"1\"\n                    data-row-index=\"6\"\n                    style=\"                    padding:10px;\n                    \"\n                    >\n                                        <a data-media-content=\"wpdt-media-content\" href=\"https:\/\/www.salcedo.gob.ec\/wp-content\/uploads\/2024\/07\/4-LICENCIAS-COMISIONES-JUINIO-2024.csv\">Datos<\/a>                    <\/td>\n                                                <td class=\"wpdt-cell \"\n                                            data-cell-id=\"C7\"\n                    data-col-index=\"2\"\n                    data-row-index=\"6\"\n                    style=\"                    padding:10px;\n                    \"\n                    >\n                                        <a data-media-content=\"wpdt-media-content\" href=\"https:\/\/www.salcedo.gob.ec\/wp-content\/uploads\/2024\/07\/4-LICENCIAS-COMISIONES-JUINIO-2024-1.csv\">Metadatos<\/a>                    <\/td>\n                                                <td class=\"wpdt-cell \"\n                                            data-cell-id=\"D7\"\n                    data-col-index=\"3\"\n                    data-row-index=\"6\"\n                    style=\"                    padding:10px;\n                    \"\n                    >\n                                        <a class=\"wpdt-link-content\" href=\"https:\/\/www.salcedo.gob.ec\/wp-content\/uploads\/2024\/tp\/enero\/4-detalle-licencia-comisiones_diccionario_dic2023.csv\"  rel=\"\" target=\"_self\" data-cell-id=\"83\" data-link-url=\"https:\/\/www.salcedo.gob.ec\/wp-content\/uploads\/2024\/tp\/enero\/4-detalle-licencia-comisiones_diccionario_dic2023.csv\" data-link-text=\"diccionario\" data-link-target=\"0\" data-link-nofollow=\"0\" data-link-noreferrer=\"0\" data-link-sponsored=\"0\" data-link-btn-status=\"0\" data-link-btn-class=\"\" data-link-content=\"wpdt-link-content\">diccionario<\/a>                    <\/td>\n                                        <\/tr>\n                            <tr class=\"wpdt-cell-row \" >\n                                <td class=\"wpdt-cell \"\n                                            data-cell-id=\"A8\"\n                    data-col-index=\"0\"\n                    data-row-index=\"7\"\n                    style=\"                    padding:10px;\n                    \"\n                    >\n                                        5-22 Servicios-formularios-formatos-tr\u00e1mites                    <\/td>\n                                                <td class=\"wpdt-cell  wpdt-empty-cell \"\n                                            data-cell-id=\"B8\"\n                    data-col-index=\"1\"\n                    data-row-index=\"7\"\n                    style=\"                    padding:10px;\n                    \"\n                    >\n                                                            <\/td>\n                                                <td class=\"wpdt-cell  wpdt-empty-cell \"\n                                            data-cell-id=\"C8\"\n                    data-col-index=\"2\"\n                    data-row-index=\"7\"\n                    style=\"                    padding:10px;\n                    \"\n                    >\n                                                            <\/td>\n                                                <td class=\"wpdt-cell \"\n                                            data-cell-id=\"D8\"\n                    data-col-index=\"3\"\n                    data-row-index=\"7\"\n                    style=\"                    padding:10px;\n                    \"\n                    >\n                                        <a class=\"wpdt-link-content\" href=\"https:\/\/www.salcedo.gob.ec\/wp-content\/uploads\/2024\/tp\/enero\/5_22-servicios-formularios-formatos-tramites_diccionario_dic2023.csv\"  rel=\"\" target=\"_self\" data-cell-id=\"93\" data-link-url=\"https:\/\/www.salcedo.gob.ec\/wp-content\/uploads\/2024\/tp\/enero\/5_22-servicios-formularios-formatos-tramites_diccionario_dic2023.csv\" data-link-text=\"diccionario\" data-link-target=\"0\" data-link-nofollow=\"0\" data-link-noreferrer=\"0\" data-link-sponsored=\"0\" data-link-btn-status=\"0\" data-link-btn-class=\"\" data-link-content=\"wpdt-link-content\">diccionario<\/a>                    <\/td>\n                                        <\/tr>\n                            <tr class=\"wpdt-cell-row \" >\n                                <td class=\"wpdt-cell wpdt-align-left\"\n                                            data-cell-id=\"A9\"\n                    data-col-index=\"0\"\n                    data-row-index=\"8\"\n                    style=\"                    padding:10px;\n                    \"\n                    >\n                                        6 Presupuesto de la instituci\u00f3n                    <\/td>\n                                                <td class=\"wpdt-cell \"\n                                            data-cell-id=\"B9\"\n                    data-col-index=\"1\"\n                    data-row-index=\"8\"\n                    style=\"                    padding:10px;\n                    \"\n                    >\n                                        <a data-media-content=\"wpdt-media-content\" href=\"https:\/\/www.salcedo.gob.ec\/wp-content\/uploads\/2024\/07\/6-PRESUPUESTO-JUNIO.csv\">Datos<\/a>                    <\/td>\n                                                <td class=\"wpdt-cell \"\n                                            data-cell-id=\"C9\"\n                    data-col-index=\"2\"\n                    data-row-index=\"8\"\n                    style=\"                    padding:10px;\n                    \"\n                    >\n                                        <a data-media-content=\"wpdt-media-content\" href=\"https:\/\/www.salcedo.gob.ec\/wp-content\/uploads\/2024\/07\/6-PRESUPUESTO-JUNIO-1.csv\">Metadatos<\/a>                    <\/td>\n                                                <td class=\"wpdt-cell \"\n                                            data-cell-id=\"D9\"\n                    data-col-index=\"3\"\n                    data-row-index=\"8\"\n                    style=\"                    padding:10px;\n                    \"\n                    >\n                                        <a class=\"wpdt-link-content\" href=\"https:\/\/www.salcedo.gob.ec\/wp-content\/uploads\/2024\/tp\/enero\/6-presupuesto-de-la-institucion_diccionario_dic2023.csv\"  rel=\"\" target=\"_self\" data-cell-id=\"103\" data-link-url=\"https:\/\/www.salcedo.gob.ec\/wp-content\/uploads\/2024\/tp\/enero\/6-presupuesto-de-la-institucion_diccionario_dic2023.csv\" data-link-text=\"diccionario\" data-link-target=\"0\" data-link-nofollow=\"0\" data-link-noreferrer=\"0\" data-link-sponsored=\"0\" data-link-btn-status=\"0\" data-link-btn-class=\"\" data-link-content=\"wpdt-link-content\">diccionario<\/a>                    <\/td>\n                                        <\/tr>\n                            <tr class=\"wpdt-cell-row \" >\n                                <td class=\"wpdt-cell wpdt-align-left\"\n                                            data-cell-id=\"A10\"\n                    data-col-index=\"0\"\n                    data-row-index=\"9\"\n                    style=\"                    padding:10px;\n                    \"\n                    >\n                                        7 Resultados de las auditor\u00edas internas y gubernamentales                    <\/td>\n                                                <td class=\"wpdt-cell \"\n                                            data-cell-id=\"B10\"\n                    data-col-index=\"1\"\n                    data-row-index=\"9\"\n                    style=\"                    padding:10px;\n                    \"\n                    >\n                                        <a data-media-content=\"wpdt-media-content\" href=\"https:\/\/www.salcedo.gob.ec\/wp-content\/uploads\/2024\/07\/7-Resultados-de-las-auditorias-internas-y-gubernamentales-junio-2024.csv\">Datos<\/a>                    <\/td>\n                                                <td class=\"wpdt-cell \"\n                                            data-cell-id=\"C10\"\n                    data-col-index=\"2\"\n                    data-row-index=\"9\"\n                    style=\"                    padding:10px;\n                    \"\n                    >\n                                        <a data-media-content=\"wpdt-media-content\" href=\"https:\/\/www.salcedo.gob.ec\/wp-content\/uploads\/2024\/07\/7-Resultados-de-las-auditorias-internas-y-gubernamentales-junio-2024-1.csv\">Metadatos<\/a>                    <\/td>\n                                                <td class=\"wpdt-cell \"\n                                            data-cell-id=\"D10\"\n                    data-col-index=\"3\"\n                    data-row-index=\"9\"\n                    style=\"                    padding:10px;\n                    \"\n                    >\n                                        <a class=\"wpdt-link-content\" href=\"https:\/\/www.salcedo.gob.ec\/wp-content\/uploads\/2024\/tp\/enero\/7-resultados-de-las-auditorias-internas-y-gubernamentales_diccionario_dic2023.csv\"  rel=\"\" target=\"_self\" data-cell-id=\"113\" data-link-url=\"https:\/\/www.salcedo.gob.ec\/wp-content\/uploads\/2024\/tp\/enero\/7-resultados-de-las-auditorias-internas-y-gubernamentales_diccionario_dic2023.csv\" data-link-text=\"diccionario\" data-link-target=\"0\" data-link-nofollow=\"0\" data-link-noreferrer=\"0\" data-link-sponsored=\"0\" data-link-btn-status=\"0\" data-link-btn-class=\"\" data-link-content=\"wpdt-link-content\">diccionario<\/a>                    <\/td>\n                                        <\/tr>\n                            <tr class=\"wpdt-cell-row \" >\n                                <td class=\"wpdt-cell wpdt-align-left\"\n                                            data-cell-id=\"A11\"\n                    data-col-index=\"0\"\n                    data-row-index=\"10\"\n                    style=\"                    padding:10px;\n                    \"\n                    >\n                                        8 Procesos de contrataci\u00f3n p\u00fablica                    <\/td>\n                                                <td class=\"wpdt-cell \"\n                                            data-cell-id=\"B11\"\n                    data-col-index=\"1\"\n                    data-row-index=\"10\"\n                    style=\"                    padding:10px;\n                    \"\n                    >\n                                        <a data-media-content=\"wpdt-media-content\" href=\"https:\/\/www.salcedo.gob.ec\/wp-content\/uploads\/2024\/07\/8-procesos-de-contratacion-publica-JUNIO.csv\">Datos<\/a>                    <\/td>\n                                                <td class=\"wpdt-cell \"\n                                            data-cell-id=\"C11\"\n                    data-col-index=\"2\"\n                    data-row-index=\"10\"\n                    style=\"                    padding:10px;\n                    \"\n                    >\n                                        <a data-media-content=\"wpdt-media-content\" href=\"https:\/\/www.salcedo.gob.ec\/wp-content\/uploads\/2024\/07\/8-procesos-de-contratacion-publica-JUNIO-1.csv\">Metadatos<\/a>                    <\/td>\n                                                <td class=\"wpdt-cell \"\n                                            data-cell-id=\"D11\"\n                    data-col-index=\"3\"\n                    data-row-index=\"10\"\n                    style=\"                    padding:10px;\n                    \"\n                    >\n                                        <a class=\"wpdt-link-content\" href=\"https:\/\/www.salcedo.gob.ec\/wp-content\/uploads\/2024\/tp\/enero\/8-procesos-de-contratacion-publica_diccionario_dic2023.csv\"  rel=\"\" target=\"_self\" data-cell-id=\"123\" data-link-url=\"https:\/\/www.salcedo.gob.ec\/wp-content\/uploads\/2024\/tp\/enero\/8-procesos-de-contratacion-publica_diccionario_dic2023.csv\" data-link-text=\"diccionario\" data-link-target=\"0\" data-link-nofollow=\"0\" data-link-noreferrer=\"0\" data-link-sponsored=\"0\" data-link-btn-status=\"0\" data-link-btn-class=\"\" data-link-content=\"wpdt-link-content\">diccionario<\/a>                    <\/td>\n                                        <\/tr>\n                            <tr class=\"wpdt-cell-row \" >\n                                <td class=\"wpdt-cell wpdt-align-left\"\n                                            data-cell-id=\"A12\"\n                    data-col-index=\"0\"\n                    data-row-index=\"11\"\n                    style=\"                    padding:10px;\n                    \"\n                    >\n                                        9 Empresas y personas que han incumplido contratos                    <\/td>\n                                                <td class=\"wpdt-cell \"\n                                            data-cell-id=\"B12\"\n                    data-col-index=\"1\"\n                    data-row-index=\"11\"\n                    style=\"                    padding:10px;\n                    \"\n                    >\n                                        <a data-media-content=\"wpdt-media-content\" href=\"https:\/\/www.salcedo.gob.ec\/wp-content\/uploads\/2024\/07\/9-Listado-de-empresas-y-personas-que-han-incumplido-contratos-junio-2024.csv\">Datos<\/a>                    <\/td>\n                                                <td class=\"wpdt-cell \"\n                                            data-cell-id=\"C12\"\n                    data-col-index=\"2\"\n                    data-row-index=\"11\"\n                    style=\"                    padding:10px;\n                    \"\n                    >\n                                        <a data-media-content=\"wpdt-media-content\" href=\"https:\/\/www.salcedo.gob.ec\/wp-content\/uploads\/2024\/07\/9-Listado-de-empresas-y-personas-que-han-incumplido-contratos-junio-2024-1.csv\">Metadatos<\/a>                    <\/td>\n                                                <td class=\"wpdt-cell \"\n                                            data-cell-id=\"D12\"\n                    data-col-index=\"3\"\n                    data-row-index=\"11\"\n                    style=\"                    padding:10px;\n                    \"\n                    >\n                                        <a class=\"wpdt-link-content\" href=\"https:\/\/www.salcedo.gob.ec\/wp-content\/uploads\/2024\/tp\/enero\/9-listado-de-empresas-y-personas-que-han-incumplido-contratos_diccionario_dic2023.csv\"  rel=\"\" target=\"_self\" data-cell-id=\"133\" data-link-url=\"https:\/\/www.salcedo.gob.ec\/wp-content\/uploads\/2024\/tp\/enero\/9-listado-de-empresas-y-personas-que-han-incumplido-contratos_diccionario_dic2023.csv\" data-link-text=\"diccionario\" data-link-target=\"0\" data-link-nofollow=\"0\" data-link-noreferrer=\"0\" data-link-sponsored=\"0\" data-link-btn-status=\"0\" data-link-btn-class=\"\" data-link-content=\"wpdt-link-content\">diccionario<\/a>                    <\/td>\n                                        <\/tr>\n                            <tr class=\"wpdt-cell-row \" >\n                                <td class=\"wpdt-cell wpdt-align-left\"\n                                            data-cell-id=\"A13\"\n                    data-col-index=\"0\"\n                    data-row-index=\"12\"\n                    style=\"                    padding:10px;\n                    \"\n                    >\n                                        10 Planes y programas en ejecuci\u00f3n                    <\/td>\n                                                <td class=\"wpdt-cell \"\n                                            data-cell-id=\"B13\"\n                    data-col-index=\"1\"\n                    data-row-index=\"12\"\n                    style=\"                    padding:10px;\n                    \"\n                    >\n                                        <a data-media-content=\"wpdt-media-content\" href=\"https:\/\/www.salcedo.gob.ec\/wp-content\/uploads\/2024\/07\/10-planes-y-programas-2024-JUNIO.csv\">Datos<\/a>                    <\/td>\n                                                <td class=\"wpdt-cell \"\n                                            data-cell-id=\"C13\"\n                    data-col-index=\"2\"\n                    data-row-index=\"12\"\n                    style=\"                    padding:10px;\n                    \"\n                    >\n                                        <a data-media-content=\"wpdt-media-content\" href=\"https:\/\/www.salcedo.gob.ec\/wp-content\/uploads\/2024\/07\/10-planes-y-programas-2024-JUNIO-1.csv\">Metadatos<\/a>                    <\/td>\n                                                <td class=\"wpdt-cell \"\n                                            data-cell-id=\"D13\"\n                    data-col-index=\"3\"\n                    data-row-index=\"12\"\n                    style=\"                    padding:10px;\n                    \"\n                    >\n                                        <a class=\"wpdt-link-content\" href=\"https:\/\/www.salcedo.gob.ec\/wp-content\/uploads\/2024\/tp\/enero\/10-planes-y-programas_diccionario_dic2023.csv\"  rel=\"\" target=\"_self\" data-cell-id=\"143\" data-link-url=\"https:\/\/www.salcedo.gob.ec\/wp-content\/uploads\/2024\/tp\/enero\/10-planes-y-programas_diccionario_dic2023.csv\" data-link-text=\"diccionario\" data-link-target=\"0\" data-link-nofollow=\"0\" data-link-noreferrer=\"0\" data-link-sponsored=\"0\" data-link-btn-status=\"0\" data-link-btn-class=\"\" data-link-content=\"wpdt-link-content\">diccionario<\/a>                    <\/td>\n                                        <\/tr>\n                            <tr class=\"wpdt-cell-row \" >\n                                <td class=\"wpdt-cell wpdt-align-left\"\n                                            data-cell-id=\"A14\"\n                    data-col-index=\"0\"\n                    data-row-index=\"13\"\n                    style=\"                    padding:10px;\n                    \"\n                    >\n                                        11 Contratos de cr\u00e9dito externos o internos                    <\/td>\n                                                <td class=\"wpdt-cell \"\n                                            data-cell-id=\"B14\"\n                    data-col-index=\"1\"\n                    data-row-index=\"13\"\n                    style=\"                    padding:10px;\n                    \"\n                    >\n                                        <a data-media-content=\"wpdt-media-content\" href=\"https:\/\/www.salcedo.gob.ec\/wp-content\/uploads\/2024\/07\/11-Contratos-de-credito-externos-o-internos-junio-2024-NA.csv\">Datos<\/a>                    <\/td>\n                                                <td class=\"wpdt-cell \"\n                                            data-cell-id=\"C14\"\n                    data-col-index=\"2\"\n                    data-row-index=\"13\"\n                    style=\"                    padding:10px;\n                    \"\n                    >\n                                        <a data-media-content=\"wpdt-media-content\" href=\"https:\/\/www.salcedo.gob.ec\/wp-content\/uploads\/2024\/07\/11-Contratos-de-credito-externos-o-internos-junio-2024-NA-1.csv\">Metadatos<\/a>                    <\/td>\n                                                <td class=\"wpdt-cell \"\n                                            data-cell-id=\"D14\"\n                    data-col-index=\"3\"\n                    data-row-index=\"13\"\n                    style=\"                    padding:10px;\n                    \"\n                    >\n                                        <a class=\"wpdt-link-content\" href=\"https:\/\/www.salcedo.gob.ec\/wp-content\/uploads\/2024\/tp\/enero\/11-contratos-de-credito-externos-o-internos_diccionario_dic2023.csv\"  rel=\"\" target=\"_self\" data-cell-id=\"153\" data-link-url=\"https:\/\/www.salcedo.gob.ec\/wp-content\/uploads\/2024\/tp\/enero\/11-contratos-de-credito-externos-o-internos_diccionario_dic2023.csv\" data-link-text=\"diccionario\" data-link-target=\"0\" data-link-nofollow=\"0\" data-link-noreferrer=\"0\" data-link-sponsored=\"0\" data-link-btn-status=\"0\" data-link-btn-class=\"\" data-link-content=\"wpdt-link-content\">diccionario<\/a>                    <\/td>\n                                        <\/tr>\n                            <tr class=\"wpdt-cell-row \" >\n                                <td class=\"wpdt-cell wpdt-align-left\"\n                                            data-cell-id=\"A15\"\n                    data-col-index=\"0\"\n                    data-row-index=\"14\"\n                    style=\"                    padding:10px;\n                    \"\n                    >\n                                        12 Mecanismos de rendici\u00f3n de cuentas                    <\/td>\n                                                <td class=\"wpdt-cell \"\n                                            data-cell-id=\"B15\"\n                    data-col-index=\"1\"\n                    data-row-index=\"14\"\n                    style=\"                    padding:10px;\n                    \"\n                    >\n                                        <a data-media-content=\"wpdt-media-content\" href=\"https:\/\/www.salcedo.gob.ec\/wp-content\/uploads\/2024\/07\/12-mecanismos-rendicion-cuentas-2024-JUNIO.csv\">Datos<\/a>                    <\/td>\n                                                <td class=\"wpdt-cell \"\n                                            data-cell-id=\"C15\"\n                    data-col-index=\"2\"\n                    data-row-index=\"14\"\n                    style=\"                    padding:10px;\n                    \"\n                    >\n                                        <a data-media-content=\"wpdt-media-content\" href=\"https:\/\/www.salcedo.gob.ec\/wp-content\/uploads\/2024\/07\/12-mecanismos-rendicion-cuentas-2024-JUNIO-1.csv\">Metadatos<\/a>                    <\/td>\n                                                <td class=\"wpdt-cell \"\n                                            data-cell-id=\"D15\"\n                    data-col-index=\"3\"\n                    data-row-index=\"14\"\n                    style=\"                    padding:10px;\n                    \"\n                    >\n                                        <a class=\"wpdt-link-content\" href=\"https:\/\/www.salcedo.gob.ec\/wp-content\/uploads\/2024\/tp\/enero\/12-mecanismos-rendicion-cuentas_diccionario_dic2023.csv\"  rel=\"\" target=\"_self\" data-cell-id=\"163\" data-link-url=\"https:\/\/www.salcedo.gob.ec\/wp-content\/uploads\/2024\/tp\/enero\/12-mecanismos-rendicion-cuentas_diccionario_dic2023.csv\" data-link-text=\"diccionario\" data-link-target=\"0\" data-link-nofollow=\"0\" data-link-noreferrer=\"0\" data-link-sponsored=\"0\" data-link-btn-status=\"0\" data-link-btn-class=\"\" data-link-content=\"wpdt-link-content\">diccionario<\/a>                    <\/td>\n                                        <\/tr>\n                            <tr class=\"wpdt-cell-row \" >\n                                <td class=\"wpdt-cell wpdt-align-left\"\n                                            data-cell-id=\"A16\"\n                    data-col-index=\"0\"\n                    data-row-index=\"15\"\n                    style=\"                    padding:10px;\n                    \"\n                    >\n                                        13 Vi\u00e1ticos informes de trabajo y justificativos                    <\/td>\n                                                <td class=\"wpdt-cell \"\n                                            data-cell-id=\"B16\"\n                    data-col-index=\"1\"\n                    data-row-index=\"15\"\n                    style=\"                    padding:10px;\n                    \"\n                    >\n                                        <a data-media-content=\"wpdt-media-content\" href=\"https:\/\/www.salcedo.gob.ec\/wp-content\/uploads\/2024\/07\/13-viaticos-informes-de-trabajo-y-justificativos-de-Movilizacion.csv\">Datos<\/a>                    <\/td>\n                                                <td class=\"wpdt-cell \"\n                                            data-cell-id=\"C16\"\n                    data-col-index=\"2\"\n                    data-row-index=\"15\"\n                    style=\"                    padding:10px;\n                    \"\n                    >\n                                        <a data-media-content=\"wpdt-media-content\" href=\"https:\/\/www.salcedo.gob.ec\/wp-content\/uploads\/2024\/07\/13-viaticos-informes-de-trabajo-y-justificativos-de-Movilizacion-1.csv\">Metadatos<\/a>                    <\/td>\n                                                <td class=\"wpdt-cell \"\n                                            data-cell-id=\"D16\"\n                    data-col-index=\"3\"\n                    data-row-index=\"15\"\n                    style=\"                    padding:10px;\n                    \"\n                    >\n                                        <a class=\"wpdt-link-content\" href=\"https:\/\/www.salcedo.gob.ec\/wp-content\/uploads\/2024\/tp\/enero\/13-viaticos-informes-de-trabajo-y-justificativos-de-movilizacion_diccionario_dic2023.csv\"  rel=\"\" target=\"_self\" data-cell-id=\"173\" data-link-url=\"https:\/\/www.salcedo.gob.ec\/wp-content\/uploads\/2024\/tp\/enero\/13-viaticos-informes-de-trabajo-y-justificativos-de-movilizacion_diccionario_dic2023.csv\" data-link-text=\"diccionario\" data-link-target=\"0\" data-link-nofollow=\"0\" data-link-noreferrer=\"0\" data-link-sponsored=\"0\" data-link-btn-status=\"0\" data-link-btn-class=\"\" data-link-content=\"wpdt-link-content\">diccionario<\/a>                    <\/td>\n                                        <\/tr>\n                            <tr class=\"wpdt-cell-row \" >\n                                <td class=\"wpdt-cell wpdt-align-left\"\n                                            data-cell-id=\"A17\"\n                    data-col-index=\"0\"\n                    data-row-index=\"16\"\n                    style=\"                    padding:10px;\n                    \"\n                    >\n                                        14 Responsables del acceso de informaci\u00f3n p\u00fablica                    <\/td>\n                                                <td class=\"wpdt-cell \"\n                                            data-cell-id=\"B17\"\n                    data-col-index=\"1\"\n                    data-row-index=\"16\"\n                    style=\"                    padding:10px;\n                    \"\n                    >\n                                        <a data-media-content=\"wpdt-media-content\" href=\"https:\/\/www.salcedo.gob.ec\/wp-content\/uploads\/2024\/07\/14-responsables-del-acceso-de-informacion-publica-JUNIO.csv\">Datos<\/a>                    <\/td>\n                                                <td class=\"wpdt-cell \"\n                                            data-cell-id=\"C17\"\n                    data-col-index=\"2\"\n                    data-row-index=\"16\"\n                    style=\"                    padding:10px;\n                    \"\n                    >\n                                        <a data-media-content=\"wpdt-media-content\" href=\"https:\/\/www.salcedo.gob.ec\/wp-content\/uploads\/2024\/07\/14-responsables-del-acceso-de-informacion-publica-JUNIO-1.csv\">Metadatos<\/a>                    <\/td>\n                                                <td class=\"wpdt-cell \"\n                                            data-cell-id=\"D17\"\n                    data-col-index=\"3\"\n                    data-row-index=\"16\"\n                    style=\"                    padding:10px;\n                    \"\n                    >\n                                        <a class=\"wpdt-link-content\" href=\"https:\/\/www.salcedo.gob.ec\/wp-content\/uploads\/2024\/tp\/enero\/14-responsables-del-acceso-de-informacion-publica_diccionario_dic2023.csv\"  rel=\"\" target=\"_self\" data-cell-id=\"183\" data-link-url=\"https:\/\/www.salcedo.gob.ec\/wp-content\/uploads\/2024\/tp\/enero\/14-responsables-del-acceso-de-informacion-publica_diccionario_dic2023.csv\" data-link-text=\"diccionario\" data-link-target=\"0\" data-link-nofollow=\"0\" data-link-noreferrer=\"0\" data-link-sponsored=\"0\" data-link-btn-status=\"0\" data-link-btn-class=\"\" data-link-content=\"wpdt-link-content\">diccionario<\/a>                    <\/td>\n                                        <\/tr>\n                            <tr class=\"wpdt-cell-row \" >\n                                <td class=\"wpdt-cell wpdt-align-left\"\n                                            data-cell-id=\"A18\"\n                    data-col-index=\"0\"\n                    data-row-index=\"17\"\n                    style=\"                    padding:10px;\n                    \"\n                    >\n                                        15 Texto \u00edntegro de los contratos colectivos vigentes y reformas                    <\/td>\n                                                <td class=\"wpdt-cell \"\n                                            data-cell-id=\"B18\"\n                    data-col-index=\"1\"\n                    data-row-index=\"17\"\n                    style=\"                    padding:10px;\n                    \"\n                    >\n                                        <a data-media-content=\"wpdt-media-content\" href=\"https:\/\/www.salcedo.gob.ec\/wp-content\/uploads\/2024\/07\/15-Texto-integro-de-los-contratos-colectivos-vigentes-y-reformas-junio-2024.csv\">Datos<\/a>                    <\/td>\n                                                <td class=\"wpdt-cell \"\n                                            data-cell-id=\"C18\"\n                    data-col-index=\"2\"\n                    data-row-index=\"17\"\n                    style=\"                    padding:10px;\n                    \"\n                    >\n                                        <a data-media-content=\"wpdt-media-content\" href=\"https:\/\/www.salcedo.gob.ec\/wp-content\/uploads\/2024\/07\/15-Texto-integro-de-los-contratos-colectivos-vigentes-y-reformas-junio-2024-1.csv\">Metadatos<\/a>                    <\/td>\n                                                <td class=\"wpdt-cell \"\n                                            data-cell-id=\"D18\"\n                    data-col-index=\"3\"\n                    data-row-index=\"17\"\n                    style=\"                    padding:10px;\n                    \"\n                    >\n                                        <a class=\"wpdt-link-content\" href=\"https:\/\/www.salcedo.gob.ec\/wp-content\/uploads\/2024\/tp\/enero\/15-texto-integro-de-los-contratos-colectivos-vigentes-y-reformas_diccionario_DIC2023.csv\"  rel=\"\" target=\"_self\" data-cell-id=\"193\" data-link-url=\"https:\/\/www.salcedo.gob.ec\/wp-content\/uploads\/2024\/tp\/enero\/15-texto-integro-de-los-contratos-colectivos-vigentes-y-reformas_diccionario_DIC2023.csv\" data-link-text=\"diccionario\" data-link-target=\"0\" data-link-nofollow=\"0\" data-link-noreferrer=\"0\" data-link-sponsored=\"0\" data-link-btn-status=\"0\" data-link-btn-class=\"\" data-link-content=\"wpdt-link-content\">diccionario<\/a>                    <\/td>\n                                        <\/tr>\n                            <tr class=\"wpdt-cell-row \" >\n                                <td class=\"wpdt-cell wpdt-align-left\"\n                                            data-cell-id=\"A19\"\n                    data-col-index=\"0\"\n                    data-row-index=\"18\"\n                    style=\"                    padding:10px;\n                    \"\n                    >\n                                        16 Listado \u00edndice informaci\u00f3n reservada                    <\/td>\n                                                <td class=\"wpdt-cell \"\n                                            data-cell-id=\"B19\"\n                    data-col-index=\"1\"\n                    data-row-index=\"18\"\n                    style=\"                    padding:10px;\n                    \"\n                    >\n                                        <a data-media-content=\"wpdt-media-content\" href=\"https:\/\/www.salcedo.gob.ec\/wp-content\/uploads\/2024\/07\/16-indice-informacion-reservada-JUNIO.csv\">Datos<\/a>                    <\/td>\n                                                <td class=\"wpdt-cell \"\n                                            data-cell-id=\"C19\"\n                    data-col-index=\"2\"\n                    data-row-index=\"18\"\n                    style=\"                    padding:10px;\n                    \"\n                    >\n                                        <a data-media-content=\"wpdt-media-content\" href=\"https:\/\/www.salcedo.gob.ec\/wp-content\/uploads\/2024\/07\/16-indice-informacion-reservada-JUNIO-1.csv\">Metadatos<\/a>                    <\/td>\n                                                <td class=\"wpdt-cell \"\n                                            data-cell-id=\"D19\"\n                    data-col-index=\"3\"\n                    data-row-index=\"18\"\n                    style=\"                    padding:10px;\n                    \"\n                    >\n                                        <a class=\"wpdt-link-content\" href=\"https:\/\/www.salcedo.gob.ec\/wp-content\/uploads\/2024\/tp\/enero\/16-indice-informacion-reservada_diccionario_dic2023.csv\"  rel=\"\" target=\"_self\" data-cell-id=\"203\" data-link-url=\"https:\/\/www.salcedo.gob.ec\/wp-content\/uploads\/2024\/tp\/enero\/16-indice-informacion-reservada_diccionario_dic2023.csv\" data-link-text=\"diccionario\" data-link-target=\"0\" data-link-nofollow=\"0\" data-link-noreferrer=\"0\" data-link-sponsored=\"0\" data-link-btn-status=\"0\" data-link-btn-class=\"\" data-link-content=\"wpdt-link-content\">diccionario<\/a>                    <\/td>\n                                        <\/tr>\n                            <tr class=\"wpdt-cell-row \" >\n                                <td class=\"wpdt-cell wpdt-align-left\"\n                                            data-cell-id=\"A20\"\n                    data-col-index=\"0\"\n                    data-row-index=\"19\"\n                    style=\"                    padding:10px;\n                    \"\n                    >\n                                        17 Detalle de las audiencias y reuniones de autoridades                    <\/td>\n                                                <td class=\"wpdt-cell \"\n                                            data-cell-id=\"B20\"\n                    data-col-index=\"1\"\n                    data-row-index=\"19\"\n                    style=\"                    padding:10px;\n                    \"\n                    >\n                                        <a data-media-content=\"wpdt-media-content\" href=\"https:\/\/www.salcedo.gob.ec\/wp-content\/uploads\/2024\/07\/17-audiencias-y-reuniones-autoridades_junio2024.csv\">Datos<\/a>                    <\/td>\n                                                <td class=\"wpdt-cell \"\n                                            data-cell-id=\"C20\"\n                    data-col-index=\"2\"\n                    data-row-index=\"19\"\n                    style=\"                    padding:10px;\n                    \"\n                    >\n                                        <a data-media-content=\"wpdt-media-content\" href=\"https:\/\/www.salcedo.gob.ec\/wp-content\/uploads\/2024\/07\/17-audiencias-y-reuniones-autoridades_junio2024-1.csv\">Metadatos<\/a>                    <\/td>\n                                                <td class=\"wpdt-cell \"\n                                            data-cell-id=\"D20\"\n                    data-col-index=\"3\"\n                    data-row-index=\"19\"\n                    style=\"                    padding:10px;\n                    \"\n                    >\n                                        <a class=\"wpdt-link-content\" href=\"https:\/\/www.salcedo.gob.ec\/wp-content\/uploads\/2024\/tp\/enero\/17-audiencias-y-reuniones-autoridades_diccionario_dic2023.csv\"  rel=\"\" target=\"_self\" data-cell-id=\"213\" data-link-url=\"https:\/\/www.salcedo.gob.ec\/wp-content\/uploads\/2024\/tp\/enero\/17-audiencias-y-reuniones-autoridades_diccionario_dic2023.csv\" data-link-text=\"diccionario\" data-link-target=\"0\" data-link-nofollow=\"0\" data-link-noreferrer=\"0\" data-link-sponsored=\"0\" data-link-btn-status=\"0\" data-link-btn-class=\"\" data-link-content=\"wpdt-link-content\">diccionario<\/a>                    <\/td>\n                                        <\/tr>\n                            <tr class=\"wpdt-cell-row \" >\n                                <td class=\"wpdt-cell wpdt-align-left\"\n                                            data-cell-id=\"A21\"\n                    data-col-index=\"0\"\n                    data-row-index=\"20\"\n                    style=\"                    padding:10px;\n                    \"\n                    >\n                                        18 Detalle de convenios nacionales e internacionales                    <\/td>\n                                                <td class=\"wpdt-cell \"\n                                            data-cell-id=\"B21\"\n                    data-col-index=\"1\"\n                    data-row-index=\"20\"\n                    style=\"                    padding:10px;\n                    \"\n                    >\n                                        <a data-media-content=\"wpdt-media-content\" href=\"https:\/\/www.salcedo.gob.ec\/wp-content\/uploads\/2024\/07\/18-Detalle-de-convenios-nacionales-e-internacionales-junio-2024.csv\">Datos<\/a>                    <\/td>\n                                                <td class=\"wpdt-cell \"\n                                            data-cell-id=\"C21\"\n                    data-col-index=\"2\"\n                    data-row-index=\"20\"\n                    style=\"                    padding:10px;\n                    \"\n                    >\n                                        <a data-media-content=\"wpdt-media-content\" href=\"https:\/\/www.salcedo.gob.ec\/wp-content\/uploads\/2024\/07\/18-Detalle-de-convenios-nacionales-e-internacionales-junio-2024-1.csv\">Metadatos<\/a>                    <\/td>\n                                                <td class=\"wpdt-cell \"\n                                            data-cell-id=\"D21\"\n                    data-col-index=\"3\"\n                    data-row-index=\"20\"\n                    style=\"                    padding:10px;\n                    \"\n                    >\n                                        <a class=\"wpdt-link-content\" href=\"https:\/\/www.salcedo.gob.ec\/wp-content\/uploads\/2024\/tp\/enero\/18-detalle-de-convenios-nacionales-e-internacionales_diccionario_dic2023.csv\"  rel=\"\" target=\"_self\" data-cell-id=\"223\" data-link-url=\"https:\/\/www.salcedo.gob.ec\/wp-content\/uploads\/2024\/tp\/enero\/18-detalle-de-convenios-nacionales-e-internacionales_diccionario_dic2023.csv\" data-link-text=\"diccionario\" data-link-target=\"0\" data-link-nofollow=\"0\" data-link-noreferrer=\"0\" data-link-sponsored=\"0\" data-link-btn-status=\"0\" data-link-btn-class=\"\" data-link-content=\"wpdt-link-content\">diccionario<\/a>                    <\/td>\n                                        <\/tr>\n                            <tr class=\"wpdt-cell-row \" >\n                                <td class=\"wpdt-cell wpdt-align-left\"\n                                            data-cell-id=\"A22\"\n                    data-col-index=\"0\"\n                    data-row-index=\"21\"\n                    style=\"                    padding:10px;\n                    \"\n                    >\n                                        19 Detalle donativos oficiales y protocolares                    <\/td>\n                                                <td class=\"wpdt-cell \"\n                                            data-cell-id=\"B22\"\n                    data-col-index=\"1\"\n                    data-row-index=\"21\"\n                    style=\"                    padding:10px;\n                    \"\n                    >\n                                        <a data-media-content=\"wpdt-media-content\" href=\"https:\/\/www.salcedo.gob.ec\/wp-content\/uploads\/2024\/07\/19-detalle-donativos-oficiales-y-protocolares.csv\">Datos<\/a>                    <\/td>\n                                                <td class=\"wpdt-cell \"\n                                            data-cell-id=\"C22\"\n                    data-col-index=\"2\"\n                    data-row-index=\"21\"\n                    style=\"                    padding:10px;\n                    \"\n                    >\n                                        <a data-media-content=\"wpdt-media-content\" href=\"https:\/\/www.salcedo.gob.ec\/wp-content\/uploads\/2024\/07\/19-detalle-donativos-oficiales-y-protocolares-1.csv\">Metadatos<\/a>                    <\/td>\n                                                <td class=\"wpdt-cell \"\n                                            data-cell-id=\"D22\"\n                    data-col-index=\"3\"\n                    data-row-index=\"21\"\n                    style=\"                    padding:10px;\n                    \"\n                    >\n                                        <a class=\"wpdt-link-content\" href=\"https:\/\/www.salcedo.gob.ec\/wp-content\/uploads\/2024\/tp\/enero\/19-detalle-donativos-oficiales-y-protocolares_diccionario_dic2023.csv\"  rel=\"\" target=\"_self\" data-cell-id=\"233\" data-link-url=\"https:\/\/www.salcedo.gob.ec\/wp-content\/uploads\/2024\/tp\/enero\/19-detalle-donativos-oficiales-y-protocolares_diccionario_dic2023.csv\" data-link-text=\"diccionario\" data-link-target=\"0\" data-link-nofollow=\"0\" data-link-noreferrer=\"0\" data-link-sponsored=\"0\" data-link-btn-status=\"0\" data-link-btn-class=\"\" data-link-content=\"wpdt-link-content\">diccionario<\/a>                    <\/td>\n                                        <\/tr>\n                            <tr class=\"wpdt-cell-row \" >\n                                <td class=\"wpdt-cell wpdt-align-left\"\n                                            data-cell-id=\"A23\"\n                    data-col-index=\"0\"\n                    data-row-index=\"22\"\n                    style=\"                    padding:10px;\n                    \"\n                    >\n                                        20 Registro de activos de informaci\u00f3n frecuente                    <\/td>\n                                                <td class=\"wpdt-cell \"\n                                            data-cell-id=\"B23\"\n                    data-col-index=\"1\"\n                    data-row-index=\"22\"\n                    style=\"                    padding:10px;\n                    \"\n                    >\n                                        <a data-media-content=\"wpdt-media-content\" href=\"https:\/\/www.salcedo.gob.ec\/wp-content\/uploads\/2024\/07\/20-registro-de-activos-de-informacion-frecuente-y-complementaria-JUNIO.csv\">Datos<\/a>                    <\/td>\n                                                <td class=\"wpdt-cell \"\n                                            data-cell-id=\"C23\"\n                    data-col-index=\"2\"\n                    data-row-index=\"22\"\n                    style=\"                    padding:10px;\n                    \"\n                    >\n                                        <a data-media-content=\"wpdt-media-content\" href=\"https:\/\/www.salcedo.gob.ec\/wp-content\/uploads\/2024\/07\/20-registro-de-activos-de-informacion-frecuente-y-complementaria-JUNIO-1.csv\">Metadatos<\/a>                    <\/td>\n                                                <td class=\"wpdt-cell \"\n                                            data-cell-id=\"D23\"\n                    data-col-index=\"3\"\n                    data-row-index=\"22\"\n                    style=\"                    padding:10px;\n                    \"\n                    >\n                                        <a class=\"wpdt-link-content\" href=\"https:\/\/www.salcedo.gob.ec\/wp-content\/uploads\/2024\/tp\/enero\/20-registro-de-activos-de-informacion-frecuente-y-complementaria_diccionario_DIC2023.csv\"  rel=\"\" target=\"_self\" data-cell-id=\"243\" data-link-url=\"https:\/\/www.salcedo.gob.ec\/wp-content\/uploads\/2024\/tp\/enero\/20-registro-de-activos-de-informacion-frecuente-y-complementaria_diccionario_DIC2023.csv\" data-link-text=\"diccionario\" data-link-target=\"0\" data-link-nofollow=\"0\" data-link-noreferrer=\"0\" data-link-sponsored=\"0\" data-link-btn-status=\"0\" data-link-btn-class=\"\" data-link-content=\"wpdt-link-content\">diccionario<\/a>                    <\/td>\n                                        <\/tr>\n                            <tr class=\"wpdt-cell-row \" >\n                                <td class=\"wpdt-cell wpdt-align-left\"\n                                            data-cell-id=\"A24\"\n                    data-col-index=\"0\"\n                    data-row-index=\"23\"\n                    style=\"                    padding:10px;\n                    \"\n                    >\n                                        21 Pol\u00edticas p\u00fablicas o informaci\u00f3n grupo espec\u00edfico                    <\/td>\n                                                <td class=\"wpdt-cell \"\n                                            data-cell-id=\"B24\"\n                    data-col-index=\"1\"\n                    data-row-index=\"23\"\n                    style=\"                    padding:10px;\n                    \"\n                    >\n                                        <a data-media-content=\"wpdt-media-content\" href=\"https:\/\/www.salcedo.gob.ec\/wp-content\/uploads\/2024\/07\/21-politicas-publicas-o-informacion-grupo-especifico.csv\">Datos<\/a>                    <\/td>\n                                                <td class=\"wpdt-cell \"\n                                            data-cell-id=\"C24\"\n                    data-col-index=\"2\"\n                    data-row-index=\"23\"\n                    style=\"                    padding:10px;\n                    \"\n                    >\n                                        <a data-media-content=\"wpdt-media-content\" href=\"https:\/\/www.salcedo.gob.ec\/wp-content\/uploads\/2024\/07\/21-politicas-publicas-o-informacion-grupo-especifico-1.csv\">Metadatos<\/a>                    <\/td>\n                                                <td class=\"wpdt-cell \"\n                                            data-cell-id=\"D24\"\n                    data-col-index=\"3\"\n                    data-row-index=\"23\"\n                    style=\"                    padding:10px;\n                    \"\n                    >\n                                        <a class=\"wpdt-link-content\" href=\"https:\/\/www.salcedo.gob.ec\/wp-content\/uploads\/2024\/tp\/enero\/21-politicas-publicas-o-informacion-grupo-especifico_diccionario_dic2023.csv\"  rel=\"\" target=\"_self\" data-cell-id=\"253\" data-link-url=\"https:\/\/www.salcedo.gob.ec\/wp-content\/uploads\/2024\/tp\/enero\/21-politicas-publicas-o-informacion-grupo-especifico_diccionario_dic2023.csv\" data-link-text=\"diccionario\" data-link-target=\"0\" data-link-nofollow=\"0\" data-link-noreferrer=\"0\" data-link-sponsored=\"0\" data-link-btn-status=\"0\" data-link-btn-class=\"\" data-link-content=\"wpdt-link-content\">diccionario<\/a>                    <\/td>\n                                        <\/tr>\n                            <tr class=\"wpdt-cell-row \" >\n                                <td class=\"wpdt-cell wpdt-align-left\"\n                                            data-cell-id=\"A25\"\n                    data-col-index=\"0\"\n                    data-row-index=\"24\"\n                    style=\"                    padding:10px;\n                    \"\n                    >\n                                        23 Detalle personas servidoras p\u00fablicas con acciones afirmativas                    <\/td>\n                                                <td class=\"wpdt-cell \"\n                                            data-cell-id=\"B25\"\n                    data-col-index=\"1\"\n                    data-row-index=\"24\"\n                    style=\"                    padding:10px;\n                    \"\n                    >\n                                        <a data-media-content=\"wpdt-media-content\" href=\"https:\/\/www.salcedo.gob.ec\/wp-content\/uploads\/2024\/07\/23-DETALLE-PERSONAS-JUNIO-2024.csv\">Datos<\/a>                    <\/td>\n                                                <td class=\"wpdt-cell \"\n                                            data-cell-id=\"C25\"\n                    data-col-index=\"2\"\n                    data-row-index=\"24\"\n                    style=\"                    padding:10px;\n                    \"\n                    >\n                                        <a data-media-content=\"wpdt-media-content\" href=\"https:\/\/www.salcedo.gob.ec\/wp-content\/uploads\/2024\/07\/23-DETALLE-PERSONAS-JUNIO-2024-1.csv\">Metadatos<\/a>                    <\/td>\n                                                <td class=\"wpdt-cell \"\n                                            data-cell-id=\"D25\"\n                    data-col-index=\"3\"\n                    data-row-index=\"24\"\n                    style=\"                    padding:10px;\n                    \"\n                    >\n                                        <a class=\"wpdt-link-content\" href=\"https:\/\/www.salcedo.gob.ec\/wp-content\/uploads\/2024\/tp\/enero\/21-politicas-publicas-o-informacion-grupo-especifico_diccionario_dic2023.csv\"  rel=\"\" target=\"_self\" data-cell-id=\"253\" data-link-url=\"https:\/\/www.salcedo.gob.ec\/wp-content\/uploads\/2024\/tp\/enero\/21-politicas-publicas-o-informacion-grupo-especifico_diccionario_dic2023.csv\" data-link-text=\"diccionario\" data-link-target=\"0\" data-link-nofollow=\"0\" data-link-noreferrer=\"0\" data-link-sponsored=\"0\" data-link-btn-status=\"0\" data-link-btn-class=\"\" data-link-content=\"wpdt-link-content\">diccionario<\/a>                    <\/td>\n                                        <\/tr>\n                            <tr class=\"wpdt-cell-row \" >\n                                <td class=\"wpdt-cell wpdt-align-left\"\n                                            data-cell-id=\"A26\"\n                    data-col-index=\"0\"\n                    data-row-index=\"25\"\n                    style=\"                    padding:10px;\n                    \"\n                    >\n                                        24 Informaci\u00f3n relevante para el ejercicio de derechos ODS                    <\/td>\n                                                <td class=\"wpdt-cell \"\n                                            data-cell-id=\"B26\"\n                    data-col-index=\"1\"\n                    data-row-index=\"25\"\n                    style=\"                    padding:10px;\n                    \"\n                    >\n                                        <a data-media-content=\"wpdt-media-content\" href=\"https:\/\/www.salcedo.gob.ec\/wp-content\/uploads\/2024\/07\/24-informacion-relevante-para-el-ejercicio-de-derechos-ods-JUNIO.csv\">Datos<\/a>                    <\/td>\n                                                <td class=\"wpdt-cell \"\n                                            data-cell-id=\"C26\"\n                    data-col-index=\"2\"\n                    data-row-index=\"25\"\n                    style=\"                    padding:10px;\n                    \"\n                    >\n                                        <a data-media-content=\"wpdt-media-content\" href=\"https:\/\/www.salcedo.gob.ec\/wp-content\/uploads\/2024\/07\/24-informacion-relevante-para-el-ejercicio-de-derechos-ods-JUNIO-1.csv\">Metas<\/a>                    <\/td>\n                                                <td class=\"wpdt-cell \"\n                                            data-cell-id=\"D26\"\n                    data-col-index=\"3\"\n                    data-row-index=\"25\"\n                    style=\"                    padding:10px;\n                    \"\n                    >\n                                        <a class=\"wpdt-link-content\" href=\"https:\/\/www.salcedo.gob.ec\/wp-content\/uploads\/2024\/tp\/enero\/24-informacion-relevante-para-el-ejercicio-de-derechos-ods_diccionario_dic2023.csv\"  rel=\"\" target=\"_self\" data-cell-id=\"273\" data-link-url=\"https:\/\/www.salcedo.gob.ec\/wp-content\/uploads\/2024\/tp\/enero\/24-informacion-relevante-para-el-ejercicio-de-derechos-ods_diccionario_dic2023.csv\" data-link-text=\"diccionario\" data-link-target=\"0\" data-link-nofollow=\"0\" data-link-noreferrer=\"0\" data-link-sponsored=\"0\" data-link-btn-status=\"0\" data-link-btn-class=\"\" data-link-content=\"wpdt-link-content\">diccionario<\/a>                    <\/td>\n                                        <\/tr>\n                    <\/table>\n<\/div><style id='wpdt-custom-style-14'>\n<\/style>\n\n\n\n\n\n\n    <h3 class=\"wpdt-c\"\n        id=\"wdt-table-title-16\">JULIO 2024<\/h3>\n<div class=\"wpdt-c row wpDataTableContainerSimpleTable wpDataTables wpDataTablesWrapper\n\"\n    >\n        <table id=\"wpdtSimpleTable-16\"\n           style=\"border-collapse:collapse;\n                   border-spacing:0px;\"\n           class=\"wpdtSimpleTable wpDataTable\"\n           data-column=\"4\"\n           data-rows=\"28\"\n           data-wpID=\"16\"\n           data-responsive=\"0\"\n           data-has-header=\"0\">\n\n                    <tbody>        <tr class=\"wpdt-cell-row \" >\n                                <td class=\"wpdt-cell wpdt-bold wpdt-underline wpdt-tc-085390 wpdt-align-justify\"\n                                            data-cell-id=\"A1\"\n                    data-col-index=\"0\"\n                    data-row-index=\"0\"\n                    style=\" width:35.601265822785%;                    padding:10px;\n                    \"\n                    >\n                                        MATRIZ                    <\/td>\n                                                <td class=\"wpdt-cell wpdt-bold wpdt-underline wpdt-tc-085390\"\n                                            data-cell-id=\"B1\"\n                    data-col-index=\"1\"\n                    data-row-index=\"0\"\n                    style=\" width:21.677215189873%;                    padding:10px;\n                    \"\n                    >\n                                        CONJUNTO DE DATOS                    <\/td>\n                                                <td class=\"wpdt-cell wpdt-bold wpdt-underline wpdt-tc-085390\"\n                                            data-cell-id=\"C1\"\n                    data-col-index=\"2\"\n                    data-row-index=\"0\"\n                    style=\" width:21.360759493671%;                    padding:10px;\n                    \"\n                    >\n                                        METADATOS                    <\/td>\n                                                <td class=\"wpdt-cell wpdt-bold wpdt-underline wpdt-tc-085390\"\n                                            data-cell-id=\"D1\"\n                    data-col-index=\"3\"\n                    data-row-index=\"0\"\n                    style=\" width:21.360759493671%;                    padding:10px;\n                    \"\n                    >\n                                        DICCIONARIO                    <\/td>\n                                        <\/tr>\n                            <tr class=\"wpdt-cell-row \" >\n                                <td class=\"wpdt-cell wpdt-align-justify\"\n                                            data-cell-id=\"A2\"\n                    data-col-index=\"0\"\n                    data-row-index=\"1\"\n                    style=\"                    padding:10px;\n                    \"\n                    >\n                                        1.1 Estructura orga\u0301nica                    <\/td>\n                                                <td class=\"wpdt-cell \"\n                                            data-cell-id=\"B2\"\n                    data-col-index=\"1\"\n                    data-row-index=\"1\"\n                    style=\"                    padding:10px;\n                    \"\n                    >\n                                        <a data-media-content=\"wpdt-media-content\" href=\"https:\/\/www.salcedo.gob.ec\/wp-content\/uploads\/2024\/08\/1_1-estructura-organica.csv\">Conjunto de Datos<\/a>                    <\/td>\n                                                <td class=\"wpdt-cell \"\n                                            data-cell-id=\"C2\"\n                    data-col-index=\"2\"\n                    data-row-index=\"1\"\n                    style=\"                    padding:10px;\n                    \"\n                    >\n                                        <a data-media-content=\"wpdt-media-content\" href=\"https:\/\/www.salcedo.gob.ec\/wp-content\/uploads\/2024\/08\/1_1-estructura-organica-1.csv\">Metadatos<\/a>                    <\/td>\n                                                <td class=\"wpdt-cell \"\n                                            data-cell-id=\"D2\"\n                    data-col-index=\"3\"\n                    data-row-index=\"1\"\n                    style=\"                    padding:10px;\n                    \"\n                    >\n                                        <a data-media-content=\"wpdt-media-content\" href=\"https:\/\/www.salcedo.gob.ec\/wp-content\/uploads\/2024\/08\/1_1-estructura-organica-2.csv\">Diccionario<\/a>                    <\/td>\n                                        <\/tr>\n                            <tr class=\"wpdt-cell-row \" >\n                                <td class=\"wpdt-cell wpdt-align-justify\"\n                                            data-cell-id=\"A3\"\n                    data-col-index=\"0\"\n                    data-row-index=\"2\"\n                    style=\"                    padding:10px;\n                    \"\n                    >\n                                        1.2 Base Legal regulaciones procedimientos internos                    <\/td>\n                                                <td class=\"wpdt-cell  wpdt-empty-cell \"\n                                            data-cell-id=\"B3\"\n                    data-col-index=\"1\"\n                    data-row-index=\"2\"\n                    style=\"                    padding:10px;\n                    \"\n                    >\n                                                            <\/td>\n                                                <td class=\"wpdt-cell  wpdt-empty-cell \"\n                                            data-cell-id=\"C3\"\n                    data-col-index=\"2\"\n                    data-row-index=\"2\"\n                    style=\"                    padding:10px;\n                    \"\n                    >\n                                                            <\/td>\n                                                <td class=\"wpdt-cell  wpdt-empty-cell \"\n                                            data-cell-id=\"D3\"\n                    data-col-index=\"3\"\n                    data-row-index=\"2\"\n                    style=\"                    padding:10px;\n                    \"\n                    >\n                                                            <\/td>\n                                        <\/tr>\n                            <tr class=\"wpdt-cell-row \" >\n                                <td class=\"wpdt-cell wpdt-align-justify\"\n                                            data-cell-id=\"A4\"\n                    data-col-index=\"0\"\n                    data-row-index=\"3\"\n                    style=\"                    padding:10px;\n                    \"\n                    >\n                                        1.3 Metas y objetivos unidades                    <\/td>\n                                                <td class=\"wpdt-cell \"\n                                            data-cell-id=\"B4\"\n                    data-col-index=\"1\"\n                    data-row-index=\"3\"\n                    style=\"                    padding:10px;\n                    \"\n                    >\n                                        <a data-media-content=\"wpdt-media-content\" href=\"https:\/\/www.salcedo.gob.ec\/wp-content\/uploads\/2024\/08\/1.3-Metas-y-objetivos_unidades.csv\">Conjunto de Datos<\/a>                    <\/td>\n                                                <td class=\"wpdt-cell \"\n                                            data-cell-id=\"C4\"\n                    data-col-index=\"2\"\n                    data-row-index=\"3\"\n                    style=\"                    padding:10px;\n                    \"\n                    >\n                                        <a data-media-content=\"wpdt-media-content\" href=\"https:\/\/www.salcedo.gob.ec\/wp-content\/uploads\/2024\/08\/1.3-Metas-y-objetivos_unidades-1.csv\">Metadatos<\/a>                    <\/td>\n                                                <td class=\"wpdt-cell \"\n                                            data-cell-id=\"D4\"\n                    data-col-index=\"3\"\n                    data-row-index=\"3\"\n                    style=\"                    padding:10px;\n                    \"\n                    >\n                                        <a data-media-content=\"wpdt-media-content\" href=\"https:\/\/www.salcedo.gob.ec\/wp-content\/uploads\/2024\/08\/1.3-Metas-y-objetivos_unidades-2.csv\">Diccionario<\/a>                    <\/td>\n                                        <\/tr>\n                            <tr class=\"wpdt-cell-row \" >\n                                <td class=\"wpdt-cell wpdt-align-justify\"\n                                            data-cell-id=\"A5\"\n                    data-col-index=\"0\"\n                    data-row-index=\"4\"\n                    style=\"                    padding:10px;\n                    \"\n                    >\n                                        2. Directorio y distributivo personal de la entidad                    <\/td>\n                                                <td class=\"wpdt-cell \"\n                                            data-cell-id=\"B5\"\n                    data-col-index=\"1\"\n                    data-row-index=\"4\"\n                    style=\"                    padding:10px;\n                    \"\n                    >\n                                        <a data-media-content=\"wpdt-media-content\" href=\"https:\/\/www.salcedo.gob.ec\/wp-content\/uploads\/2024\/08\/2-DIRECTORIOS.csv\">Conjunto de Datos<\/a>                    <\/td>\n                                                <td class=\"wpdt-cell \"\n                                            data-cell-id=\"C5\"\n                    data-col-index=\"2\"\n                    data-row-index=\"4\"\n                    style=\"                    padding:10px;\n                    \"\n                    >\n                                        <a data-media-content=\"wpdt-media-content\" href=\"https:\/\/www.salcedo.gob.ec\/wp-content\/uploads\/2024\/08\/2-DIRECTORIOS-1.csv\">Metadatos<\/a>                    <\/td>\n                                                <td class=\"wpdt-cell \"\n                                            data-cell-id=\"D5\"\n                    data-col-index=\"3\"\n                    data-row-index=\"4\"\n                    style=\"                    padding:10px;\n                    \"\n                    >\n                                        <a data-media-content=\"wpdt-media-content\" href=\"https:\/\/www.salcedo.gob.ec\/wp-content\/uploads\/2024\/08\/2-DIRECTORIOS-2.csv\">Diccionario<\/a>                    <\/td>\n                                        <\/tr>\n                            <tr class=\"wpdt-cell-row \" >\n                                <td class=\"wpdt-cell wpdt-align-justify\"\n                                            data-cell-id=\"A6\"\n                    data-col-index=\"0\"\n                    data-row-index=\"5\"\n                    style=\"                    padding:10px;\n                    \"\n                    >\n                                        3. Remuneraciones ingresos adicionales                    <\/td>\n                                                <td class=\"wpdt-cell \"\n                                            data-cell-id=\"B6\"\n                    data-col-index=\"1\"\n                    data-row-index=\"5\"\n                    style=\"                    padding:10px;\n                    \"\n                    >\n                                        <a data-media-content=\"wpdt-media-content\" href=\"https:\/\/www.salcedo.gob.ec\/wp-content\/uploads\/2024\/08\/3-REMUNERACIONES-INGRESOS-ADICIONALES-2024.csv\">Conjunto de Datos<\/a>                    <\/td>\n                                                <td class=\"wpdt-cell \"\n                                            data-cell-id=\"C6\"\n                    data-col-index=\"2\"\n                    data-row-index=\"5\"\n                    style=\"                    padding:10px;\n                    \"\n                    >\n                                        <a data-media-content=\"wpdt-media-content\" href=\"https:\/\/www.salcedo.gob.ec\/wp-content\/uploads\/2024\/08\/3-REMUNERACIONES-INGRESOS-ADICIONALES-2024-1.csv\">Metadatos<\/a>                    <\/td>\n                                                <td class=\"wpdt-cell \"\n                                            data-cell-id=\"D6\"\n                    data-col-index=\"3\"\n                    data-row-index=\"5\"\n                    style=\"                    padding:10px;\n                    \"\n                    >\n                                        <a data-media-content=\"wpdt-media-content\" href=\"https:\/\/www.salcedo.gob.ec\/wp-content\/uploads\/2024\/08\/3-REMUNERACIONES-INGRESOS-ADICIONALES-2024-2.csv\">Diccionario<\/a>                    <\/td>\n                                        <\/tr>\n                            <tr class=\"wpdt-cell-row \" >\n                                <td class=\"wpdt-cell wpdt-align-justify\"\n                                            data-cell-id=\"A7\"\n                    data-col-index=\"0\"\n                    data-row-index=\"6\"\n                    style=\"                    padding:10px;\n                    \"\n                    >\n                                        4. Detalle licencia comisiones                    <\/td>\n                                                <td class=\"wpdt-cell \"\n                                            data-cell-id=\"B7\"\n                    data-col-index=\"1\"\n                    data-row-index=\"6\"\n                    style=\"                    padding:10px;\n                    \"\n                    >\n                                        <a data-media-content=\"wpdt-media-content\" href=\"https:\/\/www.salcedo.gob.ec\/wp-content\/uploads\/2024\/08\/4-LICENCIAS-COMISIONES.csv\">Conjunto de Datos<\/a>                    <\/td>\n                                                <td class=\"wpdt-cell \"\n                                            data-cell-id=\"C7\"\n                    data-col-index=\"2\"\n                    data-row-index=\"6\"\n                    style=\"                    padding:10px;\n                    \"\n                    >\n                                        <a data-media-content=\"wpdt-media-content\" href=\"https:\/\/www.salcedo.gob.ec\/wp-content\/uploads\/2024\/08\/4-LICENCIAS-COMISIONES-1.csv\">Metadatos<\/a>                    <\/td>\n                                                <td class=\"wpdt-cell \"\n                                            data-cell-id=\"D7\"\n                    data-col-index=\"3\"\n                    data-row-index=\"6\"\n                    style=\"                    padding:10px;\n                    \"\n                    >\n                                        <a data-media-content=\"wpdt-media-content\" href=\"https:\/\/www.salcedo.gob.ec\/wp-content\/uploads\/2024\/08\/4-LICENCIAS-COMISIONES-2.csv\">Diccionario<\/a>                    <\/td>\n                                        <\/tr>\n                            <tr class=\"wpdt-cell-row \" >\n                                <td class=\"wpdt-cell wpdt-align-justify\"\n                                            data-cell-id=\"A8\"\n                    data-col-index=\"0\"\n                    data-row-index=\"7\"\n                    style=\"                    padding:10px;\n                    \"\n                    >\n                                        5-22. Servicios formularios formatos tramites                    <\/td>\n                                                <td class=\"wpdt-cell \"\n                                            data-cell-id=\"B8\"\n                    data-col-index=\"1\"\n                    data-row-index=\"7\"\n                    style=\"                    padding:10px;\n                    \"\n                    >\n                                        <a data-media-content=\"wpdt-media-content\" href=\"https:\/\/www.salcedo.gob.ec\/wp-content\/uploads\/2024\/08\/5-22.-Servicios-Formularios-formatos-tramites.csv\">Conjunto de Datos<\/a>                    <\/td>\n                                                <td class=\"wpdt-cell \"\n                                            data-cell-id=\"C8\"\n                    data-col-index=\"2\"\n                    data-row-index=\"7\"\n                    style=\"                    padding:10px;\n                    \"\n                    >\n                                        <a data-media-content=\"wpdt-media-content\" href=\"https:\/\/www.salcedo.gob.ec\/wp-content\/uploads\/2024\/08\/5-22.-Servicios-Formularios-formatos-tramites-1.csv\">Metadatos<\/a>                    <\/td>\n                                                <td class=\"wpdt-cell \"\n                                            data-cell-id=\"D8\"\n                    data-col-index=\"3\"\n                    data-row-index=\"7\"\n                    style=\"                    padding:10px;\n                    \"\n                    >\n                                        <a data-media-content=\"wpdt-media-content\" href=\"https:\/\/www.salcedo.gob.ec\/wp-content\/uploads\/2024\/08\/5-22.-Servicios-Formularios-formatos-tramites-2.csv\">Diccionario<\/a>                    <\/td>\n                                        <\/tr>\n                            <tr class=\"wpdt-cell-row \" >\n                                <td class=\"wpdt-cell wpdt-align-justify\"\n                                            data-cell-id=\"A9\"\n                    data-col-index=\"0\"\n                    data-row-index=\"8\"\n                    style=\"                    padding:10px;\n                    \"\n                    >\n                                        6. Presupuesto de la instituci\u00f3n                    <\/td>\n                                                <td class=\"wpdt-cell \"\n                                            data-cell-id=\"B9\"\n                    data-col-index=\"1\"\n                    data-row-index=\"8\"\n                    style=\"                    padding:10px;\n                    \"\n                    >\n                                        <a data-media-content=\"wpdt-media-content\" href=\"https:\/\/www.salcedo.gob.ec\/wp-content\/uploads\/2024\/08\/6-presupuesto-de-la-institucion.csv\">Conjunto de Datos<\/a>                    <\/td>\n                                                <td class=\"wpdt-cell \"\n                                            data-cell-id=\"C9\"\n                    data-col-index=\"2\"\n                    data-row-index=\"8\"\n                    style=\"                    padding:10px;\n                    \"\n                    >\n                                        <a data-media-content=\"wpdt-media-content\" href=\"https:\/\/www.salcedo.gob.ec\/wp-content\/uploads\/2024\/08\/6-presupuesto-de-la-institucion-1.csv\">Metadatos<\/a>                    <\/td>\n                                                <td class=\"wpdt-cell \"\n                                            data-cell-id=\"D9\"\n                    data-col-index=\"3\"\n                    data-row-index=\"8\"\n                    style=\"                    padding:10px;\n                    \"\n                    >\n                                        <a data-media-content=\"wpdt-media-content\" href=\"https:\/\/www.salcedo.gob.ec\/wp-content\/uploads\/2024\/08\/6-presupuesto-de-la-institucion-2.csv\">Diccionario<\/a>                    <\/td>\n                                        <\/tr>\n                            <tr class=\"wpdt-cell-row \" >\n                                <td class=\"wpdt-cell wpdt-align-justify\"\n                                            data-cell-id=\"A10\"\n                    data-col-index=\"0\"\n                    data-row-index=\"9\"\n                    style=\"                    padding:10px;\n                    \"\n                    >\n                                        7. Resultados de las auditorias internas y gubernamentales                    <\/td>\n                                                <td class=\"wpdt-cell \"\n                                            data-cell-id=\"B10\"\n                    data-col-index=\"1\"\n                    data-row-index=\"9\"\n                    style=\"                    padding:10px;\n                    \"\n                    >\n                                        <a data-media-content=\"wpdt-media-content\" href=\"https:\/\/www.salcedo.gob.ec\/wp-content\/uploads\/2024\/08\/7-resultados-de-las-auditorias-internas-y-gubernamentales.csv\">Conjunto de Datos<\/a>                    <\/td>\n                                                <td class=\"wpdt-cell \"\n                                            data-cell-id=\"C10\"\n                    data-col-index=\"2\"\n                    data-row-index=\"9\"\n                    style=\"                    padding:10px;\n                    \"\n                    >\n                                        <a data-media-content=\"wpdt-media-content\" href=\"https:\/\/www.salcedo.gob.ec\/wp-content\/uploads\/2024\/08\/7-resultados-de-las-auditorias-internas-y-gubernamentales-1.csv\">Metadatos<\/a>                    <\/td>\n                                                <td class=\"wpdt-cell \"\n                                            data-cell-id=\"D10\"\n                    data-col-index=\"3\"\n                    data-row-index=\"9\"\n                    style=\"                    padding:10px;\n                    \"\n                    >\n                                        <a data-media-content=\"wpdt-media-content\" href=\"https:\/\/www.salcedo.gob.ec\/wp-content\/uploads\/2024\/08\/7-resultados-de-las-auditorias-internas-y-gubernamentales-2.csv\">Diccionario<\/a>                    <\/td>\n                                        <\/tr>\n                            <tr class=\"wpdt-cell-row \" >\n                                <td class=\"wpdt-cell wpdt-align-justify\"\n                                            data-cell-id=\"A11\"\n                    data-col-index=\"0\"\n                    data-row-index=\"10\"\n                    style=\"                    padding:10px;\n                    \"\n                    >\n                                        8. Procesos de contrataci\u00f3n p\u00fablica                    <\/td>\n                                                <td class=\"wpdt-cell \"\n                                            data-cell-id=\"B11\"\n                    data-col-index=\"1\"\n                    data-row-index=\"10\"\n                    style=\"                    padding:10px;\n                    \"\n                    >\n                                        <a data-media-content=\"wpdt-media-content\" href=\"https:\/\/www.salcedo.gob.ec\/wp-content\/uploads\/2024\/08\/8-procesos-de-contratacion-publica.csv\">Conjunto de Datos<\/a>                    <\/td>\n                                                <td class=\"wpdt-cell \"\n                                            data-cell-id=\"C11\"\n                    data-col-index=\"2\"\n                    data-row-index=\"10\"\n                    style=\"                    padding:10px;\n                    \"\n                    >\n                                        <a data-media-content=\"wpdt-media-content\" href=\"https:\/\/www.salcedo.gob.ec\/wp-content\/uploads\/2024\/08\/8-procesos-de-contratacion-publica-1.csv\">Metadatos<\/a>                    <\/td>\n                                                <td class=\"wpdt-cell \"\n                                            data-cell-id=\"D11\"\n                    data-col-index=\"3\"\n                    data-row-index=\"10\"\n                    style=\"                    padding:10px;\n                    \"\n                    >\n                                        <a data-media-content=\"wpdt-media-content\" href=\"https:\/\/www.salcedo.gob.ec\/wp-content\/uploads\/2024\/08\/8-procesos-de-contratacion-publica-2.csv\">Diccionario<\/a>                    <\/td>\n                                        <\/tr>\n                            <tr class=\"wpdt-cell-row \" >\n                                <td class=\"wpdt-cell wpdt-align-justify\"\n                                            data-cell-id=\"A12\"\n                    data-col-index=\"0\"\n                    data-row-index=\"11\"\n                    style=\"                    padding:10px;\n                    \"\n                    >\n                                        9. Listado de empresas y personas que han incumplido contratos                    <\/td>\n                                                <td class=\"wpdt-cell \"\n                                            data-cell-id=\"B12\"\n                    data-col-index=\"1\"\n                    data-row-index=\"11\"\n                    style=\"                    padding:10px;\n                    \"\n                    >\n                                        <a data-media-content=\"wpdt-media-content\" href=\"https:\/\/www.salcedo.gob.ec\/wp-content\/uploads\/2024\/08\/9-listado-de-empresas-y-personas-que-han-incumplido-contratos.csv\">Conjunto de Datos<\/a>                    <\/td>\n                                                <td class=\"wpdt-cell \"\n                                            data-cell-id=\"C12\"\n                    data-col-index=\"2\"\n                    data-row-index=\"11\"\n                    style=\"                    padding:10px;\n                    \"\n                    >\n                                        <a data-media-content=\"wpdt-media-content\" href=\"https:\/\/www.salcedo.gob.ec\/wp-content\/uploads\/2024\/08\/9-listado-de-empresas-y-personas-que-han-incumplido-contratos-1.csv\">Metadatos<\/a>                    <\/td>\n                                                <td class=\"wpdt-cell \"\n                                            data-cell-id=\"D12\"\n                    data-col-index=\"3\"\n                    data-row-index=\"11\"\n                    style=\"                    padding:10px;\n                    \"\n                    >\n                                        <a data-media-content=\"wpdt-media-content\" href=\"https:\/\/www.salcedo.gob.ec\/wp-content\/uploads\/2024\/08\/9-listado-de-empresas-y-personas-que-han-incumplido-contratos-2.csv\">Diccionario<\/a>                    <\/td>\n                                        <\/tr>\n                            <tr class=\"wpdt-cell-row \" >\n                                <td class=\"wpdt-cell wpdt-align-justify\"\n                                            data-cell-id=\"A13\"\n                    data-col-index=\"0\"\n                    data-row-index=\"12\"\n                    style=\"                    padding:10px;\n                    \"\n                    >\n                                        10. Planes y programas                    <\/td>\n                                                <td class=\"wpdt-cell \"\n                                            data-cell-id=\"B13\"\n                    data-col-index=\"1\"\n                    data-row-index=\"12\"\n                    style=\"                    padding:10px;\n                    \"\n                    >\n                                        <a data-media-content=\"wpdt-media-content\" href=\"https:\/\/www.salcedo.gob.ec\/wp-content\/uploads\/2024\/08\/10-planes-y-programas-2024.csv\">Conjunto de Datos<\/a>                    <\/td>\n                                                <td class=\"wpdt-cell \"\n                                            data-cell-id=\"C13\"\n                    data-col-index=\"2\"\n                    data-row-index=\"12\"\n                    style=\"                    padding:10px;\n                    \"\n                    >\n                                        <a data-media-content=\"wpdt-media-content\" href=\"https:\/\/www.salcedo.gob.ec\/wp-content\/uploads\/2024\/08\/10-planes-y-programas-2024-1.csv\">Metadatos<\/a>                    <\/td>\n                                                <td class=\"wpdt-cell \"\n                                            data-cell-id=\"D13\"\n                    data-col-index=\"3\"\n                    data-row-index=\"12\"\n                    style=\"                    padding:10px;\n                    \"\n                    >\n                                        <a data-media-content=\"wpdt-media-content\" href=\"https:\/\/www.salcedo.gob.ec\/wp-content\/uploads\/2024\/08\/10-planes-y-programas-2024-2.csv\">Diccionario<\/a>                    <\/td>\n                                        <\/tr>\n                            <tr class=\"wpdt-cell-row \" >\n                                <td class=\"wpdt-cell wpdt-align-justify\"\n                                            data-cell-id=\"A14\"\n                    data-col-index=\"0\"\n                    data-row-index=\"13\"\n                    style=\"                    padding:10px;\n                    \"\n                    >\n                                        11. Contratos de cr\u00e9dito externos o internos                    <\/td>\n                                                <td class=\"wpdt-cell \"\n                                            data-cell-id=\"B14\"\n                    data-col-index=\"1\"\n                    data-row-index=\"13\"\n                    style=\"                    padding:10px;\n                    \"\n                    >\n                                        <a data-media-content=\"wpdt-media-content\" href=\"https:\/\/www.salcedo.gob.ec\/wp-content\/uploads\/2024\/08\/11-contratos-de-credito-externos-o-internos.csv\">Conjunto de Datos<\/a>                    <\/td>\n                                                <td class=\"wpdt-cell \"\n                                            data-cell-id=\"C14\"\n                    data-col-index=\"2\"\n                    data-row-index=\"13\"\n                    style=\"                    padding:10px;\n                    \"\n                    >\n                                        <a data-media-content=\"wpdt-media-content\" href=\"https:\/\/www.salcedo.gob.ec\/wp-content\/uploads\/2024\/08\/11-contratos-de-credito-externos-o-internos-1.csv\">Metadatos<\/a>                    <\/td>\n                                                <td class=\"wpdt-cell \"\n                                            data-cell-id=\"D14\"\n                    data-col-index=\"3\"\n                    data-row-index=\"13\"\n                    style=\"                    padding:10px;\n                    \"\n                    >\n                                        <a data-media-content=\"wpdt-media-content\" href=\"https:\/\/www.salcedo.gob.ec\/wp-content\/uploads\/2024\/08\/11-contratos-de-credito-externos-o-internos-2.csv\">Diccionario<\/a>                    <\/td>\n                                        <\/tr>\n                            <tr class=\"wpdt-cell-row \" >\n                                <td class=\"wpdt-cell wpdt-align-justify\"\n                                            data-cell-id=\"A15\"\n                    data-col-index=\"0\"\n                    data-row-index=\"14\"\n                    style=\"                    padding:10px;\n                    \"\n                    >\n                                        12. Mecanismos rendicion cuentas                    <\/td>\n                                                <td class=\"wpdt-cell \"\n                                            data-cell-id=\"B15\"\n                    data-col-index=\"1\"\n                    data-row-index=\"14\"\n                    style=\"                    padding:10px;\n                    \"\n                    >\n                                        <a data-media-content=\"wpdt-media-content\" href=\"https:\/\/www.salcedo.gob.ec\/wp-content\/uploads\/2024\/08\/12-mecanismos-rendicion-cuentas.csv\">Conjunto de Datos<\/a>                    <\/td>\n                                                <td class=\"wpdt-cell \"\n                                            data-cell-id=\"C15\"\n                    data-col-index=\"2\"\n                    data-row-index=\"14\"\n                    style=\"                    padding:10px;\n                    \"\n                    >\n                                        <a data-media-content=\"wpdt-media-content\" href=\"https:\/\/www.salcedo.gob.ec\/wp-content\/uploads\/2024\/08\/12-mecanismos-rendicion-cuentas-1.csv\">Metadatos<\/a>                    <\/td>\n                                                <td class=\"wpdt-cell \"\n                                            data-cell-id=\"D15\"\n                    data-col-index=\"3\"\n                    data-row-index=\"14\"\n                    style=\"                    padding:10px;\n                    \"\n                    >\n                                        <a data-media-content=\"wpdt-media-content\" href=\"https:\/\/www.salcedo.gob.ec\/wp-content\/uploads\/2024\/08\/12-mecanismos-rendicion-cuentas-2.csv\">Diccionario<\/a>                    <\/td>\n                                        <\/tr>\n                            <tr class=\"wpdt-cell-row \" >\n                                <td class=\"wpdt-cell wpdt-align-justify\"\n                                            data-cell-id=\"A16\"\n                    data-col-index=\"0\"\n                    data-row-index=\"15\"\n                    style=\"                    padding:10px;\n                    \"\n                    >\n                                        13. Vi\u00e1ticos informes de trabajo y justificativos de movilizaci\u00f3n                    <\/td>\n                                                <td class=\"wpdt-cell \"\n                                            data-cell-id=\"B16\"\n                    data-col-index=\"1\"\n                    data-row-index=\"15\"\n                    style=\"                    padding:10px;\n                    \"\n                    >\n                                        <a data-media-content=\"wpdt-media-content\" href=\"https:\/\/www.salcedo.gob.ec\/wp-content\/uploads\/2024\/08\/13-viaticos-informes-de-trabajo-y-justificativos-de-movilizacion.csv\">Conjunto de Datos<\/a>                    <\/td>\n                                                <td class=\"wpdt-cell \"\n                                            data-cell-id=\"C16\"\n                    data-col-index=\"2\"\n                    data-row-index=\"15\"\n                    style=\"                    padding:10px;\n                    \"\n                    >\n                                        <a data-media-content=\"wpdt-media-content\" href=\"https:\/\/www.salcedo.gob.ec\/wp-content\/uploads\/2024\/08\/13-viaticos-informes-de-trabajo-y-justificativos-de-movilizacion-1.csv\">Metadatos<\/a>                    <\/td>\n                                                <td class=\"wpdt-cell \"\n                                            data-cell-id=\"D16\"\n                    data-col-index=\"3\"\n                    data-row-index=\"15\"\n                    style=\"                    padding:10px;\n                    \"\n                    >\n                                        <a data-media-content=\"wpdt-media-content\" href=\"https:\/\/www.salcedo.gob.ec\/wp-content\/uploads\/2024\/08\/13-viaticos-informes-de-trabajo-y-justificativos-de-movilizacion-2.csv\">Diccionario<\/a>                    <\/td>\n                                        <\/tr>\n                            <tr class=\"wpdt-cell-row \" >\n                                <td class=\"wpdt-cell wpdt-align-justify\"\n                                            data-cell-id=\"A17\"\n                    data-col-index=\"0\"\n                    data-row-index=\"16\"\n                    style=\"                    padding:10px;\n                    \"\n                    >\n                                        14. Responsables del acceso de informaci\u00f3n p\u00fablica                    <\/td>\n                                                <td class=\"wpdt-cell \"\n                                            data-cell-id=\"B17\"\n                    data-col-index=\"1\"\n                    data-row-index=\"16\"\n                    style=\"                    padding:10px;\n                    \"\n                    >\n                                        <a data-media-content=\"wpdt-media-content\" href=\"https:\/\/www.salcedo.gob.ec\/wp-content\/uploads\/2024\/08\/14-responsables-del-acceso-de-informacion-publica.csv\">Conjunto de Datos<\/a>                    <\/td>\n                                                <td class=\"wpdt-cell \"\n                                            data-cell-id=\"C17\"\n                    data-col-index=\"2\"\n                    data-row-index=\"16\"\n                    style=\"                    padding:10px;\n                    \"\n                    >\n                                        <a data-media-content=\"wpdt-media-content\" href=\"https:\/\/www.salcedo.gob.ec\/wp-content\/uploads\/2024\/08\/14-responsables-del-acceso-de-informacion-publica-1.csv\">Metadatos<\/a>                    <\/td>\n                                                <td class=\"wpdt-cell \"\n                                            data-cell-id=\"D17\"\n                    data-col-index=\"3\"\n                    data-row-index=\"16\"\n                    style=\"                    padding:10px;\n                    \"\n                    >\n                                        <a data-media-content=\"wpdt-media-content\" href=\"https:\/\/www.salcedo.gob.ec\/wp-content\/uploads\/2024\/08\/14-responsables-del-acceso-de-informacion-publica-2.csv\">Diccionario<\/a>                    <\/td>\n                                        <\/tr>\n                            <tr class=\"wpdt-cell-row \" >\n                                <td class=\"wpdt-cell wpdt-align-justify\"\n                                            data-cell-id=\"A18\"\n                    data-col-index=\"0\"\n                    data-row-index=\"17\"\n                    style=\"                    padding:10px;\n                    \"\n                    >\n                                        15. Texto \u00edntegro de los contratos colectivos vigentes y reformas                    <\/td>\n                                                <td class=\"wpdt-cell \"\n                                            data-cell-id=\"B18\"\n                    data-col-index=\"1\"\n                    data-row-index=\"17\"\n                    style=\"                    padding:10px;\n                    \"\n                    >\n                                        <a data-media-content=\"wpdt-media-content\" href=\"https:\/\/www.salcedo.gob.ec\/wp-content\/uploads\/2024\/08\/15-texto-integro-de-los-contratos-colectivos-vigentes-y-reformas.csv\">Conjunto de Datos<\/a>                    <\/td>\n                                                <td class=\"wpdt-cell \"\n                                            data-cell-id=\"C18\"\n                    data-col-index=\"2\"\n                    data-row-index=\"17\"\n                    style=\"                    padding:10px;\n                    \"\n                    >\n                                        <a data-media-content=\"wpdt-media-content\" href=\"https:\/\/www.salcedo.gob.ec\/wp-content\/uploads\/2024\/08\/15-texto-integro-de-los-contratos-colectivos-vigentes-y-reformas-1.csv\">Metadatos<\/a>                    <\/td>\n                                                <td class=\"wpdt-cell \"\n                                            data-cell-id=\"D18\"\n                    data-col-index=\"3\"\n                    data-row-index=\"17\"\n                    style=\"                    padding:10px;\n                    \"\n                    >\n                                        <a data-media-content=\"wpdt-media-content\" href=\"https:\/\/www.salcedo.gob.ec\/wp-content\/uploads\/2024\/08\/15-texto-integro-de-los-contratos-colectivos-vigentes-y-reformas-2.csv\">Diccionario<\/a>                    <\/td>\n                                        <\/tr>\n                            <tr class=\"wpdt-cell-row \" >\n                                <td class=\"wpdt-cell wpdt-align-justify\"\n                                            data-cell-id=\"A19\"\n                    data-col-index=\"0\"\n                    data-row-index=\"18\"\n                    style=\"                    padding:10px;\n                    \"\n                    >\n                                        16. \u00cdndice informaci\u00f3n reservada                    <\/td>\n                                                <td class=\"wpdt-cell \"\n                                            data-cell-id=\"B19\"\n                    data-col-index=\"1\"\n                    data-row-index=\"18\"\n                    style=\"                    padding:10px;\n                    \"\n                    >\n                                        <a data-media-content=\"wpdt-media-content\" href=\"https:\/\/www.salcedo.gob.ec\/wp-content\/uploads\/2024\/08\/16-indice-informacion-reservada.csv\">Conjunto de Datos<\/a>                    <\/td>\n                                                <td class=\"wpdt-cell \"\n                                            data-cell-id=\"C19\"\n                    data-col-index=\"2\"\n                    data-row-index=\"18\"\n                    style=\"                    padding:10px;\n                    \"\n                    >\n                                        <a data-media-content=\"wpdt-media-content\" href=\"https:\/\/www.salcedo.gob.ec\/wp-content\/uploads\/2024\/08\/16-indice-informacion-reservada-1.csv\">Metadatos<\/a>                    <\/td>\n                                                <td class=\"wpdt-cell \"\n                                            data-cell-id=\"D19\"\n                    data-col-index=\"3\"\n                    data-row-index=\"18\"\n                    style=\"                    padding:10px;\n                    \"\n                    >\n                                        <a data-media-content=\"wpdt-media-content\" href=\"https:\/\/www.salcedo.gob.ec\/wp-content\/uploads\/2024\/08\/16-indice-informacion-reservada-2.csv\">Diccionario<\/a>                    <\/td>\n                                        <\/tr>\n                            <tr class=\"wpdt-cell-row \" >\n                                <td class=\"wpdt-cell wpdt-align-justify\"\n                                            data-cell-id=\"A20\"\n                    data-col-index=\"0\"\n                    data-row-index=\"19\"\n                    style=\"                    padding:10px;\n                    \"\n                    >\n                                        17. Audiencias y reuniones autoridades                    <\/td>\n                                                <td class=\"wpdt-cell \"\n                                            data-cell-id=\"B20\"\n                    data-col-index=\"1\"\n                    data-row-index=\"19\"\n                    style=\"                    padding:10px;\n                    \"\n                    >\n                                        <a data-media-content=\"wpdt-media-content\" href=\"https:\/\/www.salcedo.gob.ec\/wp-content\/uploads\/2024\/08\/17-audiencias-y-reuniones-autoridades.csv\">Conjunto de Datos<\/a>                    <\/td>\n                                                <td class=\"wpdt-cell \"\n                                            data-cell-id=\"C20\"\n                    data-col-index=\"2\"\n                    data-row-index=\"19\"\n                    style=\"                    padding:10px;\n                    \"\n                    >\n                                        <a data-media-content=\"wpdt-media-content\" href=\"https:\/\/www.salcedo.gob.ec\/wp-content\/uploads\/2024\/08\/17-audiencias-y-reuniones-autoridades-1.csv\">Metadatos<\/a>                    <\/td>\n                                                <td class=\"wpdt-cell \"\n                                            data-cell-id=\"D20\"\n                    data-col-index=\"3\"\n                    data-row-index=\"19\"\n                    style=\"                    padding:10px;\n                    \"\n                    >\n                                        <a data-media-content=\"wpdt-media-content\" href=\"https:\/\/www.salcedo.gob.ec\/wp-content\/uploads\/2024\/08\/17-audiencias-y-reuniones-autoridades-2.csv\">Diccionario<\/a>                    <\/td>\n                                        <\/tr>\n                            <tr class=\"wpdt-cell-row \" style=\"height:41px;\">\n                                <td class=\"wpdt-cell wpdt-align-justify\"\n                                            data-cell-id=\"A21\"\n                    data-col-index=\"0\"\n                    data-row-index=\"20\"\n                    style=\"                    padding:10px;\n                    \"\n                    >\n                                        18. Detalle de convenios nacionales e internacionales                    <\/td>\n                                                <td class=\"wpdt-cell \"\n                                            data-cell-id=\"B21\"\n                    data-col-index=\"1\"\n                    data-row-index=\"20\"\n                    style=\"                    padding:10px;\n                    \"\n                    >\n                                        <a data-media-content=\"wpdt-media-content\" href=\"https:\/\/www.salcedo.gob.ec\/wp-content\/uploads\/2024\/08\/18-detalle-de-convenios-nacionales-e-internacionales.csv\">Conjunto de Datos<\/a>                    <\/td>\n                                                <td class=\"wpdt-cell \"\n                                            data-cell-id=\"C21\"\n                    data-col-index=\"2\"\n                    data-row-index=\"20\"\n                    style=\"                    padding:10px;\n                    \"\n                    >\n                                        <a data-media-content=\"wpdt-media-content\" href=\"https:\/\/www.salcedo.gob.ec\/wp-content\/uploads\/2024\/08\/18-detalle-de-convenios-nacionales-e-internacionales-1.csv\">Metadatos<\/a>                    <\/td>\n                                                <td class=\"wpdt-cell \"\n                                            data-cell-id=\"D21\"\n                    data-col-index=\"3\"\n                    data-row-index=\"20\"\n                    style=\"                    padding:10px;\n                    \"\n                    >\n                                        <a data-media-content=\"wpdt-media-content\" href=\"https:\/\/www.salcedo.gob.ec\/wp-content\/uploads\/2024\/08\/18-detalle-de-convenios-nacionales-e-internacionales-2.csv\">Diccionario<\/a>                    <\/td>\n                                        <\/tr>\n                            <tr class=\"wpdt-cell-row \" >\n                                <td class=\"wpdt-cell wpdt-align-justify\"\n                                            data-cell-id=\"A22\"\n                    data-col-index=\"0\"\n                    data-row-index=\"21\"\n                    style=\"                    padding:10px;\n                    \"\n                    >\n                                        19. Detalle donativos oficiales y protocolares                    <\/td>\n                                                <td class=\"wpdt-cell \"\n                                            data-cell-id=\"B22\"\n                    data-col-index=\"1\"\n                    data-row-index=\"21\"\n                    style=\"                    padding:10px;\n                    \"\n                    >\n                                        <a data-media-content=\"wpdt-media-content\" href=\"https:\/\/www.salcedo.gob.ec\/wp-content\/uploads\/2024\/08\/20-registro-de-activos-de-informacion-frecuente-y-complementaria.csv\">Conjunto de Datos<\/a>                    <\/td>\n                                                <td class=\"wpdt-cell \"\n                                            data-cell-id=\"C22\"\n                    data-col-index=\"2\"\n                    data-row-index=\"21\"\n                    style=\"                    padding:10px;\n                    \"\n                    >\n                                        <a data-media-content=\"wpdt-media-content\" href=\"https:\/\/www.salcedo.gob.ec\/wp-content\/uploads\/2024\/08\/19-detalle-donativos-oficiales-y-protocolares-1.csv\">Metadatos<\/a>                    <\/td>\n                                                <td class=\"wpdt-cell \"\n                                            data-cell-id=\"D22\"\n                    data-col-index=\"3\"\n                    data-row-index=\"21\"\n                    style=\"                    padding:10px;\n                    \"\n                    >\n                                        <a data-media-content=\"wpdt-media-content\" href=\"https:\/\/www.salcedo.gob.ec\/wp-content\/uploads\/2024\/08\/19-detalle-donativos-oficiales-y-protocolares-2.csv\">Diccionario<\/a>                    <\/td>\n                                        <\/tr>\n                            <tr class=\"wpdt-cell-row \" >\n                                <td class=\"wpdt-cell wpdt-align-justify\"\n                                            data-cell-id=\"A23\"\n                    data-col-index=\"0\"\n                    data-row-index=\"22\"\n                    style=\"                    padding:10px;\n                    \"\n                    >\n                                        20. Registro de activos de informaci\u00f3n frecuente y complementaria                    <\/td>\n                                                <td class=\"wpdt-cell \"\n                                            data-cell-id=\"B23\"\n                    data-col-index=\"1\"\n                    data-row-index=\"22\"\n                    style=\"                    padding:10px;\n                    \"\n                    >\n                                        <a data-media-content=\"wpdt-media-content\" href=\"https:\/\/www.salcedo.gob.ec\/wp-content\/uploads\/2024\/08\/20-registro-de-activos-de-informacion-frecuente-y-complementaria.csv\">Conjunto de Datos<\/a>                    <\/td>\n                                                <td class=\"wpdt-cell \"\n                                            data-cell-id=\"C23\"\n                    data-col-index=\"2\"\n                    data-row-index=\"22\"\n                    style=\"                    padding:10px;\n                    \"\n                    >\n                                        <a data-media-content=\"wpdt-media-content\" href=\"https:\/\/www.salcedo.gob.ec\/wp-content\/uploads\/2024\/08\/20-registro-de-activos-de-informacion-frecuente-y-complementaria-1.csv\">Metadatos<\/a>                    <\/td>\n                                                <td class=\"wpdt-cell \"\n                                            data-cell-id=\"D23\"\n                    data-col-index=\"3\"\n                    data-row-index=\"22\"\n                    style=\"                    padding:10px;\n                    \"\n                    >\n                                        <a data-media-content=\"wpdt-media-content\" href=\"https:\/\/www.salcedo.gob.ec\/wp-content\/uploads\/2024\/08\/20-registro-de-activos-de-informacion-frecuente-y-complementaria-2.csv\">Diccionario<\/a>                    <\/td>\n                                        <\/tr>\n                            <tr class=\"wpdt-cell-row \" style=\"height:41px;\">\n                                <td class=\"wpdt-cell wpdt-align-justify\"\n                                            data-cell-id=\"A24\"\n                    data-col-index=\"0\"\n                    data-row-index=\"23\"\n                    style=\"                    padding:10px;\n                    \"\n                    >\n                                        21. Pol\u00edticas p\u00fablicas o informaci\u00f3n grupo espec\u00edfico                    <\/td>\n                                                <td class=\"wpdt-cell \"\n                                            data-cell-id=\"B24\"\n                    data-col-index=\"1\"\n                    data-row-index=\"23\"\n                    style=\"                    padding:10px;\n                    \"\n                    >\n                                        <a data-media-content=\"wpdt-media-content\" href=\"https:\/\/www.salcedo.gob.ec\/wp-content\/uploads\/2024\/08\/21-politicas-publicas-o-informacion-grupo-especifico.csv\">Conjunto de Datos<\/a>                    <\/td>\n                                                <td class=\"wpdt-cell \"\n                                            data-cell-id=\"C24\"\n                    data-col-index=\"2\"\n                    data-row-index=\"23\"\n                    style=\"                    padding:10px;\n                    \"\n                    >\n                                        <a data-media-content=\"wpdt-media-content\" href=\"https:\/\/www.salcedo.gob.ec\/wp-content\/uploads\/2024\/08\/21-politicas-publicas-o-informacion-grupo-especifico-1.csv\">Metadatos<\/a>                    <\/td>\n                                                <td class=\"wpdt-cell \"\n                                            data-cell-id=\"D24\"\n                    data-col-index=\"3\"\n                    data-row-index=\"23\"\n                    style=\"                    padding:10px;\n                    \"\n                    >\n                                        <a data-media-content=\"wpdt-media-content\" href=\"https:\/\/www.salcedo.gob.ec\/wp-content\/uploads\/2024\/08\/21-politicas-publicas-o-informacion-grupo-especifico-2.csv\">Diccionario<\/a>                    <\/td>\n                                        <\/tr>\n                            <tr class=\"wpdt-cell-row \" >\n                                <td class=\"wpdt-cell wpdt-align-justify\"\n                                            data-cell-id=\"A25\"\n                    data-col-index=\"0\"\n                    data-row-index=\"24\"\n                    style=\"                    padding:10px;\n                    \"\n                    >\n                                        23. Detalle personas servidoras p\u00fablicas con acciones afirmativas                    <\/td>\n                                                <td class=\"wpdt-cell \"\n                                            data-cell-id=\"B25\"\n                    data-col-index=\"1\"\n                    data-row-index=\"24\"\n                    style=\"                    padding:10px;\n                    \"\n                    >\n                                        <a data-media-content=\"wpdt-media-content\" href=\"https:\/\/www.salcedo.gob.ec\/wp-content\/uploads\/2024\/08\/23-DETALLE-PERSONAS.csv\">Conjunto de Datos<\/a>                    <\/td>\n                                                <td class=\"wpdt-cell \"\n                                            data-cell-id=\"C25\"\n                    data-col-index=\"2\"\n                    data-row-index=\"24\"\n                    style=\"                    padding:10px;\n                    \"\n                    >\n                                        <a data-media-content=\"wpdt-media-content\" href=\"https:\/\/www.salcedo.gob.ec\/wp-content\/uploads\/2024\/08\/23-DETALLE-PERSONAS-1.csv\">Metadatos<\/a>                    <\/td>\n                                                <td class=\"wpdt-cell \"\n                                            data-cell-id=\"D25\"\n                    data-col-index=\"3\"\n                    data-row-index=\"24\"\n                    style=\"                    padding:10px;\n                    \"\n                    >\n                                        <a data-media-content=\"wpdt-media-content\" href=\"https:\/\/www.salcedo.gob.ec\/wp-content\/uploads\/2024\/08\/23-DETALLE-PERSONAS-2.csv\">Diccionario<\/a>                    <\/td>\n                                        <\/tr>\n                            <tr class=\"wpdt-cell-row \" >\n                                <td class=\"wpdt-cell wpdt-align-justify\"\n                                            data-cell-id=\"A26\"\n                    data-col-index=\"0\"\n                    data-row-index=\"25\"\n                    style=\"                    padding:10px;\n                    \"\n                    >\n                                        24. Informaci\u00f3n relevante para el ejercicio de derechos ODS                    <\/td>\n                                                <td class=\"wpdt-cell \"\n                                            data-cell-id=\"B26\"\n                    data-col-index=\"1\"\n                    data-row-index=\"25\"\n                    style=\"                    padding:10px;\n                    \"\n                    >\n                                        <a data-media-content=\"wpdt-media-content\" href=\"https:\/\/www.salcedo.gob.ec\/wp-content\/uploads\/2024\/08\/24-informacion-relevante-para-el-ejercicio-de-derechos-ods.csv\">Conjunto de Datos<\/a>                    <\/td>\n                                                <td class=\"wpdt-cell \"\n                                            data-cell-id=\"C26\"\n                    data-col-index=\"2\"\n                    data-row-index=\"25\"\n                    style=\"                    padding:10px;\n                    \"\n                    >\n                                        <a data-media-content=\"wpdt-media-content\" href=\"https:\/\/www.salcedo.gob.ec\/wp-content\/uploads\/2024\/08\/24-informacion-relevante-para-el-ejercicio-de-derechos-ods-1.csv\">Metadatos<\/a>                    <\/td>\n                                                <td class=\"wpdt-cell \"\n                                            data-cell-id=\"D26\"\n                    data-col-index=\"3\"\n                    data-row-index=\"25\"\n                    style=\"                    padding:10px;\n                    \"\n                    >\n                                        <a data-media-content=\"wpdt-media-content\" href=\"https:\/\/www.salcedo.gob.ec\/wp-content\/uploads\/2024\/08\/24-informacion-relevante-para-el-ejercicio-de-derechos-ods-2.csv\">Diccionario<\/a>                    <\/td>\n                                        <\/tr>\n                            <tr class=\"wpdt-cell-row \" >\n                                <td class=\"wpdt-cell \"\n                                            data-cell-id=\"A27\"\n                    data-col-index=\"0\"\n                    data-row-index=\"26\"\n                    style=\"                    padding:10px;\n                    \"\n                    >\n                                        art-24-1-gobiernos-autonomos-descentralizados                    <\/td>\n                                                <td class=\"wpdt-cell \"\n                                            data-cell-id=\"B27\"\n                    data-col-index=\"1\"\n                    data-row-index=\"26\"\n                    style=\"                    padding:10px;\n                    \"\n                    >\n                                        <a data-media-content=\"wpdt-media-content\" href=\"https:\/\/www.salcedo.gob.ec\/wp-content\/uploads\/2024\/08\/art-24-1-gobiernos-autonomos-descentralizados.csv\">Conjunto de Datos<\/a>                    <\/td>\n                                                <td class=\"wpdt-cell \"\n                                            data-cell-id=\"C27\"\n                    data-col-index=\"2\"\n                    data-row-index=\"26\"\n                    style=\"                    padding:10px;\n                    \"\n                    >\n                                        <a data-media-content=\"wpdt-media-content\" href=\"https:\/\/www.salcedo.gob.ec\/wp-content\/uploads\/2024\/08\/art-24-1-gobiernos-autonomos-descentralizados-1.csv\">Metadatos<\/a>                    <\/td>\n                                                <td class=\"wpdt-cell \"\n                                            data-cell-id=\"D27\"\n                    data-col-index=\"3\"\n                    data-row-index=\"26\"\n                    style=\"                    padding:10px;\n                    \"\n                    >\n                                        <a data-media-content=\"wpdt-media-content\" href=\"https:\/\/www.salcedo.gob.ec\/wp-content\/uploads\/2024\/08\/art-24-1-gobiernos-autonomos-descentralizados-2.csv\">Diccionario<\/a>                    <\/td>\n                                        <\/tr>\n                            <tr class=\"wpdt-cell-row \" >\n                                <td class=\"wpdt-cell \"\n                                            data-cell-id=\"A28\"\n                    data-col-index=\"0\"\n                    data-row-index=\"27\"\n                    style=\"                    padding:10px;\n                    \"\n                    >\n                                        art-24-2-gobiernos-utonomos-descentralizados                    <\/td>\n                                                <td class=\"wpdt-cell \"\n                                            data-cell-id=\"B28\"\n                    data-col-index=\"1\"\n                    data-row-index=\"27\"\n                    style=\"                    padding:10px;\n                    \"\n                    >\n                                        <a data-media-content=\"wpdt-media-content\" href=\"https:\/\/www.salcedo.gob.ec\/wp-content\/uploads\/2024\/08\/art-24-2-gobiernos-utonomos-descentralizados.csv\">Conjunto de Datos<\/a>                    <\/td>\n                                                <td class=\"wpdt-cell \"\n                                            data-cell-id=\"C28\"\n                    data-col-index=\"2\"\n                    data-row-index=\"27\"\n                    style=\"                    padding:10px;\n                    \"\n                    >\n                                        <a data-media-content=\"wpdt-media-content\" href=\"https:\/\/www.salcedo.gob.ec\/wp-content\/uploads\/2024\/08\/art-24-2-gobiernos-utonomos-descentralizados-1.csv\">Metadatos<\/a>                    <\/td>\n                                                <td class=\"wpdt-cell \"\n                                            data-cell-id=\"D28\"\n                    data-col-index=\"3\"\n                    data-row-index=\"27\"\n                    style=\"                    padding:10px;\n                    \"\n                    >\n                                        <a data-media-content=\"wpdt-media-content\" href=\"https:\/\/www.salcedo.gob.ec\/wp-content\/uploads\/2024\/08\/art-24-2-gobiernos-utonomos-descentralizados-2.csv\">Diccionario<\/a>                    <\/td>\n                                        <\/tr>\n                    <\/table>\n<\/div><style id='wpdt-custom-style-16'>\n.wpdt-tc-085390 { color: #085390 !important;}\n<\/style>\n\n\n\n\n\n\n    <h3 class=\"wpdt-c\"\n        id=\"wdt-table-title-17\">AGOSTO 2024<\/h3>\n<div class=\"wpdt-c row wpDataTableContainerSimpleTable wpDataTables wpDataTablesWrapper\n\"\n    >\n        <table id=\"wpdtSimpleTable-17\"\n           style=\"border-collapse:collapse;\n                   border-spacing:0px;\"\n           class=\"wpdtSimpleTable wpDataTable\"\n           data-column=\"4\"\n           data-rows=\"28\"\n           data-wpID=\"17\"\n           data-responsive=\"0\"\n           data-has-header=\"0\">\n\n                    <tbody>        <tr class=\"wpdt-cell-row \" >\n                                <td class=\"wpdt-cell wpdt-bold wpdt-underline wpdt-tc-085390 wpdt-align-justify\"\n                                            data-cell-id=\"A1\"\n                    data-col-index=\"0\"\n                    data-row-index=\"0\"\n                    style=\" width:35.601265822785%;                    padding:10px;\n                    \"\n                    >\n                                        MATRIZ                    <\/td>\n                                                <td class=\"wpdt-cell wpdt-bold wpdt-underline wpdt-tc-085390\"\n                                            data-cell-id=\"B1\"\n                    data-col-index=\"1\"\n                    data-row-index=\"0\"\n                    style=\" width:21.677215189873%;                    padding:10px;\n                    \"\n                    >\n                                        CONJUNTO DE DATOS                    <\/td>\n                                                <td class=\"wpdt-cell wpdt-bold wpdt-underline wpdt-tc-085390\"\n                                            data-cell-id=\"C1\"\n                    data-col-index=\"2\"\n                    data-row-index=\"0\"\n                    style=\" width:21.360759493671%;                    padding:10px;\n                    \"\n                    >\n                                        METADATOS                    <\/td>\n                                                <td class=\"wpdt-cell wpdt-bold wpdt-underline wpdt-tc-085390\"\n                                            data-cell-id=\"D1\"\n                    data-col-index=\"3\"\n                    data-row-index=\"0\"\n                    style=\" width:21.360759493671%;                    padding:10px;\n                    \"\n                    >\n                                        DICCIONARIO                    <\/td>\n                                        <\/tr>\n                            <tr class=\"wpdt-cell-row \" >\n                                <td class=\"wpdt-cell wpdt-align-justify\"\n                                            data-cell-id=\"A2\"\n                    data-col-index=\"0\"\n                    data-row-index=\"1\"\n                    style=\"                    padding:10px;\n                    \"\n                    >\n                                        1.1 Estructura orga\u0301nica                    <\/td>\n                                                <td class=\"wpdt-cell \"\n                                            data-cell-id=\"B2\"\n                    data-col-index=\"1\"\n                    data-row-index=\"1\"\n                    style=\"                    padding:10px;\n                    \"\n                    >\n                                        <a data-media-content=\"wpdt-media-content\" href=\"https:\/\/www.salcedo.gob.ec\/wp-content\/uploads\/2024\/09\/1_1-estructura-organica.csv\">Datos<\/a>                    <\/td>\n                                                <td class=\"wpdt-cell \"\n                                            data-cell-id=\"C2\"\n                    data-col-index=\"2\"\n                    data-row-index=\"1\"\n                    style=\"                    padding:10px;\n                    \"\n                    >\n                                        <a data-media-content=\"wpdt-media-content\" href=\"https:\/\/www.salcedo.gob.ec\/wp-content\/uploads\/2024\/09\/1_1-estructura-organica-1.csv\">Metadatos<\/a>                    <\/td>\n                                                <td class=\"wpdt-cell \"\n                                            data-cell-id=\"D2\"\n                    data-col-index=\"3\"\n                    data-row-index=\"1\"\n                    style=\"                    padding:10px;\n                    \"\n                    >\n                                        <a data-media-content=\"wpdt-media-content\" href=\"https:\/\/www.salcedo.gob.ec\/wp-content\/uploads\/2024\/09\/1_1-estructura-organica-2.csv\">1_1-estructura-organica<\/a>                    <\/td>\n                                        <\/tr>\n                            <tr class=\"wpdt-cell-row \" >\n                                <td class=\"wpdt-cell wpdt-align-justify\"\n                                            data-cell-id=\"A3\"\n                    data-col-index=\"0\"\n                    data-row-index=\"2\"\n                    style=\"                    padding:10px;\n                    \"\n                    >\n                                        1.2 Base Legal regulaciones procedimientos internos                    <\/td>\n                                                <td class=\"wpdt-cell \"\n                                            data-cell-id=\"B3\"\n                    data-col-index=\"1\"\n                    data-row-index=\"2\"\n                    style=\"                    padding:10px;\n                    \"\n                    >\n                                        <a data-media-content=\"wpdt-media-content\" href=\"https:\/\/www.salcedo.gob.ec\/wp-content\/uploads\/2024\/09\/1-2-base-legal-regulaciones-procedimientos-internos.csv\">Datos<\/a>                    <\/td>\n                                                <td class=\"wpdt-cell \"\n                                            data-cell-id=\"C3\"\n                    data-col-index=\"2\"\n                    data-row-index=\"2\"\n                    style=\"                    padding:10px;\n                    \"\n                    >\n                                        <a data-media-content=\"wpdt-media-content\" href=\"https:\/\/www.salcedo.gob.ec\/wp-content\/uploads\/2024\/09\/1-2-base-legal-regulaciones-procedimientos-internos-1.csv\">Metadatos<\/a>                    <\/td>\n                                                <td class=\"wpdt-cell \"\n                                            data-cell-id=\"D3\"\n                    data-col-index=\"3\"\n                    data-row-index=\"2\"\n                    style=\"                    padding:10px;\n                    \"\n                    >\n                                        <a data-media-content=\"wpdt-media-content\" href=\"https:\/\/www.salcedo.gob.ec\/wp-content\/uploads\/2024\/09\/1-2-base-legal-regulaciones-procedimientos-internos-2.csv\">1-2-base-legal-regulaciones-procedimientos-internos<\/a>                    <\/td>\n                                        <\/tr>\n                            <tr class=\"wpdt-cell-row \" >\n                                <td class=\"wpdt-cell wpdt-align-justify\"\n                                            data-cell-id=\"A4\"\n                    data-col-index=\"0\"\n                    data-row-index=\"3\"\n                    style=\"                    padding:10px;\n                    \"\n                    >\n                                        1.3 Metas y objetivos unidades                    <\/td>\n                                                <td class=\"wpdt-cell \"\n                                            data-cell-id=\"B4\"\n                    data-col-index=\"1\"\n                    data-row-index=\"3\"\n                    style=\"                    padding:10px;\n                    \"\n                    >\n                                        <a data-media-content=\"wpdt-media-content\" href=\"https:\/\/www.salcedo.gob.ec\/wp-content\/uploads\/2024\/09\/1-3_metas-y-objetivos_unidades-AGOSTO.csv\">Datos<\/a>                    <\/td>\n                                                <td class=\"wpdt-cell \"\n                                            data-cell-id=\"C4\"\n                    data-col-index=\"2\"\n                    data-row-index=\"3\"\n                    style=\"                    padding:10px;\n                    \"\n                    >\n                                        <a data-media-content=\"wpdt-media-content\" href=\"https:\/\/www.salcedo.gob.ec\/wp-content\/uploads\/2024\/09\/1-3_metas-y-objetivos_unidades-AGOSTO-1.csv\">Metadatos<\/a>                    <\/td>\n                                                <td class=\"wpdt-cell \"\n                                            data-cell-id=\"D4\"\n                    data-col-index=\"3\"\n                    data-row-index=\"3\"\n                    style=\"                    padding:10px;\n                    \"\n                    >\n                                        <a data-media-content=\"wpdt-media-content\" href=\"https:\/\/www.salcedo.gob.ec\/wp-content\/uploads\/2024\/09\/1-3_metas-y-objetivos_unidades-AGOSTO-2.csv\">1-3_metas-y-objetivos_unidades AGOSTO<\/a>                    <\/td>\n                                        <\/tr>\n                            <tr class=\"wpdt-cell-row \" >\n                                <td class=\"wpdt-cell wpdt-align-justify\"\n                                            data-cell-id=\"A5\"\n                    data-col-index=\"0\"\n                    data-row-index=\"4\"\n                    style=\"                    padding:10px;\n                    \"\n                    >\n                                        2. Directorio y distributivo personal de la entidad                    <\/td>\n                                                <td class=\"wpdt-cell \"\n                                            data-cell-id=\"B5\"\n                    data-col-index=\"1\"\n                    data-row-index=\"4\"\n                    style=\"                    padding:10px;\n                    \"\n                    >\n                                        <a data-media-content=\"wpdt-media-content\" href=\"https:\/\/www.salcedo.gob.ec\/wp-content\/uploads\/2024\/09\/2-DIRECTORIOS-AGOSTO-2024.csv\">Datos<\/a>                    <\/td>\n                                                <td class=\"wpdt-cell \"\n                                            data-cell-id=\"C5\"\n                    data-col-index=\"2\"\n                    data-row-index=\"4\"\n                    style=\"                    padding:10px;\n                    \"\n                    >\n                                        <a data-media-content=\"wpdt-media-content\" href=\"https:\/\/www.salcedo.gob.ec\/wp-content\/uploads\/2024\/09\/2-DIRECTORIOS-AGOSTO-2024-1.csv\">Metadatos<\/a>                    <\/td>\n                                                <td class=\"wpdt-cell \"\n                                            data-cell-id=\"D5\"\n                    data-col-index=\"3\"\n                    data-row-index=\"4\"\n                    style=\"                    padding:10px;\n                    \"\n                    >\n                                        <a data-media-content=\"wpdt-media-content\" href=\"https:\/\/www.salcedo.gob.ec\/wp-content\/uploads\/2024\/09\/2-DIRECTORIOS-AGOSTO-2024-2.csv\">2-DIRECTORIOS AGOSTO 2024<\/a>                    <\/td>\n                                        <\/tr>\n                            <tr class=\"wpdt-cell-row \" >\n                                <td class=\"wpdt-cell wpdt-align-justify\"\n                                            data-cell-id=\"A6\"\n                    data-col-index=\"0\"\n                    data-row-index=\"5\"\n                    style=\"                    padding:10px;\n                    \"\n                    >\n                                        3. Remuneraciones ingresos adicionales                    <\/td>\n                                                <td class=\"wpdt-cell \"\n                                            data-cell-id=\"B6\"\n                    data-col-index=\"1\"\n                    data-row-index=\"5\"\n                    style=\"                    padding:10px;\n                    \"\n                    >\n                                        <a data-media-content=\"wpdt-media-content\" href=\"https:\/\/www.salcedo.gob.ec\/wp-content\/uploads\/2024\/09\/3-REMUNERACIONES-INGRESOS-ADICIONALES_AGOSTO-2024.csv\">Datos<\/a>                    <\/td>\n                                                <td class=\"wpdt-cell \"\n                                            data-cell-id=\"C6\"\n                    data-col-index=\"2\"\n                    data-row-index=\"5\"\n                    style=\"                    padding:10px;\n                    \"\n                    >\n                                        <a data-media-content=\"wpdt-media-content\" href=\"https:\/\/www.salcedo.gob.ec\/wp-content\/uploads\/2024\/09\/3-REMUNERACIONES-INGRESOS-ADICIONALES_AGOSTO-2024-1.csv\">Metadatos<\/a>                    <\/td>\n                                                <td class=\"wpdt-cell \"\n                                            data-cell-id=\"D6\"\n                    data-col-index=\"3\"\n                    data-row-index=\"5\"\n                    style=\"                    padding:10px;\n                    \"\n                    >\n                                        <a data-media-content=\"wpdt-media-content\" href=\"https:\/\/www.salcedo.gob.ec\/wp-content\/uploads\/2024\/09\/3-REMUNERACIONES-INGRESOS-ADICIONALES_AGOSTO-2024-2.csv\">3-REMUNERACIONES-INGRESOS-ADICIONALES_AGOSTO 2024<\/a>                    <\/td>\n                                        <\/tr>\n                            <tr class=\"wpdt-cell-row \" >\n                                <td class=\"wpdt-cell wpdt-align-justify\"\n                                            data-cell-id=\"A7\"\n                    data-col-index=\"0\"\n                    data-row-index=\"6\"\n                    style=\"                    padding:10px;\n                    \"\n                    >\n                                        4. Detalle licencia comisiones                    <\/td>\n                                                <td class=\"wpdt-cell \"\n                                            data-cell-id=\"B7\"\n                    data-col-index=\"1\"\n                    data-row-index=\"6\"\n                    style=\"                    padding:10px;\n                    \"\n                    >\n                                        <a data-media-content=\"wpdt-media-content\" href=\"https:\/\/www.salcedo.gob.ec\/wp-content\/uploads\/2024\/09\/4-LICENCIAS-COMISIONES.csv\">Datos<\/a>                    <\/td>\n                                                <td class=\"wpdt-cell \"\n                                            data-cell-id=\"C7\"\n                    data-col-index=\"2\"\n                    data-row-index=\"6\"\n                    style=\"                    padding:10px;\n                    \"\n                    >\n                                        <a data-media-content=\"wpdt-media-content\" href=\"https:\/\/www.salcedo.gob.ec\/wp-content\/uploads\/2024\/09\/4-LICENCIAS-COMISIONES-1.csv\">Metadatos<\/a>                    <\/td>\n                                                <td class=\"wpdt-cell \"\n                                            data-cell-id=\"D7\"\n                    data-col-index=\"3\"\n                    data-row-index=\"6\"\n                    style=\"                    padding:10px;\n                    \"\n                    >\n                                        <a data-media-content=\"wpdt-media-content\" href=\"https:\/\/www.salcedo.gob.ec\/wp-content\/uploads\/2024\/09\/4-LICENCIAS-COMISIONES-2.csv\">4-LICENCIAS-COMISIONES<\/a>                    <\/td>\n                                        <\/tr>\n                            <tr class=\"wpdt-cell-row \" >\n                                <td class=\"wpdt-cell wpdt-align-justify\"\n                                            data-cell-id=\"A8\"\n                    data-col-index=\"0\"\n                    data-row-index=\"7\"\n                    style=\"                    padding:10px;\n                    \"\n                    >\n                                        5-22. Servicios formularios formatos tramites                    <\/td>\n                                                <td class=\"wpdt-cell \"\n                                            data-cell-id=\"B8\"\n                    data-col-index=\"1\"\n                    data-row-index=\"7\"\n                    style=\"                    padding:10px;\n                    \"\n                    >\n                                        <a data-media-content=\"wpdt-media-content\" href=\"https:\/\/www.salcedo.gob.ec\/wp-content\/uploads\/2024\/09\/5_22-servicios-formularios-formatos-tramites-AGOSTO.csv\">Datos<\/a>                    <\/td>\n                                                <td class=\"wpdt-cell \"\n                                            data-cell-id=\"C8\"\n                    data-col-index=\"2\"\n                    data-row-index=\"7\"\n                    style=\"                    padding:10px;\n                    \"\n                    >\n                                        <a data-media-content=\"wpdt-media-content\" href=\"https:\/\/www.salcedo.gob.ec\/wp-content\/uploads\/2024\/09\/5_22-servicios-formularios-formatos-tramites-AGOSTO-1.csv\">Metadatos<\/a>                    <\/td>\n                                                <td class=\"wpdt-cell \"\n                                            data-cell-id=\"D8\"\n                    data-col-index=\"3\"\n                    data-row-index=\"7\"\n                    style=\"                    padding:10px;\n                    \"\n                    >\n                                        <a data-media-content=\"wpdt-media-content\" href=\"https:\/\/www.salcedo.gob.ec\/wp-content\/uploads\/2024\/09\/5_22-servicios-formularios-formatos-tramites-AGOSTO-2.csv\">5_22-servicios-formularios-formatos-tramites AGOSTO<\/a>                    <\/td>\n                                        <\/tr>\n                            <tr class=\"wpdt-cell-row \" >\n                                <td class=\"wpdt-cell wpdt-align-justify\"\n                                            data-cell-id=\"A9\"\n                    data-col-index=\"0\"\n                    data-row-index=\"8\"\n                    style=\"                    padding:10px;\n                    \"\n                    >\n                                        6. Presupuesto de la instituci\u00f3n                    <\/td>\n                                                <td class=\"wpdt-cell \"\n                                            data-cell-id=\"B9\"\n                    data-col-index=\"1\"\n                    data-row-index=\"8\"\n                    style=\"                    padding:10px;\n                    \"\n                    >\n                                        <a data-media-content=\"wpdt-media-content\" href=\"https:\/\/www.salcedo.gob.ec\/wp-content\/uploads\/2024\/09\/6-presupuesto-de-la-institucion-AGOSTO.csv\">Datos<\/a>                    <\/td>\n                                                <td class=\"wpdt-cell \"\n                                            data-cell-id=\"C9\"\n                    data-col-index=\"2\"\n                    data-row-index=\"8\"\n                    style=\"                    padding:10px;\n                    \"\n                    >\n                                        <a data-media-content=\"wpdt-media-content\" href=\"https:\/\/www.salcedo.gob.ec\/wp-content\/uploads\/2024\/09\/6-presupuesto-de-la-institucion-AGOSTO-1.csv\">Metadatos<\/a>                    <\/td>\n                                                <td class=\"wpdt-cell \"\n                                            data-cell-id=\"D9\"\n                    data-col-index=\"3\"\n                    data-row-index=\"8\"\n                    style=\"                    padding:10px;\n                    \"\n                    >\n                                        <a data-media-content=\"wpdt-media-content\" href=\"https:\/\/www.salcedo.gob.ec\/wp-content\/uploads\/2024\/09\/6-presupuesto-de-la-institucion-AGOSTO-2.csv\">6-presupuesto-de-la-institucion AGOSTO<\/a>                    <\/td>\n                                        <\/tr>\n                            <tr class=\"wpdt-cell-row \" >\n                                <td class=\"wpdt-cell wpdt-align-justify\"\n                                            data-cell-id=\"A10\"\n                    data-col-index=\"0\"\n                    data-row-index=\"9\"\n                    style=\"                    padding:10px;\n                    \"\n                    >\n                                        7. Resultados de las auditorias internas y gubernamentales                    <\/td>\n                                                <td class=\"wpdt-cell \"\n                                            data-cell-id=\"B10\"\n                    data-col-index=\"1\"\n                    data-row-index=\"9\"\n                    style=\"                    padding:10px;\n                    \"\n                    >\n                                        <a data-media-content=\"wpdt-media-content\" href=\"https:\/\/www.salcedo.gob.ec\/wp-content\/uploads\/2024\/09\/7-resultados-de-las-auditorias-internas-y-gubernamentales1.csv\">Datos<\/a>                    <\/td>\n                                                <td class=\"wpdt-cell \"\n                                            data-cell-id=\"C10\"\n                    data-col-index=\"2\"\n                    data-row-index=\"9\"\n                    style=\"                    padding:10px;\n                    \"\n                    >\n                                        <a data-media-content=\"wpdt-media-content\" href=\"https:\/\/www.salcedo.gob.ec\/wp-content\/uploads\/2024\/09\/7-resultados-de-las-auditorias-internas-y-gubernamentales1-1.csv\">Metadatos<\/a>                    <\/td>\n                                                <td class=\"wpdt-cell \"\n                                            data-cell-id=\"D10\"\n                    data-col-index=\"3\"\n                    data-row-index=\"9\"\n                    style=\"                    padding:10px;\n                    \"\n                    >\n                                        <a data-media-content=\"wpdt-media-content\" href=\"https:\/\/www.salcedo.gob.ec\/wp-content\/uploads\/2024\/09\/7-resultados-de-las-auditorias-internas-y-gubernamentales1-2.csv\">7-resultados-de-las-auditorias-internas-y-gubernamentales(1)<\/a>                    <\/td>\n                                        <\/tr>\n                            <tr class=\"wpdt-cell-row \" >\n                                <td class=\"wpdt-cell wpdt-align-justify\"\n                                            data-cell-id=\"A11\"\n                    data-col-index=\"0\"\n                    data-row-index=\"10\"\n                    style=\"                    padding:10px;\n                    \"\n                    >\n                                        8. Procesos de contrataci\u00f3n p\u00fablica                    <\/td>\n                                                <td class=\"wpdt-cell \"\n                                            data-cell-id=\"B11\"\n                    data-col-index=\"1\"\n                    data-row-index=\"10\"\n                    style=\"                    padding:10px;\n                    \"\n                    >\n                                        <a data-media-content=\"wpdt-media-content\" href=\"https:\/\/www.salcedo.gob.ec\/wp-content\/uploads\/2024\/09\/8-procesos-de-contratacion-publica6.csv\">Datos<\/a>                    <\/td>\n                                                <td class=\"wpdt-cell \"\n                                            data-cell-id=\"C11\"\n                    data-col-index=\"2\"\n                    data-row-index=\"10\"\n                    style=\"                    padding:10px;\n                    \"\n                    >\n                                        <a data-media-content=\"wpdt-media-content\" href=\"https:\/\/www.salcedo.gob.ec\/wp-content\/uploads\/2024\/09\/8-procesos-de-contratacion-publica6-1.csv\">Metadatos<\/a>                    <\/td>\n                                                <td class=\"wpdt-cell \"\n                                            data-cell-id=\"D11\"\n                    data-col-index=\"3\"\n                    data-row-index=\"10\"\n                    style=\"                    padding:10px;\n                    \"\n                    >\n                                        <a data-media-content=\"wpdt-media-content\" href=\"https:\/\/www.salcedo.gob.ec\/wp-content\/uploads\/2024\/09\/8-procesos-de-contratacion-publica6-2.csv\">8-procesos-de-contratacion-publica(6)<\/a>                    <\/td>\n                                        <\/tr>\n                            <tr class=\"wpdt-cell-row \" >\n                                <td class=\"wpdt-cell wpdt-align-justify\"\n                                            data-cell-id=\"A12\"\n                    data-col-index=\"0\"\n                    data-row-index=\"11\"\n                    style=\"                    padding:10px;\n                    \"\n                    >\n                                        9. Listado de empresas y personas que han incumplido contratos                    <\/td>\n                                                <td class=\"wpdt-cell \"\n                                            data-cell-id=\"B12\"\n                    data-col-index=\"1\"\n                    data-row-index=\"11\"\n                    style=\"                    padding:10px;\n                    \"\n                    >\n                                        <a data-media-content=\"wpdt-media-content\" href=\"https:\/\/www.salcedo.gob.ec\/wp-content\/uploads\/2024\/09\/9-listado-de-empresas-y-personas-que-han-incumplido-contratos1.csv\">Datos<\/a>                    <\/td>\n                                                <td class=\"wpdt-cell \"\n                                            data-cell-id=\"C12\"\n                    data-col-index=\"2\"\n                    data-row-index=\"11\"\n                    style=\"                    padding:10px;\n                    \"\n                    >\n                                        <a data-media-content=\"wpdt-media-content\" href=\"https:\/\/www.salcedo.gob.ec\/wp-content\/uploads\/2024\/09\/9-listado-de-empresas-y-personas-que-han-incumplido-contratos1-1.csv\">Metadatos<\/a>                    <\/td>\n                                                <td class=\"wpdt-cell \"\n                                            data-cell-id=\"D12\"\n                    data-col-index=\"3\"\n                    data-row-index=\"11\"\n                    style=\"                    padding:10px;\n                    \"\n                    >\n                                        <a data-media-content=\"wpdt-media-content\" href=\"https:\/\/www.salcedo.gob.ec\/wp-content\/uploads\/2024\/09\/9-listado-de-empresas-y-personas-que-han-incumplido-contratos1-2.csv\">9-listado-de-empresas-y-personas-que-han-incumplido-contratos(1)<\/a>                    <\/td>\n                                        <\/tr>\n                            <tr class=\"wpdt-cell-row \" >\n                                <td class=\"wpdt-cell wpdt-align-justify\"\n                                            data-cell-id=\"A13\"\n                    data-col-index=\"0\"\n                    data-row-index=\"12\"\n                    style=\"                    padding:10px;\n                    \"\n                    >\n                                        10. Planes y programas                    <\/td>\n                                                <td class=\"wpdt-cell \"\n                                            data-cell-id=\"B13\"\n                    data-col-index=\"1\"\n                    data-row-index=\"12\"\n                    style=\"                    padding:10px;\n                    \"\n                    >\n                                        <a data-media-content=\"wpdt-media-content\" href=\"https:\/\/www.salcedo.gob.ec\/wp-content\/uploads\/2024\/09\/10-planes-y-programas-2024.csv\">Datos<\/a>                    <\/td>\n                                                <td class=\"wpdt-cell \"\n                                            data-cell-id=\"C13\"\n                    data-col-index=\"2\"\n                    data-row-index=\"12\"\n                    style=\"                    padding:10px;\n                    \"\n                    >\n                                        <a data-media-content=\"wpdt-media-content\" href=\"https:\/\/www.salcedo.gob.ec\/wp-content\/uploads\/2024\/09\/10-planes-y-programas-2024-1.csv\">Metadatos<\/a>                    <\/td>\n                                                <td class=\"wpdt-cell \"\n                                            data-cell-id=\"D13\"\n                    data-col-index=\"3\"\n                    data-row-index=\"12\"\n                    style=\"                    padding:10px;\n                    \"\n                    >\n                                        <a data-media-content=\"wpdt-media-content\" href=\"https:\/\/www.salcedo.gob.ec\/wp-content\/uploads\/2024\/09\/10-planes-y-programas-2024-2.csv\">10-planes-y-programas 2024<\/a>                    <\/td>\n                                        <\/tr>\n                            <tr class=\"wpdt-cell-row \" >\n                                <td class=\"wpdt-cell wpdt-align-justify\"\n                                            data-cell-id=\"A14\"\n                    data-col-index=\"0\"\n                    data-row-index=\"13\"\n                    style=\"                    padding:10px;\n                    \"\n                    >\n                                        11. Contratos de cr\u00e9dito externos o internos                    <\/td>\n                                                <td class=\"wpdt-cell \"\n                                            data-cell-id=\"B14\"\n                    data-col-index=\"1\"\n                    data-row-index=\"13\"\n                    style=\"                    padding:10px;\n                    \"\n                    >\n                                        <a data-media-content=\"wpdt-media-content\" href=\"https:\/\/www.salcedo.gob.ec\/wp-content\/uploads\/2024\/09\/11-contratos-de-credito-externos-o-internos5.csv\">Datos<\/a>                    <\/td>\n                                                <td class=\"wpdt-cell \"\n                                            data-cell-id=\"C14\"\n                    data-col-index=\"2\"\n                    data-row-index=\"13\"\n                    style=\"                    padding:10px;\n                    \"\n                    >\n                                        <a data-media-content=\"wpdt-media-content\" href=\"https:\/\/www.salcedo.gob.ec\/wp-content\/uploads\/2024\/09\/11-contratos-de-credito-externos-o-internos5-1.csv\">Metadatos<\/a>                    <\/td>\n                                                <td class=\"wpdt-cell \"\n                                            data-cell-id=\"D14\"\n                    data-col-index=\"3\"\n                    data-row-index=\"13\"\n                    style=\"                    padding:10px;\n                    \"\n                    >\n                                        <a data-media-content=\"wpdt-media-content\" href=\"https:\/\/www.salcedo.gob.ec\/wp-content\/uploads\/2024\/09\/11-contratos-de-credito-externos-o-internos5-2.csv\">11-contratos-de-credito-externos-o-internos(5)<\/a>                    <\/td>\n                                        <\/tr>\n                            <tr class=\"wpdt-cell-row \" >\n                                <td class=\"wpdt-cell wpdt-align-justify\"\n                                            data-cell-id=\"A15\"\n                    data-col-index=\"0\"\n                    data-row-index=\"14\"\n                    style=\"                    padding:10px;\n                    \"\n                    >\n                                        12. Mecanismos rendicion cuentas                    <\/td>\n                                                <td class=\"wpdt-cell \"\n                                            data-cell-id=\"B15\"\n                    data-col-index=\"1\"\n                    data-row-index=\"14\"\n                    style=\"                    padding:10px;\n                    \"\n                    >\n                                        <a data-media-content=\"wpdt-media-content\" href=\"https:\/\/www.salcedo.gob.ec\/wp-content\/uploads\/2024\/09\/12-mecanismos-rendicion-cuentas.csv\">Datos<\/a>                    <\/td>\n                                                <td class=\"wpdt-cell \"\n                                            data-cell-id=\"C15\"\n                    data-col-index=\"2\"\n                    data-row-index=\"14\"\n                    style=\"                    padding:10px;\n                    \"\n                    >\n                                        <a data-media-content=\"wpdt-media-content\" href=\"https:\/\/www.salcedo.gob.ec\/wp-content\/uploads\/2024\/09\/12-mecanismos-rendicion-cuentas-1.csv\">Metadatos<\/a>                    <\/td>\n                                                <td class=\"wpdt-cell \"\n                                            data-cell-id=\"D15\"\n                    data-col-index=\"3\"\n                    data-row-index=\"14\"\n                    style=\"                    padding:10px;\n                    \"\n                    >\n                                        <a data-media-content=\"wpdt-media-content\" href=\"https:\/\/www.salcedo.gob.ec\/wp-content\/uploads\/2024\/09\/12-mecanismos-rendicion-cuentas-2.csv\">12-mecanismos-rendicion-cuentas<\/a>                    <\/td>\n                                        <\/tr>\n                            <tr class=\"wpdt-cell-row \" >\n                                <td class=\"wpdt-cell wpdt-align-justify\"\n                                            data-cell-id=\"A16\"\n                    data-col-index=\"0\"\n                    data-row-index=\"15\"\n                    style=\"                    padding:10px;\n                    \"\n                    >\n                                        13. Vi\u00e1ticos informes de trabajo y justificativos de movilizaci\u00f3n                    <\/td>\n                                                <td class=\"wpdt-cell \"\n                                            data-cell-id=\"B16\"\n                    data-col-index=\"1\"\n                    data-row-index=\"15\"\n                    style=\"                    padding:10px;\n                    \"\n                    >\n                                        <a data-media-content=\"wpdt-media-content\" href=\"https:\/\/www.salcedo.gob.ec\/wp-content\/uploads\/2024\/09\/13-viaticos-informes-de-trabajo-y-justificativos-de-movilizacion.csv\">Datos<\/a>                    <\/td>\n                                                <td class=\"wpdt-cell \"\n                                            data-cell-id=\"C16\"\n                    data-col-index=\"2\"\n                    data-row-index=\"15\"\n                    style=\"                    padding:10px;\n                    \"\n                    >\n                                        <a data-media-content=\"wpdt-media-content\" href=\"https:\/\/www.salcedo.gob.ec\/wp-content\/uploads\/2024\/09\/13-viaticos-informes-de-trabajo-y-justificativos-de-movilizacion-1.csv\">Metadatos<\/a>                    <\/td>\n                                                <td class=\"wpdt-cell \"\n                                            data-cell-id=\"D16\"\n                    data-col-index=\"3\"\n                    data-row-index=\"15\"\n                    style=\"                    padding:10px;\n                    \"\n                    >\n                                        <a data-media-content=\"wpdt-media-content\" href=\"https:\/\/www.salcedo.gob.ec\/wp-content\/uploads\/2024\/09\/13-viaticos-informes-de-trabajo-y-justificativos-de-movilizacion-2.csv\">13-viaticos-informes-de-trabajo-y-justificativos-de-movilizacion<\/a>                    <\/td>\n                                        <\/tr>\n                            <tr class=\"wpdt-cell-row \" >\n                                <td class=\"wpdt-cell wpdt-align-justify\"\n                                            data-cell-id=\"A17\"\n                    data-col-index=\"0\"\n                    data-row-index=\"16\"\n                    style=\"                    padding:10px;\n                    \"\n                    >\n                                        14. Responsables del acceso de informaci\u00f3n p\u00fablica                    <\/td>\n                                                <td class=\"wpdt-cell \"\n                                            data-cell-id=\"B17\"\n                    data-col-index=\"1\"\n                    data-row-index=\"16\"\n                    style=\"                    padding:10px;\n                    \"\n                    >\n                                        <a data-media-content=\"wpdt-media-content\" href=\"https:\/\/www.salcedo.gob.ec\/wp-content\/uploads\/2024\/09\/14-responsables-del-acceso-de-informacion-publica.csv\">Datos<\/a>                    <\/td>\n                                                <td class=\"wpdt-cell \"\n                                            data-cell-id=\"C17\"\n                    data-col-index=\"2\"\n                    data-row-index=\"16\"\n                    style=\"                    padding:10px;\n                    \"\n                    >\n                                        <a data-media-content=\"wpdt-media-content\" href=\"https:\/\/www.salcedo.gob.ec\/wp-content\/uploads\/2024\/09\/14-responsables-del-acceso-de-informacion-publica-1.csv\">Metadatos<\/a>                    <\/td>\n                                                <td class=\"wpdt-cell \"\n                                            data-cell-id=\"D17\"\n                    data-col-index=\"3\"\n                    data-row-index=\"16\"\n                    style=\"                    padding:10px;\n                    \"\n                    >\n                                        <a data-media-content=\"wpdt-media-content\" href=\"https:\/\/www.salcedo.gob.ec\/wp-content\/uploads\/2024\/09\/14-responsables-del-acceso-de-informacion-publica-2.csv\">14-responsables-del-acceso-de-informacion-publica<\/a>                    <\/td>\n                                        <\/tr>\n                            <tr class=\"wpdt-cell-row \" >\n                                <td class=\"wpdt-cell wpdt-align-justify\"\n                                            data-cell-id=\"A18\"\n                    data-col-index=\"0\"\n                    data-row-index=\"17\"\n                    style=\"                    padding:10px;\n                    \"\n                    >\n                                        15. Texto \u00edntegro de los contratos colectivos vigentes y reformas                    <\/td>\n                                                <td class=\"wpdt-cell \"\n                                            data-cell-id=\"B18\"\n                    data-col-index=\"1\"\n                    data-row-index=\"17\"\n                    style=\"                    padding:10px;\n                    \"\n                    >\n                                        <a data-media-content=\"wpdt-media-content\" href=\"https:\/\/www.salcedo.gob.ec\/wp-content\/uploads\/2024\/09\/15-texto-integro-de-los-contratos-colectivos-vigentes-y-reformas.csv\">Datos<\/a>                    <\/td>\n                                                <td class=\"wpdt-cell \"\n                                            data-cell-id=\"C18\"\n                    data-col-index=\"2\"\n                    data-row-index=\"17\"\n                    style=\"                    padding:10px;\n                    \"\n                    >\n                                        <a data-media-content=\"wpdt-media-content\" href=\"https:\/\/www.salcedo.gob.ec\/wp-content\/uploads\/2024\/09\/15-texto-integro-de-los-contratos-colectivos-vigentes-y-reformas-1.csv\">Metadatos<\/a>                    <\/td>\n                                                <td class=\"wpdt-cell \"\n                                            data-cell-id=\"D18\"\n                    data-col-index=\"3\"\n                    data-row-index=\"17\"\n                    style=\"                    padding:10px;\n                    \"\n                    >\n                                        <a data-media-content=\"wpdt-media-content\" href=\"https:\/\/www.salcedo.gob.ec\/wp-content\/uploads\/2024\/09\/15-texto-integro-de-los-contratos-colectivos-vigentes-y-reformas-2.csv\">15-texto-integro-de-los-contratos-colectivos-vigentes-y-reformas<\/a>                    <\/td>\n                                        <\/tr>\n                            <tr class=\"wpdt-cell-row \" >\n                                <td class=\"wpdt-cell wpdt-align-justify\"\n                                            data-cell-id=\"A19\"\n                    data-col-index=\"0\"\n                    data-row-index=\"18\"\n                    style=\"                    padding:10px;\n                    \"\n                    >\n                                        16. \u00cdndice informaci\u00f3n reservada                    <\/td>\n                                                <td class=\"wpdt-cell \"\n                                            data-cell-id=\"B19\"\n                    data-col-index=\"1\"\n                    data-row-index=\"18\"\n                    style=\"                    padding:10px;\n                    \"\n                    >\n                                        <a data-media-content=\"wpdt-media-content\" href=\"https:\/\/www.salcedo.gob.ec\/wp-content\/uploads\/2024\/09\/16-indice-informacion-reservada.csv\">Datos<\/a>                    <\/td>\n                                                <td class=\"wpdt-cell \"\n                                            data-cell-id=\"C19\"\n                    data-col-index=\"2\"\n                    data-row-index=\"18\"\n                    style=\"                    padding:10px;\n                    \"\n                    >\n                                        <a data-media-content=\"wpdt-media-content\" href=\"https:\/\/www.salcedo.gob.ec\/wp-content\/uploads\/2024\/09\/16-indice-informacion-reservada-1.csv\">Metadatos<\/a>                    <\/td>\n                                                <td class=\"wpdt-cell \"\n                                            data-cell-id=\"D19\"\n                    data-col-index=\"3\"\n                    data-row-index=\"18\"\n                    style=\"                    padding:10px;\n                    \"\n                    >\n                                        <a data-media-content=\"wpdt-media-content\" href=\"https:\/\/www.salcedo.gob.ec\/wp-content\/uploads\/2024\/09\/16-indice-informacion-reservada-2.csv\">16-indice-informacion-reservada<\/a>                    <\/td>\n                                        <\/tr>\n                            <tr class=\"wpdt-cell-row \" >\n                                <td class=\"wpdt-cell wpdt-align-justify\"\n                                            data-cell-id=\"A20\"\n                    data-col-index=\"0\"\n                    data-row-index=\"19\"\n                    style=\"                    padding:10px;\n                    \"\n                    >\n                                        17. Audiencias y reuniones autoridades                    <\/td>\n                                                <td class=\"wpdt-cell  wpdt-empty-cell \"\n                                            data-cell-id=\"B20\"\n                    data-col-index=\"1\"\n                    data-row-index=\"19\"\n                    style=\"                    padding:10px;\n                    \"\n                    >\n                                                            <\/td>\n                                                <td class=\"wpdt-cell  wpdt-empty-cell \"\n                                            data-cell-id=\"C20\"\n                    data-col-index=\"2\"\n                    data-row-index=\"19\"\n                    style=\"                    padding:10px;\n                    \"\n                    >\n                                                            <\/td>\n                                                <td class=\"wpdt-cell  wpdt-empty-cell \"\n                                            data-cell-id=\"D20\"\n                    data-col-index=\"3\"\n                    data-row-index=\"19\"\n                    style=\"                    padding:10px;\n                    \"\n                    >\n                                                            <\/td>\n                                        <\/tr>\n                            <tr class=\"wpdt-cell-row \" style=\"height:41px;\">\n                                <td class=\"wpdt-cell wpdt-align-justify\"\n                                            data-cell-id=\"A21\"\n                    data-col-index=\"0\"\n                    data-row-index=\"20\"\n                    style=\"                    padding:10px;\n                    \"\n                    >\n                                        18. Detalle de convenios nacionales e internacionales                    <\/td>\n                                                <td class=\"wpdt-cell \"\n                                            data-cell-id=\"B21\"\n                    data-col-index=\"1\"\n                    data-row-index=\"20\"\n                    style=\"                    padding:10px;\n                    \"\n                    >\n                                        <a data-media-content=\"wpdt-media-content\" href=\"https:\/\/www.salcedo.gob.ec\/wp-content\/uploads\/2024\/09\/18-detalle-de-convenios-nacionales-e-internacionales.csv\">Datos<\/a>                    <\/td>\n                                                <td class=\"wpdt-cell \"\n                                            data-cell-id=\"C21\"\n                    data-col-index=\"2\"\n                    data-row-index=\"20\"\n                    style=\"                    padding:10px;\n                    \"\n                    >\n                                        <a data-media-content=\"wpdt-media-content\" href=\"https:\/\/www.salcedo.gob.ec\/wp-content\/uploads\/2024\/09\/18-detalle-de-convenios-nacionales-e-internacionales-1.csv\">Metadatos<\/a>                    <\/td>\n                                                <td class=\"wpdt-cell \"\n                                            data-cell-id=\"D21\"\n                    data-col-index=\"3\"\n                    data-row-index=\"20\"\n                    style=\"                    padding:10px;\n                    \"\n                    >\n                                        <a data-media-content=\"wpdt-media-content\" href=\"https:\/\/www.salcedo.gob.ec\/wp-content\/uploads\/2024\/09\/18-detalle-de-convenios-nacionales-e-internacionales-2.csv\">18-detalle-de-convenios-nacionales-e-internacionales<\/a>                    <\/td>\n                                        <\/tr>\n                            <tr class=\"wpdt-cell-row \" >\n                                <td class=\"wpdt-cell wpdt-align-justify\"\n                                            data-cell-id=\"A22\"\n                    data-col-index=\"0\"\n                    data-row-index=\"21\"\n                    style=\"                    padding:10px;\n                    \"\n                    >\n                                        19. Detalle donativos oficiales y protocolares                    <\/td>\n                                                <td class=\"wpdt-cell \"\n                                            data-cell-id=\"B22\"\n                    data-col-index=\"1\"\n                    data-row-index=\"21\"\n                    style=\"                    padding:10px;\n                    \"\n                    >\n                                        <a data-media-content=\"wpdt-media-content\" href=\"https:\/\/www.salcedo.gob.ec\/wp-content\/uploads\/2024\/09\/19-detalle-donativos-oficiales-y-protocolares_agosto.csv\">Datos<\/a>                    <\/td>\n                                                <td class=\"wpdt-cell \"\n                                            data-cell-id=\"C22\"\n                    data-col-index=\"2\"\n                    data-row-index=\"21\"\n                    style=\"                    padding:10px;\n                    \"\n                    >\n                                        <a data-media-content=\"wpdt-media-content\" href=\"https:\/\/www.salcedo.gob.ec\/wp-content\/uploads\/2024\/09\/19-detalle-donativos-oficiales-y-protocolares_agosto-1.csv\">Metadatos<\/a>                    <\/td>\n                                                <td class=\"wpdt-cell \"\n                                            data-cell-id=\"D22\"\n                    data-col-index=\"3\"\n                    data-row-index=\"21\"\n                    style=\"                    padding:10px;\n                    \"\n                    >\n                                        <a data-media-content=\"wpdt-media-content\" href=\"https:\/\/www.salcedo.gob.ec\/wp-content\/uploads\/2024\/09\/19-detalle-donativos-oficiales-y-protocolares_agosto-2.csv\">19-detalle-donativos-oficiales-y-protocolares_agosto<\/a>                    <\/td>\n                                        <\/tr>\n                            <tr class=\"wpdt-cell-row \" >\n                                <td class=\"wpdt-cell wpdt-align-justify\"\n                                            data-cell-id=\"A23\"\n                    data-col-index=\"0\"\n                    data-row-index=\"22\"\n                    style=\"                    padding:10px;\n                    \"\n                    >\n                                        20. Registro de activos de informaci\u00f3n frecuente y complementaria                    <\/td>\n                                                <td class=\"wpdt-cell  wpdt-empty-cell \"\n                                            data-cell-id=\"B23\"\n                    data-col-index=\"1\"\n                    data-row-index=\"22\"\n                    style=\"                    padding:10px;\n                    \"\n                    >\n                                                            <\/td>\n                                                <td class=\"wpdt-cell  wpdt-empty-cell \"\n                                            data-cell-id=\"C23\"\n                    data-col-index=\"2\"\n                    data-row-index=\"22\"\n                    style=\"                    padding:10px;\n                    \"\n                    >\n                                                            <\/td>\n                                                <td class=\"wpdt-cell  wpdt-empty-cell \"\n                                            data-cell-id=\"D23\"\n                    data-col-index=\"3\"\n                    data-row-index=\"22\"\n                    style=\"                    padding:10px;\n                    \"\n                    >\n                                                            <\/td>\n                                        <\/tr>\n                            <tr class=\"wpdt-cell-row \" style=\"height:41px;\">\n                                <td class=\"wpdt-cell wpdt-align-justify\"\n                                            data-cell-id=\"A24\"\n                    data-col-index=\"0\"\n                    data-row-index=\"23\"\n                    style=\"                    padding:10px;\n                    \"\n                    >\n                                        21. Pol\u00edticas p\u00fablicas o informaci\u00f3n grupo espec\u00edfico                    <\/td>\n                                                <td class=\"wpdt-cell \"\n                                            data-cell-id=\"B24\"\n                    data-col-index=\"1\"\n                    data-row-index=\"23\"\n                    style=\"                    padding:10px;\n                    \"\n                    >\n                                        <a data-media-content=\"wpdt-media-content\" href=\"https:\/\/www.salcedo.gob.ec\/wp-content\/uploads\/2024\/09\/21-politicas-publicas-o-informacion-grupo-especifico-1-1.csv\">Datos<\/a>                    <\/td>\n                                                <td class=\"wpdt-cell \"\n                                            data-cell-id=\"C24\"\n                    data-col-index=\"2\"\n                    data-row-index=\"23\"\n                    style=\"                    padding:10px;\n                    \"\n                    >\n                                        <a data-media-content=\"wpdt-media-content\" href=\"https:\/\/www.salcedo.gob.ec\/wp-content\/uploads\/2024\/09\/21-politicas-publicas-o-informacion-grupo-especifico-1-1-1.csv\">2Metadatos<\/a>                    <\/td>\n                                                <td class=\"wpdt-cell \"\n                                            data-cell-id=\"D24\"\n                    data-col-index=\"3\"\n                    data-row-index=\"23\"\n                    style=\"                    padding:10px;\n                    \"\n                    >\n                                        <a data-media-content=\"wpdt-media-content\" href=\"https:\/\/www.salcedo.gob.ec\/wp-content\/uploads\/2024\/09\/21-politicas-publicas-o-informacion-grupo-especifico-1-1-2.csv\">21-politicas-publicas-o-informacion-grupo-especifico (1) (1)<\/a>                    <\/td>\n                                        <\/tr>\n                            <tr class=\"wpdt-cell-row \" >\n                                <td class=\"wpdt-cell wpdt-align-justify\"\n                                            data-cell-id=\"A25\"\n                    data-col-index=\"0\"\n                    data-row-index=\"24\"\n                    style=\"                    padding:10px;\n                    \"\n                    >\n                                        23. Detalle personas servidoras p\u00fablicas con acciones afirmativas                    <\/td>\n                                                <td class=\"wpdt-cell \"\n                                            data-cell-id=\"B25\"\n                    data-col-index=\"1\"\n                    data-row-index=\"24\"\n                    style=\"                    padding:10px;\n                    \"\n                    >\n                                        <a data-media-content=\"wpdt-media-content\" href=\"https:\/\/www.salcedo.gob.ec\/wp-content\/uploads\/2024\/09\/23-DETALLE-PERSONAS-AGOSTO-2024.csv\">Datos<\/a>                    <\/td>\n                                                <td class=\"wpdt-cell \"\n                                            data-cell-id=\"C25\"\n                    data-col-index=\"2\"\n                    data-row-index=\"24\"\n                    style=\"                    padding:10px;\n                    \"\n                    >\n                                        <a data-media-content=\"wpdt-media-content\" href=\"https:\/\/www.salcedo.gob.ec\/wp-content\/uploads\/2024\/09\/23-DETALLE-PERSONAS-AGOSTO-2024-1.csv\">Metadatos<\/a>                    <\/td>\n                                                <td class=\"wpdt-cell \"\n                                            data-cell-id=\"D25\"\n                    data-col-index=\"3\"\n                    data-row-index=\"24\"\n                    style=\"                    padding:10px;\n                    \"\n                    >\n                                        <a data-media-content=\"wpdt-media-content\" href=\"https:\/\/www.salcedo.gob.ec\/wp-content\/uploads\/2024\/09\/23-DETALLE-PERSONAS-AGOSTO-2024-2.csv\">23-DETALLE PERSONAS- AGOSTO 2024<\/a>                    <\/td>\n                                        <\/tr>\n                            <tr class=\"wpdt-cell-row \" >\n                                <td class=\"wpdt-cell wpdt-align-justify\"\n                                            data-cell-id=\"A26\"\n                    data-col-index=\"0\"\n                    data-row-index=\"25\"\n                    style=\"                    padding:10px;\n                    \"\n                    >\n                                        24. Informaci\u00f3n relevante para el ejercicio de derechos ODS                    <\/td>\n                                                <td class=\"wpdt-cell \"\n                                            data-cell-id=\"B26\"\n                    data-col-index=\"1\"\n                    data-row-index=\"25\"\n                    style=\"                    padding:10px;\n                    \"\n                    >\n                                        <a data-media-content=\"wpdt-media-content\" href=\"https:\/\/www.salcedo.gob.ec\/wp-content\/uploads\/2024\/09\/24-informacion-relevante-para-el-ejercicio-de-derechos-ods.csv\">Datos<\/a>                    <\/td>\n                                                <td class=\"wpdt-cell \"\n                                            data-cell-id=\"C26\"\n                    data-col-index=\"2\"\n                    data-row-index=\"25\"\n                    style=\"                    padding:10px;\n                    \"\n                    >\n                                        <a data-media-content=\"wpdt-media-content\" href=\"https:\/\/www.salcedo.gob.ec\/wp-content\/uploads\/2024\/09\/24-informacion-relevante-para-el-ejercicio-de-derechos-ods-1.csv\">Metadatos<\/a>                    <\/td>\n                                                <td class=\"wpdt-cell \"\n                                            data-cell-id=\"D26\"\n                    data-col-index=\"3\"\n                    data-row-index=\"25\"\n                    style=\"                    padding:10px;\n                    \"\n                    >\n                                        <a data-media-content=\"wpdt-media-content\" href=\"https:\/\/www.salcedo.gob.ec\/wp-content\/uploads\/2024\/09\/24-informacion-relevante-para-el-ejercicio-de-derechos-ods-2.csv\">24-informacion-relevante-para-el-ejercicio-de-derechos-ods<\/a>                    <\/td>\n                                        <\/tr>\n                            <tr class=\"wpdt-cell-row \" >\n                                <td class=\"wpdt-cell \"\n                                            data-cell-id=\"A27\"\n                    data-col-index=\"0\"\n                    data-row-index=\"26\"\n                    style=\"                    padding:10px;\n                    \"\n                    >\n                                        art-24-1-gobiernos-autonomos-descentralizados                    <\/td>\n                                                <td class=\"wpdt-cell \"\n                                            data-cell-id=\"B27\"\n                    data-col-index=\"1\"\n                    data-row-index=\"26\"\n                    style=\"                    padding:10px;\n                    \"\n                    >\n                                        <a data-media-content=\"wpdt-media-content\" href=\"https:\/\/www.salcedo.gob.ec\/wp-content\/uploads\/2024\/09\/art-24-1-gobiernos-autonomos-descentralizados.csv\">Datos<\/a>                    <\/td>\n                                                <td class=\"wpdt-cell \"\n                                            data-cell-id=\"C27\"\n                    data-col-index=\"2\"\n                    data-row-index=\"26\"\n                    style=\"                    padding:10px;\n                    \"\n                    >\n                                        <a data-media-content=\"wpdt-media-content\" href=\"https:\/\/www.salcedo.gob.ec\/wp-content\/uploads\/2024\/09\/art-24-1-gobiernos-autonomos-descentralizados-1.csv\">Metadatos<\/a>                    <\/td>\n                                                <td class=\"wpdt-cell \"\n                                            data-cell-id=\"D27\"\n                    data-col-index=\"3\"\n                    data-row-index=\"26\"\n                    style=\"                    padding:10px;\n                    \"\n                    >\n                                        <a data-media-content=\"wpdt-media-content\" href=\"https:\/\/www.salcedo.gob.ec\/wp-content\/uploads\/2024\/09\/art-24-1-gobiernos-autonomos-descentralizados-2.csv\">art-24-1-gobiernos-autonomos-descentralizados<\/a>                    <\/td>\n                                        <\/tr>\n                            <tr class=\"wpdt-cell-row \" >\n                                <td class=\"wpdt-cell \"\n                                            data-cell-id=\"A28\"\n                    data-col-index=\"0\"\n                    data-row-index=\"27\"\n                    style=\"                    padding:10px;\n                    \"\n                    >\n                                        art-24-2-gobiernos-utonomos-descentralizados                    <\/td>\n                                                <td class=\"wpdt-cell \"\n                                            data-cell-id=\"B28\"\n                    data-col-index=\"1\"\n                    data-row-index=\"27\"\n                    style=\"                    padding:10px;\n                    \"\n                    >\n                                        <a data-media-content=\"wpdt-media-content\" href=\"https:\/\/www.salcedo.gob.ec\/wp-content\/uploads\/2024\/09\/art-24-2-gobiernos-utonomos-descentralizados-1.ods\">Datos<\/a>                    <\/td>\n                                                <td class=\"wpdt-cell \"\n                                            data-cell-id=\"C28\"\n                    data-col-index=\"2\"\n                    data-row-index=\"27\"\n                    style=\"                    padding:10px;\n                    \"\n                    >\n                                        <a data-media-content=\"wpdt-media-content\" href=\"https:\/\/www.salcedo.gob.ec\/wp-content\/uploads\/2024\/09\/art-24-2-gobiernos-utonomos-descentralizados-1.csv\">Metadatos<\/a>                    <\/td>\n                                                <td class=\"wpdt-cell \"\n                                            data-cell-id=\"D28\"\n                    data-col-index=\"3\"\n                    data-row-index=\"27\"\n                    style=\"                    padding:10px;\n                    \"\n                    >\n                                        <a data-media-content=\"wpdt-media-content\" href=\"https:\/\/www.salcedo.gob.ec\/wp-content\/uploads\/2024\/09\/art-24-2-gobiernos-utonomos-descentralizados-1-1.csv\">art-24-2-gobiernos-utonomos-descentralizados (1)<\/a>                    <\/td>\n                                        <\/tr>\n                    <\/table>\n<\/div><style id='wpdt-custom-style-17'>\n.wpdt-tc-085390 { color: #085390 !important;}\n<\/style>\n\n\n\n\n\n\n    <h3 class=\"wpdt-c\"\n        id=\"wdt-table-title-18\">SEPTIEMBRE 2024<\/h3>\n<div class=\"wpdt-c row wpDataTableContainerSimpleTable wpDataTables wpDataTablesWrapper\n\"\n    >\n        <table id=\"wpdtSimpleTable-18\"\n           style=\"border-collapse:collapse;\n                   border-spacing:0px;\"\n           class=\"wpdtSimpleTable wpDataTable\"\n           data-column=\"4\"\n           data-rows=\"28\"\n           data-wpID=\"18\"\n           data-responsive=\"0\"\n           data-has-header=\"0\">\n\n                    <tbody>        <tr class=\"wpdt-cell-row \" >\n                                <td class=\"wpdt-cell wpdt-bold wpdt-underline wpdt-tc-085390 wpdt-align-justify\"\n                                            data-cell-id=\"A1\"\n                    data-col-index=\"0\"\n                    data-row-index=\"0\"\n                    style=\" width:35.601265822785%;                    padding:10px;\n                    \"\n                    >\n                                        MATRIZ                    <\/td>\n                                                <td class=\"wpdt-cell wpdt-bold wpdt-underline wpdt-tc-085390\"\n                                            data-cell-id=\"B1\"\n                    data-col-index=\"1\"\n                    data-row-index=\"0\"\n                    style=\" width:21.677215189873%;                    padding:10px;\n                    \"\n                    >\n                                        CONJUNTO DE DATOS                    <\/td>\n                                                <td class=\"wpdt-cell wpdt-bold wpdt-underline wpdt-tc-085390\"\n                                            data-cell-id=\"C1\"\n                    data-col-index=\"2\"\n                    data-row-index=\"0\"\n                    style=\" width:21.360759493671%;                    padding:10px;\n                    \"\n                    >\n                                        METADATOS                    <\/td>\n                                                <td class=\"wpdt-cell wpdt-bold wpdt-underline wpdt-tc-085390\"\n                                            data-cell-id=\"D1\"\n                    data-col-index=\"3\"\n                    data-row-index=\"0\"\n                    style=\" width:21.360759493671%;                    padding:10px;\n                    \"\n                    >\n                                        DICCIONARIO                    <\/td>\n                                        <\/tr>\n                            <tr class=\"wpdt-cell-row \" >\n                                <td class=\"wpdt-cell wpdt-align-justify\"\n                                            data-cell-id=\"A2\"\n                    data-col-index=\"0\"\n                    data-row-index=\"1\"\n                    style=\"                    padding:10px;\n                    \"\n                    >\n                                        1.1 Estructura orga\u0301nica                    <\/td>\n                                                <td class=\"wpdt-cell \"\n                                            data-cell-id=\"B2\"\n                    data-col-index=\"1\"\n                    data-row-index=\"1\"\n                    style=\"                    padding:10px;\n                    \"\n                    >\n                                        <a data-media-content=\"wpdt-media-content\" href=\"https:\/\/www.salcedo.gob.ec\/wp-content\/uploads\/2024\/11\/1_1-estructura-organica.csv\">Conjunto de Datos<\/a>                    <\/td>\n                                                <td class=\"wpdt-cell \"\n                                            data-cell-id=\"C2\"\n                    data-col-index=\"2\"\n                    data-row-index=\"1\"\n                    style=\"                    padding:10px;\n                    \"\n                    >\n                                        <a data-media-content=\"wpdt-media-content\" href=\"https:\/\/www.salcedo.gob.ec\/wp-content\/uploads\/2024\/11\/1_1-estructura-organica-1.csv\">Metadatos<\/a>                    <\/td>\n                                                <td class=\"wpdt-cell \"\n                                            data-cell-id=\"D2\"\n                    data-col-index=\"3\"\n                    data-row-index=\"1\"\n                    style=\"                    padding:10px;\n                    \"\n                    >\n                                        <a data-media-content=\"wpdt-media-content\" href=\"https:\/\/www.salcedo.gob.ec\/wp-content\/uploads\/2024\/08\/1_1-estructura-organica-2.csv\">Diccionario<\/a>                    <\/td>\n                                        <\/tr>\n                            <tr class=\"wpdt-cell-row \" >\n                                <td class=\"wpdt-cell wpdt-align-justify\"\n                                            data-cell-id=\"A3\"\n                    data-col-index=\"0\"\n                    data-row-index=\"2\"\n                    style=\"                    padding:10px;\n                    \"\n                    >\n                                        1.2 Base Legal regulaciones procedimientos internos                    <\/td>\n                                                <td class=\"wpdt-cell \"\n                                            data-cell-id=\"B3\"\n                    data-col-index=\"1\"\n                    data-row-index=\"2\"\n                    style=\"                    padding:10px;\n                    \"\n                    >\n                                        <a data-media-content=\"wpdt-media-content\" href=\"https:\/\/www.salcedo.gob.ec\/wp-content\/uploads\/2024\/11\/1-2-base-legal-regulaciones-procedimientos-internos.csv\">Conjunto de Datos<\/a>                    <\/td>\n                                                <td class=\"wpdt-cell \"\n                                            data-cell-id=\"C3\"\n                    data-col-index=\"2\"\n                    data-row-index=\"2\"\n                    style=\"                    padding:10px;\n                    \"\n                    >\n                                        <a data-media-content=\"wpdt-media-content\" href=\"https:\/\/www.salcedo.gob.ec\/wp-content\/uploads\/2024\/11\/1-2-base-legal-regulaciones-procedimientos-internos-1.csv\">Metadatos<\/a>                    <\/td>\n                                                <td class=\"wpdt-cell  wpdt-empty-cell \"\n                                            data-cell-id=\"D3\"\n                    data-col-index=\"3\"\n                    data-row-index=\"2\"\n                    style=\"                    padding:10px;\n                    \"\n                    >\n                                                            <\/td>\n                                        <\/tr>\n                            <tr class=\"wpdt-cell-row \" >\n                                <td class=\"wpdt-cell wpdt-align-justify\"\n                                            data-cell-id=\"A4\"\n                    data-col-index=\"0\"\n                    data-row-index=\"3\"\n                    style=\"                    padding:10px;\n                    \"\n                    >\n                                        1.3 Metas y objetivos unidades                    <\/td>\n                                                <td class=\"wpdt-cell \"\n                                            data-cell-id=\"B4\"\n                    data-col-index=\"1\"\n                    data-row-index=\"3\"\n                    style=\"                    padding:10px;\n                    \"\n                    >\n                                        <a data-media-content=\"wpdt-media-content\" href=\"https:\/\/www.salcedo.gob.ec\/wp-content\/uploads\/2024\/11\/1.3-Metas-y-objetivos-unidades.csv\">Conjunto de Datos<\/a>                    <\/td>\n                                                <td class=\"wpdt-cell \"\n                                            data-cell-id=\"C4\"\n                    data-col-index=\"2\"\n                    data-row-index=\"3\"\n                    style=\"                    padding:10px;\n                    \"\n                    >\n                                        <a data-media-content=\"wpdt-media-content\" href=\"https:\/\/www.salcedo.gob.ec\/wp-content\/uploads\/2024\/11\/1.3-Metas-y-objetivos-unidades-1.csv\">Metadatos<\/a>                    <\/td>\n                                                <td class=\"wpdt-cell \"\n                                            data-cell-id=\"D4\"\n                    data-col-index=\"3\"\n                    data-row-index=\"3\"\n                    style=\"                    padding:10px;\n                    \"\n                    >\n                                        <a data-media-content=\"wpdt-media-content\" href=\"https:\/\/www.salcedo.gob.ec\/wp-content\/uploads\/2024\/08\/1.3-Metas-y-objetivos_unidades-2.csv\">Diccionario<\/a>                    <\/td>\n                                        <\/tr>\n                            <tr class=\"wpdt-cell-row \" >\n                                <td class=\"wpdt-cell wpdt-align-justify\"\n                                            data-cell-id=\"A5\"\n                    data-col-index=\"0\"\n                    data-row-index=\"4\"\n                    style=\"                    padding:10px;\n                    \"\n                    >\n                                        2. Directorio y distributivo personal de la entidad                    <\/td>\n                                                <td class=\"wpdt-cell \"\n                                            data-cell-id=\"B5\"\n                    data-col-index=\"1\"\n                    data-row-index=\"4\"\n                    style=\"                    padding:10px;\n                    \"\n                    >\n                                        <a data-media-content=\"wpdt-media-content\" href=\"https:\/\/www.salcedo.gob.ec\/wp-content\/uploads\/2024\/11\/2-DIRECTORIOS-SEPTIEMBRE-2024.csv\">Conjunto de Datos<\/a>                    <\/td>\n                                                <td class=\"wpdt-cell \"\n                                            data-cell-id=\"C5\"\n                    data-col-index=\"2\"\n                    data-row-index=\"4\"\n                    style=\"                    padding:10px;\n                    \"\n                    >\n                                        <a data-media-content=\"wpdt-media-content\" href=\"https:\/\/www.salcedo.gob.ec\/wp-content\/uploads\/2024\/11\/2-DIRECTORIOS-SEPTIEMBRE-2024-1.csv\">Metadatos<\/a>                    <\/td>\n                                                <td class=\"wpdt-cell \"\n                                            data-cell-id=\"D5\"\n                    data-col-index=\"3\"\n                    data-row-index=\"4\"\n                    style=\"                    padding:10px;\n                    \"\n                    >\n                                        <a data-media-content=\"wpdt-media-content\" href=\"https:\/\/www.salcedo.gob.ec\/wp-content\/uploads\/2024\/08\/2-DIRECTORIOS-2.csv\">Diccionario<\/a>                    <\/td>\n                                        <\/tr>\n                            <tr class=\"wpdt-cell-row \" >\n                                <td class=\"wpdt-cell wpdt-align-justify\"\n                                            data-cell-id=\"A6\"\n                    data-col-index=\"0\"\n                    data-row-index=\"5\"\n                    style=\"                    padding:10px;\n                    \"\n                    >\n                                        3. Remuneraciones ingresos adicionales                    <\/td>\n                                                <td class=\"wpdt-cell \"\n                                            data-cell-id=\"B6\"\n                    data-col-index=\"1\"\n                    data-row-index=\"5\"\n                    style=\"                    padding:10px;\n                    \"\n                    >\n                                        <a data-media-content=\"wpdt-media-content\" href=\"https:\/\/www.salcedo.gob.ec\/wp-content\/uploads\/2024\/11\/3-REMUNERACIONES-INGRESOS-ADICIONALES_SEPTIEMBRE-2024.csv\">Conjunto de Datos<\/a>                    <\/td>\n                                                <td class=\"wpdt-cell \"\n                                            data-cell-id=\"C6\"\n                    data-col-index=\"2\"\n                    data-row-index=\"5\"\n                    style=\"                    padding:10px;\n                    \"\n                    >\n                                        <a data-media-content=\"wpdt-media-content\" href=\"https:\/\/www.salcedo.gob.ec\/wp-content\/uploads\/2024\/11\/3-REMUNERACIONES-INGRESOS-ADICIONALES_SEPTIEMBRE-2024-1.csv\">Metadatos<\/a>                    <\/td>\n                                                <td class=\"wpdt-cell \"\n                                            data-cell-id=\"D6\"\n                    data-col-index=\"3\"\n                    data-row-index=\"5\"\n                    style=\"                    padding:10px;\n                    \"\n                    >\n                                        <a data-media-content=\"wpdt-media-content\" href=\"https:\/\/www.salcedo.gob.ec\/wp-content\/uploads\/2024\/08\/3-REMUNERACIONES-INGRESOS-ADICIONALES-2024-2.csv\">Diccionario<\/a>                    <\/td>\n                                        <\/tr>\n                            <tr class=\"wpdt-cell-row \" >\n                                <td class=\"wpdt-cell wpdt-align-justify\"\n                                            data-cell-id=\"A7\"\n                    data-col-index=\"0\"\n                    data-row-index=\"6\"\n                    style=\"                    padding:10px;\n                    \"\n                    >\n                                        4. Detalle licencia comisiones                    <\/td>\n                                                <td class=\"wpdt-cell \"\n                                            data-cell-id=\"B7\"\n                    data-col-index=\"1\"\n                    data-row-index=\"6\"\n                    style=\"                    padding:10px;\n                    \"\n                    >\n                                        <a data-media-content=\"wpdt-media-content\" href=\"https:\/\/www.salcedo.gob.ec\/wp-content\/uploads\/2024\/11\/4-LICENCIAS-COMISIONES.csv\">Conjunto de Datos<\/a>                    <\/td>\n                                                <td class=\"wpdt-cell \"\n                                            data-cell-id=\"C7\"\n                    data-col-index=\"2\"\n                    data-row-index=\"6\"\n                    style=\"                    padding:10px;\n                    \"\n                    >\n                                        <a data-media-content=\"wpdt-media-content\" href=\"https:\/\/www.salcedo.gob.ec\/wp-content\/uploads\/2024\/11\/4-LICENCIAS-COMISIONES-1.csv\">Metadatos<\/a>                    <\/td>\n                                                <td class=\"wpdt-cell \"\n                                            data-cell-id=\"D7\"\n                    data-col-index=\"3\"\n                    data-row-index=\"6\"\n                    style=\"                    padding:10px;\n                    \"\n                    >\n                                        <a data-media-content=\"wpdt-media-content\" href=\"https:\/\/www.salcedo.gob.ec\/wp-content\/uploads\/2024\/08\/4-LICENCIAS-COMISIONES-2.csv\">Diccionario<\/a>                    <\/td>\n                                        <\/tr>\n                            <tr class=\"wpdt-cell-row \" >\n                                <td class=\"wpdt-cell wpdt-align-justify\"\n                                            data-cell-id=\"A8\"\n                    data-col-index=\"0\"\n                    data-row-index=\"7\"\n                    style=\"                    padding:10px;\n                    \"\n                    >\n                                        5-22. Servicios formularios formatos tramites                    <\/td>\n                                                <td class=\"wpdt-cell \"\n                                            data-cell-id=\"B8\"\n                    data-col-index=\"1\"\n                    data-row-index=\"7\"\n                    style=\"                    padding:10px;\n                    \"\n                    >\n                                        <a data-media-content=\"wpdt-media-content\" href=\"https:\/\/www.salcedo.gob.ec\/wp-content\/uploads\/2024\/11\/5_22-servicios-formularios-formatos-tramites-gg.csv\">Conjunto de Datos<\/a>                    <\/td>\n                                                <td class=\"wpdt-cell \"\n                                            data-cell-id=\"C8\"\n                    data-col-index=\"2\"\n                    data-row-index=\"7\"\n                    style=\"                    padding:10px;\n                    \"\n                    >\n                                        <a data-media-content=\"wpdt-media-content\" href=\"https:\/\/www.salcedo.gob.ec\/wp-content\/uploads\/2024\/11\/5_22-servicios-formularios-formatos-tramites-gg-1.csv\">Metadatos<\/a>                    <\/td>\n                                                <td class=\"wpdt-cell \"\n                                            data-cell-id=\"D8\"\n                    data-col-index=\"3\"\n                    data-row-index=\"7\"\n                    style=\"                    padding:10px;\n                    \"\n                    >\n                                        <a data-media-content=\"wpdt-media-content\" href=\"https:\/\/www.salcedo.gob.ec\/wp-content\/uploads\/2024\/08\/5-22.-Servicios-Formularios-formatos-tramites-2.csv\">Diccionario<\/a>                    <\/td>\n                                        <\/tr>\n                            <tr class=\"wpdt-cell-row \" >\n                                <td class=\"wpdt-cell wpdt-align-justify\"\n                                            data-cell-id=\"A9\"\n                    data-col-index=\"0\"\n                    data-row-index=\"8\"\n                    style=\"                    padding:10px;\n                    \"\n                    >\n                                        6. Presupuesto de la instituci\u00f3n                    <\/td>\n                                                <td class=\"wpdt-cell \"\n                                            data-cell-id=\"B9\"\n                    data-col-index=\"1\"\n                    data-row-index=\"8\"\n                    style=\"                    padding:10px;\n                    \"\n                    >\n                                        <a data-media-content=\"wpdt-media-content\" href=\"https:\/\/www.salcedo.gob.ec\/wp-content\/uploads\/2024\/11\/6-Presupuesto-de-la-institucion.csv\">Conjunto de Datos<\/a>                    <\/td>\n                                                <td class=\"wpdt-cell \"\n                                            data-cell-id=\"C9\"\n                    data-col-index=\"2\"\n                    data-row-index=\"8\"\n                    style=\"                    padding:10px;\n                    \"\n                    >\n                                        <a data-media-content=\"wpdt-media-content\" href=\"https:\/\/www.salcedo.gob.ec\/wp-content\/uploads\/2024\/11\/6-Presupuesto-de-la-institucion-1.csv\">Metadatos<\/a>                    <\/td>\n                                                <td class=\"wpdt-cell \"\n                                            data-cell-id=\"D9\"\n                    data-col-index=\"3\"\n                    data-row-index=\"8\"\n                    style=\"                    padding:10px;\n                    \"\n                    >\n                                        <a data-media-content=\"wpdt-media-content\" href=\"https:\/\/www.salcedo.gob.ec\/wp-content\/uploads\/2024\/08\/6-presupuesto-de-la-institucion-2.csv\">Diccionario<\/a>                    <\/td>\n                                        <\/tr>\n                            <tr class=\"wpdt-cell-row \" >\n                                <td class=\"wpdt-cell wpdt-align-justify\"\n                                            data-cell-id=\"A10\"\n                    data-col-index=\"0\"\n                    data-row-index=\"9\"\n                    style=\"                    padding:10px;\n                    \"\n                    >\n                                        7. Resultados de las auditorias internas y gubernamentales                    <\/td>\n                                                <td class=\"wpdt-cell \"\n                                            data-cell-id=\"B10\"\n                    data-col-index=\"1\"\n                    data-row-index=\"9\"\n                    style=\"                    padding:10px;\n                    \"\n                    >\n                                        <a data-media-content=\"wpdt-media-content\" href=\"https:\/\/www.salcedo.gob.ec\/wp-content\/uploads\/2024\/11\/7-resultados-de-las-auditorias-internas-y-gubernamentales.csv\">Conjunto de Datos<\/a>                    <\/td>\n                                                <td class=\"wpdt-cell \"\n                                            data-cell-id=\"C10\"\n                    data-col-index=\"2\"\n                    data-row-index=\"9\"\n                    style=\"                    padding:10px;\n                    \"\n                    >\n                                        <a data-media-content=\"wpdt-media-content\" href=\"https:\/\/www.salcedo.gob.ec\/wp-content\/uploads\/2024\/11\/7-resultados-de-las-auditorias-internas-y-gubernamentales-1.csv\">Metadatos<\/a>                    <\/td>\n                                                <td class=\"wpdt-cell \"\n                                            data-cell-id=\"D10\"\n                    data-col-index=\"3\"\n                    data-row-index=\"9\"\n                    style=\"                    padding:10px;\n                    \"\n                    >\n                                        <a data-media-content=\"wpdt-media-content\" href=\"https:\/\/www.salcedo.gob.ec\/wp-content\/uploads\/2024\/08\/7-resultados-de-las-auditorias-internas-y-gubernamentales-2.csv\">Diccionario<\/a>                    <\/td>\n                                        <\/tr>\n                            <tr class=\"wpdt-cell-row \" >\n                                <td class=\"wpdt-cell wpdt-align-justify\"\n                                            data-cell-id=\"A11\"\n                    data-col-index=\"0\"\n                    data-row-index=\"10\"\n                    style=\"                    padding:10px;\n                    \"\n                    >\n                                        8. Procesos de contrataci\u00f3n p\u00fablica                    <\/td>\n                                                <td class=\"wpdt-cell \"\n                                            data-cell-id=\"B11\"\n                    data-col-index=\"1\"\n                    data-row-index=\"10\"\n                    style=\"                    padding:10px;\n                    \"\n                    >\n                                        <a data-media-content=\"wpdt-media-content\" href=\"https:\/\/www.salcedo.gob.ec\/wp-content\/uploads\/2024\/11\/8-procesos-de-contratacion-publica7.csv\">Conjunto de Datos<\/a>                    <\/td>\n                                                <td class=\"wpdt-cell \"\n                                            data-cell-id=\"C11\"\n                    data-col-index=\"2\"\n                    data-row-index=\"10\"\n                    style=\"                    padding:10px;\n                    \"\n                    >\n                                        <a data-media-content=\"wpdt-media-content\" href=\"https:\/\/www.salcedo.gob.ec\/wp-content\/uploads\/2024\/11\/8-procesos-de-contratacion-publica7-1.csv\">Metadatos<\/a>                    <\/td>\n                                                <td class=\"wpdt-cell \"\n                                            data-cell-id=\"D11\"\n                    data-col-index=\"3\"\n                    data-row-index=\"10\"\n                    style=\"                    padding:10px;\n                    \"\n                    >\n                                        <a data-media-content=\"wpdt-media-content\" href=\"https:\/\/www.salcedo.gob.ec\/wp-content\/uploads\/2024\/08\/8-procesos-de-contratacion-publica-2.csv\">Diccionario<\/a>                    <\/td>\n                                        <\/tr>\n                            <tr class=\"wpdt-cell-row \" >\n                                <td class=\"wpdt-cell wpdt-align-justify\"\n                                            data-cell-id=\"A12\"\n                    data-col-index=\"0\"\n                    data-row-index=\"11\"\n                    style=\"                    padding:10px;\n                    \"\n                    >\n                                        9. Listado de empresas y personas que han incumplido contratos                    <\/td>\n                                                <td class=\"wpdt-cell \"\n                                            data-cell-id=\"B12\"\n                    data-col-index=\"1\"\n                    data-row-index=\"11\"\n                    style=\"                    padding:10px;\n                    \"\n                    >\n                                        <a data-media-content=\"wpdt-media-content\" href=\"https:\/\/www.salcedo.gob.ec\/wp-content\/uploads\/2024\/11\/9-listado-de-empresas-y-personas-que-han-incumplido-contratos.csv\">Conjunto de Datos<\/a>                    <\/td>\n                                                <td class=\"wpdt-cell \"\n                                            data-cell-id=\"C12\"\n                    data-col-index=\"2\"\n                    data-row-index=\"11\"\n                    style=\"                    padding:10px;\n                    \"\n                    >\n                                        <a data-media-content=\"wpdt-media-content\" href=\"https:\/\/www.salcedo.gob.ec\/wp-content\/uploads\/2024\/11\/9-listado-de-empresas-y-personas-que-han-incumplido-contratos-1.csv\">Metadatos<\/a>                    <\/td>\n                                                <td class=\"wpdt-cell \"\n                                            data-cell-id=\"D12\"\n                    data-col-index=\"3\"\n                    data-row-index=\"11\"\n                    style=\"                    padding:10px;\n                    \"\n                    >\n                                        <a data-media-content=\"wpdt-media-content\" href=\"https:\/\/www.salcedo.gob.ec\/wp-content\/uploads\/2024\/08\/9-listado-de-empresas-y-personas-que-han-incumplido-contratos-2.csv\">Diccionario<\/a>                    <\/td>\n                                        <\/tr>\n                            <tr class=\"wpdt-cell-row \" >\n                                <td class=\"wpdt-cell wpdt-align-justify\"\n                                            data-cell-id=\"A13\"\n                    data-col-index=\"0\"\n                    data-row-index=\"12\"\n                    style=\"                    padding:10px;\n                    \"\n                    >\n                                        10. Planes y programas                    <\/td>\n                                                <td class=\"wpdt-cell \"\n                                            data-cell-id=\"B13\"\n                    data-col-index=\"1\"\n                    data-row-index=\"12\"\n                    style=\"                    padding:10px;\n                    \"\n                    >\n                                        <a data-media-content=\"wpdt-media-content\" href=\"https:\/\/www.salcedo.gob.ec\/wp-content\/uploads\/2024\/11\/10-planes-y-programas-2024.csv\">Conjunto de Datos<\/a>                    <\/td>\n                                                <td class=\"wpdt-cell \"\n                                            data-cell-id=\"C13\"\n                    data-col-index=\"2\"\n                    data-row-index=\"12\"\n                    style=\"                    padding:10px;\n                    \"\n                    >\n                                        <a data-media-content=\"wpdt-media-content\" href=\"https:\/\/www.salcedo.gob.ec\/wp-content\/uploads\/2024\/11\/10-planes-y-programas-2024-1.csv\">Metadatos>                    <\/td>\n                                                <td class=\"wpdt-cell \"\n                                            data-cell-id=\"D13\"\n                    data-col-index=\"3\"\n                    data-row-index=\"12\"\n                    style=\"                    padding:10px;\n                    \"\n                    >\n                                        <a data-media-content=\"wpdt-media-content\" href=\"https:\/\/www.salcedo.gob.ec\/wp-content\/uploads\/2024\/08\/10-planes-y-programas-2024-2.csv\">Diccionario<\/a>                    <\/td>\n                                        <\/tr>\n                            <tr class=\"wpdt-cell-row \" >\n                                <td class=\"wpdt-cell wpdt-align-justify\"\n                                            data-cell-id=\"A14\"\n                    data-col-index=\"0\"\n                    data-row-index=\"13\"\n                    style=\"                    padding:10px;\n                    \"\n                    >\n                                        11. Contratos de cr\u00e9dito externos o internos                    <\/td>\n                                                <td class=\"wpdt-cell \"\n                                            data-cell-id=\"B14\"\n                    data-col-index=\"1\"\n                    data-row-index=\"13\"\n                    style=\"                    padding:10px;\n                    \"\n                    >\n                                        <a data-media-content=\"wpdt-media-content\" href=\"https:\/\/www.salcedo.gob.ec\/wp-content\/uploads\/2024\/11\/11-contratos-de-credito-externos-o-internos.csv\">Conjunto de Datos<\/a>                    <\/td>\n                                                <td class=\"wpdt-cell \"\n                                            data-cell-id=\"C14\"\n                    data-col-index=\"2\"\n                    data-row-index=\"13\"\n                    style=\"                    padding:10px;\n                    \"\n                    >\n                                        <a data-media-content=\"wpdt-media-content\" href=\"https:\/\/www.salcedo.gob.ec\/wp-content\/uploads\/2024\/11\/11-contratos-de-credito-externos-o-internos-1.csv\">Metadatos<\/a>                    <\/td>\n                                                <td class=\"wpdt-cell \"\n                                            data-cell-id=\"D14\"\n                    data-col-index=\"3\"\n                    data-row-index=\"13\"\n                    style=\"                    padding:10px;\n                    \"\n                    >\n                                        <a data-media-content=\"wpdt-media-content\" href=\"https:\/\/www.salcedo.gob.ec\/wp-content\/uploads\/2024\/08\/11-contratos-de-credito-externos-o-internos-2.csv\">Diccionario<\/a>                    <\/td>\n                                        <\/tr>\n                            <tr class=\"wpdt-cell-row \" >\n                                <td class=\"wpdt-cell wpdt-align-justify\"\n                                            data-cell-id=\"A15\"\n                    data-col-index=\"0\"\n                    data-row-index=\"14\"\n                    style=\"                    padding:10px;\n                    \"\n                    >\n                                        12. Mecanismos rendicion cuentas                    <\/td>\n                                                <td class=\"wpdt-cell \"\n                                            data-cell-id=\"B15\"\n                    data-col-index=\"1\"\n                    data-row-index=\"14\"\n                    style=\"                    padding:10px;\n                    \"\n                    >\n                                        <a data-media-content=\"wpdt-media-content\" href=\"https:\/\/www.salcedo.gob.ec\/wp-content\/uploads\/2024\/11\/12-mecanismos-rendicion-cuentas.csv\">Conjunto de Datos                    <\/td>\n                                                <td class=\"wpdt-cell \"\n                                            data-cell-id=\"C15\"\n                    data-col-index=\"2\"\n                    data-row-index=\"14\"\n                    style=\"                    padding:10px;\n                    \"\n                    >\n                                        <a data-media-content=\"wpdt-media-content\" href=\"https:\/\/www.salcedo.gob.ec\/wp-content\/uploads\/2024\/11\/12-mecanismos-rendicion-cuentas-1.csv\">Metadatos<\/a>                    <\/td>\n                                                <td class=\"wpdt-cell \"\n                                            data-cell-id=\"D15\"\n                    data-col-index=\"3\"\n                    data-row-index=\"14\"\n                    style=\"                    padding:10px;\n                    \"\n                    >\n                                        <a data-media-content=\"wpdt-media-content\" href=\"https:\/\/www.salcedo.gob.ec\/wp-content\/uploads\/2024\/08\/12-mecanismos-rendicion-cuentas-2.csv\">Diccionario<\/a>                    <\/td>\n                                        <\/tr>\n                            <tr class=\"wpdt-cell-row \" >\n                                <td class=\"wpdt-cell wpdt-align-justify\"\n                                            data-cell-id=\"A16\"\n                    data-col-index=\"0\"\n                    data-row-index=\"15\"\n                    style=\"                    padding:10px;\n                    \"\n                    >\n                                        13. Vi\u00e1ticos informes de trabajo y justificativos de movilizaci\u00f3n                    <\/td>\n                                                <td class=\"wpdt-cell \"\n                                            data-cell-id=\"B16\"\n                    data-col-index=\"1\"\n                    data-row-index=\"15\"\n                    style=\"                    padding:10px;\n                    \"\n                    >\n                                        <a data-media-content=\"wpdt-media-content\" href=\"https:\/\/www.salcedo.gob.ec\/wp-content\/uploads\/2024\/11\/13-viaticos-informes-de-trabajo-y-justificativos-de-movilizacion.csv\">Conjunto de Datos<\/a>                    <\/td>\n                                                <td class=\"wpdt-cell \"\n                                            data-cell-id=\"C16\"\n                    data-col-index=\"2\"\n                    data-row-index=\"15\"\n                    style=\"                    padding:10px;\n                    \"\n                    >\n                                        <a data-media-content=\"wpdt-media-content\" href=\"https:\/\/www.salcedo.gob.ec\/wp-content\/uploads\/2024\/11\/13-viaticos-informes-de-trabajo-y-justificativos-de-movilizacion-1.csv\">Metadatos<\/a>                    <\/td>\n                                                <td class=\"wpdt-cell \"\n                                            data-cell-id=\"D16\"\n                    data-col-index=\"3\"\n                    data-row-index=\"15\"\n                    style=\"                    padding:10px;\n                    \"\n                    >\n                                        <a data-media-content=\"wpdt-media-content\" href=\"https:\/\/www.salcedo.gob.ec\/wp-content\/uploads\/2024\/08\/13-viaticos-informes-de-trabajo-y-justificativos-de-movilizacion-2.csv\">Diccionario<\/a>                    <\/td>\n                                        <\/tr>\n                            <tr class=\"wpdt-cell-row \" >\n                                <td class=\"wpdt-cell wpdt-align-justify\"\n                                            data-cell-id=\"A17\"\n                    data-col-index=\"0\"\n                    data-row-index=\"16\"\n                    style=\"                    padding:10px;\n                    \"\n                    >\n                                        14. Responsables del acceso de informaci\u00f3n p\u00fablica                    <\/td>\n                                                <td class=\"wpdt-cell \"\n                                            data-cell-id=\"B17\"\n                    data-col-index=\"1\"\n                    data-row-index=\"16\"\n                    style=\"                    padding:10px;\n                    \"\n                    >\n                                        <a data-media-content=\"wpdt-media-content\" href=\"https:\/\/www.salcedo.gob.ec\/wp-content\/uploads\/2024\/11\/14-responsables-del-acceso-de-informacion-publica.csv\">Conjunto de Datos<\/a>                    <\/td>\n                                                <td class=\"wpdt-cell \"\n                                            data-cell-id=\"C17\"\n                    data-col-index=\"2\"\n                    data-row-index=\"16\"\n                    style=\"                    padding:10px;\n                    \"\n                    >\n                                        <a data-media-content=\"wpdt-media-content\" href=\"https:\/\/www.salcedo.gob.ec\/wp-content\/uploads\/2024\/11\/14-responsables-del-acceso-de-informacion-publica-1.csv\">Metadatos<\/a>                    <\/td>\n                                                <td class=\"wpdt-cell \"\n                                            data-cell-id=\"D17\"\n                    data-col-index=\"3\"\n                    data-row-index=\"16\"\n                    style=\"                    padding:10px;\n                    \"\n                    >\n                                        <a data-media-content=\"wpdt-media-content\" href=\"https:\/\/www.salcedo.gob.ec\/wp-content\/uploads\/2024\/08\/14-responsables-del-acceso-de-informacion-publica-2.csv\">Diccionario<\/a>                    <\/td>\n                                        <\/tr>\n                            <tr class=\"wpdt-cell-row \" >\n                                <td class=\"wpdt-cell wpdt-align-justify\"\n                                            data-cell-id=\"A18\"\n                    data-col-index=\"0\"\n                    data-row-index=\"17\"\n                    style=\"                    padding:10px;\n                    \"\n                    >\n                                        15. Texto \u00edntegro de los contratos colectivos vigentes y reformas                    <\/td>\n                                                <td class=\"wpdt-cell \"\n                                            data-cell-id=\"B18\"\n                    data-col-index=\"1\"\n                    data-row-index=\"17\"\n                    style=\"                    padding:10px;\n                    \"\n                    >\n                                        <a data-media-content=\"wpdt-media-content\" href=\"https:\/\/www.salcedo.gob.ec\/wp-content\/uploads\/2024\/11\/15-texto-integro-de-los-contratos-colectivos-vigentes-y-reformas.csv\">Conjunto de Datos<\/a>                    <\/td>\n                                                <td class=\"wpdt-cell \"\n                                            data-cell-id=\"C18\"\n                    data-col-index=\"2\"\n                    data-row-index=\"17\"\n                    style=\"                    padding:10px;\n                    \"\n                    >\n                                        <a data-media-content=\"wpdt-media-content\" href=\"https:\/\/www.salcedo.gob.ec\/wp-content\/uploads\/2024\/11\/15-texto-integro-de-los-contratos-colectivos-vigentes-y-reformas-1.csv\">Metadatos<\/a>                    <\/td>\n                                                <td class=\"wpdt-cell \"\n                                            data-cell-id=\"D18\"\n                    data-col-index=\"3\"\n                    data-row-index=\"17\"\n                    style=\"                    padding:10px;\n                    \"\n                    >\n                                        <a data-media-content=\"wpdt-media-content\" href=\"https:\/\/www.salcedo.gob.ec\/wp-content\/uploads\/2024\/08\/15-texto-integro-de-los-contratos-colectivos-vigentes-y-reformas-2.csv\">Diccionario<\/a>                    <\/td>\n                                        <\/tr>\n                            <tr class=\"wpdt-cell-row \" >\n                                <td class=\"wpdt-cell wpdt-align-justify\"\n                                            data-cell-id=\"A19\"\n                    data-col-index=\"0\"\n                    data-row-index=\"18\"\n                    style=\"                    padding:10px;\n                    \"\n                    >\n                                        16. \u00cdndice informaci\u00f3n reservada                    <\/td>\n                                                <td class=\"wpdt-cell \"\n                                            data-cell-id=\"B19\"\n                    data-col-index=\"1\"\n                    data-row-index=\"18\"\n                    style=\"                    padding:10px;\n                    \"\n                    >\n                                        <a data-media-content=\"wpdt-media-content\" href=\"https:\/\/www.salcedo.gob.ec\/wp-content\/uploads\/2024\/11\/16-indice-informacion-reservada.csv\">Conjunto de Datos>                    <\/td>\n                                                <td class=\"wpdt-cell \"\n                                            data-cell-id=\"C19\"\n                    data-col-index=\"2\"\n                    data-row-index=\"18\"\n                    style=\"                    padding:10px;\n                    \"\n                    >\n                                        <a data-media-content=\"wpdt-media-content\" href=\"https:\/\/www.salcedo.gob.ec\/wp-content\/uploads\/2024\/11\/16-indice-informacion-reservada-1.csv\">Metadatos>                    <\/td>\n                                                <td class=\"wpdt-cell \"\n                                            data-cell-id=\"D19\"\n                    data-col-index=\"3\"\n                    data-row-index=\"18\"\n                    style=\"                    padding:10px;\n                    \"\n                    >\n                                        <a data-media-content=\"wpdt-media-content\" href=\"https:\/\/www.salcedo.gob.ec\/wp-content\/uploads\/2024\/08\/16-indice-informacion-reservada-2.csv\">Diccionario<\/a>                    <\/td>\n                                        <\/tr>\n                            <tr class=\"wpdt-cell-row \" >\n                                <td class=\"wpdt-cell wpdt-align-justify\"\n                                            data-cell-id=\"A20\"\n                    data-col-index=\"0\"\n                    data-row-index=\"19\"\n                    style=\"                    padding:10px;\n                    \"\n                    >\n                                        17. Audiencias y reuniones autoridades                    <\/td>\n                                                <td class=\"wpdt-cell  wpdt-empty-cell \"\n                                            data-cell-id=\"B20\"\n                    data-col-index=\"1\"\n                    data-row-index=\"19\"\n                    style=\"                    padding:10px;\n                    \"\n                    >\n                                                            <\/td>\n                                                <td class=\"wpdt-cell  wpdt-empty-cell \"\n                                            data-cell-id=\"C20\"\n                    data-col-index=\"2\"\n                    data-row-index=\"19\"\n                    style=\"                    padding:10px;\n                    \"\n                    >\n                                                            <\/td>\n                                                <td class=\"wpdt-cell \"\n                                            data-cell-id=\"D20\"\n                    data-col-index=\"3\"\n                    data-row-index=\"19\"\n                    style=\"                    padding:10px;\n                    \"\n                    >\n                                        <a data-media-content=\"wpdt-media-content\" href=\"https:\/\/www.salcedo.gob.ec\/wp-content\/uploads\/2024\/08\/17-audiencias-y-reuniones-autoridades-2.csv\">Diccionario<\/a>                    <\/td>\n                                        <\/tr>\n                            <tr class=\"wpdt-cell-row \" style=\"height:41px;\">\n                                <td class=\"wpdt-cell wpdt-align-justify\"\n                                            data-cell-id=\"A21\"\n                    data-col-index=\"0\"\n                    data-row-index=\"20\"\n                    style=\"                    padding:10px;\n                    \"\n                    >\n                                        18. Detalle de convenios nacionales e internacionales                    <\/td>\n                                                <td class=\"wpdt-cell \"\n                                            data-cell-id=\"B21\"\n                    data-col-index=\"1\"\n                    data-row-index=\"20\"\n                    style=\"                    padding:10px;\n                    \"\n                    >\n                                        <a data-media-content=\"wpdt-media-content\" href=\"https:\/\/www.salcedo.gob.ec\/wp-content\/uploads\/2024\/11\/18-detalle-de-convenios-nacionales-e-internacionales.csv\">Conjunto de Datos<\/a>                    <\/td>\n                                                <td class=\"wpdt-cell \"\n                                            data-cell-id=\"C21\"\n                    data-col-index=\"2\"\n                    data-row-index=\"20\"\n                    style=\"                    padding:10px;\n                    \"\n                    >\n                                        <a data-media-content=\"wpdt-media-content\" href=\"https:\/\/www.salcedo.gob.ec\/wp-content\/uploads\/2024\/11\/18-detalle-de-convenios-nacionales-e-internacionales-1.csv\">Metadatos<\/a>                    <\/td>\n                                                <td class=\"wpdt-cell \"\n                                            data-cell-id=\"D21\"\n                    data-col-index=\"3\"\n                    data-row-index=\"20\"\n                    style=\"                    padding:10px;\n                    \"\n                    >\n                                        <a data-media-content=\"wpdt-media-content\" href=\"https:\/\/www.salcedo.gob.ec\/wp-content\/uploads\/2024\/08\/18-detalle-de-convenios-nacionales-e-internacionales-2.csv\">Diccionario<\/a>                    <\/td>\n                                        <\/tr>\n                            <tr class=\"wpdt-cell-row \" >\n                                <td class=\"wpdt-cell wpdt-align-justify\"\n                                            data-cell-id=\"A22\"\n                    data-col-index=\"0\"\n                    data-row-index=\"21\"\n                    style=\"                    padding:10px;\n                    \"\n                    >\n                                        19. Detalle donativos oficiales y protocolares                    <\/td>\n                                                <td class=\"wpdt-cell \"\n                                            data-cell-id=\"B22\"\n                    data-col-index=\"1\"\n                    data-row-index=\"21\"\n                    style=\"                    padding:10px;\n                    \"\n                    >\n                                        <a data-media-content=\"wpdt-media-content\" href=\"https:\/\/www.salcedo.gob.ec\/wp-content\/uploads\/2024\/11\/19-detalle-donativos-oficiales-y-protocolares_septiembre1.csv\">Conjunto de Datos<\/a>                    <\/td>\n                                                <td class=\"wpdt-cell \"\n                                            data-cell-id=\"C22\"\n                    data-col-index=\"2\"\n                    data-row-index=\"21\"\n                    style=\"                    padding:10px;\n                    \"\n                    >\n                                        <a data-media-content=\"wpdt-media-content\" href=\"https:\/\/www.salcedo.gob.ec\/wp-content\/uploads\/2024\/11\/19-detalle-donativos-oficiales-y-protocolares_septiembre1-1.csv\">Metadatos<\/a>                    <\/td>\n                                                <td class=\"wpdt-cell \"\n                                            data-cell-id=\"D22\"\n                    data-col-index=\"3\"\n                    data-row-index=\"21\"\n                    style=\"                    padding:10px;\n                    \"\n                    >\n                                        <a data-media-content=\"wpdt-media-content\" href=\"https:\/\/www.salcedo.gob.ec\/wp-content\/uploads\/2024\/08\/19-detalle-donativos-oficiales-y-protocolares-2.csv\">Diccionario<\/a>                    <\/td>\n                                        <\/tr>\n                            <tr class=\"wpdt-cell-row \" >\n                                <td class=\"wpdt-cell wpdt-align-justify\"\n                                            data-cell-id=\"A23\"\n                    data-col-index=\"0\"\n                    data-row-index=\"22\"\n                    style=\"                    padding:10px;\n                    \"\n                    >\n                                        20. Registro de activos de informaci\u00f3n frecuente y complementaria                    <\/td>\n                                                <td class=\"wpdt-cell \"\n                                            data-cell-id=\"B23\"\n                    data-col-index=\"1\"\n                    data-row-index=\"22\"\n                    style=\"                    padding:10px;\n                    \"\n                    >\n                                        <a data-media-content=\"wpdt-media-content\" href=\"https:\/\/www.salcedo.gob.ec\/wp-content\/uploads\/2024\/11\/20-registro-de-activos-de-informacion-frecuente-y-complementaria.csv\">Conjunto de Datos<\/a>                    <\/td>\n                                                <td class=\"wpdt-cell \"\n                                            data-cell-id=\"C23\"\n                    data-col-index=\"2\"\n                    data-row-index=\"22\"\n                    style=\"                    padding:10px;\n                    \"\n                    >\n                                        <a data-media-content=\"wpdt-media-content\" href=\"https:\/\/www.salcedo.gob.ec\/wp-content\/uploads\/2024\/11\/20-registro-de-activos-de-informacion-frecuente-y-complementaria-1.csv\">Metadatos<\/a>                    <\/td>\n                                                <td class=\"wpdt-cell \"\n                                            data-cell-id=\"D23\"\n                    data-col-index=\"3\"\n                    data-row-index=\"22\"\n                    style=\"                    padding:10px;\n                    \"\n                    >\n                                        <a data-media-content=\"wpdt-media-content\" href=\"https:\/\/www.salcedo.gob.ec\/wp-content\/uploads\/2024\/08\/20-registro-de-activos-de-informacion-frecuente-y-complementaria-2.csv\">Diccionario<\/a>                    <\/td>\n                                        <\/tr>\n                            <tr class=\"wpdt-cell-row \" style=\"height:41px;\">\n                                <td class=\"wpdt-cell wpdt-align-justify\"\n                                            data-cell-id=\"A24\"\n                    data-col-index=\"0\"\n                    data-row-index=\"23\"\n                    style=\"                    padding:10px;\n                    \"\n                    >\n                                        21. Pol\u00edticas p\u00fablicas o informaci\u00f3n grupo espec\u00edfico                    <\/td>\n                                                <td class=\"wpdt-cell \"\n                                            data-cell-id=\"B24\"\n                    data-col-index=\"1\"\n                    data-row-index=\"23\"\n                    style=\"                    padding:10px;\n                    \"\n                    >\n                                        <a data-media-content=\"wpdt-media-content\" href=\"https:\/\/www.salcedo.gob.ec\/wp-content\/uploads\/2024\/11\/21-politicas-publicas-o-informacion-grupo-especifico-1-1.csv\">Conjunto de Datos<\/a>                    <\/td>\n                                                <td class=\"wpdt-cell \"\n                                            data-cell-id=\"C24\"\n                    data-col-index=\"2\"\n                    data-row-index=\"23\"\n                    style=\"                    padding:10px;\n                    \"\n                    >\n                                        <a data-media-content=\"wpdt-media-content\" href=\"https:\/\/www.salcedo.gob.ec\/wp-content\/uploads\/2024\/11\/21-politicas-publicas-o-informacion-grupo-especifico-1-1-1.csv\">Metadatos<\/a>                    <\/td>\n                                                <td class=\"wpdt-cell \"\n                                            data-cell-id=\"D24\"\n                    data-col-index=\"3\"\n                    data-row-index=\"23\"\n                    style=\"                    padding:10px;\n                    \"\n                    >\n                                        <a data-media-content=\"wpdt-media-content\" href=\"https:\/\/www.salcedo.gob.ec\/wp-content\/uploads\/2024\/08\/21-politicas-publicas-o-informacion-grupo-especifico-2.csv\">Diccionario<\/a>                    <\/td>\n                                        <\/tr>\n                            <tr class=\"wpdt-cell-row \" >\n                                <td class=\"wpdt-cell wpdt-align-justify\"\n                                            data-cell-id=\"A25\"\n                    data-col-index=\"0\"\n                    data-row-index=\"24\"\n                    style=\"                    padding:10px;\n                    \"\n                    >\n                                        23. Detalle personas servidoras p\u00fablicas con acciones afirmativas                    <\/td>\n                                                <td class=\"wpdt-cell \"\n                                            data-cell-id=\"B25\"\n                    data-col-index=\"1\"\n                    data-row-index=\"24\"\n                    style=\"                    padding:10px;\n                    \"\n                    >\n                                        <a data-media-content=\"wpdt-media-content\" href=\"https:\/\/www.salcedo.gob.ec\/wp-content\/uploads\/2024\/11\/23-DETALLE-PERSONAS-SEPTIEMBRE-2024.csv\">Conjunto de Datos<\/a>                    <\/td>\n                                                <td class=\"wpdt-cell \"\n                                            data-cell-id=\"C25\"\n                    data-col-index=\"2\"\n                    data-row-index=\"24\"\n                    style=\"                    padding:10px;\n                    \"\n                    >\n                                        <a data-media-content=\"wpdt-media-content\" href=\"https:\/\/www.salcedo.gob.ec\/wp-content\/uploads\/2024\/11\/23-DETALLE-PERSONAS-SEPTIEMBRE-2024-1.csv\">Metadatos<\/a>                    <\/td>\n                                                <td class=\"wpdt-cell \"\n                                            data-cell-id=\"D25\"\n                    data-col-index=\"3\"\n                    data-row-index=\"24\"\n                    style=\"                    padding:10px;\n                    \"\n                    >\n                                        <a data-media-content=\"wpdt-media-content\" href=\"https:\/\/www.salcedo.gob.ec\/wp-content\/uploads\/2024\/08\/23-DETALLE-PERSONAS-2.csv\">Diccionario<\/a>                    <\/td>\n                                        <\/tr>\n                            <tr class=\"wpdt-cell-row \" >\n                                <td class=\"wpdt-cell wpdt-align-justify\"\n                                            data-cell-id=\"A26\"\n                    data-col-index=\"0\"\n                    data-row-index=\"25\"\n                    style=\"                    padding:10px;\n                    \"\n                    >\n                                        24. Informaci\u00f3n relevante para el ejercicio de derechos ODS                    <\/td>\n                                                <td class=\"wpdt-cell \"\n                                            data-cell-id=\"B26\"\n                    data-col-index=\"1\"\n                    data-row-index=\"25\"\n                    style=\"                    padding:10px;\n                    \"\n                    >\n                                        <a data-media-content=\"wpdt-media-content\" href=\"https:\/\/www.salcedo.gob.ec\/wp-content\/uploads\/2024\/11\/24-informacion-relevante-para-el-ejercicio-de-derechos-ods.csv\">Conjunto de Datos<\/a>                    <\/td>\n                                                <td class=\"wpdt-cell \"\n                                            data-cell-id=\"C26\"\n                    data-col-index=\"2\"\n                    data-row-index=\"25\"\n                    style=\"                    padding:10px;\n                    \"\n                    >\n                                        <a data-media-content=\"wpdt-media-content\" href=\"https:\/\/www.salcedo.gob.ec\/wp-content\/uploads\/2024\/11\/24-informacion-relevante-para-el-ejercicio-de-derechos-ods-1.csv\">Metadatos<\/a>                    <\/td>\n                                                <td class=\"wpdt-cell \"\n                                            data-cell-id=\"D26\"\n                    data-col-index=\"3\"\n                    data-row-index=\"25\"\n                    style=\"                    padding:10px;\n                    \"\n                    >\n                                        <a data-media-content=\"wpdt-media-content\" href=\"https:\/\/www.salcedo.gob.ec\/wp-content\/uploads\/2024\/08\/24-informacion-relevante-para-el-ejercicio-de-derechos-ods-2.csv\">Diccionario<\/a>                    <\/td>\n                                        <\/tr>\n                            <tr class=\"wpdt-cell-row \" >\n                                <td class=\"wpdt-cell \"\n                                            data-cell-id=\"A27\"\n                    data-col-index=\"0\"\n                    data-row-index=\"26\"\n                    style=\"                    padding:10px;\n                    \"\n                    >\n                                        art-24-1-gobiernos-autonomos-descentralizados                    <\/td>\n                                                <td class=\"wpdt-cell \"\n                                            data-cell-id=\"B27\"\n                    data-col-index=\"1\"\n                    data-row-index=\"26\"\n                    style=\"                    padding:10px;\n                    \"\n                    >\n                                        <a data-media-content=\"wpdt-media-content\" href=\"https:\/\/www.salcedo.gob.ec\/wp-content\/uploads\/2024\/11\/art-24-1-gobiernos-autonomos-descentralizados.csv\">Conjunto de Datos<\/a>                    <\/td>\n                                                <td class=\"wpdt-cell \"\n                                            data-cell-id=\"C27\"\n                    data-col-index=\"2\"\n                    data-row-index=\"26\"\n                    style=\"                    padding:10px;\n                    \"\n                    >\n                                        <a data-media-content=\"wpdt-media-content\" href=\"https:\/\/www.salcedo.gob.ec\/wp-content\/uploads\/2024\/11\/art-24-1-gobiernos-autonomos-descentralizados-1.csv\">Metadatos<\/a>                    <\/td>\n                                                <td class=\"wpdt-cell \"\n                                            data-cell-id=\"D27\"\n                    data-col-index=\"3\"\n                    data-row-index=\"26\"\n                    style=\"                    padding:10px;\n                    \"\n                    >\n                                        <a data-media-content=\"wpdt-media-content\" href=\"https:\/\/www.salcedo.gob.ec\/wp-content\/uploads\/2024\/08\/art-24-1-gobiernos-autonomos-descentralizados-2.csv\">Diccionario<\/a>                    <\/td>\n                                        <\/tr>\n                            <tr class=\"wpdt-cell-row \" >\n                                <td class=\"wpdt-cell \"\n                                            data-cell-id=\"A28\"\n                    data-col-index=\"0\"\n                    data-row-index=\"27\"\n                    style=\"                    padding:10px;\n                    \"\n                    >\n                                        art-24-2-gobiernos-utonomos-descentralizados                    <\/td>\n                                                <td class=\"wpdt-cell  wpdt-empty-cell \"\n                                            data-cell-id=\"B28\"\n                    data-col-index=\"1\"\n                    data-row-index=\"27\"\n                    style=\"                    padding:10px;\n                    \"\n                    >\n                                                            <\/td>\n                                                <td class=\"wpdt-cell \"\n                                            data-cell-id=\"C28\"\n                    data-col-index=\"2\"\n                    data-row-index=\"27\"\n                    style=\"                    padding:10px;\n                    \"\n                    >\n                                        <a data-media-content=\"wpdt-media-content\" href=\"https:\/\/www.salcedo.gob.ec\/wp-content\/uploads\/2024\/11\/art-24-2-gobiernos-utonomos-descentralizados-1.csv\">Metadatos<\/a>                    <\/td>\n                                                <td class=\"wpdt-cell \"\n                                            data-cell-id=\"D28\"\n                    data-col-index=\"3\"\n                    data-row-index=\"27\"\n                    style=\"                    padding:10px;\n                    \"\n                    >\n                                        <a data-media-content=\"wpdt-media-content\" href=\"https:\/\/www.salcedo.gob.ec\/wp-content\/uploads\/2024\/08\/art-24-2-gobiernos-utonomos-descentralizados-2.csv\">Diccionario<\/a>                    <\/td>\n                                        <\/tr>\n                    <\/table>\n<\/div><style id='wpdt-custom-style-18'>\n.wpdt-tc-085390 { color: #085390 !important;}\n<\/style>\n\n\n\n\n\n\n<p class=\"wp-block-paragraph\"><\/p>\n\n\n\n    <h3 class=\"wpdt-c\"\n        id=\"wdt-table-title-19\">OCTUBRE 2024<\/h3>\n<div class=\"wpdt-c row wpDataTableContainerSimpleTable wpDataTables wpDataTablesWrapper\n\"\n    >\n        <table id=\"wpdtSimpleTable-19\"\n           style=\"border-collapse:collapse;\n                   border-spacing:0px;\"\n           class=\"wpdtSimpleTable wpDataTable\"\n           data-column=\"4\"\n           data-rows=\"28\"\n           data-wpID=\"19\"\n           data-responsive=\"0\"\n           data-has-header=\"0\">\n\n                    <tbody>        <tr class=\"wpdt-cell-row \" >\n                                <td class=\"wpdt-cell wpdt-bold wpdt-underline wpdt-tc-085390 wpdt-align-justify\"\n                                            data-cell-id=\"A1\"\n                    data-col-index=\"0\"\n                    data-row-index=\"0\"\n                    style=\" width:35.601265822785%;                    padding:10px;\n                    \"\n                    >\n                                        MATRIZ                    <\/td>\n                                                <td class=\"wpdt-cell wpdt-bold wpdt-underline wpdt-tc-085390\"\n                                            data-cell-id=\"B1\"\n                    data-col-index=\"1\"\n                    data-row-index=\"0\"\n                    style=\" width:21.677215189873%;                    padding:10px;\n                    \"\n                    >\n                                        CONJUNTO DE DATOS                    <\/td>\n                                                <td class=\"wpdt-cell wpdt-bold wpdt-underline wpdt-tc-085390\"\n                                            data-cell-id=\"C1\"\n                    data-col-index=\"2\"\n                    data-row-index=\"0\"\n                    style=\" width:21.360759493671%;                    padding:10px;\n                    \"\n                    >\n                                        METADATOS                    <\/td>\n                                                <td class=\"wpdt-cell wpdt-bold wpdt-underline wpdt-tc-085390\"\n                                            data-cell-id=\"D1\"\n                    data-col-index=\"3\"\n                    data-row-index=\"0\"\n                    style=\" width:21.360759493671%;                    padding:10px;\n                    \"\n                    >\n                                        DICCIONARIO                    <\/td>\n                                        <\/tr>\n                            <tr class=\"wpdt-cell-row \" >\n                                <td class=\"wpdt-cell wpdt-align-justify\"\n                                            data-cell-id=\"A2\"\n                    data-col-index=\"0\"\n                    data-row-index=\"1\"\n                    style=\"                    padding:10px;\n                    \"\n                    >\n                                        1.1 Estructura orga\u0301nica                    <\/td>\n                                                <td class=\"wpdt-cell \"\n                                            data-cell-id=\"B2\"\n                    data-col-index=\"1\"\n                    data-row-index=\"1\"\n                    style=\"                    padding:10px;\n                    \"\n                    >\n                                        <a data-media-content=\"wpdt-media-content\" href=\"https:\/\/www.salcedo.gob.ec\/wp-content\/uploads\/2024\/11\/1-1-estructura-organica.csv\">Conjunto de Datos                    <\/td>\n                                                <td class=\"wpdt-cell  wpdt-empty-cell \"\n                                            data-cell-id=\"C2\"\n                    data-col-index=\"2\"\n                    data-row-index=\"1\"\n                    style=\"                    padding:10px;\n                    \"\n                    >\n                                                            <\/td>\n                                                <td class=\"wpdt-cell \"\n                                            data-cell-id=\"D2\"\n                    data-col-index=\"3\"\n                    data-row-index=\"1\"\n                    style=\"                    padding:10px;\n                    \"\n                    >\n                                        <a data-media-content=\"wpdt-media-content\" href=\"https:\/\/www.salcedo.gob.ec\/wp-content\/uploads\/2024\/08\/1_1-estructura-organica-2.csv\">Diccionario<\/a>                    <\/td>\n                                        <\/tr>\n                            <tr class=\"wpdt-cell-row \" >\n                                <td class=\"wpdt-cell wpdt-align-justify\"\n                                            data-cell-id=\"A3\"\n                    data-col-index=\"0\"\n                    data-row-index=\"2\"\n                    style=\"                    padding:10px;\n                    \"\n                    >\n                                        1.2 Base Legal regulaciones procedimientos internos                    <\/td>\n                                                <td class=\"wpdt-cell \"\n                                            data-cell-id=\"B3\"\n                    data-col-index=\"1\"\n                    data-row-index=\"2\"\n                    style=\"                    padding:10px;\n                    \"\n                    >\n                                        <a data-media-content=\"wpdt-media-content\" href=\"https:\/\/www.salcedo.gob.ec\/wp-content\/uploads\/2024\/11\/1-2-base-legal-regulaciones-procedimientos-internos-2.csv\">conjunto de datos<\/a>                    <\/td>\n                                                <td class=\"wpdt-cell  wpdt-empty-cell \"\n                                            data-cell-id=\"C3\"\n                    data-col-index=\"2\"\n                    data-row-index=\"2\"\n                    style=\"                    padding:10px;\n                    \"\n                    >\n                                                            <\/td>\n                                                <td class=\"wpdt-cell  wpdt-empty-cell \"\n                                            data-cell-id=\"D3\"\n                    data-col-index=\"3\"\n                    data-row-index=\"2\"\n                    style=\"                    padding:10px;\n                    \"\n                    >\n                                                            <\/td>\n                                        <\/tr>\n                            <tr class=\"wpdt-cell-row \" >\n                                <td class=\"wpdt-cell wpdt-align-justify\"\n                                            data-cell-id=\"A4\"\n                    data-col-index=\"0\"\n                    data-row-index=\"3\"\n                    style=\"                    padding:10px;\n                    \"\n                    >\n                                        1.3 Metas y objetivos unidades                    <\/td>\n                                                <td class=\"wpdt-cell \"\n                                            data-cell-id=\"B4\"\n                    data-col-index=\"1\"\n                    data-row-index=\"3\"\n                    style=\"                    padding:10px;\n                    \"\n                    >\n                                        <a data-media-content=\"wpdt-media-content\" href=\"https:\/\/www.salcedo.gob.ec\/wp-content\/uploads\/2024\/11\/1-3-Metas-y-objetivos-unidadesssss.csv\">conjunto de datos<\/a>                    <\/td>\n                                                <td class=\"wpdt-cell  wpdt-empty-cell \"\n                                            data-cell-id=\"C4\"\n                    data-col-index=\"2\"\n                    data-row-index=\"3\"\n                    style=\"                    padding:10px;\n                    \"\n                    >\n                                                            <\/td>\n                                                <td class=\"wpdt-cell \"\n                                            data-cell-id=\"D4\"\n                    data-col-index=\"3\"\n                    data-row-index=\"3\"\n                    style=\"                    padding:10px;\n                    \"\n                    >\n                                        <a data-media-content=\"wpdt-media-content\" href=\"https:\/\/www.salcedo.gob.ec\/wp-content\/uploads\/2024\/08\/1.3-Metas-y-objetivos_unidades-2.csv\">Diccionario<\/a>                    <\/td>\n                                        <\/tr>\n                            <tr class=\"wpdt-cell-row \" >\n                                <td class=\"wpdt-cell wpdt-align-justify\"\n                                            data-cell-id=\"A5\"\n                    data-col-index=\"0\"\n                    data-row-index=\"4\"\n                    style=\"                    padding:10px;\n                    \"\n                    >\n                                        2. Directorio y distributivo personal de la entidad                    <\/td>\n                                                <td class=\"wpdt-cell \"\n                                            data-cell-id=\"B5\"\n                    data-col-index=\"1\"\n                    data-row-index=\"4\"\n                    style=\"                    padding:10px;\n                    \"\n                    >\n                                        <a data-media-content=\"wpdt-media-content\" href=\"https:\/\/www.salcedo.gob.ec\/wp-content\/uploads\/2024\/11\/2-directorio-y-distributivo-personal-de-la-entidad.csv\">conjunto de datos<\/a>                    <\/td>\n                                                <td class=\"wpdt-cell  wpdt-empty-cell \"\n                                            data-cell-id=\"C5\"\n                    data-col-index=\"2\"\n                    data-row-index=\"4\"\n                    style=\"                    padding:10px;\n                    \"\n                    >\n                                                            <\/td>\n                                                <td class=\"wpdt-cell \"\n                                            data-cell-id=\"D5\"\n                    data-col-index=\"3\"\n                    data-row-index=\"4\"\n                    style=\"                    padding:10px;\n                    \"\n                    >\n                                        <a data-media-content=\"wpdt-media-content\" href=\"https:\/\/www.salcedo.gob.ec\/wp-content\/uploads\/2024\/08\/2-DIRECTORIOS-2.csv\">Diccionario<\/a>                    <\/td>\n                                        <\/tr>\n                            <tr class=\"wpdt-cell-row \" >\n                                <td class=\"wpdt-cell wpdt-align-justify\"\n                                            data-cell-id=\"A6\"\n                    data-col-index=\"0\"\n                    data-row-index=\"5\"\n                    style=\"                    padding:10px;\n                    \"\n                    >\n                                        3. Remuneraciones ingresos adicionales                    <\/td>\n                                                <td class=\"wpdt-cell \"\n                                            data-cell-id=\"B6\"\n                    data-col-index=\"1\"\n                    data-row-index=\"5\"\n                    style=\"                    padding:10px;\n                    \"\n                    >\n                                        <a data-media-content=\"wpdt-media-content\" href=\"https:\/\/www.salcedo.gob.ec\/wp-content\/uploads\/2024\/11\/3-remuneraciones-ingresos-adicionales.csv\">conjunto de datos<\/a>                    <\/td>\n                                                <td class=\"wpdt-cell  wpdt-empty-cell \"\n                                            data-cell-id=\"C6\"\n                    data-col-index=\"2\"\n                    data-row-index=\"5\"\n                    style=\"                    padding:10px;\n                    \"\n                    >\n                                                            <\/td>\n                                                <td class=\"wpdt-cell \"\n                                            data-cell-id=\"D6\"\n                    data-col-index=\"3\"\n                    data-row-index=\"5\"\n                    style=\"                    padding:10px;\n                    \"\n                    >\n                                        <a data-media-content=\"wpdt-media-content\" href=\"https:\/\/www.salcedo.gob.ec\/wp-content\/uploads\/2024\/08\/3-REMUNERACIONES-INGRESOS-ADICIONALES-2024-2.csv\">Diccionario<\/a>                    <\/td>\n                                        <\/tr>\n                            <tr class=\"wpdt-cell-row \" >\n                                <td class=\"wpdt-cell wpdt-align-justify\"\n                                            data-cell-id=\"A7\"\n                    data-col-index=\"0\"\n                    data-row-index=\"6\"\n                    style=\"                    padding:10px;\n                    \"\n                    >\n                                        4. Detalle licencia comisiones                    <\/td>\n                                                <td class=\"wpdt-cell \"\n                                            data-cell-id=\"B7\"\n                    data-col-index=\"1\"\n                    data-row-index=\"6\"\n                    style=\"                    padding:10px;\n                    \"\n                    >\n                                        <a data-media-content=\"wpdt-media-content\" href=\"https:\/\/www.salcedo.gob.ec\/wp-content\/uploads\/2024\/11\/7-resultados-de-las-auditorias-internas-y-gubernamentales-2.csv\">conjunto de datos                    <\/td>\n                                                <td class=\"wpdt-cell  wpdt-empty-cell \"\n                                            data-cell-id=\"C7\"\n                    data-col-index=\"2\"\n                    data-row-index=\"6\"\n                    style=\"                    padding:10px;\n                    \"\n                    >\n                                                            <\/td>\n                                                <td class=\"wpdt-cell \"\n                                            data-cell-id=\"D7\"\n                    data-col-index=\"3\"\n                    data-row-index=\"6\"\n                    style=\"                    padding:10px;\n                    \"\n                    >\n                                        <a data-media-content=\"wpdt-media-content\" href=\"https:\/\/www.salcedo.gob.ec\/wp-content\/uploads\/2024\/08\/4-LICENCIAS-COMISIONES-2.csv\">Diccionario<\/a>                    <\/td>\n                                        <\/tr>\n                            <tr class=\"wpdt-cell-row \" >\n                                <td class=\"wpdt-cell wpdt-align-justify\"\n                                            data-cell-id=\"A8\"\n                    data-col-index=\"0\"\n                    data-row-index=\"7\"\n                    style=\"                    padding:10px;\n                    \"\n                    >\n                                        5-22. Servicios formularios formatos tramites                    <\/td>\n                                                <td class=\"wpdt-cell \"\n                                            data-cell-id=\"B8\"\n                    data-col-index=\"1\"\n                    data-row-index=\"7\"\n                    style=\"                    padding:10px;\n                    \"\n                    >\n                                        <a data-media-content=\"wpdt-media-content\" href=\"https:\/\/www.salcedo.gob.ec\/wp-content\/uploads\/2024\/11\/5_22-servicios-formularios-formatos-tramites-OCTUBRE.csv\">conjunto de datos<\/a>                    <\/td>\n                                                <td class=\"wpdt-cell  wpdt-empty-cell \"\n                                            data-cell-id=\"C8\"\n                    data-col-index=\"2\"\n                    data-row-index=\"7\"\n                    style=\"                    padding:10px;\n                    \"\n                    >\n                                                            <\/td>\n                                                <td class=\"wpdt-cell \"\n                                            data-cell-id=\"D8\"\n                    data-col-index=\"3\"\n                    data-row-index=\"7\"\n                    style=\"                    padding:10px;\n                    \"\n                    >\n                                        <a data-media-content=\"wpdt-media-content\" href=\"https:\/\/www.salcedo.gob.ec\/wp-content\/uploads\/2024\/08\/5-22.-Servicios-Formularios-formatos-tramites-2.csv\">Diccionario<\/a>                    <\/td>\n                                        <\/tr>\n                            <tr class=\"wpdt-cell-row \" >\n                                <td class=\"wpdt-cell wpdt-align-justify\"\n                                            data-cell-id=\"A9\"\n                    data-col-index=\"0\"\n                    data-row-index=\"8\"\n                    style=\"                    padding:10px;\n                    \"\n                    >\n                                        6. Presupuesto de la instituci\u00f3n                    <\/td>\n                                                <td class=\"wpdt-cell \"\n                                            data-cell-id=\"B9\"\n                    data-col-index=\"1\"\n                    data-row-index=\"8\"\n                    style=\"                    padding:10px;\n                    \"\n                    >\n                                        <a data-media-content=\"wpdt-media-content\" href=\"https:\/\/www.salcedo.gob.ec\/wp-content\/uploads\/2024\/11\/6-Presupuesto-de-la-institucion-2.csv\">conjunto de datos<\/a>                    <\/td>\n                                                <td class=\"wpdt-cell  wpdt-empty-cell \"\n                                            data-cell-id=\"C9\"\n                    data-col-index=\"2\"\n                    data-row-index=\"8\"\n                    style=\"                    padding:10px;\n                    \"\n                    >\n                                                            <\/td>\n                                                <td class=\"wpdt-cell \"\n                                            data-cell-id=\"D9\"\n                    data-col-index=\"3\"\n                    data-row-index=\"8\"\n                    style=\"                    padding:10px;\n                    \"\n                    >\n                                        <a data-media-content=\"wpdt-media-content\" href=\"https:\/\/www.salcedo.gob.ec\/wp-content\/uploads\/2024\/08\/6-presupuesto-de-la-institucion-2.csv\">Diccionario<\/a>                    <\/td>\n                                        <\/tr>\n                            <tr class=\"wpdt-cell-row \" >\n                                <td class=\"wpdt-cell wpdt-align-justify\"\n                                            data-cell-id=\"A10\"\n                    data-col-index=\"0\"\n                    data-row-index=\"9\"\n                    style=\"                    padding:10px;\n                    \"\n                    >\n                                        7. Resultados de las auditorias internas y gubernamentales                    <\/td>\n                                                <td class=\"wpdt-cell \"\n                                            data-cell-id=\"B10\"\n                    data-col-index=\"1\"\n                    data-row-index=\"9\"\n                    style=\"                    padding:10px;\n                    \"\n                    >\n                                        <a data-media-content=\"wpdt-media-content\" href=\"https:\/\/www.salcedo.gob.ec\/wp-content\/uploads\/2024\/11\/7-resultados-de-las-auditorias-internas-y-gubernamentales-2.csv\">conjunto de datos                    <\/td>\n                                                <td class=\"wpdt-cell  wpdt-empty-cell \"\n                                            data-cell-id=\"C10\"\n                    data-col-index=\"2\"\n                    data-row-index=\"9\"\n                    style=\"                    padding:10px;\n                    \"\n                    >\n                                                            <\/td>\n                                                <td class=\"wpdt-cell \"\n                                            data-cell-id=\"D10\"\n                    data-col-index=\"3\"\n                    data-row-index=\"9\"\n                    style=\"                    padding:10px;\n                    \"\n                    >\n                                        <a data-media-content=\"wpdt-media-content\" href=\"https:\/\/www.salcedo.gob.ec\/wp-content\/uploads\/2024\/08\/7-resultados-de-las-auditorias-internas-y-gubernamentales-2.csv\">Diccionario<\/a>                    <\/td>\n                                        <\/tr>\n                            <tr class=\"wpdt-cell-row \" >\n                                <td class=\"wpdt-cell wpdt-align-justify\"\n                                            data-cell-id=\"A11\"\n                    data-col-index=\"0\"\n                    data-row-index=\"10\"\n                    style=\"                    padding:10px;\n                    \"\n                    >\n                                        8. Procesos de contrataci\u00f3n p\u00fablica                    <\/td>\n                                                <td class=\"wpdt-cell \"\n                                            data-cell-id=\"B11\"\n                    data-col-index=\"1\"\n                    data-row-index=\"10\"\n                    style=\"                    padding:10px;\n                    \"\n                    >\n                                        <a data-media-content=\"wpdt-media-content\" href=\"https:\/\/www.salcedo.gob.ec\/wp-content\/uploads\/2024\/11\/8-procesos-de-contratacion-publica.csv\">conjunto de datos<\/a>                    <\/td>\n                                                <td class=\"wpdt-cell  wpdt-empty-cell \"\n                                            data-cell-id=\"C11\"\n                    data-col-index=\"2\"\n                    data-row-index=\"10\"\n                    style=\"                    padding:10px;\n                    \"\n                    >\n                                                            <\/td>\n                                                <td class=\"wpdt-cell \"\n                                            data-cell-id=\"D11\"\n                    data-col-index=\"3\"\n                    data-row-index=\"10\"\n                    style=\"                    padding:10px;\n                    \"\n                    >\n                                        <a data-media-content=\"wpdt-media-content\" href=\"https:\/\/www.salcedo.gob.ec\/wp-content\/uploads\/2024\/08\/8-procesos-de-contratacion-publica-2.csv\">Diccionario<\/a>                    <\/td>\n                                        <\/tr>\n                            <tr class=\"wpdt-cell-row \" >\n                                <td class=\"wpdt-cell wpdt-align-justify\"\n                                            data-cell-id=\"A12\"\n                    data-col-index=\"0\"\n                    data-row-index=\"11\"\n                    style=\"                    padding:10px;\n                    \"\n                    >\n                                        9. Listado de empresas y personas que han incumplido contratos                    <\/td>\n                                                <td class=\"wpdt-cell \"\n                                            data-cell-id=\"B12\"\n                    data-col-index=\"1\"\n                    data-row-index=\"11\"\n                    style=\"                    padding:10px;\n                    \"\n                    >\n                                        <a data-media-content=\"wpdt-media-content\" href=\"https:\/\/www.salcedo.gob.ec\/wp-content\/uploads\/2024\/11\/9-listado-de-empresas-y-personas-que-han-incumplido-contratos-2.csv\">conjunto de datos                    <\/td>\n                                                <td class=\"wpdt-cell  wpdt-empty-cell \"\n                                            data-cell-id=\"C12\"\n                    data-col-index=\"2\"\n                    data-row-index=\"11\"\n                    style=\"                    padding:10px;\n                    \"\n                    >\n                                                            <\/td>\n                                                <td class=\"wpdt-cell \"\n                                            data-cell-id=\"D12\"\n                    data-col-index=\"3\"\n                    data-row-index=\"11\"\n                    style=\"                    padding:10px;\n                    \"\n                    >\n                                        <a data-media-content=\"wpdt-media-content\" href=\"https:\/\/www.salcedo.gob.ec\/wp-content\/uploads\/2024\/08\/9-listado-de-empresas-y-personas-que-han-incumplido-contratos-2.csv\">Diccionario<\/a>                    <\/td>\n                                        <\/tr>\n                            <tr class=\"wpdt-cell-row \" >\n                                <td class=\"wpdt-cell wpdt-align-justify\"\n                                            data-cell-id=\"A13\"\n                    data-col-index=\"0\"\n                    data-row-index=\"12\"\n                    style=\"                    padding:10px;\n                    \"\n                    >\n                                        10. Planes y programas                    <\/td>\n                                                <td class=\"wpdt-cell \"\n                                            data-cell-id=\"B13\"\n                    data-col-index=\"1\"\n                    data-row-index=\"12\"\n                    style=\"                    padding:10px;\n                    \"\n                    >\n                                        <a data-media-content=\"wpdt-media-content\" href=\"https:\/\/www.salcedo.gob.ec\/wp-content\/uploads\/2024\/11\/10-planes-y-programas-2024-2.csv\">conjunto de datos<\/a>                    <\/td>\n                                                <td class=\"wpdt-cell  wpdt-empty-cell \"\n                                            data-cell-id=\"C13\"\n                    data-col-index=\"2\"\n                    data-row-index=\"12\"\n                    style=\"                    padding:10px;\n                    \"\n                    >\n                                                            <\/td>\n                                                <td class=\"wpdt-cell \"\n                                            data-cell-id=\"D13\"\n                    data-col-index=\"3\"\n                    data-row-index=\"12\"\n                    style=\"                    padding:10px;\n                    \"\n                    >\n                                        <a data-media-content=\"wpdt-media-content\" href=\"https:\/\/www.salcedo.gob.ec\/wp-content\/uploads\/2024\/08\/10-planes-y-programas-2024-2.csv\">Diccionario<\/a>                    <\/td>\n                                        <\/tr>\n                            <tr class=\"wpdt-cell-row \" >\n                                <td class=\"wpdt-cell wpdt-align-justify\"\n                                            data-cell-id=\"A14\"\n                    data-col-index=\"0\"\n                    data-row-index=\"13\"\n                    style=\"                    padding:10px;\n                    \"\n                    >\n                                        11. Contratos de cr\u00e9dito externos o internos                    <\/td>\n                                                <td class=\"wpdt-cell \"\n                                            data-cell-id=\"B14\"\n                    data-col-index=\"1\"\n                    data-row-index=\"13\"\n                    style=\"                    padding:10px;\n                    \"\n                    >\n                                        <a data-media-content=\"wpdt-media-content\" href=\"https:\/\/www.salcedo.gob.ec\/wp-content\/uploads\/2024\/11\/11-contratos-de-credito-externos-o-internos-2.csv\">conjunto de datos<\/a>                    <\/td>\n                                                <td class=\"wpdt-cell  wpdt-empty-cell \"\n                                            data-cell-id=\"C14\"\n                    data-col-index=\"2\"\n                    data-row-index=\"13\"\n                    style=\"                    padding:10px;\n                    \"\n                    >\n                                                            <\/td>\n                                                <td class=\"wpdt-cell \"\n                                            data-cell-id=\"D14\"\n                    data-col-index=\"3\"\n                    data-row-index=\"13\"\n                    style=\"                    padding:10px;\n                    \"\n                    >\n                                        <a data-media-content=\"wpdt-media-content\" href=\"https:\/\/www.salcedo.gob.ec\/wp-content\/uploads\/2024\/08\/11-contratos-de-credito-externos-o-internos-2.csv\">Diccionario<\/a>                    <\/td>\n                                        <\/tr>\n                            <tr class=\"wpdt-cell-row \" >\n                                <td class=\"wpdt-cell wpdt-align-justify\"\n                                            data-cell-id=\"A15\"\n                    data-col-index=\"0\"\n                    data-row-index=\"14\"\n                    style=\"                    padding:10px;\n                    \"\n                    >\n                                        12. Mecanismos rendicion cuentas                    <\/td>\n                                                <td class=\"wpdt-cell \"\n                                            data-cell-id=\"B15\"\n                    data-col-index=\"1\"\n                    data-row-index=\"14\"\n                    style=\"                    padding:10px;\n                    \"\n                    >\n                                        <a data-media-content=\"wpdt-media-content\" href=\"https:\/\/www.salcedo.gob.ec\/wp-content\/uploads\/2024\/11\/12-mecanismos-rendicion-cuentas-2.csv\">conjunto de datos<\/a>                    <\/td>\n                                                <td class=\"wpdt-cell  wpdt-empty-cell \"\n                                            data-cell-id=\"C15\"\n                    data-col-index=\"2\"\n                    data-row-index=\"14\"\n                    style=\"                    padding:10px;\n                    \"\n                    >\n                                                            <\/td>\n                                                <td class=\"wpdt-cell \"\n                                            data-cell-id=\"D15\"\n                    data-col-index=\"3\"\n                    data-row-index=\"14\"\n                    style=\"                    padding:10px;\n                    \"\n                    >\n                                        <a data-media-content=\"wpdt-media-content\" href=\"https:\/\/www.salcedo.gob.ec\/wp-content\/uploads\/2024\/08\/12-mecanismos-rendicion-cuentas-2.csv\">Diccionario<\/a>                    <\/td>\n                                        <\/tr>\n                            <tr class=\"wpdt-cell-row \" >\n                                <td class=\"wpdt-cell wpdt-align-justify\"\n                                            data-cell-id=\"A16\"\n                    data-col-index=\"0\"\n                    data-row-index=\"15\"\n                    style=\"                    padding:10px;\n                    \"\n                    >\n                                        13. Vi\u00e1ticos informes de trabajo y justificativos de movilizaci\u00f3n                    <\/td>\n                                                <td class=\"wpdt-cell \"\n                                            data-cell-id=\"B16\"\n                    data-col-index=\"1\"\n                    data-row-index=\"15\"\n                    style=\"                    padding:10px;\n                    \"\n                    >\n                                        <a data-media-content=\"wpdt-media-content\" href=\"https:\/\/www.salcedo.gob.ec\/wp-content\/uploads\/2024\/11\/13-viaticos-informes-de-trabajo-y-justificativos-de-movilizacion-2.csv\">conjunto de datos                    <\/td>\n                                                <td class=\"wpdt-cell  wpdt-empty-cell \"\n                                            data-cell-id=\"C16\"\n                    data-col-index=\"2\"\n                    data-row-index=\"15\"\n                    style=\"                    padding:10px;\n                    \"\n                    >\n                                                            <\/td>\n                                                <td class=\"wpdt-cell \"\n                                            data-cell-id=\"D16\"\n                    data-col-index=\"3\"\n                    data-row-index=\"15\"\n                    style=\"                    padding:10px;\n                    \"\n                    >\n                                        <a data-media-content=\"wpdt-media-content\" href=\"https:\/\/www.salcedo.gob.ec\/wp-content\/uploads\/2024\/08\/13-viaticos-informes-de-trabajo-y-justificativos-de-movilizacion-2.csv\">Diccionario<\/a>                    <\/td>\n                                        <\/tr>\n                            <tr class=\"wpdt-cell-row \" >\n                                <td class=\"wpdt-cell wpdt-align-justify\"\n                                            data-cell-id=\"A17\"\n                    data-col-index=\"0\"\n                    data-row-index=\"16\"\n                    style=\"                    padding:10px;\n                    \"\n                    >\n                                        14. Responsables del acceso de informaci\u00f3n p\u00fablica                    <\/td>\n                                                <td class=\"wpdt-cell \"\n                                            data-cell-id=\"B17\"\n                    data-col-index=\"1\"\n                    data-row-index=\"16\"\n                    style=\"                    padding:10px;\n                    \"\n                    >\n                                        <a data-media-content=\"wpdt-media-content\" href=\"https:\/\/www.salcedo.gob.ec\/wp-content\/uploads\/2024\/11\/14-responsables-del-acceso-de-informacion-publica-2.csv\">conjunto d e datos                    <\/td>\n                                                <td class=\"wpdt-cell  wpdt-empty-cell \"\n                                            data-cell-id=\"C17\"\n                    data-col-index=\"2\"\n                    data-row-index=\"16\"\n                    style=\"                    padding:10px;\n                    \"\n                    >\n                                                            <\/td>\n                                                <td class=\"wpdt-cell \"\n                                            data-cell-id=\"D17\"\n                    data-col-index=\"3\"\n                    data-row-index=\"16\"\n                    style=\"                    padding:10px;\n                    \"\n                    >\n                                        <a data-media-content=\"wpdt-media-content\" href=\"https:\/\/www.salcedo.gob.ec\/wp-content\/uploads\/2024\/08\/14-responsables-del-acceso-de-informacion-publica-2.csv\">Diccionario<\/a>                    <\/td>\n                                        <\/tr>\n                            <tr class=\"wpdt-cell-row \" >\n                                <td class=\"wpdt-cell wpdt-align-justify\"\n                                            data-cell-id=\"A18\"\n                    data-col-index=\"0\"\n                    data-row-index=\"17\"\n                    style=\"                    padding:10px;\n                    \"\n                    >\n                                        15. Texto \u00edntegro de los contratos colectivos vigentes y reformas                    <\/td>\n                                                <td class=\"wpdt-cell \"\n                                            data-cell-id=\"B18\"\n                    data-col-index=\"1\"\n                    data-row-index=\"17\"\n                    style=\"                    padding:10px;\n                    \"\n                    >\n                                        <a data-media-content=\"wpdt-media-content\" href=\"https:\/\/www.salcedo.gob.ec\/wp-content\/uploads\/2024\/11\/15-texto-integro-de-los-contratos-colectivos-vigentes-y-reformas-2.csv\">conjunto de datos                    <\/td>\n                                                <td class=\"wpdt-cell  wpdt-empty-cell \"\n                                            data-cell-id=\"C18\"\n                    data-col-index=\"2\"\n                    data-row-index=\"17\"\n                    style=\"                    padding:10px;\n                    \"\n                    >\n                                                            <\/td>\n                                                <td class=\"wpdt-cell \"\n                                            data-cell-id=\"D18\"\n                    data-col-index=\"3\"\n                    data-row-index=\"17\"\n                    style=\"                    padding:10px;\n                    \"\n                    >\n                                        <a data-media-content=\"wpdt-media-content\" href=\"https:\/\/www.salcedo.gob.ec\/wp-content\/uploads\/2024\/08\/15-texto-integro-de-los-contratos-colectivos-vigentes-y-reformas-2.csv\">Diccionario<\/a>                    <\/td>\n                                        <\/tr>\n                            <tr class=\"wpdt-cell-row \" >\n                                <td class=\"wpdt-cell wpdt-align-justify\"\n                                            data-cell-id=\"A19\"\n                    data-col-index=\"0\"\n                    data-row-index=\"18\"\n                    style=\"                    padding:10px;\n                    \"\n                    >\n                                        16. \u00cdndice informaci\u00f3n reservada                    <\/td>\n                                                <td class=\"wpdt-cell \"\n                                            data-cell-id=\"B19\"\n                    data-col-index=\"1\"\n                    data-row-index=\"18\"\n                    style=\"                    padding:10px;\n                    \"\n                    >\n                                        <a data-media-content=\"wpdt-media-content\" href=\"https:\/\/www.salcedo.gob.ec\/wp-content\/uploads\/2024\/11\/16-indice-informacion-reservada.csv\">conjunto de datos                    <\/td>\n                                                <td class=\"wpdt-cell  wpdt-empty-cell \"\n                                            data-cell-id=\"C19\"\n                    data-col-index=\"2\"\n                    data-row-index=\"18\"\n                    style=\"                    padding:10px;\n                    \"\n                    >\n                                                            <\/td>\n                                                <td class=\"wpdt-cell \"\n                                            data-cell-id=\"D19\"\n                    data-col-index=\"3\"\n                    data-row-index=\"18\"\n                    style=\"                    padding:10px;\n                    \"\n                    >\n                                        <a data-media-content=\"wpdt-media-content\" href=\"https:\/\/www.salcedo.gob.ec\/wp-content\/uploads\/2024\/08\/16-indice-informacion-reservada-2.csv\">Diccionario<\/a>                    <\/td>\n                                        <\/tr>\n                            <tr class=\"wpdt-cell-row \" >\n                                <td class=\"wpdt-cell wpdt-align-justify\"\n                                            data-cell-id=\"A20\"\n                    data-col-index=\"0\"\n                    data-row-index=\"19\"\n                    style=\"                    padding:10px;\n                    \"\n                    >\n                                        17. Audiencias y reuniones autoridades                    <\/td>\n                                                <td class=\"wpdt-cell \"\n                                            data-cell-id=\"B20\"\n                    data-col-index=\"1\"\n                    data-row-index=\"19\"\n                    style=\"                    padding:10px;\n                    \"\n                    >\n                                        <a data-media-content=\"wpdt-media-content\" href=\"https:\/\/www.salcedo.gob.ec\/wp-content\/uploads\/2024\/11\/17-audiencias-y-reuniones-autoridades_octubre2024.csv\">conjunto de datos                    <\/td>\n                                                <td class=\"wpdt-cell  wpdt-empty-cell \"\n                                            data-cell-id=\"C20\"\n                    data-col-index=\"2\"\n                    data-row-index=\"19\"\n                    style=\"                    padding:10px;\n                    \"\n                    >\n                                                            <\/td>\n                                                <td class=\"wpdt-cell \"\n                                            data-cell-id=\"D20\"\n                    data-col-index=\"3\"\n                    data-row-index=\"19\"\n                    style=\"                    padding:10px;\n                    \"\n                    >\n                                        <a data-media-content=\"wpdt-media-content\" href=\"https:\/\/www.salcedo.gob.ec\/wp-content\/uploads\/2024\/08\/17-audiencias-y-reuniones-autoridades-2.csv\">Diccionario<\/a>                    <\/td>\n                                        <\/tr>\n                            <tr class=\"wpdt-cell-row \" style=\"height:41px;\">\n                                <td class=\"wpdt-cell wpdt-align-justify\"\n                                            data-cell-id=\"A21\"\n                    data-col-index=\"0\"\n                    data-row-index=\"20\"\n                    style=\"                    padding:10px;\n                    \"\n                    >\n                                        18. Detalle de convenios nacionales e internacionales                    <\/td>\n                                                <td class=\"wpdt-cell \"\n                                            data-cell-id=\"B21\"\n                    data-col-index=\"1\"\n                    data-row-index=\"20\"\n                    style=\"                    padding:10px;\n                    \"\n                    >\n                                        <a data-media-content=\"wpdt-media-content\" href=\"https:\/\/www.salcedo.gob.ec\/wp-content\/uploads\/2024\/11\/18-detalle-de-convenios-nacionales-e-internacionales-2.csv\">conjunto de datos                    <\/td>\n                                                <td class=\"wpdt-cell  wpdt-empty-cell \"\n                                            data-cell-id=\"C21\"\n                    data-col-index=\"2\"\n                    data-row-index=\"20\"\n                    style=\"                    padding:10px;\n                    \"\n                    >\n                                                            <\/td>\n                                                <td class=\"wpdt-cell \"\n                                            data-cell-id=\"D21\"\n                    data-col-index=\"3\"\n                    data-row-index=\"20\"\n                    style=\"                    padding:10px;\n                    \"\n                    >\n                                        <a data-media-content=\"wpdt-media-content\" href=\"https:\/\/www.salcedo.gob.ec\/wp-content\/uploads\/2024\/08\/18-detalle-de-convenios-nacionales-e-internacionales-2.csv\">Diccionario<\/a>                    <\/td>\n                                        <\/tr>\n                            <tr class=\"wpdt-cell-row \" >\n                                <td class=\"wpdt-cell wpdt-align-justify\"\n                                            data-cell-id=\"A22\"\n                    data-col-index=\"0\"\n                    data-row-index=\"21\"\n                    style=\"                    padding:10px;\n                    \"\n                    >\n                                        19. Detalle donativos oficiales y protocolares                    <\/td>\n                                                <td class=\"wpdt-cell \"\n                                            data-cell-id=\"B22\"\n                    data-col-index=\"1\"\n                    data-row-index=\"21\"\n                    style=\"                    padding:10px;\n                    \"\n                    >\n                                        <a data-media-content=\"wpdt-media-content\" href=\"https:\/\/www.salcedo.gob.ec\/wp-content\/uploads\/2024\/11\/19-detalle-donativos-oficiales-y-protocolares_octubre.csv\">conjunto de datos                    <\/td>\n                                                <td class=\"wpdt-cell  wpdt-empty-cell \"\n                                            data-cell-id=\"C22\"\n                    data-col-index=\"2\"\n                    data-row-index=\"21\"\n                    style=\"                    padding:10px;\n                    \"\n                    >\n                                                            <\/td>\n                                                <td class=\"wpdt-cell \"\n                                            data-cell-id=\"D22\"\n                    data-col-index=\"3\"\n                    data-row-index=\"21\"\n                    style=\"                    padding:10px;\n                    \"\n                    >\n                                        <a data-media-content=\"wpdt-media-content\" href=\"https:\/\/www.salcedo.gob.ec\/wp-content\/uploads\/2024\/08\/19-detalle-donativos-oficiales-y-protocolares-2.csv\">Diccionario<\/a>                    <\/td>\n                                        <\/tr>\n                            <tr class=\"wpdt-cell-row \" >\n                                <td class=\"wpdt-cell wpdt-align-justify\"\n                                            data-cell-id=\"A23\"\n                    data-col-index=\"0\"\n                    data-row-index=\"22\"\n                    style=\"                    padding:10px;\n                    \"\n                    >\n                                        20. Registro de activos de informaci\u00f3n frecuente y complementaria                    <\/td>\n                                                <td class=\"wpdt-cell \"\n                                            data-cell-id=\"B23\"\n                    data-col-index=\"1\"\n                    data-row-index=\"22\"\n                    style=\"                    padding:10px;\n                    \"\n                    >\n                                        <a data-media-content=\"wpdt-media-content\" href=\"https:\/\/www.salcedo.gob.ec\/wp-content\/uploads\/2024\/11\/20-registro-de-activos-de-informacion-frecuente-y-complementaria-1-octubre.csv\">conjunto de datos                    <\/td>\n                                                <td class=\"wpdt-cell  wpdt-empty-cell \"\n                                            data-cell-id=\"C23\"\n                    data-col-index=\"2\"\n                    data-row-index=\"22\"\n                    style=\"                    padding:10px;\n                    \"\n                    >\n                                                            <\/td>\n                                                <td class=\"wpdt-cell \"\n                                            data-cell-id=\"D23\"\n                    data-col-index=\"3\"\n                    data-row-index=\"22\"\n                    style=\"                    padding:10px;\n                    \"\n                    >\n                                        <a data-media-content=\"wpdt-media-content\" href=\"https:\/\/www.salcedo.gob.ec\/wp-content\/uploads\/2024\/08\/20-registro-de-activos-de-informacion-frecuente-y-complementaria-2.csv\">Diccionario<\/a>                    <\/td>\n                                        <\/tr>\n                            <tr class=\"wpdt-cell-row \" style=\"height:41px;\">\n                                <td class=\"wpdt-cell wpdt-align-justify\"\n                                            data-cell-id=\"A24\"\n                    data-col-index=\"0\"\n                    data-row-index=\"23\"\n                    style=\"                    padding:10px;\n                    \"\n                    >\n                                        21. Pol\u00edticas p\u00fablicas o informaci\u00f3n grupo espec\u00edfico                    <\/td>\n                                                <td class=\"wpdt-cell \"\n                                            data-cell-id=\"B24\"\n                    data-col-index=\"1\"\n                    data-row-index=\"23\"\n                    style=\"                    padding:10px;\n                    \"\n                    >\n                                        <a data-media-content=\"wpdt-media-content\" href=\"https:\/\/www.salcedo.gob.ec\/wp-content\/uploads\/2024\/11\/21-politicas-publicas-o-informacion-grupo-especifico-1-2.csv\">conjunto de datos                    <\/td>\n                                                <td class=\"wpdt-cell  wpdt-empty-cell \"\n                                            data-cell-id=\"C24\"\n                    data-col-index=\"2\"\n                    data-row-index=\"23\"\n                    style=\"                    padding:10px;\n                    \"\n                    >\n                                                            <\/td>\n                                                <td class=\"wpdt-cell \"\n                                            data-cell-id=\"D24\"\n                    data-col-index=\"3\"\n                    data-row-index=\"23\"\n                    style=\"                    padding:10px;\n                    \"\n                    >\n                                        <a data-media-content=\"wpdt-media-content\" href=\"https:\/\/www.salcedo.gob.ec\/wp-content\/uploads\/2024\/08\/21-politicas-publicas-o-informacion-grupo-especifico-2.csv\">Diccionario<\/a>                    <\/td>\n                                        <\/tr>\n                            <tr class=\"wpdt-cell-row \" >\n                                <td class=\"wpdt-cell wpdt-align-justify\"\n                                            data-cell-id=\"A25\"\n                    data-col-index=\"0\"\n                    data-row-index=\"24\"\n                    style=\"                    padding:10px;\n                    \"\n                    >\n                                        23. Detalle personas servidoras p\u00fablicas con acciones afirmativas                    <\/td>\n                                                <td class=\"wpdt-cell \"\n                                            data-cell-id=\"B25\"\n                    data-col-index=\"1\"\n                    data-row-index=\"24\"\n                    style=\"                    padding:10px;\n                    \"\n                    >\n                                        <a data-media-content=\"wpdt-media-content\" href=\"https:\/\/www.salcedo.gob.ec\/wp-content\/uploads\/2024\/11\/23-detalle-personas-servidoras-publicas-con-acciones-afirmativas.csv\">conjunto de datos                    <\/td>\n                                                <td class=\"wpdt-cell  wpdt-empty-cell \"\n                                            data-cell-id=\"C25\"\n                    data-col-index=\"2\"\n                    data-row-index=\"24\"\n                    style=\"                    padding:10px;\n                    \"\n                    >\n                                                            <\/td>\n                                                <td class=\"wpdt-cell \"\n                                            data-cell-id=\"D25\"\n                    data-col-index=\"3\"\n                    data-row-index=\"24\"\n                    style=\"                    padding:10px;\n                    \"\n                    >\n                                        <a data-media-content=\"wpdt-media-content\" href=\"https:\/\/www.salcedo.gob.ec\/wp-content\/uploads\/2024\/08\/23-DETALLE-PERSONAS-2.csv\">Diccionario<\/a>                    <\/td>\n                                        <\/tr>\n                            <tr class=\"wpdt-cell-row \" >\n                                <td class=\"wpdt-cell wpdt-align-justify\"\n                                            data-cell-id=\"A26\"\n                    data-col-index=\"0\"\n                    data-row-index=\"25\"\n                    style=\"                    padding:10px;\n                    \"\n                    >\n                                        24. Informaci\u00f3n relevante para el ejercicio de derechos ODS                    <\/td>\n                                                <td class=\"wpdt-cell \"\n                                            data-cell-id=\"B26\"\n                    data-col-index=\"1\"\n                    data-row-index=\"25\"\n                    style=\"                    padding:10px;\n                    \"\n                    >\n                                        <a data-media-content=\"wpdt-media-content\" href=\"https:\/\/www.salcedo.gob.ec\/wp-content\/uploads\/2024\/11\/24-informacion-relevante-para-el-ejercicio-de-derechos-ods1.csv\">conjunto de datos                    <\/td>\n                                                <td class=\"wpdt-cell  wpdt-empty-cell \"\n                                            data-cell-id=\"C26\"\n                    data-col-index=\"2\"\n                    data-row-index=\"25\"\n                    style=\"                    padding:10px;\n                    \"\n                    >\n                                                            <\/td>\n                                                <td class=\"wpdt-cell \"\n                                            data-cell-id=\"D26\"\n                    data-col-index=\"3\"\n                    data-row-index=\"25\"\n                    style=\"                    padding:10px;\n                    \"\n                    >\n                                        <a data-media-content=\"wpdt-media-content\" href=\"https:\/\/www.salcedo.gob.ec\/wp-content\/uploads\/2024\/08\/24-informacion-relevante-para-el-ejercicio-de-derechos-ods-2.csv\">Diccionario<\/a>                    <\/td>\n                                        <\/tr>\n                            <tr class=\"wpdt-cell-row \" >\n                                <td class=\"wpdt-cell \"\n                                            data-cell-id=\"A27\"\n                    data-col-index=\"0\"\n                    data-row-index=\"26\"\n                    style=\"                    padding:10px;\n                    \"\n                    >\n                                        art-24-1-gobiernos-autonomos-descentralizados                    <\/td>\n                                                <td class=\"wpdt-cell \"\n                                            data-cell-id=\"B27\"\n                    data-col-index=\"1\"\n                    data-row-index=\"26\"\n                    style=\"                    padding:10px;\n                    \"\n                    >\n                                        <a data-media-content=\"wpdt-media-content\" href=\"https:\/\/www.salcedo.gob.ec\/wp-content\/uploads\/2024\/11\/art-24-1-gobiernos-autonomos-descentralizados-3.csv\">conjunto de datos                    <\/td>\n                                                <td class=\"wpdt-cell  wpdt-empty-cell \"\n                                            data-cell-id=\"C27\"\n                    data-col-index=\"2\"\n                    data-row-index=\"26\"\n                    style=\"                    padding:10px;\n                    \"\n                    >\n                                                            <\/td>\n                                                <td class=\"wpdt-cell \"\n                                            data-cell-id=\"D27\"\n                    data-col-index=\"3\"\n                    data-row-index=\"26\"\n                    style=\"                    padding:10px;\n                    \"\n                    >\n                                        <a data-media-content=\"wpdt-media-content\" href=\"https:\/\/www.salcedo.gob.ec\/wp-content\/uploads\/2024\/08\/art-24-1-gobiernos-autonomos-descentralizados-2.csv\">Diccionario<\/a>                    <\/td>\n                                        <\/tr>\n                            <tr class=\"wpdt-cell-row \" >\n                                <td class=\"wpdt-cell \"\n                                            data-cell-id=\"A28\"\n                    data-col-index=\"0\"\n                    data-row-index=\"27\"\n                    style=\"                    padding:10px;\n                    \"\n                    >\n                                        art-24-2-gobiernos-utonomos-descentralizados                    <\/td>\n                                                <td class=\"wpdt-cell \"\n                                            data-cell-id=\"B28\"\n                    data-col-index=\"1\"\n                    data-row-index=\"27\"\n                    style=\"                    padding:10px;\n                    \"\n                    >\n                                        <a data-media-content=\"wpdt-media-content\" href=\"https:\/\/www.salcedo.gob.ec\/wp-content\/uploads\/2024\/11\/art-24-2-gobiernos-utonomos-descentralizados-2.csv\">conjunto de datos                    <\/td>\n                                                <td class=\"wpdt-cell  wpdt-empty-cell \"\n                                            data-cell-id=\"C28\"\n                    data-col-index=\"2\"\n                    data-row-index=\"27\"\n                    style=\"                    padding:10px;\n                    \"\n                    >\n                                                            <\/td>\n                                                <td class=\"wpdt-cell \"\n                                            data-cell-id=\"D28\"\n                    data-col-index=\"3\"\n                    data-row-index=\"27\"\n                    style=\"                    padding:10px;\n                    \"\n                    >\n                                        <a data-media-content=\"wpdt-media-content\" href=\"https:\/\/www.salcedo.gob.ec\/wp-content\/uploads\/2024\/08\/art-24-2-gobiernos-utonomos-descentralizados-2.csv\">Diccionario<\/a>                    <\/td>\n                                        <\/tr>\n                    <\/table>\n<\/div><style id='wpdt-custom-style-19'>\n.wpdt-tc-085390 { color: #085390 !important;}\n<\/style>\n\n\n\n\n<p class=\"wp-block-paragraph\"><\/p>\n\n\n\n\n\n<p class=\"wp-block-paragraph\"><\/p>\n\n\n\n    <h3 class=\"wpdt-c\"\n        id=\"wdt-table-title-20\">NOVIEMBRE 2024<\/h3>\n<div class=\"wpdt-c row wpDataTableContainerSimpleTable wpDataTables wpDataTablesWrapper\n\"\n    >\n        <table id=\"wpdtSimpleTable-20\"\n           style=\"border-collapse:collapse;\n                   border-spacing:0px;\"\n           class=\"wpdtSimpleTable wpDataTable\"\n           data-column=\"4\"\n           data-rows=\"28\"\n           data-wpID=\"20\"\n           data-responsive=\"0\"\n           data-has-header=\"0\">\n\n                    <tbody>        <tr class=\"wpdt-cell-row \" >\n                                <td class=\"wpdt-cell wpdt-bold wpdt-underline wpdt-tc-085390 wpdt-align-justify\"\n                                            data-cell-id=\"A1\"\n                    data-col-index=\"0\"\n                    data-row-index=\"0\"\n                    style=\" width:35.601265822785%;                    padding:10px;\n                    \"\n                    >\n                                        MATRIZ                    <\/td>\n                                                <td class=\"wpdt-cell wpdt-bold wpdt-underline wpdt-tc-085390\"\n                                            data-cell-id=\"B1\"\n                    data-col-index=\"1\"\n                    data-row-index=\"0\"\n                    style=\" width:21.677215189873%;                    padding:10px;\n                    \"\n                    >\n                                        CONJUNTO DE DATOS                    <\/td>\n                                                <td class=\"wpdt-cell wpdt-bold wpdt-underline wpdt-tc-085390\"\n                                            data-cell-id=\"C1\"\n                    data-col-index=\"2\"\n                    data-row-index=\"0\"\n                    style=\" width:21.360759493671%;                    padding:10px;\n                    \"\n                    >\n                                        METADATOS                    <\/td>\n                                                <td class=\"wpdt-cell wpdt-bold wpdt-underline wpdt-tc-085390\"\n                                            data-cell-id=\"D1\"\n                    data-col-index=\"3\"\n                    data-row-index=\"0\"\n                    style=\" width:21.360759493671%;                    padding:10px;\n                    \"\n                    >\n                                        DICCIONARIO                    <\/td>\n                                        <\/tr>\n                            <tr class=\"wpdt-cell-row \" >\n                                <td class=\"wpdt-cell wpdt-align-justify\"\n                                            data-cell-id=\"A2\"\n                    data-col-index=\"0\"\n                    data-row-index=\"1\"\n                    style=\"                    padding:10px;\n                    \"\n                    >\n                                        1.1 Estructura orga\u0301nica                    <\/td>\n                                                <td class=\"wpdt-cell \"\n                                            data-cell-id=\"B2\"\n                    data-col-index=\"1\"\n                    data-row-index=\"1\"\n                    style=\"                    padding:10px;\n                    \"\n                    >\n                                        <a data-media-content=\"wpdt-media-content\" href=\"https:\/\/www.salcedo.gob.ec\/wp-content\/uploads\/2024\/11\/1-1-estructura-organica.csv\">conjunto de datos                    <\/td>\n                                                <td class=\"wpdt-cell \"\n                                            data-cell-id=\"C2\"\n                    data-col-index=\"2\"\n                    data-row-index=\"1\"\n                    style=\"                    padding:10px;\n                    \"\n                    >\n                                        <a data-media-content=\"wpdt-media-content\" href=\"https:\/\/www.salcedo.gob.ec\/wp-content\/uploads\/2024\/11\/1-1-estructura-organica-1.csv\">metadatos                    <\/td>\n                                                <td class=\"wpdt-cell \"\n                                            data-cell-id=\"D2\"\n                    data-col-index=\"3\"\n                    data-row-index=\"1\"\n                    style=\"                    padding:10px;\n                    \"\n                    >\n                                        <a data-media-content=\"wpdt-media-content\" href=\"https:\/\/www.salcedo.gob.ec\/wp-content\/uploads\/2024\/08\/1_1-estructura-organica-2.csv\">Diccionario<\/a>                    <\/td>\n                                        <\/tr>\n                            <tr class=\"wpdt-cell-row \" >\n                                <td class=\"wpdt-cell wpdt-align-justify\"\n                                            data-cell-id=\"A3\"\n                    data-col-index=\"0\"\n                    data-row-index=\"2\"\n                    style=\"                    padding:10px;\n                    \"\n                    >\n                                        1.2 Base Legal regulaciones procedimientos internos                    <\/td>\n                                                <td class=\"wpdt-cell \"\n                                            data-cell-id=\"B3\"\n                    data-col-index=\"1\"\n                    data-row-index=\"2\"\n                    style=\"                    padding:10px;\n                    \"\n                    >\n                                        <a data-media-content=\"wpdt-media-content\" href=\"https:\/\/www.salcedo.gob.ec\/wp-content\/uploads\/2024\/11\/1-2-base-legal-regulaciones-procedimientos-internos-2.csv\">conjunto de datos                    <\/td>\n                                                <td class=\"wpdt-cell \"\n                                            data-cell-id=\"C3\"\n                    data-col-index=\"2\"\n                    data-row-index=\"2\"\n                    style=\"                    padding:10px;\n                    \"\n                    >\n                                        <a data-media-content=\"wpdt-media-content\" href=\"https:\/\/www.salcedo.gob.ec\/wp-content\/uploads\/2024\/11\/1-2-base-legal-regulaciones-procedimientos-internos-2.csv\">metadatos                    <\/td>\n                                                <td class=\"wpdt-cell  wpdt-empty-cell \"\n                                            data-cell-id=\"D3\"\n                    data-col-index=\"3\"\n                    data-row-index=\"2\"\n                    style=\"                    padding:10px;\n                    \"\n                    >\n                                                            <\/td>\n                                        <\/tr>\n                            <tr class=\"wpdt-cell-row \" >\n                                <td class=\"wpdt-cell wpdt-align-justify\"\n                                            data-cell-id=\"A4\"\n                    data-col-index=\"0\"\n                    data-row-index=\"3\"\n                    style=\"                    padding:10px;\n                    \"\n                    >\n                                        1.3 Metas y objetivos unidades                    <\/td>\n                                                <td class=\"wpdt-cell \"\n                                            data-cell-id=\"B4\"\n                    data-col-index=\"1\"\n                    data-row-index=\"3\"\n                    style=\"                    padding:10px;\n                    \"\n                    >\n                                        <a data-media-content=\"wpdt-media-content\" href=\"https:\/\/www.salcedo.gob.ec\/wp-content\/uploads\/2024\/11\/1.3-Metas-y-objetivos-unidades-1.csv\">conjunto de datos                    <\/td>\n                                                <td class=\"wpdt-cell \"\n                                            data-cell-id=\"C4\"\n                    data-col-index=\"2\"\n                    data-row-index=\"3\"\n                    style=\"                    padding:10px;\n                    \"\n                    >\n                                        <a data-media-content=\"wpdt-media-content\" href=\"https:\/\/www.salcedo.gob.ec\/wp-content\/uploads\/2024\/11\/1-3-Metas-y-objetivos-unidadesssss.csv\">metadatos                    <\/td>\n                                                <td class=\"wpdt-cell \"\n                                            data-cell-id=\"D4\"\n                    data-col-index=\"3\"\n                    data-row-index=\"3\"\n                    style=\"                    padding:10px;\n                    \"\n                    >\n                                        <a data-media-content=\"wpdt-media-content\" href=\"https:\/\/www.salcedo.gob.ec\/wp-content\/uploads\/2024\/08\/1.3-Metas-y-objetivos_unidades-2.csv\">Diccionario<\/a>                    <\/td>\n                                        <\/tr>\n                            <tr class=\"wpdt-cell-row \" >\n                                <td class=\"wpdt-cell wpdt-align-justify\"\n                                            data-cell-id=\"A5\"\n                    data-col-index=\"0\"\n                    data-row-index=\"4\"\n                    style=\"                    padding:10px;\n                    \"\n                    >\n                                        2. Directorio y distributivo personal de la entidad                    <\/td>\n                                                <td class=\"wpdt-cell \"\n                                            data-cell-id=\"B5\"\n                    data-col-index=\"1\"\n                    data-row-index=\"4\"\n                    style=\"                    padding:10px;\n                    \"\n                    >\n                                        <a data-media-content=\"wpdt-media-content\" href=\"https:\/\/www.salcedo.gob.ec\/wp-content\/uploads\/2024\/11\/2-DIRECTORIOS-SEPTIEMBRE-2024-1.csv\">conjunto de datos                    <\/td>\n                                                <td class=\"wpdt-cell \"\n                                            data-cell-id=\"C5\"\n                    data-col-index=\"2\"\n                    data-row-index=\"4\"\n                    style=\"                    padding:10px;\n                    \"\n                    >\n                                        <a data-media-content=\"wpdt-media-content\" href=\"https:\/\/www.salcedo.gob.ec\/wp-content\/uploads\/2024\/11\/2-directorio-y-distributivo-personal-de-la-entidad.csv\">metadatos                    <\/td>\n                                                <td class=\"wpdt-cell \"\n                                            data-cell-id=\"D5\"\n                    data-col-index=\"3\"\n                    data-row-index=\"4\"\n                    style=\"                    padding:10px;\n                    \"\n                    >\n                                        <a data-media-content=\"wpdt-media-content\" href=\"https:\/\/www.salcedo.gob.ec\/wp-content\/uploads\/2024\/08\/2-DIRECTORIOS-2.csv\">Diccionario<\/a>                    <\/td>\n                                        <\/tr>\n                            <tr class=\"wpdt-cell-row \" >\n                                <td class=\"wpdt-cell wpdt-align-justify\"\n                                            data-cell-id=\"A6\"\n                    data-col-index=\"0\"\n                    data-row-index=\"5\"\n                    style=\"                    padding:10px;\n                    \"\n                    >\n                                        3. Remuneraciones ingresos adicionales                    <\/td>\n                                                <td class=\"wpdt-cell \"\n                                            data-cell-id=\"B6\"\n                    data-col-index=\"1\"\n                    data-row-index=\"5\"\n                    style=\"                    padding:10px;\n                    \"\n                    >\n                                        <a data-media-content=\"wpdt-media-content\" href=\"https:\/\/www.salcedo.gob.ec\/wp-content\/uploads\/2024\/11\/3-REMUNERACIONES-INGRESOS-ADICIONALES_SEPTIEMBRE-2024.csv\">conjunto de datos                    <\/td>\n                                                <td class=\"wpdt-cell \"\n                                            data-cell-id=\"C6\"\n                    data-col-index=\"2\"\n                    data-row-index=\"5\"\n                    style=\"                    padding:10px;\n                    \"\n                    >\n                                        <a data-media-content=\"wpdt-media-content\" href=\"https:\/\/www.salcedo.gob.ec\/wp-content\/uploads\/2024\/11\/3-remuneraciones-ingresos-adicionales.csv\">metadatos                    <\/td>\n                                                <td class=\"wpdt-cell \"\n                                            data-cell-id=\"D6\"\n                    data-col-index=\"3\"\n                    data-row-index=\"5\"\n                    style=\"                    padding:10px;\n                    \"\n                    >\n                                        <a data-media-content=\"wpdt-media-content\" href=\"https:\/\/www.salcedo.gob.ec\/wp-content\/uploads\/2024\/08\/3-REMUNERACIONES-INGRESOS-ADICIONALES-2024-2.csv\">Diccionario<\/a>                    <\/td>\n                                        <\/tr>\n                            <tr class=\"wpdt-cell-row \" >\n                                <td class=\"wpdt-cell wpdt-align-justify\"\n                                            data-cell-id=\"A7\"\n                    data-col-index=\"0\"\n                    data-row-index=\"6\"\n                    style=\"                    padding:10px;\n                    \"\n                    >\n                                        4. Detalle licencia comisiones                    <\/td>\n                                                <td class=\"wpdt-cell \"\n                                            data-cell-id=\"B7\"\n                    data-col-index=\"1\"\n                    data-row-index=\"6\"\n                    style=\"                    padding:10px;\n                    \"\n                    >\n                                        <a data-media-content=\"wpdt-media-content\" href=\"https:\/\/www.salcedo.gob.ec\/wp-content\/uploads\/2024\/11\/4-detalle-licencia-comisiones.csv\">conjunto de datos                    <\/td>\n                                                <td class=\"wpdt-cell \"\n                                            data-cell-id=\"C7\"\n                    data-col-index=\"2\"\n                    data-row-index=\"6\"\n                    style=\"                    padding:10px;\n                    \"\n                    >\n                                        <a data-media-content=\"wpdt-media-content\" href=\"https:\/\/www.salcedo.gob.ec\/wp-content\/uploads\/2024\/11\/4-detalle-licencia-comisiones.csv\">metadatos                    <\/td>\n                                                <td class=\"wpdt-cell \"\n                                            data-cell-id=\"D7\"\n                    data-col-index=\"3\"\n                    data-row-index=\"6\"\n                    style=\"                    padding:10px;\n                    \"\n                    >\n                                        <a data-media-content=\"wpdt-media-content\" href=\"https:\/\/www.salcedo.gob.ec\/wp-content\/uploads\/2024\/08\/4-LICENCIAS-COMISIONES-2.csv\">Diccionario<\/a>                    <\/td>\n                                        <\/tr>\n                            <tr class=\"wpdt-cell-row \" >\n                                <td class=\"wpdt-cell wpdt-align-justify\"\n                                            data-cell-id=\"A8\"\n                    data-col-index=\"0\"\n                    data-row-index=\"7\"\n                    style=\"                    padding:10px;\n                    \"\n                    >\n                                        5-22. Servicios formularios formatos tramites                    <\/td>\n                                                <td class=\"wpdt-cell \"\n                                            data-cell-id=\"B8\"\n                    data-col-index=\"1\"\n                    data-row-index=\"7\"\n                    style=\"                    padding:10px;\n                    \"\n                    >\n                                        <a data-media-content=\"wpdt-media-content\" href=\"https:\/\/www.salcedo.gob.ec\/wp-content\/uploads\/2024\/11\/5_22-servicios-formularios-formatos-tramites-OCTUBRE.csv\">conjunto de datos                    <\/td>\n                                                <td class=\"wpdt-cell \"\n                                            data-cell-id=\"C8\"\n                    data-col-index=\"2\"\n                    data-row-index=\"7\"\n                    style=\"                    padding:10px;\n                    \"\n                    >\n                                        <a data-media-content=\"wpdt-media-content\" href=\"https:\/\/www.salcedo.gob.ec\/wp-content\/uploads\/2024\/11\/5_22-servicios-formularios-formatos-tramites-gg-1.csv\">metadatos                    <\/td>\n                                                <td class=\"wpdt-cell \"\n                                            data-cell-id=\"D8\"\n                    data-col-index=\"3\"\n                    data-row-index=\"7\"\n                    style=\"                    padding:10px;\n                    \"\n                    >\n                                        <a data-media-content=\"wpdt-media-content\" href=\"https:\/\/www.salcedo.gob.ec\/wp-content\/uploads\/2024\/08\/5-22.-Servicios-Formularios-formatos-tramites-2.csv\">Diccionario<\/a>                    <\/td>\n                                        <\/tr>\n                            <tr class=\"wpdt-cell-row \" >\n                                <td class=\"wpdt-cell wpdt-align-justify\"\n                                            data-cell-id=\"A9\"\n                    data-col-index=\"0\"\n                    data-row-index=\"8\"\n                    style=\"                    padding:10px;\n                    \"\n                    >\n                                        6. Presupuesto de la instituci\u00f3n                    <\/td>\n                                                <td class=\"wpdt-cell \"\n                                            data-cell-id=\"B9\"\n                    data-col-index=\"1\"\n                    data-row-index=\"8\"\n                    style=\"                    padding:10px;\n                    \"\n                    >\n                                        <a data-media-content=\"wpdt-media-content\" href=\"https:\/\/www.salcedo.gob.ec\/wp-content\/uploads\/2024\/11\/6-Presupuesto-de-la-institucion-2.csv\">conjunto de datos                    <\/td>\n                                                <td class=\"wpdt-cell \"\n                                            data-cell-id=\"C9\"\n                    data-col-index=\"2\"\n                    data-row-index=\"8\"\n                    style=\"                    padding:10px;\n                    \"\n                    >\n                                        <a data-media-content=\"wpdt-media-content\" href=\"https:\/\/www.salcedo.gob.ec\/wp-content\/uploads\/2024\/11\/6-Presupuesto-de-la-institucion-1.csv\">metadatos                    <\/td>\n                                                <td class=\"wpdt-cell \"\n                                            data-cell-id=\"D9\"\n                    data-col-index=\"3\"\n                    data-row-index=\"8\"\n                    style=\"                    padding:10px;\n                    \"\n                    >\n                                        <a data-media-content=\"wpdt-media-content\" href=\"https:\/\/www.salcedo.gob.ec\/wp-content\/uploads\/2024\/08\/6-presupuesto-de-la-institucion-2.csv\">Diccionario<\/a>                    <\/td>\n                                        <\/tr>\n                            <tr class=\"wpdt-cell-row \" >\n                                <td class=\"wpdt-cell wpdt-align-justify\"\n                                            data-cell-id=\"A10\"\n                    data-col-index=\"0\"\n                    data-row-index=\"9\"\n                    style=\"                    padding:10px;\n                    \"\n                    >\n                                        7. Resultados de las auditorias internas y gubernamentales                    <\/td>\n                                                <td class=\"wpdt-cell \"\n                                            data-cell-id=\"B10\"\n                    data-col-index=\"1\"\n                    data-row-index=\"9\"\n                    style=\"                    padding:10px;\n                    \"\n                    >\n                                        <a data-media-content=\"wpdt-media-content\" href=\"https:\/\/www.salcedo.gob.ec\/wp-content\/uploads\/2024\/11\/7-resultados-de-las-auditorias-internas-y-gubernamentales-2.csv\">conjunto de datos                    <\/td>\n                                                <td class=\"wpdt-cell \"\n                                            data-cell-id=\"C10\"\n                    data-col-index=\"2\"\n                    data-row-index=\"9\"\n                    style=\"                    padding:10px;\n                    \"\n                    >\n                                        <a data-media-content=\"wpdt-media-content\" href=\"https:\/\/www.salcedo.gob.ec\/wp-content\/uploads\/2024\/11\/7-resultados-de-las-auditorias-internas-y-gubernamentales-1.csv\">metadatos                    <\/td>\n                                                <td class=\"wpdt-cell \"\n                                            data-cell-id=\"D10\"\n                    data-col-index=\"3\"\n                    data-row-index=\"9\"\n                    style=\"                    padding:10px;\n                    \"\n                    >\n                                        <a data-media-content=\"wpdt-media-content\" href=\"https:\/\/www.salcedo.gob.ec\/wp-content\/uploads\/2024\/08\/7-resultados-de-las-auditorias-internas-y-gubernamentales-2.csv\">Diccionario<\/a>                    <\/td>\n                                        <\/tr>\n                            <tr class=\"wpdt-cell-row \" >\n                                <td class=\"wpdt-cell wpdt-align-justify\"\n                                            data-cell-id=\"A11\"\n                    data-col-index=\"0\"\n                    data-row-index=\"10\"\n                    style=\"                    padding:10px;\n                    \"\n                    >\n                                        8. Procesos de contrataci\u00f3n p\u00fablica                    <\/td>\n                                                <td class=\"wpdt-cell \"\n                                            data-cell-id=\"B11\"\n                    data-col-index=\"1\"\n                    data-row-index=\"10\"\n                    style=\"                    padding:10px;\n                    \"\n                    >\n                                        <a data-media-content=\"wpdt-media-content\" href=\"https:\/\/www.salcedo.gob.ec\/wp-content\/uploads\/2024\/11\/8-procesos-de-contratacion-publica.csv\">conjunto de datos                    <\/td>\n                                                <td class=\"wpdt-cell \"\n                                            data-cell-id=\"C11\"\n                    data-col-index=\"2\"\n                    data-row-index=\"10\"\n                    style=\"                    padding:10px;\n                    \"\n                    >\n                                        <a data-media-content=\"wpdt-media-content\" href=\"https:\/\/www.salcedo.gob.ec\/wp-content\/uploads\/2024\/11\/8-procesos-de-contratacion-publica7-1.csv\">metadatos                    <\/td>\n                                                <td class=\"wpdt-cell \"\n                                            data-cell-id=\"D11\"\n                    data-col-index=\"3\"\n                    data-row-index=\"10\"\n                    style=\"                    padding:10px;\n                    \"\n                    >\n                                        <a data-media-content=\"wpdt-media-content\" href=\"https:\/\/www.salcedo.gob.ec\/wp-content\/uploads\/2024\/08\/8-procesos-de-contratacion-publica-2.csv\">Diccionario<\/a>                    <\/td>\n                                        <\/tr>\n                            <tr class=\"wpdt-cell-row \" >\n                                <td class=\"wpdt-cell wpdt-align-justify\"\n                                            data-cell-id=\"A12\"\n                    data-col-index=\"0\"\n                    data-row-index=\"11\"\n                    style=\"                    padding:10px;\n                    \"\n                    >\n                                        9. Listado de empresas y personas que han incumplido contratos                    <\/td>\n                                                <td class=\"wpdt-cell \"\n                                            data-cell-id=\"B12\"\n                    data-col-index=\"1\"\n                    data-row-index=\"11\"\n                    style=\"                    padding:10px;\n                    \"\n                    >\n                                        <a data-media-content=\"wpdt-media-content\" href=\"https:\/\/www.salcedo.gob.ec\/wp-content\/uploads\/2024\/11\/9-listado-de-empresas-y-personas-que-han-incumplido-contratos-2.csv\">conjunto de datos                    <\/td>\n                                                <td class=\"wpdt-cell \"\n                                            data-cell-id=\"C12\"\n                    data-col-index=\"2\"\n                    data-row-index=\"11\"\n                    style=\"                    padding:10px;\n                    \"\n                    >\n                                        <a data-media-content=\"wpdt-media-content\" href=\"https:\/\/www.salcedo.gob.ec\/wp-content\/uploads\/2024\/11\/9-listado-de-empresas-y-personas-que-han-incumplido-contratos-1.csv\">metadatos                    <\/td>\n                                                <td class=\"wpdt-cell \"\n                                            data-cell-id=\"D12\"\n                    data-col-index=\"3\"\n                    data-row-index=\"11\"\n                    style=\"                    padding:10px;\n                    \"\n                    >\n                                        <a data-media-content=\"wpdt-media-content\" href=\"https:\/\/www.salcedo.gob.ec\/wp-content\/uploads\/2024\/08\/9-listado-de-empresas-y-personas-que-han-incumplido-contratos-2.csv\">Diccionario<\/a>                    <\/td>\n                                        <\/tr>\n                            <tr class=\"wpdt-cell-row \" >\n                                <td class=\"wpdt-cell wpdt-align-justify\"\n                                            data-cell-id=\"A13\"\n                    data-col-index=\"0\"\n                    data-row-index=\"12\"\n                    style=\"                    padding:10px;\n                    \"\n                    >\n                                        10. Planes y programas                    <\/td>\n                                                <td class=\"wpdt-cell \"\n                                            data-cell-id=\"B13\"\n                    data-col-index=\"1\"\n                    data-row-index=\"12\"\n                    style=\"                    padding:10px;\n                    \"\n                    >\n                                        <a data-media-content=\"wpdt-media-content\" href=\"https:\/\/www.salcedo.gob.ec\/wp-content\/uploads\/2024\/11\/10-planes-y-programas-2024-2.csv\">conjunto de datos                    <\/td>\n                                                <td class=\"wpdt-cell \"\n                                            data-cell-id=\"C13\"\n                    data-col-index=\"2\"\n                    data-row-index=\"12\"\n                    style=\"                    padding:10px;\n                    \"\n                    >\n                                        <a data-media-content=\"wpdt-media-content\" href=\"https:\/\/www.salcedo.gob.ec\/wp-content\/uploads\/2024\/11\/10-planes-y-programas-2024-1.csv\">metadatos                    <\/td>\n                                                <td class=\"wpdt-cell \"\n                                            data-cell-id=\"D13\"\n                    data-col-index=\"3\"\n                    data-row-index=\"12\"\n                    style=\"                    padding:10px;\n                    \"\n                    >\n                                        <a data-media-content=\"wpdt-media-content\" href=\"https:\/\/www.salcedo.gob.ec\/wp-content\/uploads\/2024\/08\/10-planes-y-programas-2024-2.csv\">Diccionario<\/a>                    <\/td>\n                                        <\/tr>\n                            <tr class=\"wpdt-cell-row \" >\n                                <td class=\"wpdt-cell wpdt-align-justify\"\n                                            data-cell-id=\"A14\"\n                    data-col-index=\"0\"\n                    data-row-index=\"13\"\n                    style=\"                    padding:10px;\n                    \"\n                    >\n                                        11. Contratos de cr\u00e9dito externos o internos                    <\/td>\n                                                <td class=\"wpdt-cell \"\n                                            data-cell-id=\"B14\"\n                    data-col-index=\"1\"\n                    data-row-index=\"13\"\n                    style=\"                    padding:10px;\n                    \"\n                    >\n                                        <a data-media-content=\"wpdt-media-content\" href=\"https:\/\/www.salcedo.gob.ec\/wp-content\/uploads\/2024\/11\/11-contratos-de-credito-externos-o-internos-2.csv\">conjunto de datos                    <\/td>\n                                                <td class=\"wpdt-cell \"\n                                            data-cell-id=\"C14\"\n                    data-col-index=\"2\"\n                    data-row-index=\"13\"\n                    style=\"                    padding:10px;\n                    \"\n                    >\n                                        <a data-media-content=\"wpdt-media-content\" href=\"https:\/\/www.salcedo.gob.ec\/wp-content\/uploads\/2024\/11\/11-contratos-de-credito-externos-o-internos-1.csv\">metadatos                    <\/td>\n                                                <td class=\"wpdt-cell \"\n                                            data-cell-id=\"D14\"\n                    data-col-index=\"3\"\n                    data-row-index=\"13\"\n                    style=\"                    padding:10px;\n                    \"\n                    >\n                                        <a data-media-content=\"wpdt-media-content\" href=\"https:\/\/www.salcedo.gob.ec\/wp-content\/uploads\/2024\/08\/11-contratos-de-credito-externos-o-internos-2.csv\">Diccionario<\/a>                    <\/td>\n                                        <\/tr>\n                            <tr class=\"wpdt-cell-row \" >\n                                <td class=\"wpdt-cell wpdt-align-justify\"\n                                            data-cell-id=\"A15\"\n                    data-col-index=\"0\"\n                    data-row-index=\"14\"\n                    style=\"                    padding:10px;\n                    \"\n                    >\n                                        12. Mecanismos rendicion cuentas                    <\/td>\n                                                <td class=\"wpdt-cell \"\n                                            data-cell-id=\"B15\"\n                    data-col-index=\"1\"\n                    data-row-index=\"14\"\n                    style=\"                    padding:10px;\n                    \"\n                    >\n                                        <a data-media-content=\"wpdt-media-content\" href=\"https:\/\/www.salcedo.gob.ec\/wp-content\/uploads\/2024\/11\/12-mecanismos-rendicion-cuentas-2.csv\">conjunto de datos                    <\/td>\n                                                <td class=\"wpdt-cell \"\n                                            data-cell-id=\"C15\"\n                    data-col-index=\"2\"\n                    data-row-index=\"14\"\n                    style=\"                    padding:10px;\n                    \"\n                    >\n                                        <a data-media-content=\"wpdt-media-content\" href=\"https:\/\/www.salcedo.gob.ec\/wp-content\/uploads\/2024\/11\/12-mecanismos-rendicion-cuentas-1.csv\">metadatos                    <\/td>\n                                                <td class=\"wpdt-cell \"\n                                            data-cell-id=\"D15\"\n                    data-col-index=\"3\"\n                    data-row-index=\"14\"\n                    style=\"                    padding:10px;\n                    \"\n                    >\n                                        <a data-media-content=\"wpdt-media-content\" href=\"https:\/\/www.salcedo.gob.ec\/wp-content\/uploads\/2024\/08\/12-mecanismos-rendicion-cuentas-2.csv\">Diccionario<\/a>                    <\/td>\n                                        <\/tr>\n                            <tr class=\"wpdt-cell-row \" >\n                                <td class=\"wpdt-cell wpdt-align-justify\"\n                                            data-cell-id=\"A16\"\n                    data-col-index=\"0\"\n                    data-row-index=\"15\"\n                    style=\"                    padding:10px;\n                    \"\n                    >\n                                        13. Vi\u00e1ticos informes de trabajo y justificativos de movilizaci\u00f3n                    <\/td>\n                                                <td class=\"wpdt-cell \"\n                                            data-cell-id=\"B16\"\n                    data-col-index=\"1\"\n                    data-row-index=\"15\"\n                    style=\"                    padding:10px;\n                    \"\n                    >\n                                        <a data-media-content=\"wpdt-media-content\" href=\"https:\/\/www.salcedo.gob.ec\/wp-content\/uploads\/2024\/11\/13-viaticos-informes-de-trabajo-y-justificativos-de-movilizacion-2.csv\">conjunto de datos                    <\/td>\n                                                <td class=\"wpdt-cell \"\n                                            data-cell-id=\"C16\"\n                    data-col-index=\"2\"\n                    data-row-index=\"15\"\n                    style=\"                    padding:10px;\n                    \"\n                    >\n                                        <a data-media-content=\"wpdt-media-content\" href=\"https:\/\/www.salcedo.gob.ec\/wp-content\/uploads\/2024\/11\/13-viaticos-informes-de-trabajo-y-justificativos-de-movilizacion-1.csv\">metadatos                    <\/td>\n                                                <td class=\"wpdt-cell \"\n                                            data-cell-id=\"D16\"\n                    data-col-index=\"3\"\n                    data-row-index=\"15\"\n                    style=\"                    padding:10px;\n                    \"\n                    >\n                                        <a data-media-content=\"wpdt-media-content\" href=\"https:\/\/www.salcedo.gob.ec\/wp-content\/uploads\/2024\/08\/13-viaticos-informes-de-trabajo-y-justificativos-de-movilizacion-2.csv\">Diccionario<\/a>                    <\/td>\n                                        <\/tr>\n                            <tr class=\"wpdt-cell-row \" >\n                                <td class=\"wpdt-cell wpdt-align-justify\"\n                                            data-cell-id=\"A17\"\n                    data-col-index=\"0\"\n                    data-row-index=\"16\"\n                    style=\"                    padding:10px;\n                    \"\n                    >\n                                        14. Responsables del acceso de informaci\u00f3n p\u00fablica                    <\/td>\n                                                <td class=\"wpdt-cell \"\n                                            data-cell-id=\"B17\"\n                    data-col-index=\"1\"\n                    data-row-index=\"16\"\n                    style=\"                    padding:10px;\n                    \"\n                    >\n                                        <a data-media-content=\"wpdt-media-content\" href=\"https:\/\/www.salcedo.gob.ec\/wp-content\/uploads\/2024\/11\/14-responsables-del-acceso-de-informacion-publica-2.csv\">conjunto de datos                    <\/td>\n                                                <td class=\"wpdt-cell \"\n                                            data-cell-id=\"C17\"\n                    data-col-index=\"2\"\n                    data-row-index=\"16\"\n                    style=\"                    padding:10px;\n                    \"\n                    >\n                                        <a data-media-content=\"wpdt-media-content\" href=\"https:\/\/www.salcedo.gob.ec\/wp-content\/uploads\/2024\/11\/14-responsables-del-acceso-de-informacion-publica-1.csv\">metadatos                    <\/td>\n                                                <td class=\"wpdt-cell \"\n                                            data-cell-id=\"D17\"\n                    data-col-index=\"3\"\n                    data-row-index=\"16\"\n                    style=\"                    padding:10px;\n                    \"\n                    >\n                                        <a data-media-content=\"wpdt-media-content\" href=\"https:\/\/www.salcedo.gob.ec\/wp-content\/uploads\/2024\/08\/14-responsables-del-acceso-de-informacion-publica-2.csv\">Diccionario<\/a>                    <\/td>\n                                        <\/tr>\n                            <tr class=\"wpdt-cell-row \" >\n                                <td class=\"wpdt-cell wpdt-align-justify\"\n                                            data-cell-id=\"A18\"\n                    data-col-index=\"0\"\n                    data-row-index=\"17\"\n                    style=\"                    padding:10px;\n                    \"\n                    >\n                                        15. Texto \u00edntegro de los contratos colectivos vigentes y reformas                    <\/td>\n                                                <td class=\"wpdt-cell \"\n                                            data-cell-id=\"B18\"\n                    data-col-index=\"1\"\n                    data-row-index=\"17\"\n                    style=\"                    padding:10px;\n                    \"\n                    >\n                                        <a data-media-content=\"wpdt-media-content\" href=\"https:\/\/www.salcedo.gob.ec\/wp-content\/uploads\/2024\/11\/15-texto-integro-de-los-contratos-colectivos-vigentes-y-reformas-2.csv\">conjunto de datos                    <\/td>\n                                                <td class=\"wpdt-cell \"\n                                            data-cell-id=\"C18\"\n                    data-col-index=\"2\"\n                    data-row-index=\"17\"\n                    style=\"                    padding:10px;\n                    \"\n                    >\n                                        <a data-media-content=\"wpdt-media-content\" href=\"https:\/\/www.salcedo.gob.ec\/wp-content\/uploads\/2024\/11\/15-texto-integro-de-los-contratos-colectivos-vigentes-y-reformas-1.csv\">metadatos                    <\/td>\n                                                <td class=\"wpdt-cell \"\n                                            data-cell-id=\"D18\"\n                    data-col-index=\"3\"\n                    data-row-index=\"17\"\n                    style=\"                    padding:10px;\n                    \"\n                    >\n                                        <a data-media-content=\"wpdt-media-content\" href=\"https:\/\/www.salcedo.gob.ec\/wp-content\/uploads\/2024\/08\/15-texto-integro-de-los-contratos-colectivos-vigentes-y-reformas-2.csv\">Diccionario<\/a>                    <\/td>\n                                        <\/tr>\n                            <tr class=\"wpdt-cell-row \" >\n                                <td class=\"wpdt-cell wpdt-align-justify\"\n                                            data-cell-id=\"A19\"\n                    data-col-index=\"0\"\n                    data-row-index=\"18\"\n                    style=\"                    padding:10px;\n                    \"\n                    >\n                                        16. \u00cdndice informaci\u00f3n reservada                    <\/td>\n                                                <td class=\"wpdt-cell \"\n                                            data-cell-id=\"B19\"\n                    data-col-index=\"1\"\n                    data-row-index=\"18\"\n                    style=\"                    padding:10px;\n                    \"\n                    >\n                                        <a data-media-content=\"wpdt-media-content\" href=\"https:\/\/www.salcedo.gob.ec\/wp-content\/uploads\/2024\/11\/16-indice-informacion-reservada-1.csv\">conjunto de datos                    <\/td>\n                                                <td class=\"wpdt-cell \"\n                                            data-cell-id=\"C19\"\n                    data-col-index=\"2\"\n                    data-row-index=\"18\"\n                    style=\"                    padding:10px;\n                    \"\n                    >\n                                        <a data-media-content=\"wpdt-media-content\" href=\"https:\/\/www.salcedo.gob.ec\/wp-content\/uploads\/2024\/11\/16-indice-informacion-reservada-1.csv\">metadatos                    <\/td>\n                                                <td class=\"wpdt-cell \"\n                                            data-cell-id=\"D19\"\n                    data-col-index=\"3\"\n                    data-row-index=\"18\"\n                    style=\"                    padding:10px;\n                    \"\n                    >\n                                        <a data-media-content=\"wpdt-media-content\" href=\"https:\/\/www.salcedo.gob.ec\/wp-content\/uploads\/2024\/08\/16-indice-informacion-reservada-2.csv\">Diccionario<\/a>                    <\/td>\n                                        <\/tr>\n                            <tr class=\"wpdt-cell-row \" >\n                                <td class=\"wpdt-cell wpdt-align-justify\"\n                                            data-cell-id=\"A20\"\n                    data-col-index=\"0\"\n                    data-row-index=\"19\"\n                    style=\"                    padding:10px;\n                    \"\n                    >\n                                        17. Audiencias y reuniones autoridades                    <\/td>\n                                                <td class=\"wpdt-cell \"\n                                            data-cell-id=\"B20\"\n                    data-col-index=\"1\"\n                    data-row-index=\"19\"\n                    style=\"                    padding:10px;\n                    \"\n                    >\n                                        <a data-media-content=\"wpdt-media-content\" href=\"https:\/\/www.salcedo.gob.ec\/wp-content\/uploads\/2024\/11\/17-audiencias-y-reuniones-autoridades_octubre2024.csv\">conunto de datos                    <\/td>\n                                                <td class=\"wpdt-cell \"\n                                            data-cell-id=\"C20\"\n                    data-col-index=\"2\"\n                    data-row-index=\"19\"\n                    style=\"                    padding:10px;\n                    \"\n                    >\n                                        <a data-media-content=\"wpdt-media-content\" href=\"https:\/\/www.salcedo.gob.ec\/wp-content\/uploads\/2024\/11\/17-audiencias-y-reuniones-autoridades_octubre2024.csv\">metadatos                    <\/td>\n                                                <td class=\"wpdt-cell \"\n                                            data-cell-id=\"D20\"\n                    data-col-index=\"3\"\n                    data-row-index=\"19\"\n                    style=\"                    padding:10px;\n                    \"\n                    >\n                                        <a data-media-content=\"wpdt-media-content\" href=\"https:\/\/www.salcedo.gob.ec\/wp-content\/uploads\/2024\/08\/17-audiencias-y-reuniones-autoridades-2.csv\">Diccionario<\/a>                    <\/td>\n                                        <\/tr>\n                            <tr class=\"wpdt-cell-row \" style=\"height:41px;\">\n                                <td class=\"wpdt-cell wpdt-align-justify\"\n                                            data-cell-id=\"A21\"\n                    data-col-index=\"0\"\n                    data-row-index=\"20\"\n                    style=\"                    padding:10px;\n                    \"\n                    >\n                                        18. Detalle de convenios nacionales e internacionales                    <\/td>\n                                                <td class=\"wpdt-cell \"\n                                            data-cell-id=\"B21\"\n                    data-col-index=\"1\"\n                    data-row-index=\"20\"\n                    style=\"                    padding:10px;\n                    \"\n                    >\n                                        <a data-media-content=\"wpdt-media-content\" href=\"https:\/\/www.salcedo.gob.ec\/wp-content\/uploads\/2024\/11\/18-detalle-de-convenios-nacionales-e-internacionales-2.csv\">conjunto de datos                    <\/td>\n                                                <td class=\"wpdt-cell \"\n                                            data-cell-id=\"C21\"\n                    data-col-index=\"2\"\n                    data-row-index=\"20\"\n                    style=\"                    padding:10px;\n                    \"\n                    >\n                                        <a data-media-content=\"wpdt-media-content\" href=\"https:\/\/www.salcedo.gob.ec\/wp-content\/uploads\/2024\/11\/18-detalle-de-convenios-nacionales-e-internacionales-2.csv\">metadatos                    <\/td>\n                                                <td class=\"wpdt-cell \"\n                                            data-cell-id=\"D21\"\n                    data-col-index=\"3\"\n                    data-row-index=\"20\"\n                    style=\"                    padding:10px;\n                    \"\n                    >\n                                        <a data-media-content=\"wpdt-media-content\" href=\"https:\/\/www.salcedo.gob.ec\/wp-content\/uploads\/2024\/08\/18-detalle-de-convenios-nacionales-e-internacionales-2.csv\">Diccionario<\/a>                    <\/td>\n                                        <\/tr>\n                            <tr class=\"wpdt-cell-row \" >\n                                <td class=\"wpdt-cell wpdt-align-justify\"\n                                            data-cell-id=\"A22\"\n                    data-col-index=\"0\"\n                    data-row-index=\"21\"\n                    style=\"                    padding:10px;\n                    \"\n                    >\n                                        19. Detalle donativos oficiales y protocolares                    <\/td>\n                                                <td class=\"wpdt-cell \"\n                                            data-cell-id=\"B22\"\n                    data-col-index=\"1\"\n                    data-row-index=\"21\"\n                    style=\"                    padding:10px;\n                    \"\n                    >\n                                        <a data-media-content=\"wpdt-media-content\" href=\"https:\/\/www.salcedo.gob.ec\/wp-content\/uploads\/2024\/11\/19-detalle-donativos-oficiales-y-protocolares_septiembre1-1.csv\">conjunto de datos                    <\/td>\n                                                <td class=\"wpdt-cell \"\n                                            data-cell-id=\"C22\"\n                    data-col-index=\"2\"\n                    data-row-index=\"21\"\n                    style=\"                    padding:10px;\n                    \"\n                    >\n                                        <a data-media-content=\"wpdt-media-content\" href=\"https:\/\/www.salcedo.gob.ec\/wp-content\/uploads\/2024\/11\/19-detalle-donativos-oficiales-y-protocolares_octubre.csv\">metadatos                    <\/td>\n                                                <td class=\"wpdt-cell \"\n                                            data-cell-id=\"D22\"\n                    data-col-index=\"3\"\n                    data-row-index=\"21\"\n                    style=\"                    padding:10px;\n                    \"\n                    >\n                                        <a data-media-content=\"wpdt-media-content\" href=\"https:\/\/www.salcedo.gob.ec\/wp-content\/uploads\/2024\/08\/19-detalle-donativos-oficiales-y-protocolares-2.csv\">Diccionario<\/a>                    <\/td>\n                                        <\/tr>\n                            <tr class=\"wpdt-cell-row \" >\n                                <td class=\"wpdt-cell wpdt-align-justify\"\n                                            data-cell-id=\"A23\"\n                    data-col-index=\"0\"\n                    data-row-index=\"22\"\n                    style=\"                    padding:10px;\n                    \"\n                    >\n                                        20. Registro de activos de informaci\u00f3n frecuente y complementaria                    <\/td>\n                                                <td class=\"wpdt-cell \"\n                                            data-cell-id=\"B23\"\n                    data-col-index=\"1\"\n                    data-row-index=\"22\"\n                    style=\"                    padding:10px;\n                    \"\n                    >\n                                        <a data-media-content=\"wpdt-media-content\" href=\"https:\/\/www.salcedo.gob.ec\/wp-content\/uploads\/2024\/11\/20-registro-de-activos-de-informacion-frecuente-y-complementaria-1.csv\">conjunto de datos                    <\/td>\n                                                <td class=\"wpdt-cell \"\n                                            data-cell-id=\"C23\"\n                    data-col-index=\"2\"\n                    data-row-index=\"22\"\n                    style=\"                    padding:10px;\n                    \"\n                    >\n                                        <a data-media-content=\"wpdt-media-content\" href=\"https:\/\/www.salcedo.gob.ec\/wp-content\/uploads\/2024\/11\/20-registro-de-activos-de-informacion-frecuente-y-complementaria-1-octubre.csv\">metadatos                    <\/td>\n                                                <td class=\"wpdt-cell \"\n                                            data-cell-id=\"D23\"\n                    data-col-index=\"3\"\n                    data-row-index=\"22\"\n                    style=\"                    padding:10px;\n                    \"\n                    >\n                                        <a data-media-content=\"wpdt-media-content\" href=\"https:\/\/www.salcedo.gob.ec\/wp-content\/uploads\/2024\/08\/20-registro-de-activos-de-informacion-frecuente-y-complementaria-2.csv\">Diccionario<\/a>                    <\/td>\n                                        <\/tr>\n                            <tr class=\"wpdt-cell-row \" style=\"height:41px;\">\n                                <td class=\"wpdt-cell wpdt-align-justify\"\n                                            data-cell-id=\"A24\"\n                    data-col-index=\"0\"\n                    data-row-index=\"23\"\n                    style=\"                    padding:10px;\n                    \"\n                    >\n                                        21. Pol\u00edticas p\u00fablicas o informaci\u00f3n grupo espec\u00edfico                    <\/td>\n                                                <td class=\"wpdt-cell \"\n                                            data-cell-id=\"B24\"\n                    data-col-index=\"1\"\n                    data-row-index=\"23\"\n                    style=\"                    padding:10px;\n                    \"\n                    >\n                                        <a data-media-content=\"wpdt-media-content\" href=\"https:\/\/www.salcedo.gob.ec\/wp-content\/uploads\/2024\/11\/21-politicas-publicas-o-informacion-grupo-especifico-1-1.csv\">conjunto de datos                    <\/td>\n                                                <td class=\"wpdt-cell \"\n                                            data-cell-id=\"C24\"\n                    data-col-index=\"2\"\n                    data-row-index=\"23\"\n                    style=\"                    padding:10px;\n                    \"\n                    >\n                                        <a data-media-content=\"wpdt-media-content\" href=\"https:\/\/www.salcedo.gob.ec\/wp-content\/uploads\/2024\/11\/21-politicas-publicas-o-informacion-grupo-especifico-1-2.csv\">metadatos                    <\/td>\n                                                <td class=\"wpdt-cell \"\n                                            data-cell-id=\"D24\"\n                    data-col-index=\"3\"\n                    data-row-index=\"23\"\n                    style=\"                    padding:10px;\n                    \"\n                    >\n                                        <a data-media-content=\"wpdt-media-content\" href=\"https:\/\/www.salcedo.gob.ec\/wp-content\/uploads\/2024\/08\/21-politicas-publicas-o-informacion-grupo-especifico-2.csv\">Diccionario<\/a>                    <\/td>\n                                        <\/tr>\n                            <tr class=\"wpdt-cell-row \" >\n                                <td class=\"wpdt-cell wpdt-align-justify\"\n                                            data-cell-id=\"A25\"\n                    data-col-index=\"0\"\n                    data-row-index=\"24\"\n                    style=\"                    padding:10px;\n                    \"\n                    >\n                                        23. Detalle personas servidoras p\u00fablicas con acciones afirmativas                    <\/td>\n                                                <td class=\"wpdt-cell \"\n                                            data-cell-id=\"B25\"\n                    data-col-index=\"1\"\n                    data-row-index=\"24\"\n                    style=\"                    padding:10px;\n                    \"\n                    >\n                                        <a data-media-content=\"wpdt-media-content\" href=\"https:\/\/www.salcedo.gob.ec\/wp-content\/uploads\/2024\/11\/23-DETALLE-PERSONAS-SEPTIEMBRE-2024.csv\">conunto de datos                    <\/td>\n                                                <td class=\"wpdt-cell \"\n                                            data-cell-id=\"C25\"\n                    data-col-index=\"2\"\n                    data-row-index=\"24\"\n                    style=\"                    padding:10px;\n                    \"\n                    >\n                                        <a data-media-content=\"wpdt-media-content\" href=\"https:\/\/www.salcedo.gob.ec\/wp-content\/uploads\/2024\/11\/23-detalle-personas-servidoras-publicas-con-acciones-afirmativas.csv\">metadatos                    <\/td>\n                                                <td class=\"wpdt-cell \"\n                                            data-cell-id=\"D25\"\n                    data-col-index=\"3\"\n                    data-row-index=\"24\"\n                    style=\"                    padding:10px;\n                    \"\n                    >\n                                        <a data-media-content=\"wpdt-media-content\" href=\"https:\/\/www.salcedo.gob.ec\/wp-content\/uploads\/2024\/08\/23-DETALLE-PERSONAS-2.csv\">Diccionario<\/a>                    <\/td>\n                                        <\/tr>\n                            <tr class=\"wpdt-cell-row \" >\n                                <td class=\"wpdt-cell wpdt-align-justify\"\n                                            data-cell-id=\"A26\"\n                    data-col-index=\"0\"\n                    data-row-index=\"25\"\n                    style=\"                    padding:10px;\n                    \"\n                    >\n                                        24. Informaci\u00f3n relevante para el ejercicio de derechos ODS                    <\/td>\n                                                <td class=\"wpdt-cell \"\n                                            data-cell-id=\"B26\"\n                    data-col-index=\"1\"\n                    data-row-index=\"25\"\n                    style=\"                    padding:10px;\n                    \"\n                    >\n                                        <a data-media-content=\"wpdt-media-content\" href=\"https:\/\/www.salcedo.gob.ec\/wp-content\/uploads\/2024\/11\/24-informacion-relevante-para-el-ejercicio-de-derechos-ods.csv\">conjunto de datos                    <\/td>\n                                                <td class=\"wpdt-cell \"\n                                            data-cell-id=\"C26\"\n                    data-col-index=\"2\"\n                    data-row-index=\"25\"\n                    style=\"                    padding:10px;\n                    \"\n                    >\n                                        <a data-media-content=\"wpdt-media-content\" href=\"https:\/\/www.salcedo.gob.ec\/wp-content\/uploads\/2024\/11\/24-informacion-relevante-para-el-ejercicio-de-derechos-ods1.csv\">metadatos                    <\/td>\n                                                <td class=\"wpdt-cell \"\n                                            data-cell-id=\"D26\"\n                    data-col-index=\"3\"\n                    data-row-index=\"25\"\n                    style=\"                    padding:10px;\n                    \"\n                    >\n                                        <a data-media-content=\"wpdt-media-content\" href=\"https:\/\/www.salcedo.gob.ec\/wp-content\/uploads\/2024\/08\/24-informacion-relevante-para-el-ejercicio-de-derechos-ods-2.csv\">Diccionario<\/a>                    <\/td>\n                                        <\/tr>\n                            <tr class=\"wpdt-cell-row \" >\n                                <td class=\"wpdt-cell \"\n                                            data-cell-id=\"A27\"\n                    data-col-index=\"0\"\n                    data-row-index=\"26\"\n                    style=\"                    padding:10px;\n                    \"\n                    >\n                                        art-24-1-gobiernos-autonomos-descentralizados                    <\/td>\n                                                <td class=\"wpdt-cell \"\n                                            data-cell-id=\"B27\"\n                    data-col-index=\"1\"\n                    data-row-index=\"26\"\n                    style=\"                    padding:10px;\n                    \"\n                    >\n                                        <a data-media-content=\"wpdt-media-content\" href=\"https:\/\/www.salcedo.gob.ec\/wp-content\/uploads\/2024\/11\/art-24-1-gobiernos-autonomos-descentralizados.csv\">conjunto de datos                    <\/td>\n                                                <td class=\"wpdt-cell \"\n                                            data-cell-id=\"C27\"\n                    data-col-index=\"2\"\n                    data-row-index=\"26\"\n                    style=\"                    padding:10px;\n                    \"\n                    >\n                                        <a data-media-content=\"wpdt-media-content\" href=\"https:\/\/www.salcedo.gob.ec\/wp-content\/uploads\/2024\/11\/art-24-1-gobiernos-autonomos-descentralizados-3.csv\">metadatos                    <\/td>\n                                                <td class=\"wpdt-cell \"\n                                            data-cell-id=\"D27\"\n                    data-col-index=\"3\"\n                    data-row-index=\"26\"\n                    style=\"                    padding:10px;\n                    \"\n                    >\n                                        <a data-media-content=\"wpdt-media-content\" href=\"https:\/\/www.salcedo.gob.ec\/wp-content\/uploads\/2024\/08\/art-24-1-gobiernos-autonomos-descentralizados-2.csv\">Diccionario<\/a>                    <\/td>\n                                        <\/tr>\n                            <tr class=\"wpdt-cell-row \" >\n                                <td class=\"wpdt-cell \"\n                                            data-cell-id=\"A28\"\n                    data-col-index=\"0\"\n                    data-row-index=\"27\"\n                    style=\"                    padding:10px;\n                    \"\n                    >\n                                        art-24-2-gobiernos-utonomos-descentralizados                    <\/td>\n                                                <td class=\"wpdt-cell \"\n                                            data-cell-id=\"B28\"\n                    data-col-index=\"1\"\n                    data-row-index=\"27\"\n                    style=\"                    padding:10px;\n                    \"\n                    >\n                                        <a data-media-content=\"wpdt-media-content\" href=\"https:\/\/www.salcedo.gob.ec\/wp-content\/uploads\/2024\/11\/art-24-2-gobiernos-utonomos-descentralizados-1.csv\">conjunto de datos                    <\/td>\n                                                <td class=\"wpdt-cell \"\n                                            data-cell-id=\"C28\"\n                    data-col-index=\"2\"\n                    data-row-index=\"27\"\n                    style=\"                    padding:10px;\n                    \"\n                    >\n                                        <a data-media-content=\"wpdt-media-content\" href=\"https:\/\/www.salcedo.gob.ec\/wp-content\/uploads\/2024\/11\/art-24-2-gobiernos-utonomos-descentralizados-2.csv\">metadatos                    <\/td>\n                                                <td class=\"wpdt-cell \"\n                                            data-cell-id=\"D28\"\n                    data-col-index=\"3\"\n                    data-row-index=\"27\"\n                    style=\"                    padding:10px;\n                    \"\n                    >\n                                        <a data-media-content=\"wpdt-media-content\" href=\"https:\/\/www.salcedo.gob.ec\/wp-content\/uploads\/2024\/08\/art-24-2-gobiernos-utonomos-descentralizados-2.csv\">Diccionario<\/a>                    <\/td>\n                                        <\/tr>\n                    <\/table>\n<\/div><style id='wpdt-custom-style-20'>\n.wpdt-tc-085390 { color: #085390 !important;}\n<\/style>\n\n\n\n\n<p class=\"wp-block-paragraph\"><\/p>\n\n\n\n\n\n<p class=\"wp-block-paragraph\"><\/p>\n\n\n\n    <h3 class=\"wpdt-c\"\n        id=\"wdt-table-title-21\">DICIEMBRE 2024<\/h3>\n<div class=\"wpdt-c row wpDataTableContainerSimpleTable wpDataTables wpDataTablesWrapper\n\"\n    >\n        <table id=\"wpdtSimpleTable-21\"\n           style=\"border-collapse:collapse;\n                   border-spacing:0px;\"\n           class=\"wpdtSimpleTable wpDataTable\"\n           data-column=\"4\"\n           data-rows=\"28\"\n           data-wpID=\"21\"\n           data-responsive=\"0\"\n           data-has-header=\"0\">\n\n                    <tbody>        <tr class=\"wpdt-cell-row \" >\n                                <td class=\"wpdt-cell wpdt-bold wpdt-underline wpdt-tc-085390 wpdt-align-justify\"\n                                            data-cell-id=\"A1\"\n                    data-col-index=\"0\"\n                    data-row-index=\"0\"\n                    style=\" width:35.601265822785%;                    padding:10px;\n                    \"\n                    >\n                                        MATRIZ                    <\/td>\n                                                <td class=\"wpdt-cell wpdt-bold wpdt-underline wpdt-tc-085390\"\n                                            data-cell-id=\"B1\"\n                    data-col-index=\"1\"\n                    data-row-index=\"0\"\n                    style=\" width:21.677215189873%;                    padding:10px;\n                    \"\n                    >\n                                        CONJUNTO DE DATOS                    <\/td>\n                                                <td class=\"wpdt-cell wpdt-bold wpdt-underline wpdt-tc-085390\"\n                                            data-cell-id=\"C1\"\n                    data-col-index=\"2\"\n                    data-row-index=\"0\"\n                    style=\" width:21.360759493671%;                    padding:10px;\n                    \"\n                    >\n                                        METADATOS                    <\/td>\n                                                <td class=\"wpdt-cell wpdt-bold wpdt-underline wpdt-tc-085390\"\n                                            data-cell-id=\"D1\"\n                    data-col-index=\"3\"\n                    data-row-index=\"0\"\n                    style=\" width:21.360759493671%;                    padding:10px;\n                    \"\n                    >\n                                        DICCIONARIO                    <\/td>\n                                        <\/tr>\n                            <tr class=\"wpdt-cell-row \" >\n                                <td class=\"wpdt-cell wpdt-align-justify\"\n                                            data-cell-id=\"A2\"\n                    data-col-index=\"0\"\n                    data-row-index=\"1\"\n                    style=\"                    padding:10px;\n                    \"\n                    >\n                                        1.1 Estructura orga\u0301nica                    <\/td>\n                                                <td class=\"wpdt-cell \"\n                                            data-cell-id=\"B2\"\n                    data-col-index=\"1\"\n                    data-row-index=\"1\"\n                    style=\"                    padding:10px;\n                    \"\n                    >\n                                        <a data-media-content=\"wpdt-media-content\" href=\"https:\/\/www.salcedo.gob.ec\/wp-content\/uploads\/2024\/11\/1_1-estructura-organica.csv\">Conjunto de Datos<\/a>                    <\/td>\n                                                <td class=\"wpdt-cell \"\n                                            data-cell-id=\"C2\"\n                    data-col-index=\"2\"\n                    data-row-index=\"1\"\n                    style=\"                    padding:10px;\n                    \"\n                    >\n                                        <a data-media-content=\"wpdt-media-content\" href=\"https:\/\/www.salcedo.gob.ec\/wp-content\/uploads\/2024\/11\/1_1-estructura-organica-1.csv\">Metadatos<\/a>                    <\/td>\n                                                <td class=\"wpdt-cell \"\n                                            data-cell-id=\"D2\"\n                    data-col-index=\"3\"\n                    data-row-index=\"1\"\n                    style=\"                    padding:10px;\n                    \"\n                    >\n                                        <a data-media-content=\"wpdt-media-content\" href=\"https:\/\/www.salcedo.gob.ec\/wp-content\/uploads\/2024\/08\/1_1-estructura-organica-2.csv\">Diccionario<\/a>                    <\/td>\n                                        <\/tr>\n                            <tr class=\"wpdt-cell-row \" >\n                                <td class=\"wpdt-cell wpdt-align-justify\"\n                                            data-cell-id=\"A3\"\n                    data-col-index=\"0\"\n                    data-row-index=\"2\"\n                    style=\"                    padding:10px;\n                    \"\n                    >\n                                        1.2 Base Legal regulaciones procedimientos internos                    <\/td>\n                                                <td class=\"wpdt-cell \"\n                                            data-cell-id=\"B3\"\n                    data-col-index=\"1\"\n                    data-row-index=\"2\"\n                    style=\"                    padding:10px;\n                    \"\n                    >\n                                        <a data-media-content=\"wpdt-media-content\" href=\"https:\/\/www.salcedo.gob.ec\/wp-content\/uploads\/2024\/11\/1-2-base-legal-regulaciones-procedimientos-internos.csv\">Conjunto de Datos<\/a>                    <\/td>\n                                                <td class=\"wpdt-cell \"\n                                            data-cell-id=\"C3\"\n                    data-col-index=\"2\"\n                    data-row-index=\"2\"\n                    style=\"                    padding:10px;\n                    \"\n                    >\n                                        <a data-media-content=\"wpdt-media-content\" href=\"https:\/\/www.salcedo.gob.ec\/wp-content\/uploads\/2024\/11\/1-2-base-legal-regulaciones-procedimientos-internos-1.csv\">Metadatos<\/a>                    <\/td>\n                                                <td class=\"wpdt-cell  wpdt-empty-cell \"\n                                            data-cell-id=\"D3\"\n                    data-col-index=\"3\"\n                    data-row-index=\"2\"\n                    style=\"                    padding:10px;\n                    \"\n                    >\n                                                            <\/td>\n                                        <\/tr>\n                            <tr class=\"wpdt-cell-row \" >\n                                <td class=\"wpdt-cell wpdt-align-justify\"\n                                            data-cell-id=\"A4\"\n                    data-col-index=\"0\"\n                    data-row-index=\"3\"\n                    style=\"                    padding:10px;\n                    \"\n                    >\n                                        1.3 Metas y objetivos unidades                    <\/td>\n                                                <td class=\"wpdt-cell \"\n                                            data-cell-id=\"B4\"\n                    data-col-index=\"1\"\n                    data-row-index=\"3\"\n                    style=\"                    padding:10px;\n                    \"\n                    >\n                                        <a data-media-content=\"wpdt-media-content\" href=\"https:\/\/www.salcedo.gob.ec\/wp-content\/uploads\/2024\/11\/1.3-Metas-y-objetivos-unidades.csv\">Conjunto de Datos<\/a>                    <\/td>\n                                                <td class=\"wpdt-cell \"\n                                            data-cell-id=\"C4\"\n                    data-col-index=\"2\"\n                    data-row-index=\"3\"\n                    style=\"                    padding:10px;\n                    \"\n                    >\n                                        <a data-media-content=\"wpdt-media-content\" href=\"https:\/\/www.salcedo.gob.ec\/wp-content\/uploads\/2024\/11\/1.3-Metas-y-objetivos-unidades-1.csv\">Metadatos<\/a>                    <\/td>\n                                                <td class=\"wpdt-cell \"\n                                            data-cell-id=\"D4\"\n                    data-col-index=\"3\"\n                    data-row-index=\"3\"\n                    style=\"                    padding:10px;\n                    \"\n                    >\n                                        <a data-media-content=\"wpdt-media-content\" href=\"https:\/\/www.salcedo.gob.ec\/wp-content\/uploads\/2024\/08\/1.3-Metas-y-objetivos_unidades-2.csv\">Diccionario<\/a>                    <\/td>\n                                        <\/tr>\n                            <tr class=\"wpdt-cell-row \" >\n                                <td class=\"wpdt-cell wpdt-align-justify\"\n                                            data-cell-id=\"A5\"\n                    data-col-index=\"0\"\n                    data-row-index=\"4\"\n                    style=\"                    padding:10px;\n                    \"\n                    >\n                                        2. Directorio y distributivo personal de la entidad                    <\/td>\n                                                <td class=\"wpdt-cell \"\n                                            data-cell-id=\"B5\"\n                    data-col-index=\"1\"\n                    data-row-index=\"4\"\n                    style=\"                    padding:10px;\n                    \"\n                    >\n                                        <a data-media-content=\"wpdt-media-content\" href=\"https:\/\/www.salcedo.gob.ec\/wp-content\/uploads\/2024\/11\/2-DIRECTORIOS-SEPTIEMBRE-2024.csv\">Conjunto de Datos<\/a>                    <\/td>\n                                                <td class=\"wpdt-cell \"\n                                            data-cell-id=\"C5\"\n                    data-col-index=\"2\"\n                    data-row-index=\"4\"\n                    style=\"                    padding:10px;\n                    \"\n                    >\n                                        <a data-media-content=\"wpdt-media-content\" href=\"https:\/\/www.salcedo.gob.ec\/wp-content\/uploads\/2024\/11\/2-DIRECTORIOS-SEPTIEMBRE-2024-1.csv\">Metadatos<\/a>                    <\/td>\n                                                <td class=\"wpdt-cell \"\n                                            data-cell-id=\"D5\"\n                    data-col-index=\"3\"\n                    data-row-index=\"4\"\n                    style=\"                    padding:10px;\n                    \"\n                    >\n                                        <a data-media-content=\"wpdt-media-content\" href=\"https:\/\/www.salcedo.gob.ec\/wp-content\/uploads\/2024\/08\/2-DIRECTORIOS-2.csv\">Diccionario<\/a>                    <\/td>\n                                        <\/tr>\n                            <tr class=\"wpdt-cell-row \" >\n                                <td class=\"wpdt-cell wpdt-align-justify\"\n                                            data-cell-id=\"A6\"\n                    data-col-index=\"0\"\n                    data-row-index=\"5\"\n                    style=\"                    padding:10px;\n                    \"\n                    >\n                                        3. Remuneraciones ingresos adicionales                    <\/td>\n                                                <td class=\"wpdt-cell \"\n                                            data-cell-id=\"B6\"\n                    data-col-index=\"1\"\n                    data-row-index=\"5\"\n                    style=\"                    padding:10px;\n                    \"\n                    >\n                                        <a data-media-content=\"wpdt-media-content\" href=\"https:\/\/www.salcedo.gob.ec\/wp-content\/uploads\/2024\/11\/3-REMUNERACIONES-INGRESOS-ADICIONALES_SEPTIEMBRE-2024.csv\">Conjunto de Datos<\/a>                    <\/td>\n                                                <td class=\"wpdt-cell \"\n                                            data-cell-id=\"C6\"\n                    data-col-index=\"2\"\n                    data-row-index=\"5\"\n                    style=\"                    padding:10px;\n                    \"\n                    >\n                                        <a data-media-content=\"wpdt-media-content\" href=\"https:\/\/www.salcedo.gob.ec\/wp-content\/uploads\/2024\/11\/3-REMUNERACIONES-INGRESOS-ADICIONALES_SEPTIEMBRE-2024-1.csv\">Metadatos<\/a>                    <\/td>\n                                                <td class=\"wpdt-cell \"\n                                            data-cell-id=\"D6\"\n                    data-col-index=\"3\"\n                    data-row-index=\"5\"\n                    style=\"                    padding:10px;\n                    \"\n                    >\n                                        <a data-media-content=\"wpdt-media-content\" href=\"https:\/\/www.salcedo.gob.ec\/wp-content\/uploads\/2024\/08\/3-REMUNERACIONES-INGRESOS-ADICIONALES-2024-2.csv\">Diccionario<\/a>                    <\/td>\n                                        <\/tr>\n                            <tr class=\"wpdt-cell-row \" >\n                                <td class=\"wpdt-cell wpdt-align-justify\"\n                                            data-cell-id=\"A7\"\n                    data-col-index=\"0\"\n                    data-row-index=\"6\"\n                    style=\"                    padding:10px;\n                    \"\n                    >\n                                        4. Detalle licencia comisiones                    <\/td>\n                                                <td class=\"wpdt-cell \"\n                                            data-cell-id=\"B7\"\n                    data-col-index=\"1\"\n                    data-row-index=\"6\"\n                    style=\"                    padding:10px;\n                    \"\n                    >\n                                        <a data-media-content=\"wpdt-media-content\" href=\"https:\/\/www.salcedo.gob.ec\/wp-content\/uploads\/2024\/11\/4-LICENCIAS-COMISIONES.csv\">Conjunto de Datos<\/a>                    <\/td>\n                                                <td class=\"wpdt-cell \"\n                                            data-cell-id=\"C7\"\n                    data-col-index=\"2\"\n                    data-row-index=\"6\"\n                    style=\"                    padding:10px;\n                    \"\n                    >\n                                        <a data-media-content=\"wpdt-media-content\" href=\"https:\/\/www.salcedo.gob.ec\/wp-content\/uploads\/2024\/11\/4-LICENCIAS-COMISIONES-1.csv\">Metadatos<\/a>                    <\/td>\n                                                <td class=\"wpdt-cell \"\n                                            data-cell-id=\"D7\"\n                    data-col-index=\"3\"\n                    data-row-index=\"6\"\n                    style=\"                    padding:10px;\n                    \"\n                    >\n                                        <a data-media-content=\"wpdt-media-content\" href=\"https:\/\/www.salcedo.gob.ec\/wp-content\/uploads\/2024\/08\/4-LICENCIAS-COMISIONES-2.csv\">Diccionario<\/a>                    <\/td>\n                                        <\/tr>\n                            <tr class=\"wpdt-cell-row \" >\n                                <td class=\"wpdt-cell wpdt-align-justify\"\n                                            data-cell-id=\"A8\"\n                    data-col-index=\"0\"\n                    data-row-index=\"7\"\n                    style=\"                    padding:10px;\n                    \"\n                    >\n                                        5-22. Servicios formularios formatos tramites                    <\/td>\n                                                <td class=\"wpdt-cell \"\n                                            data-cell-id=\"B8\"\n                    data-col-index=\"1\"\n                    data-row-index=\"7\"\n                    style=\"                    padding:10px;\n                    \"\n                    >\n                                        <a data-media-content=\"wpdt-media-content\" href=\"https:\/\/www.salcedo.gob.ec\/wp-content\/uploads\/2024\/11\/5_22-servicios-formularios-formatos-tramites-gg.csv\">Conjunto de Datos<\/a>                    <\/td>\n                                                <td class=\"wpdt-cell \"\n                                            data-cell-id=\"C8\"\n                    data-col-index=\"2\"\n                    data-row-index=\"7\"\n                    style=\"                    padding:10px;\n                    \"\n                    >\n                                        <a data-media-content=\"wpdt-media-content\" href=\"https:\/\/www.salcedo.gob.ec\/wp-content\/uploads\/2024\/11\/5_22-servicios-formularios-formatos-tramites-gg-1.csv\">Metadatos<\/a>                    <\/td>\n                                                <td class=\"wpdt-cell \"\n                                            data-cell-id=\"D8\"\n                    data-col-index=\"3\"\n                    data-row-index=\"7\"\n                    style=\"                    padding:10px;\n                    \"\n                    >\n                                        <a data-media-content=\"wpdt-media-content\" href=\"https:\/\/www.salcedo.gob.ec\/wp-content\/uploads\/2024\/08\/5-22.-Servicios-Formularios-formatos-tramites-2.csv\">Diccionario<\/a>                    <\/td>\n                                        <\/tr>\n                            <tr class=\"wpdt-cell-row \" >\n                                <td class=\"wpdt-cell wpdt-align-justify\"\n                                            data-cell-id=\"A9\"\n                    data-col-index=\"0\"\n                    data-row-index=\"8\"\n                    style=\"                    padding:10px;\n                    \"\n                    >\n                                        6. Presupuesto de la instituci\u00f3n                    <\/td>\n                                                <td class=\"wpdt-cell \"\n                                            data-cell-id=\"B9\"\n                    data-col-index=\"1\"\n                    data-row-index=\"8\"\n                    style=\"                    padding:10px;\n                    \"\n                    >\n                                        <a data-media-content=\"wpdt-media-content\" href=\"https:\/\/www.salcedo.gob.ec\/wp-content\/uploads\/2024\/11\/6-Presupuesto-de-la-institucion.csv\">Conjunto de Datos<\/a>                    <\/td>\n                                                <td class=\"wpdt-cell \"\n                                            data-cell-id=\"C9\"\n                    data-col-index=\"2\"\n                    data-row-index=\"8\"\n                    style=\"                    padding:10px;\n                    \"\n                    >\n                                        <a data-media-content=\"wpdt-media-content\" href=\"https:\/\/www.salcedo.gob.ec\/wp-content\/uploads\/2024\/11\/6-Presupuesto-de-la-institucion-1.csv\">Metadatos<\/a>                    <\/td>\n                                                <td class=\"wpdt-cell \"\n                                            data-cell-id=\"D9\"\n                    data-col-index=\"3\"\n                    data-row-index=\"8\"\n                    style=\"                    padding:10px;\n                    \"\n                    >\n                                        <a data-media-content=\"wpdt-media-content\" href=\"https:\/\/www.salcedo.gob.ec\/wp-content\/uploads\/2024\/08\/6-presupuesto-de-la-institucion-2.csv\">Diccionario<\/a>                    <\/td>\n                                        <\/tr>\n                            <tr class=\"wpdt-cell-row \" >\n                                <td class=\"wpdt-cell wpdt-align-justify\"\n                                            data-cell-id=\"A10\"\n                    data-col-index=\"0\"\n                    data-row-index=\"9\"\n                    style=\"                    padding:10px;\n                    \"\n                    >\n                                        7. Resultados de las auditorias internas y gubernamentales                    <\/td>\n                                                <td class=\"wpdt-cell \"\n                                            data-cell-id=\"B10\"\n                    data-col-index=\"1\"\n                    data-row-index=\"9\"\n                    style=\"                    padding:10px;\n                    \"\n                    >\n                                        <a data-media-content=\"wpdt-media-content\" href=\"https:\/\/www.salcedo.gob.ec\/wp-content\/uploads\/2024\/11\/7-resultados-de-las-auditorias-internas-y-gubernamentales.csv\">Conjunto de Datos<\/a>                    <\/td>\n                                                <td class=\"wpdt-cell \"\n                                            data-cell-id=\"C10\"\n                    data-col-index=\"2\"\n                    data-row-index=\"9\"\n                    style=\"                    padding:10px;\n                    \"\n                    >\n                                        <a data-media-content=\"wpdt-media-content\" href=\"https:\/\/www.salcedo.gob.ec\/wp-content\/uploads\/2024\/11\/7-resultados-de-las-auditorias-internas-y-gubernamentales-1.csv\">Metadatos<\/a>                    <\/td>\n                                                <td class=\"wpdt-cell \"\n                                            data-cell-id=\"D10\"\n                    data-col-index=\"3\"\n                    data-row-index=\"9\"\n                    style=\"                    padding:10px;\n                    \"\n                    >\n                                        <a data-media-content=\"wpdt-media-content\" href=\"https:\/\/www.salcedo.gob.ec\/wp-content\/uploads\/2024\/08\/7-resultados-de-las-auditorias-internas-y-gubernamentales-2.csv\">Diccionario<\/a>                    <\/td>\n                                        <\/tr>\n                            <tr class=\"wpdt-cell-row \" >\n                                <td class=\"wpdt-cell wpdt-align-justify\"\n                                            data-cell-id=\"A11\"\n                    data-col-index=\"0\"\n                    data-row-index=\"10\"\n                    style=\"                    padding:10px;\n                    \"\n                    >\n                                        8. Procesos de contrataci\u00f3n p\u00fablica                    <\/td>\n                                                <td class=\"wpdt-cell \"\n                                            data-cell-id=\"B11\"\n                    data-col-index=\"1\"\n                    data-row-index=\"10\"\n                    style=\"                    padding:10px;\n                    \"\n                    >\n                                        <a data-media-content=\"wpdt-media-content\" href=\"https:\/\/www.salcedo.gob.ec\/wp-content\/uploads\/2024\/11\/8-procesos-de-contratacion-publica7.csv\">Conjunto de Datos<\/a>                    <\/td>\n                                                <td class=\"wpdt-cell \"\n                                            data-cell-id=\"C11\"\n                    data-col-index=\"2\"\n                    data-row-index=\"10\"\n                    style=\"                    padding:10px;\n                    \"\n                    >\n                                        <a data-media-content=\"wpdt-media-content\" href=\"https:\/\/www.salcedo.gob.ec\/wp-content\/uploads\/2024\/11\/8-procesos-de-contratacion-publica7-1.csv\">Metadatos<\/a>                    <\/td>\n                                                <td class=\"wpdt-cell \"\n                                            data-cell-id=\"D11\"\n                    data-col-index=\"3\"\n                    data-row-index=\"10\"\n                    style=\"                    padding:10px;\n                    \"\n                    >\n                                        <a data-media-content=\"wpdt-media-content\" href=\"https:\/\/www.salcedo.gob.ec\/wp-content\/uploads\/2024\/08\/8-procesos-de-contratacion-publica-2.csv\">Diccionario<\/a>                    <\/td>\n                                        <\/tr>\n                            <tr class=\"wpdt-cell-row \" >\n                                <td class=\"wpdt-cell wpdt-align-justify\"\n                                            data-cell-id=\"A12\"\n                    data-col-index=\"0\"\n                    data-row-index=\"11\"\n                    style=\"                    padding:10px;\n                    \"\n                    >\n                                        9. Listado de empresas y personas que han incumplido contratos                    <\/td>\n                                                <td class=\"wpdt-cell \"\n                                            data-cell-id=\"B12\"\n                    data-col-index=\"1\"\n                    data-row-index=\"11\"\n                    style=\"                    padding:10px;\n                    \"\n                    >\n                                        <a data-media-content=\"wpdt-media-content\" href=\"https:\/\/www.salcedo.gob.ec\/wp-content\/uploads\/2024\/11\/9-listado-de-empresas-y-personas-que-han-incumplido-contratos.csv\">Conjunto de Datos<\/a>                    <\/td>\n                                                <td class=\"wpdt-cell \"\n                                            data-cell-id=\"C12\"\n                    data-col-index=\"2\"\n                    data-row-index=\"11\"\n                    style=\"                    padding:10px;\n                    \"\n                    >\n                                        <a data-media-content=\"wpdt-media-content\" href=\"https:\/\/www.salcedo.gob.ec\/wp-content\/uploads\/2024\/11\/9-listado-de-empresas-y-personas-que-han-incumplido-contratos-1.csv\">Metadatos<\/a>                    <\/td>\n                                                <td class=\"wpdt-cell \"\n                                            data-cell-id=\"D12\"\n                    data-col-index=\"3\"\n                    data-row-index=\"11\"\n                    style=\"                    padding:10px;\n                    \"\n                    >\n                                        <a data-media-content=\"wpdt-media-content\" href=\"https:\/\/www.salcedo.gob.ec\/wp-content\/uploads\/2024\/08\/9-listado-de-empresas-y-personas-que-han-incumplido-contratos-2.csv\">Diccionario<\/a>                    <\/td>\n                                        <\/tr>\n                            <tr class=\"wpdt-cell-row \" >\n                                <td class=\"wpdt-cell wpdt-align-justify\"\n                                            data-cell-id=\"A13\"\n                    data-col-index=\"0\"\n                    data-row-index=\"12\"\n                    style=\"                    padding:10px;\n                    \"\n                    >\n                                        10. Planes y programas                    <\/td>\n                                                <td class=\"wpdt-cell \"\n                                            data-cell-id=\"B13\"\n                    data-col-index=\"1\"\n                    data-row-index=\"12\"\n                    style=\"                    padding:10px;\n                    \"\n                    >\n                                        <a data-media-content=\"wpdt-media-content\" href=\"https:\/\/www.salcedo.gob.ec\/wp-content\/uploads\/2024\/11\/10-planes-y-programas-2024.csv\">Conjunto de Datos<\/a>                    <\/td>\n                                                <td class=\"wpdt-cell \"\n                                            data-cell-id=\"C13\"\n                    data-col-index=\"2\"\n                    data-row-index=\"12\"\n                    style=\"                    padding:10px;\n                    \"\n                    >\n                                        <a data-media-content=\"wpdt-media-content\" href=\"https:\/\/www.salcedo.gob.ec\/wp-content\/uploads\/2024\/11\/10-planes-y-programas-2024-1.csv\">Metadatos>                    <\/td>\n                                                <td class=\"wpdt-cell \"\n                                            data-cell-id=\"D13\"\n                    data-col-index=\"3\"\n                    data-row-index=\"12\"\n                    style=\"                    padding:10px;\n                    \"\n                    >\n                                        <a data-media-content=\"wpdt-media-content\" href=\"https:\/\/www.salcedo.gob.ec\/wp-content\/uploads\/2024\/08\/10-planes-y-programas-2024-2.csv\">Diccionario<\/a>                    <\/td>\n                                        <\/tr>\n                            <tr class=\"wpdt-cell-row \" >\n                                <td class=\"wpdt-cell wpdt-align-justify\"\n                                            data-cell-id=\"A14\"\n                    data-col-index=\"0\"\n                    data-row-index=\"13\"\n                    style=\"                    padding:10px;\n                    \"\n                    >\n                                        11. Contratos de cr\u00e9dito externos o internos                    <\/td>\n                                                <td class=\"wpdt-cell \"\n                                            data-cell-id=\"B14\"\n                    data-col-index=\"1\"\n                    data-row-index=\"13\"\n                    style=\"                    padding:10px;\n                    \"\n                    >\n                                        <a data-media-content=\"wpdt-media-content\" href=\"https:\/\/www.salcedo.gob.ec\/wp-content\/uploads\/2024\/11\/11-contratos-de-credito-externos-o-internos.csv\">Conjunto de Datos<\/a>                    <\/td>\n                                                <td class=\"wpdt-cell \"\n                                            data-cell-id=\"C14\"\n                    data-col-index=\"2\"\n                    data-row-index=\"13\"\n                    style=\"                    padding:10px;\n                    \"\n                    >\n                                        <a data-media-content=\"wpdt-media-content\" href=\"https:\/\/www.salcedo.gob.ec\/wp-content\/uploads\/2024\/11\/11-contratos-de-credito-externos-o-internos-1.csv\">Metadatos<\/a>                    <\/td>\n                                                <td class=\"wpdt-cell \"\n                                            data-cell-id=\"D14\"\n                    data-col-index=\"3\"\n                    data-row-index=\"13\"\n                    style=\"                    padding:10px;\n                    \"\n                    >\n                                        <a data-media-content=\"wpdt-media-content\" href=\"https:\/\/www.salcedo.gob.ec\/wp-content\/uploads\/2024\/08\/11-contratos-de-credito-externos-o-internos-2.csv\">Diccionario<\/a>                    <\/td>\n                                        <\/tr>\n                            <tr class=\"wpdt-cell-row \" >\n                                <td class=\"wpdt-cell wpdt-align-justify\"\n                                            data-cell-id=\"A15\"\n                    data-col-index=\"0\"\n                    data-row-index=\"14\"\n                    style=\"                    padding:10px;\n                    \"\n                    >\n                                        12. Mecanismos rendicion cuentas                    <\/td>\n                                                <td class=\"wpdt-cell \"\n                                            data-cell-id=\"B15\"\n                    data-col-index=\"1\"\n                    data-row-index=\"14\"\n                    style=\"                    padding:10px;\n                    \"\n                    >\n                                        <a data-media-content=\"wpdt-media-content\" href=\"https:\/\/www.salcedo.gob.ec\/wp-content\/uploads\/2024\/11\/12-mecanismos-rendicion-cuentas.csv\">Conjunto de Datos                    <\/td>\n                                                <td class=\"wpdt-cell \"\n                                            data-cell-id=\"C15\"\n                    data-col-index=\"2\"\n                    data-row-index=\"14\"\n                    style=\"                    padding:10px;\n                    \"\n                    >\n                                        <a data-media-content=\"wpdt-media-content\" href=\"https:\/\/www.salcedo.gob.ec\/wp-content\/uploads\/2024\/11\/12-mecanismos-rendicion-cuentas-1.csv\">Metadatos<\/a>                    <\/td>\n                                                <td class=\"wpdt-cell \"\n                                            data-cell-id=\"D15\"\n                    data-col-index=\"3\"\n                    data-row-index=\"14\"\n                    style=\"                    padding:10px;\n                    \"\n                    >\n                                        <a data-media-content=\"wpdt-media-content\" href=\"https:\/\/www.salcedo.gob.ec\/wp-content\/uploads\/2024\/08\/12-mecanismos-rendicion-cuentas-2.csv\">Diccionario<\/a>                    <\/td>\n                                        <\/tr>\n                            <tr class=\"wpdt-cell-row \" >\n                                <td class=\"wpdt-cell wpdt-align-justify\"\n                                            data-cell-id=\"A16\"\n                    data-col-index=\"0\"\n                    data-row-index=\"15\"\n                    style=\"                    padding:10px;\n                    \"\n                    >\n                                        13. Vi\u00e1ticos informes de trabajo y justificativos de movilizaci\u00f3n                    <\/td>\n                                                <td class=\"wpdt-cell \"\n                                            data-cell-id=\"B16\"\n                    data-col-index=\"1\"\n                    data-row-index=\"15\"\n                    style=\"                    padding:10px;\n                    \"\n                    >\n                                        <a data-media-content=\"wpdt-media-content\" href=\"https:\/\/www.salcedo.gob.ec\/wp-content\/uploads\/2024\/11\/13-viaticos-informes-de-trabajo-y-justificativos-de-movilizacion.csv\">Conjunto de Datos<\/a>                    <\/td>\n                                                <td class=\"wpdt-cell \"\n                                            data-cell-id=\"C16\"\n                    data-col-index=\"2\"\n                    data-row-index=\"15\"\n                    style=\"                    padding:10px;\n                    \"\n                    >\n                                        <a data-media-content=\"wpdt-media-content\" href=\"https:\/\/www.salcedo.gob.ec\/wp-content\/uploads\/2024\/11\/13-viaticos-informes-de-trabajo-y-justificativos-de-movilizacion-1.csv\">Metadatos<\/a>                    <\/td>\n                                                <td class=\"wpdt-cell \"\n                                            data-cell-id=\"D16\"\n                    data-col-index=\"3\"\n                    data-row-index=\"15\"\n                    style=\"                    padding:10px;\n                    \"\n                    >\n                                        <a data-media-content=\"wpdt-media-content\" href=\"https:\/\/www.salcedo.gob.ec\/wp-content\/uploads\/2024\/08\/13-viaticos-informes-de-trabajo-y-justificativos-de-movilizacion-2.csv\">Diccionario<\/a>                    <\/td>\n                                        <\/tr>\n                            <tr class=\"wpdt-cell-row \" >\n                                <td class=\"wpdt-cell wpdt-align-justify\"\n                                            data-cell-id=\"A17\"\n                    data-col-index=\"0\"\n                    data-row-index=\"16\"\n                    style=\"                    padding:10px;\n                    \"\n                    >\n                                        14. Responsables del acceso de informaci\u00f3n p\u00fablica                    <\/td>\n                                                <td class=\"wpdt-cell \"\n                                            data-cell-id=\"B17\"\n                    data-col-index=\"1\"\n                    data-row-index=\"16\"\n                    style=\"                    padding:10px;\n                    \"\n                    >\n                                        <a data-media-content=\"wpdt-media-content\" href=\"https:\/\/www.salcedo.gob.ec\/wp-content\/uploads\/2024\/11\/14-responsables-del-acceso-de-informacion-publica.csv\">Conjunto de Datos<\/a>                    <\/td>\n                                                <td class=\"wpdt-cell \"\n                                            data-cell-id=\"C17\"\n                    data-col-index=\"2\"\n                    data-row-index=\"16\"\n                    style=\"                    padding:10px;\n                    \"\n                    >\n                                        <a data-media-content=\"wpdt-media-content\" href=\"https:\/\/www.salcedo.gob.ec\/wp-content\/uploads\/2024\/11\/14-responsables-del-acceso-de-informacion-publica-1.csv\">Metadatos<\/a>                    <\/td>\n                                                <td class=\"wpdt-cell \"\n                                            data-cell-id=\"D17\"\n                    data-col-index=\"3\"\n                    data-row-index=\"16\"\n                    style=\"                    padding:10px;\n                    \"\n                    >\n                                        <a data-media-content=\"wpdt-media-content\" href=\"https:\/\/www.salcedo.gob.ec\/wp-content\/uploads\/2024\/08\/14-responsables-del-acceso-de-informacion-publica-2.csv\">Diccionario<\/a>                    <\/td>\n                                        <\/tr>\n                            <tr class=\"wpdt-cell-row \" >\n                                <td class=\"wpdt-cell wpdt-align-justify\"\n                                            data-cell-id=\"A18\"\n                    data-col-index=\"0\"\n                    data-row-index=\"17\"\n                    style=\"                    padding:10px;\n                    \"\n                    >\n                                        15. Texto \u00edntegro de los contratos colectivos vigentes y reformas                    <\/td>\n                                                <td class=\"wpdt-cell \"\n                                            data-cell-id=\"B18\"\n                    data-col-index=\"1\"\n                    data-row-index=\"17\"\n                    style=\"                    padding:10px;\n                    \"\n                    >\n                                        <a data-media-content=\"wpdt-media-content\" href=\"https:\/\/www.salcedo.gob.ec\/wp-content\/uploads\/2024\/11\/15-texto-integro-de-los-contratos-colectivos-vigentes-y-reformas.csv\">Conjunto de Datos<\/a>                    <\/td>\n                                                <td class=\"wpdt-cell \"\n                                            data-cell-id=\"C18\"\n                    data-col-index=\"2\"\n                    data-row-index=\"17\"\n                    style=\"                    padding:10px;\n                    \"\n                    >\n                                        <a data-media-content=\"wpdt-media-content\" href=\"https:\/\/www.salcedo.gob.ec\/wp-content\/uploads\/2024\/11\/15-texto-integro-de-los-contratos-colectivos-vigentes-y-reformas-1.csv\">Metadatos<\/a>                    <\/td>\n                                                <td class=\"wpdt-cell \"\n                                            data-cell-id=\"D18\"\n                    data-col-index=\"3\"\n                    data-row-index=\"17\"\n                    style=\"                    padding:10px;\n                    \"\n                    >\n                                        <a data-media-content=\"wpdt-media-content\" href=\"https:\/\/www.salcedo.gob.ec\/wp-content\/uploads\/2024\/08\/15-texto-integro-de-los-contratos-colectivos-vigentes-y-reformas-2.csv\">Diccionario<\/a>                    <\/td>\n                                        <\/tr>\n                            <tr class=\"wpdt-cell-row \" >\n                                <td class=\"wpdt-cell wpdt-align-justify\"\n                                            data-cell-id=\"A19\"\n                    data-col-index=\"0\"\n                    data-row-index=\"18\"\n                    style=\"                    padding:10px;\n                    \"\n                    >\n                                        16. \u00cdndice informaci\u00f3n reservada                    <\/td>\n                                                <td class=\"wpdt-cell \"\n                                            data-cell-id=\"B19\"\n                    data-col-index=\"1\"\n                    data-row-index=\"18\"\n                    style=\"                    padding:10px;\n                    \"\n                    >\n                                        <a data-media-content=\"wpdt-media-content\" href=\"https:\/\/www.salcedo.gob.ec\/wp-content\/uploads\/2024\/11\/16-indice-informacion-reservada.csv\">Conjunto de Datos>                    <\/td>\n                                                <td class=\"wpdt-cell \"\n                                            data-cell-id=\"C19\"\n                    data-col-index=\"2\"\n                    data-row-index=\"18\"\n                    style=\"                    padding:10px;\n                    \"\n                    >\n                                        <a data-media-content=\"wpdt-media-content\" href=\"https:\/\/www.salcedo.gob.ec\/wp-content\/uploads\/2024\/11\/16-indice-informacion-reservada-1.csv\">Metadatos>                    <\/td>\n                                                <td class=\"wpdt-cell \"\n                                            data-cell-id=\"D19\"\n                    data-col-index=\"3\"\n                    data-row-index=\"18\"\n                    style=\"                    padding:10px;\n                    \"\n                    >\n                                        <a data-media-content=\"wpdt-media-content\" href=\"https:\/\/www.salcedo.gob.ec\/wp-content\/uploads\/2024\/08\/16-indice-informacion-reservada-2.csv\">Diccionario<\/a>                    <\/td>\n                                        <\/tr>\n                            <tr class=\"wpdt-cell-row \" >\n                                <td class=\"wpdt-cell wpdt-align-justify\"\n                                            data-cell-id=\"A20\"\n                    data-col-index=\"0\"\n                    data-row-index=\"19\"\n                    style=\"                    padding:10px;\n                    \"\n                    >\n                                        17. Audiencias y reuniones autoridades                    <\/td>\n                                                <td class=\"wpdt-cell  wpdt-empty-cell \"\n                                            data-cell-id=\"B20\"\n                    data-col-index=\"1\"\n                    data-row-index=\"19\"\n                    style=\"                    padding:10px;\n                    \"\n                    >\n                                                            <\/td>\n                                                <td class=\"wpdt-cell  wpdt-empty-cell \"\n                                            data-cell-id=\"C20\"\n                    data-col-index=\"2\"\n                    data-row-index=\"19\"\n                    style=\"                    padding:10px;\n                    \"\n                    >\n                                                            <\/td>\n                                                <td class=\"wpdt-cell \"\n                                            data-cell-id=\"D20\"\n                    data-col-index=\"3\"\n                    data-row-index=\"19\"\n                    style=\"                    padding:10px;\n                    \"\n                    >\n                                        <a data-media-content=\"wpdt-media-content\" href=\"https:\/\/www.salcedo.gob.ec\/wp-content\/uploads\/2024\/08\/17-audiencias-y-reuniones-autoridades-2.csv\">Diccionario<\/a>                    <\/td>\n                                        <\/tr>\n                            <tr class=\"wpdt-cell-row \" style=\"height:41px;\">\n                                <td class=\"wpdt-cell wpdt-align-justify\"\n                                            data-cell-id=\"A21\"\n                    data-col-index=\"0\"\n                    data-row-index=\"20\"\n                    style=\"                    padding:10px;\n                    \"\n                    >\n                                        18. Detalle de convenios nacionales e internacionales                    <\/td>\n                                                <td class=\"wpdt-cell \"\n                                            data-cell-id=\"B21\"\n                    data-col-index=\"1\"\n                    data-row-index=\"20\"\n                    style=\"                    padding:10px;\n                    \"\n                    >\n                                        <a data-media-content=\"wpdt-media-content\" href=\"https:\/\/www.salcedo.gob.ec\/wp-content\/uploads\/2024\/11\/18-detalle-de-convenios-nacionales-e-internacionales.csv\">Conjunto de Datos<\/a>                    <\/td>\n                                                <td class=\"wpdt-cell \"\n                                            data-cell-id=\"C21\"\n                    data-col-index=\"2\"\n                    data-row-index=\"20\"\n                    style=\"                    padding:10px;\n                    \"\n                    >\n                                        <a data-media-content=\"wpdt-media-content\" href=\"https:\/\/www.salcedo.gob.ec\/wp-content\/uploads\/2024\/11\/18-detalle-de-convenios-nacionales-e-internacionales-1.csv\">Metadatos<\/a>                    <\/td>\n                                                <td class=\"wpdt-cell \"\n                                            data-cell-id=\"D21\"\n                    data-col-index=\"3\"\n                    data-row-index=\"20\"\n                    style=\"                    padding:10px;\n                    \"\n                    >\n                                        <a data-media-content=\"wpdt-media-content\" href=\"https:\/\/www.salcedo.gob.ec\/wp-content\/uploads\/2024\/08\/18-detalle-de-convenios-nacionales-e-internacionales-2.csv\">Diccionario<\/a>                    <\/td>\n                                        <\/tr>\n                            <tr class=\"wpdt-cell-row \" >\n                                <td class=\"wpdt-cell wpdt-align-justify\"\n                                            data-cell-id=\"A22\"\n                    data-col-index=\"0\"\n                    data-row-index=\"21\"\n                    style=\"                    padding:10px;\n                    \"\n                    >\n                                        19. Detalle donativos oficiales y protocolares                    <\/td>\n                                                <td class=\"wpdt-cell \"\n                                            data-cell-id=\"B22\"\n                    data-col-index=\"1\"\n                    data-row-index=\"21\"\n                    style=\"                    padding:10px;\n                    \"\n                    >\n                                        <a data-media-content=\"wpdt-media-content\" href=\"https:\/\/www.salcedo.gob.ec\/wp-content\/uploads\/2024\/11\/19-detalle-donativos-oficiales-y-protocolares_septiembre1.csv\">Conjunto de Datos<\/a>                    <\/td>\n                                                <td class=\"wpdt-cell \"\n                                            data-cell-id=\"C22\"\n                    data-col-index=\"2\"\n                    data-row-index=\"21\"\n                    style=\"                    padding:10px;\n                    \"\n                    >\n                                        <a data-media-content=\"wpdt-media-content\" href=\"https:\/\/www.salcedo.gob.ec\/wp-content\/uploads\/2024\/11\/19-detalle-donativos-oficiales-y-protocolares_septiembre1-1.csv\">Metadatos<\/a>                    <\/td>\n                                                <td class=\"wpdt-cell \"\n                                            data-cell-id=\"D22\"\n                    data-col-index=\"3\"\n                    data-row-index=\"21\"\n                    style=\"                    padding:10px;\n                    \"\n                    >\n                                        <a data-media-content=\"wpdt-media-content\" href=\"https:\/\/www.salcedo.gob.ec\/wp-content\/uploads\/2024\/08\/19-detalle-donativos-oficiales-y-protocolares-2.csv\">Diccionario<\/a>                    <\/td>\n                                        <\/tr>\n                            <tr class=\"wpdt-cell-row \" >\n                                <td class=\"wpdt-cell wpdt-align-justify\"\n                                            data-cell-id=\"A23\"\n                    data-col-index=\"0\"\n                    data-row-index=\"22\"\n                    style=\"                    padding:10px;\n                    \"\n                    >\n                                        20. Registro de activos de informaci\u00f3n frecuente y complementaria                    <\/td>\n                                                <td class=\"wpdt-cell \"\n                                            data-cell-id=\"B23\"\n                    data-col-index=\"1\"\n                    data-row-index=\"22\"\n                    style=\"                    padding:10px;\n                    \"\n                    >\n                                        <a data-media-content=\"wpdt-media-content\" href=\"https:\/\/www.salcedo.gob.ec\/wp-content\/uploads\/2024\/11\/20-registro-de-activos-de-informacion-frecuente-y-complementaria.csv\">Conjunto de Datos<\/a>                    <\/td>\n                                                <td class=\"wpdt-cell \"\n                                            data-cell-id=\"C23\"\n                    data-col-index=\"2\"\n                    data-row-index=\"22\"\n                    style=\"                    padding:10px;\n                    \"\n                    >\n                                        <a data-media-content=\"wpdt-media-content\" href=\"https:\/\/www.salcedo.gob.ec\/wp-content\/uploads\/2024\/11\/20-registro-de-activos-de-informacion-frecuente-y-complementaria-1.csv\">Metadatos<\/a>                    <\/td>\n                                                <td class=\"wpdt-cell \"\n                                            data-cell-id=\"D23\"\n                    data-col-index=\"3\"\n                    data-row-index=\"22\"\n                    style=\"                    padding:10px;\n                    \"\n                    >\n                                        <a data-media-content=\"wpdt-media-content\" href=\"https:\/\/www.salcedo.gob.ec\/wp-content\/uploads\/2024\/08\/20-registro-de-activos-de-informacion-frecuente-y-complementaria-2.csv\">Diccionario<\/a>                    <\/td>\n                                        <\/tr>\n                            <tr class=\"wpdt-cell-row \" style=\"height:41px;\">\n                                <td class=\"wpdt-cell wpdt-align-justify\"\n                                            data-cell-id=\"A24\"\n                    data-col-index=\"0\"\n                    data-row-index=\"23\"\n                    style=\"                    padding:10px;\n                    \"\n                    >\n                                        21. Pol\u00edticas p\u00fablicas o informaci\u00f3n grupo espec\u00edfico                    <\/td>\n                                                <td class=\"wpdt-cell \"\n                                            data-cell-id=\"B24\"\n                    data-col-index=\"1\"\n                    data-row-index=\"23\"\n                    style=\"                    padding:10px;\n                    \"\n                    >\n                                        <a data-media-content=\"wpdt-media-content\" href=\"https:\/\/www.salcedo.gob.ec\/wp-content\/uploads\/2024\/11\/21-politicas-publicas-o-informacion-grupo-especifico-1-1.csv\">Conjunto de Datos<\/a>                    <\/td>\n                                                <td class=\"wpdt-cell \"\n                                            data-cell-id=\"C24\"\n                    data-col-index=\"2\"\n                    data-row-index=\"23\"\n                    style=\"                    padding:10px;\n                    \"\n                    >\n                                        <a data-media-content=\"wpdt-media-content\" href=\"https:\/\/www.salcedo.gob.ec\/wp-content\/uploads\/2024\/11\/21-politicas-publicas-o-informacion-grupo-especifico-1-1-1.csv\">Metadatos<\/a>                    <\/td>\n                                                <td class=\"wpdt-cell \"\n                                            data-cell-id=\"D24\"\n                    data-col-index=\"3\"\n                    data-row-index=\"23\"\n                    style=\"                    padding:10px;\n                    \"\n                    >\n                                        <a data-media-content=\"wpdt-media-content\" href=\"https:\/\/www.salcedo.gob.ec\/wp-content\/uploads\/2024\/08\/21-politicas-publicas-o-informacion-grupo-especifico-2.csv\">Diccionario<\/a>                    <\/td>\n                                        <\/tr>\n                            <tr class=\"wpdt-cell-row \" >\n                                <td class=\"wpdt-cell wpdt-align-justify\"\n                                            data-cell-id=\"A25\"\n                    data-col-index=\"0\"\n                    data-row-index=\"24\"\n                    style=\"                    padding:10px;\n                    \"\n                    >\n                                        23. Detalle personas servidoras p\u00fablicas con acciones afirmativas                    <\/td>\n                                                <td class=\"wpdt-cell \"\n                                            data-cell-id=\"B25\"\n                    data-col-index=\"1\"\n                    data-row-index=\"24\"\n                    style=\"                    padding:10px;\n                    \"\n                    >\n                                        <a data-media-content=\"wpdt-media-content\" href=\"https:\/\/www.salcedo.gob.ec\/wp-content\/uploads\/2024\/11\/23-DETALLE-PERSONAS-SEPTIEMBRE-2024.csv\">Conjunto de Datos<\/a>                    <\/td>\n                                                <td class=\"wpdt-cell \"\n                                            data-cell-id=\"C25\"\n                    data-col-index=\"2\"\n                    data-row-index=\"24\"\n                    style=\"                    padding:10px;\n                    \"\n                    >\n                                        <a data-media-content=\"wpdt-media-content\" href=\"https:\/\/www.salcedo.gob.ec\/wp-content\/uploads\/2024\/11\/23-DETALLE-PERSONAS-SEPTIEMBRE-2024-1.csv\">Metadatos<\/a>                    <\/td>\n                                                <td class=\"wpdt-cell \"\n                                            data-cell-id=\"D25\"\n                    data-col-index=\"3\"\n                    data-row-index=\"24\"\n                    style=\"                    padding:10px;\n                    \"\n                    >\n                                        <a data-media-content=\"wpdt-media-content\" href=\"https:\/\/www.salcedo.gob.ec\/wp-content\/uploads\/2024\/08\/23-DETALLE-PERSONAS-2.csv\">Diccionario<\/a>                    <\/td>\n                                        <\/tr>\n                            <tr class=\"wpdt-cell-row \" >\n                                <td class=\"wpdt-cell wpdt-align-justify\"\n                                            data-cell-id=\"A26\"\n                    data-col-index=\"0\"\n                    data-row-index=\"25\"\n                    style=\"                    padding:10px;\n                    \"\n                    >\n                                        24. Informaci\u00f3n relevante para el ejercicio de derechos ODS                    <\/td>\n                                                <td class=\"wpdt-cell \"\n                                            data-cell-id=\"B26\"\n                    data-col-index=\"1\"\n                    data-row-index=\"25\"\n                    style=\"                    padding:10px;\n                    \"\n                    >\n                                        <a data-media-content=\"wpdt-media-content\" href=\"https:\/\/www.salcedo.gob.ec\/wp-content\/uploads\/2024\/11\/24-informacion-relevante-para-el-ejercicio-de-derechos-ods.csv\">Conjunto de Datos<\/a>                    <\/td>\n                                                <td class=\"wpdt-cell \"\n                                            data-cell-id=\"C26\"\n                    data-col-index=\"2\"\n                    data-row-index=\"25\"\n                    style=\"                    padding:10px;\n                    \"\n                    >\n                                        <a data-media-content=\"wpdt-media-content\" href=\"https:\/\/www.salcedo.gob.ec\/wp-content\/uploads\/2024\/11\/24-informacion-relevante-para-el-ejercicio-de-derechos-ods-1.csv\">Metadatos<\/a>                    <\/td>\n                                                <td class=\"wpdt-cell \"\n                                            data-cell-id=\"D26\"\n                    data-col-index=\"3\"\n                    data-row-index=\"25\"\n                    style=\"                    padding:10px;\n                    \"\n                    >\n                                        <a data-media-content=\"wpdt-media-content\" href=\"https:\/\/www.salcedo.gob.ec\/wp-content\/uploads\/2024\/08\/24-informacion-relevante-para-el-ejercicio-de-derechos-ods-2.csv\">Diccionario<\/a>                    <\/td>\n                                        <\/tr>\n                            <tr class=\"wpdt-cell-row \" >\n                                <td class=\"wpdt-cell \"\n                                            data-cell-id=\"A27\"\n                    data-col-index=\"0\"\n                    data-row-index=\"26\"\n                    style=\"                    padding:10px;\n                    \"\n                    >\n                                        art-24-1-gobiernos-autonomos-descentralizados                    <\/td>\n                                                <td class=\"wpdt-cell \"\n                                            data-cell-id=\"B27\"\n                    data-col-index=\"1\"\n                    data-row-index=\"26\"\n                    style=\"                    padding:10px;\n                    \"\n                    >\n                                        <a data-media-content=\"wpdt-media-content\" href=\"https:\/\/www.salcedo.gob.ec\/wp-content\/uploads\/2024\/11\/art-24-1-gobiernos-autonomos-descentralizados.csv\">Conjunto de Datos<\/a>                    <\/td>\n                                                <td class=\"wpdt-cell \"\n                                            data-cell-id=\"C27\"\n                    data-col-index=\"2\"\n                    data-row-index=\"26\"\n                    style=\"                    padding:10px;\n                    \"\n                    >\n                                        <a data-media-content=\"wpdt-media-content\" href=\"https:\/\/www.salcedo.gob.ec\/wp-content\/uploads\/2024\/11\/art-24-1-gobiernos-autonomos-descentralizados-1.csv\">Metadatos<\/a>                    <\/td>\n                                                <td class=\"wpdt-cell \"\n                                            data-cell-id=\"D27\"\n                    data-col-index=\"3\"\n                    data-row-index=\"26\"\n                    style=\"                    padding:10px;\n                    \"\n                    >\n                                        <a data-media-content=\"wpdt-media-content\" href=\"https:\/\/www.salcedo.gob.ec\/wp-content\/uploads\/2024\/08\/art-24-1-gobiernos-autonomos-descentralizados-2.csv\">Diccionario<\/a>                    <\/td>\n                                        <\/tr>\n                            <tr class=\"wpdt-cell-row \" >\n                                <td class=\"wpdt-cell \"\n                                            data-cell-id=\"A28\"\n                    data-col-index=\"0\"\n                    data-row-index=\"27\"\n                    style=\"                    padding:10px;\n                    \"\n                    >\n                                        art-24-2-gobiernos-utonomos-descentralizados                    <\/td>\n                                                <td class=\"wpdt-cell  wpdt-empty-cell \"\n                                            data-cell-id=\"B28\"\n                    data-col-index=\"1\"\n                    data-row-index=\"27\"\n                    style=\"                    padding:10px;\n                    \"\n                    >\n                                                            <\/td>\n                                                <td class=\"wpdt-cell \"\n                                            data-cell-id=\"C28\"\n                    data-col-index=\"2\"\n                    data-row-index=\"27\"\n                    style=\"                    padding:10px;\n                    \"\n                    >\n                                        <a data-media-content=\"wpdt-media-content\" href=\"https:\/\/www.salcedo.gob.ec\/wp-content\/uploads\/2024\/11\/art-24-2-gobiernos-utonomos-descentralizados-1.csv\">Metadatos<\/a>                    <\/td>\n                                                <td class=\"wpdt-cell \"\n                                            data-cell-id=\"D28\"\n                    data-col-index=\"3\"\n                    data-row-index=\"27\"\n                    style=\"                    padding:10px;\n                    \"\n                    >\n                                        <a data-media-content=\"wpdt-media-content\" href=\"https:\/\/www.salcedo.gob.ec\/wp-content\/uploads\/2024\/08\/art-24-2-gobiernos-utonomos-descentralizados-2.csv\">Diccionario<\/a>                    <\/td>\n                                        <\/tr>\n                    <\/table>\n<\/div><style id='wpdt-custom-style-21'>\n.wpdt-tc-085390 { color: #085390 !important;}\n<\/style>\n\n\n\n\n<p class=\"wp-block-paragraph\"><\/p>\n\n\n\n\n<div class=\"guten-element gutenverse-text-editor guten-xYiYge\"><div class=\"text-content-inner\"><\/div><\/div>\n\n\n\n","protected":false},"excerpt":{"rendered":"<p>LEY DE TRANSPARENCIA La Ley Org\u00e1nica de Transparencia y Acceso a la Informaci\u00f3n P\u00fablica (LOTAIP) obliga a observar a todas las Instituciones del Estado que conforman el Sector P\u00fablico en los t\u00e9rminos del art\u00edculo 118 de la Constituci\u00f3n de la Rep\u00fablica del Ecuador y dem\u00e1s entes se\u00f1alados en el art\u00edculo 8 de la Ley, a [&hellip;]<\/p>\n","protected":false},"author":1,"featured_media":0,"parent":0,"menu_order":0,"comment_status":"closed","ping_status":"closed","template":"","meta":{"_acf_changed":false,"_crdt_document":"","footnotes":""},"class_list":["post-8456","page","type-page","status-publish","hentry"],"acf":[],"_links":{"self":[{"href":"https:\/\/www.salcedo.gob.ec\/index.php?rest_route=\/wp\/v2\/pages\/8456","targetHints":{"allow":["GET"]}}],"collection":[{"href":"https:\/\/www.salcedo.gob.ec\/index.php?rest_route=\/wp\/v2\/pages"}],"about":[{"href":"https:\/\/www.salcedo.gob.ec\/index.php?rest_route=\/wp\/v2\/types\/page"}],"author":[{"embeddable":true,"href":"https:\/\/www.salcedo.gob.ec\/index.php?rest_route=\/wp\/v2\/users\/1"}],"replies":[{"embeddable":true,"href":"https:\/\/www.salcedo.gob.ec\/index.php?rest_route=%2Fwp%2Fv2%2Fcomments&post=8456"}],"version-history":[{"count":0,"href":"https:\/\/www.salcedo.gob.ec\/index.php?rest_route=\/wp\/v2\/pages\/8456\/revisions"}],"wp:attachment":[{"href":"https:\/\/www.salcedo.gob.ec\/index.php?rest_route=%2Fwp%2Fv2%2Fmedia&parent=8456"}],"curies":[{"name":"wp","href":"https:\/\/api.w.org\/{rel}","templated":true}]}}